{"id":16798138,"date":"2025-02-05T18:28:42","date_gmt":"2025-02-05T18:28:42","guid":{"rendered":"https:\/\/agencia-asturias.com\/inmueble\/alquiler\/local-comercial\/asturias\/gijon\/13248\/"},"modified":"2025-02-05T18:28:42","modified_gmt":"2025-02-05T18:28:42","slug":"gewerbeimmobilie-in-laviada-13248","status":"publish","type":"property","link":"https:\/\/agencia-asturias.com\/de\/inmueble\/alquiler\/local-comercial\/asturias\/gijon\/13248\/","title":{"rendered":"Gewerbeimmobilie in Laviada &#8211; 13248"},"content":{"rendered":"<p>Die Agentur Asturias bietet eine wunderbare installierte Gewerbefl\u00e4che zur Miete an, die verf\u00fcgbar ist, um Ihre T\u00e4tigkeit zu beginnen. Zuvor war es ein Delikatessengesch\u00e4ft, kann aber f\u00fcr einen anderen Zweck genutzt werden. Es hat gro\u00dfe Schaufenster und ist auf drei Bereiche verteilt: den Eingang und zwei weitere R\u00e4ume nach hinten hin zum Badezimmer.Das Objekt liegt sehr gut gelegen in einem stark frequentierten Gebiet.Wenn Sie weitere Informationen w\u00fcnschen oder einen Besichtigungstermin vereinbaren m\u00f6chten,dann z\u00f6gern Sie bitte nicht uns anzurufen.<\/p>\n","protected":false},"excerpt":{"rendered":"<p>Die Agentur Asturias bietet eine wunderbare installierte Gewerbefl\u00e4che zur Miete an, die verf\u00fcgbar ist, um Ihre T\u00e4tigkeit zu beginnen. Zuvor war es ein Delikatessengesch\u00e4ft, kann aber f\u00fcr einen anderen Zweck genutzt werden. Es hat gro\u00dfe Schaufenster und ist auf drei Bereiche verteilt: den Eingang und zwei weitere R\u00e4ume nach hinten <\/p>\n","protected":false},"author":1,"featured_media":16798139,"parent":0,"menu_order":0,"template":"","property_type":[771],"property_status":[852],"property_feature":[],"property_label":[],"property_state":[419],"property_city":[420],"property_area":[687],"class_list":["post-16798138","property","type-property","status-publish","has-post-thumbnail","hentry","property_type-gewerbeimmobilie","property_status-vermietung","property_state-asturias","property_city-gijon","property_area-centro-puerto"],"property_meta":{"fave_agent":["59302"],"fave_agents":["59302"],"fave_agent_display_option":["agent_info"],"property_agent":["59302"],"custom_permalink":["inmueble\/alquiler\/local-comercial\/asturias\/gijon\/13248\/"],"_thumbnail_id":["16798139"],"post_id":["Array"],"original_author":["1"],"_edit_lock":["1604137107:1"],"_edit_last":["1"],"fave_property_map_street_view":["show"],"fave_payment_status":["not_paid"],"fave_single_top_area":["global"],"fave_single_content_area":["global"],"houzez_manual_expire":["0"],"fave_property_size_prefix":["m&sup2;"],"fave_property_map":["1"],"fave_additional_features_enable":["disable"],"fave_floor_plans_enable":["disable"],"fave_multiunit_plans_enable":["disable"],"fave_prop_homeslider":["no"],"fave_featured":["0"],"fave_property_address":["Gij\u00f3n,Asturias"],"fave_property_zip":["33207"],"houzez_geolocation_lat":["43.539699755"],"houzez_geolocation_long":["-5.666330267"],"fave_property_location":["43.539699755,-5.666330267"],"fave_property_country":["ES"],"fave_property_map_address":["Gij\u00f3n,Asturias,Spain"],"fave_comunidadimporte":["0"],"fave_comunidadincluida":["0"],"fave_conservacion":["Reformado"],"fave_orientacion":[""],"fave_carpinteriainterior":[""],"fave_carpinteriaexterior":[""],"fave_tiposuelo":[""],"fave_vistas":[""],"additional_features":["a:5:{i:0;a:2:{s:29:\"fave_additional_feature_title\";s:12:\"Carpinter\u00eda\";s:29:\"fave_additional_feature_value\";s:0:\"\";}i:1;a:2:{s:29:\"fave_additional_feature_title\";s:21:\"Carpinter\u00eda exterior\";s:29:\"fave_additional_feature_value\";s:0:\"\";}i:2;a:2:{s:29:\"fave_additional_feature_title\";s:6:\"Estado\";s:29:\"fave_additional_feature_value\";s:9:\"Reformado\";}i:3;a:2:{s:29:\"fave_additional_feature_title\";s:6:\"Vistas\";s:29:\"fave_additional_feature_value\";s:0:\"\";}i:4;a:2:{s:29:\"fave_additional_feature_title\";s:11:\"Orientacion\";s:29:\"fave_additional_feature_value\";s:0:\"\";}}"],"referencia":["13248"],"fave_property_id":["13248"],"fave_property_bedrooms":["0"],"fave_property_bathrooms":["0"],"fave_property_garage":[""],"fave_property_land":["0"],"ave_property_land_postfix":["m&sup2;"],"fave_property_size":["127"],"fave_property_year":["0"],"fave_energy_global_index":["222 kWh\/m&sup2; \/57 Kg CO2\/m&sup2;"],"fave_energy_class":["B"],"estate_attr_energy_class":["B"],"REAL_HOMES_property_emisiones":["57"],"REAL_HOMES_property_consumo":["222"],"REAL_HOMES_property_letra":["B"],"estate_video":[""],"fave_virtual_tour":[""],"vendidoInmueble":[""],"fave_property_price":["850"],"fave_property_price_postfix":["mes"],"fave_property_images":["16798139","16798140","16798141","16798142","16798143","16798144","16798145","16798146","16798147","16798148","16798149","16798150"],"houzez_total_property_views":["1"],"houzez_views_by_date":["a:1:{s:10:\"04-29-2026\";i:1;}"],"houzez_recently_viewed":["2026-04-29 08:53:04"]},"_links":{"self":[{"href":"https:\/\/agencia-asturias.com\/de\/wp-json\/wp\/v2\/properties\/16798138","targetHints":{"allow":["GET"]}}],"collection":[{"href":"https:\/\/agencia-asturias.com\/de\/wp-json\/wp\/v2\/properties"}],"about":[{"href":"https:\/\/agencia-asturias.com\/de\/wp-json\/wp\/v2\/types\/property"}],"author":[{"embeddable":true,"href":"https:\/\/agencia-asturias.com\/de\/wp-json\/wp\/v2\/users\/1"}],"version-history":[{"count":0,"href":"https:\/\/agencia-asturias.com\/de\/wp-json\/wp\/v2\/properties\/16798138\/revisions"}],"wp:featuredmedia":[{"embeddable":true,"href":"https:\/\/agencia-asturias.com\/de\/wp-json\/wp\/v2\/media\/16798139"}],"wp:attachment":[{"href":"https:\/\/agencia-asturias.com\/de\/wp-json\/wp\/v2\/media?parent=16798138"}],"wp:term":[{"taxonomy":"property_type","embeddable":true,"href":"https:\/\/agencia-asturias.com\/de\/wp-json\/wp\/v2\/property_type?post=16798138"},{"taxonomy":"property_status","embeddable":true,"href":"https:\/\/agencia-asturias.com\/de\/wp-json\/wp\/v2\/property_status?post=16798138"},{"taxonomy":"property_feature","embeddable":true,"href":"https:\/\/agencia-asturias.com\/de\/wp-json\/wp\/v2\/property_feature?post=16798138"},{"taxonomy":"property_label","embeddable":true,"href":"https:\/\/agencia-asturias.com\/de\/wp-json\/wp\/v2\/property_label?post=16798138"},{"taxonomy":"property_state","embeddable":true,"href":"https:\/\/agencia-asturias.com\/de\/wp-json\/wp\/v2\/property_state?post=16798138"},{"taxonomy":"property_city","embeddable":true,"href":"https:\/\/agencia-asturias.com\/de\/wp-json\/wp\/v2\/property_city?post=16798138"},{"taxonomy":"property_area","embeddable":true,"href":"https:\/\/agencia-asturias.com\/de\/wp-json\/wp\/v2\/property_area?post=16798138"}],"curies":[{"name":"wp","href":"https:\/\/api.w.org\/{rel}","templated":true}]}}