{"id":16798190,"date":"2016-03-02T00:00:00","date_gmt":"2016-03-02T00:00:00","guid":{"rendered":"https:\/\/agencia-asturias.com\/inmueble\/venta\/local-comercial\/asturias\/gijon\/14398\/"},"modified":"2016-03-02T00:00:00","modified_gmt":"2016-03-02T00:00:00","slug":"idealer-raum-zur-schaffung-von-zwei-wohnungen-oder-lagerraumen-14398","status":"publish","type":"property","link":"https:\/\/agencia-asturias.com\/de\/inmueble\/venta\/local-comercial\/asturias\/gijon\/14398\/","title":{"rendered":"Idealer Raum zur Schaffung von Zwei Wohnungen oder Lagerr\u00e4umen &#8211; 14398"},"content":{"rendered":"<p>Wenn Sie nach einer Wohnung suchen und keine finden k\u00f6nnen, ist hier ein wunderbarer Raum vorhanden, der zu zwei Zweizimmerwohnungen umgebaut werden kann. Dieser Standort im Neuen Gij\u00f3n verf\u00fcgt \u00fcber mehrere \u00d6ffnungen und B\u00fcros; eines davon hat eine Metallt\u00fcr. Es eignet sich hervorragend f\u00fcr jede Art von Gesch\u00e4ft ? insbesondere wenn viel Auslagefl\u00e4che ben\u00f6tigt wird ?, da es an die Stra\u00dfe an der Ecke grenzt und einen Park auf der R\u00fcckseite hat. Es gibt zwei Toiletten sowie nat\u00fcrliches Licht vor Ort . Installiert je nach Verwendungszweck . Leichtes Parken und schnelle Anbindung an Autobahnen sind gegeben.<br \/>Die Grundsteuer sowie Notar- und Registrierungsgeb\u00fchren sind nicht im Preis enthalten.<\/p>\n","protected":false},"excerpt":{"rendered":"<p>Wenn Sie nach einer Wohnung suchen und keine finden k\u00f6nnen, ist hier ein wunderbarer Raum vorhanden, der zu zwei Zweizimmerwohnungen umgebaut werden kann. Dieser Standort im Neuen Gij\u00f3n verf\u00fcgt \u00fcber mehrere \u00d6ffnungen und B\u00fcros; eines davon hat eine Metallt\u00fcr. Es eignet sich hervorragend f\u00fcr jede Art von Gesch\u00e4ft ? insbesondere wenn <\/p>\n","protected":false},"author":1,"featured_media":16798191,"parent":0,"menu_order":0,"template":"","property_type":[771],"property_status":[720],"property_feature":[],"property_label":[],"property_state":[419],"property_city":[420],"property_area":[432],"class_list":["post-16798190","property","type-property","status-publish","has-post-thumbnail","hentry","property_type-gewerbeimmobilie","property_status-verkauf","property_state-asturias","property_city-gijon","property_area-nuevo-gijon"],"property_meta":{"fave_agent":["59304"],"fave_agents":["59304"],"fave_agent_display_option":["agent_info"],"property_agent":["59304"],"custom_permalink":["inmueble\/venta\/local-comercial\/asturias\/gijon\/14398\/"],"_thumbnail_id":["16798191"],"post_id":["Array"],"original_author":["1"],"_edit_lock":["1604137107:1"],"_edit_last":["1"],"fave_property_map_street_view":["show"],"fave_payment_status":["not_paid"],"fave_single_top_area":["global"],"fave_single_content_area":["global"],"houzez_manual_expire":["0"],"fave_property_size_prefix":["m&sup2;"],"fave_property_map":["1"],"fave_additional_features_enable":["disable"],"fave_floor_plans_enable":["disable"],"fave_multiunit_plans_enable":["disable"],"fave_prop_homeslider":["no"],"fave_featured":["0"],"fave_property_address":["Gij\u00f3n,Asturias"],"fave_property_zip":["33211"],"houzez_geolocation_lat":["43.52702066"],"houzez_geolocation_long":["-5.68052365"],"fave_property_location":["43.52702066,-5.68052365"],"fave_property_country":["ES"],"fave_property_map_address":["Gij\u00f3n,Asturias,Spain"],"fave_comunidadimporte":["0"],"fave_comunidadincluida":["0"],"fave_conservacion":["Buen estado"],"fave_orientacion":[""],"fave_carpinteriainterior":[""],"fave_carpinteriaexterior":[""],"fave_tiposuelo":[""],"fave_vistas":[""],"additional_features":["a:5:{i:0;a:2:{s:29:\"fave_additional_feature_title\";s:12:\"Carpinter\u00eda\";s:29:\"fave_additional_feature_value\";s:0:\"\";}i:1;a:2:{s:29:\"fave_additional_feature_title\";s:21:\"Carpinter\u00eda exterior\";s:29:\"fave_additional_feature_value\";s:0:\"\";}i:2;a:2:{s:29:\"fave_additional_feature_title\";s:6:\"Estado\";s:29:\"fave_additional_feature_value\";s:11:\"Buen estado\";}i:3;a:2:{s:29:\"fave_additional_feature_title\";s:6:\"Vistas\";s:29:\"fave_additional_feature_value\";s:0:\"\";}i:4;a:2:{s:29:\"fave_additional_feature_title\";s:11:\"Orientacion\";s:29:\"fave_additional_feature_value\";s:0:\"\";}}"],"referencia":["14398"],"fave_property_id":["14398"],"fave_property_bedrooms":["0"],"fave_property_bathrooms":["0"],"fave_property_garage":[""],"fave_property_land":["0"],"ave_property_land_postfix":["m&sup2;"],"fave_property_size":["144"],"fave_property_year":["0"],"fave_energy_global_index":["217.9 kWh\/m&sup2; \/42.2 Kg CO2\/m&sup2;"],"fave_energy_class":["C"],"estate_attr_energy_class":["C"],"REAL_HOMES_property_emisiones":["42.2"],"REAL_HOMES_property_consumo":["217.9"],"REAL_HOMES_property_letra":["C"],"estate_video":[""],"fave_video_url":["https:\/\/www.youtube.com\/watch?v=MyrUBOruVYM?si=6j1tA"],"fave_video_image":["https:\/\/fotos15.apinmo.com\/1445\/3876655\/6-1.jpg"],"fave_virtual_tour":[""],"vendidoInmueble":[""],"fave_property_price":["115000"],"fave_property_price_postfix":[""],"fave_property_images":["16798191","16798192","16798193","16798194","16798195","16798196","16798197","16798198","16798199","16798200","16798201","16798202","16798203","16798204","16798205","16798206","16798207","16798208","16798209","16798210","16798211","16798212","16798213","16798214","16798215","16798216","16798217","16798218","16798219"],"houzez_total_property_views":["2"],"houzez_views_by_date":["a:1:{s:10:\"04-29-2026\";i:2;}"],"houzez_recently_viewed":["2026-04-29 13:19:03"]},"_links":{"self":[{"href":"https:\/\/agencia-asturias.com\/de\/wp-json\/wp\/v2\/properties\/16798190","targetHints":{"allow":["GET"]}}],"collection":[{"href":"https:\/\/agencia-asturias.com\/de\/wp-json\/wp\/v2\/properties"}],"about":[{"href":"https:\/\/agencia-asturias.com\/de\/wp-json\/wp\/v2\/types\/property"}],"author":[{"embeddable":true,"href":"https:\/\/agencia-asturias.com\/de\/wp-json\/wp\/v2\/users\/1"}],"version-history":[{"count":0,"href":"https:\/\/agencia-asturias.com\/de\/wp-json\/wp\/v2\/properties\/16798190\/revisions"}],"wp:featuredmedia":[{"embeddable":true,"href":"https:\/\/agencia-asturias.com\/de\/wp-json\/wp\/v2\/media\/16798191"}],"wp:attachment":[{"href":"https:\/\/agencia-asturias.com\/de\/wp-json\/wp\/v2\/media?parent=16798190"}],"wp:term":[{"taxonomy":"property_type","embeddable":true,"href":"https:\/\/agencia-asturias.com\/de\/wp-json\/wp\/v2\/property_type?post=16798190"},{"taxonomy":"property_status","embeddable":true,"href":"https:\/\/agencia-asturias.com\/de\/wp-json\/wp\/v2\/property_status?post=16798190"},{"taxonomy":"property_feature","embeddable":true,"href":"https:\/\/agencia-asturias.com\/de\/wp-json\/wp\/v2\/property_feature?post=16798190"},{"taxonomy":"property_label","embeddable":true,"href":"https:\/\/agencia-asturias.com\/de\/wp-json\/wp\/v2\/property_label?post=16798190"},{"taxonomy":"property_state","embeddable":true,"href":"https:\/\/agencia-asturias.com\/de\/wp-json\/wp\/v2\/property_state?post=16798190"},{"taxonomy":"property_city","embeddable":true,"href":"https:\/\/agencia-asturias.com\/de\/wp-json\/wp\/v2\/property_city?post=16798190"},{"taxonomy":"property_area","embeddable":true,"href":"https:\/\/agencia-asturias.com\/de\/wp-json\/wp\/v2\/property_area?post=16798190"}],"curies":[{"name":"wp","href":"https:\/\/api.w.org\/{rel}","templated":true}]}}