{"id":16798227,"date":"2013-05-16T00:00:00","date_gmt":"2013-05-16T00:00:00","guid":{"rendered":"https:\/\/agencia-asturias.com\/inmueble\/venta\/local-comercial\/asturias\/gijon\/13652\/"},"modified":"2013-05-16T00:00:00","modified_gmt":"2013-05-16T00:00:00","slug":"interessanter-lokal-13652","status":"publish","type":"property","link":"https:\/\/agencia-asturias.com\/de\/inmueble\/venta\/local-comercial\/asturias\/gijon\/13652\/","title":{"rendered":"INTERESSANTER LOKAL &#8211; 13652"},"content":{"rendered":"<p>In der Stra\u00dfe Puerto Rico befindet sich dieser Handelsraum von ca. 60 m\u00b2. Zuvor fungierte er als Bar und hat die M\u00f6glichkeit zur Rauchabf\u00fchrung. Es gibt gro\u00dfe Schaufenster zur Stra\u00dfe hin und auch Bel\u00fcftung zu einem Innenhof hinaus . Aufgrund seiner Eigenschaften und Verteilungsm\u00f6glichkeiten (da es einen rechteckigen Grundriss hat) k\u00f6nnten ihm neben der Gastronomie viele Nutzungsm\u00f6glichkeiten gegeben werden; au\u00dferdem ist es nah am Strand von Arbeyal gelegen . Sehr interessanter Preis.<br \/>Die Grundst\u00fccks\u00fcbertragungssteuer sowie Notar- und Registrierungsgeb\u00fchren sind nicht im Preis enthalten.<\/p>\n","protected":false},"excerpt":{"rendered":"<p>In der Stra\u00dfe Puerto Rico befindet sich dieser Handelsraum von ca. 60 m\u00b2. Zuvor fungierte er als Bar und hat die M\u00f6glichkeit zur Rauchabf\u00fchrung. Es gibt gro\u00dfe Schaufenster zur Stra\u00dfe hin und auch Bel\u00fcftung zu einem Innenhof hinaus . Aufgrund seiner Eigenschaften und Verteilungsm\u00f6glichkeiten (da es einen rechteckigen Grundriss hat) <\/p>\n","protected":false},"author":1,"featured_media":16798228,"parent":0,"menu_order":0,"template":"","property_type":[771],"property_status":[720],"property_feature":[726],"property_label":[],"property_state":[419],"property_city":[420],"property_area":[423],"class_list":["post-16798227","property","type-property","status-publish","has-post-thumbnail","hentry","property_type-gewerbeimmobilie","property_status-verkauf","property_feature-abstellraum","property_state-asturias","property_city-gijon","property_area-la-calzada"],"property_meta":{"fave_agent":["59313"],"fave_agents":["59313"],"fave_agent_display_option":["agent_info"],"property_agent":["59313"],"custom_permalink":["inmueble\/venta\/local-comercial\/asturias\/gijon\/13652\/"],"_thumbnail_id":["16798228"],"post_id":["Array"],"original_author":["1"],"_edit_lock":["1604137107:1"],"_edit_last":["1"],"fave_property_map_street_view":["show"],"fave_payment_status":["not_paid"],"fave_single_top_area":["global"],"fave_single_content_area":["global"],"houzez_manual_expire":["0"],"fave_property_size_prefix":["m&sup2;"],"fave_property_map":["1"],"fave_additional_features_enable":["disable"],"fave_floor_plans_enable":["disable"],"fave_multiunit_plans_enable":["disable"],"fave_prop_homeslider":["no"],"fave_featured":["0"],"fave_property_address":["Gij\u00f3n,Asturias"],"fave_property_zip":["33213"],"houzez_geolocation_lat":["43.54194773"],"houzez_geolocation_long":["-5.69742994"],"fave_property_location":["43.54194773,-5.69742994"],"fave_property_country":["ES"],"fave_property_map_address":["Gij\u00f3n,Asturias,Spain"],"fave_comunidadimporte":["0"],"fave_comunidadincluida":["0"],"fave_conservacion":["Para reformar"],"fave_orientacion":["Este Oeste"],"fave_carpinteriainterior":[""],"fave_carpinteriaexterior":[""],"fave_tiposuelo":[""],"fave_vistas":[""],"additional_features":["a:5:{i:0;a:2:{s:29:\"fave_additional_feature_title\";s:12:\"Carpinter\u00eda\";s:29:\"fave_additional_feature_value\";s:0:\"\";}i:1;a:2:{s:29:\"fave_additional_feature_title\";s:21:\"Carpinter\u00eda exterior\";s:29:\"fave_additional_feature_value\";s:0:\"\";}i:2;a:2:{s:29:\"fave_additional_feature_title\";s:6:\"Estado\";s:29:\"fave_additional_feature_value\";s:13:\"Para reformar\";}i:3;a:2:{s:29:\"fave_additional_feature_title\";s:6:\"Vistas\";s:29:\"fave_additional_feature_value\";s:0:\"\";}i:4;a:2:{s:29:\"fave_additional_feature_title\";s:11:\"Orientacion\";s:29:\"fave_additional_feature_value\";s:10:\"Este Oeste\";}}"],"referencia":["13652"],"fave_property_id":["13652"],"fave_property_bedrooms":["0"],"fave_property_bathrooms":["0"],"fave_property_garage":[""],"fave_property_land":["0"],"ave_property_land_postfix":["m&sup2;"],"fave_property_size":["66"],"fave_property_year":["1967"],"fave_energy_global_index":["1098 kWh\/m&sup2; \/205 Kg CO2\/m&sup2;"],"fave_energy_class":["E"],"estate_attr_energy_class":["E"],"REAL_HOMES_property_emisiones":["205"],"REAL_HOMES_property_consumo":["1098"],"REAL_HOMES_property_letra":["E"],"estate_video":[""],"fave_video_url":["https:\/\/www.youtube.com\/watch?v=5QRT0P9ox4M?si=ZYyE8"],"fave_video_image":["https:\/\/fotos15.apinmo.com\/1445\/3877016\/2-1.jpg"],"fave_virtual_tour":[""],"vendidoInmueble":[""],"fave_property_price":["39000"],"fave_property_price_postfix":[""],"fave_property_images":["16798228","16798229","16798230","16798231","16798232","16798233","16798234","16798235","16798236","16798237","16798238","16798239","16798240","16798241","16798242"],"houzez_total_property_views":["2"],"houzez_views_by_date":["a:1:{s:10:\"04-29-2026\";i:2;}"],"houzez_recently_viewed":["2026-04-29 10:14:48"]},"_links":{"self":[{"href":"https:\/\/agencia-asturias.com\/de\/wp-json\/wp\/v2\/properties\/16798227","targetHints":{"allow":["GET"]}}],"collection":[{"href":"https:\/\/agencia-asturias.com\/de\/wp-json\/wp\/v2\/properties"}],"about":[{"href":"https:\/\/agencia-asturias.com\/de\/wp-json\/wp\/v2\/types\/property"}],"author":[{"embeddable":true,"href":"https:\/\/agencia-asturias.com\/de\/wp-json\/wp\/v2\/users\/1"}],"version-history":[{"count":0,"href":"https:\/\/agencia-asturias.com\/de\/wp-json\/wp\/v2\/properties\/16798227\/revisions"}],"wp:featuredmedia":[{"embeddable":true,"href":"https:\/\/agencia-asturias.com\/de\/wp-json\/wp\/v2\/media\/16798228"}],"wp:attachment":[{"href":"https:\/\/agencia-asturias.com\/de\/wp-json\/wp\/v2\/media?parent=16798227"}],"wp:term":[{"taxonomy":"property_type","embeddable":true,"href":"https:\/\/agencia-asturias.com\/de\/wp-json\/wp\/v2\/property_type?post=16798227"},{"taxonomy":"property_status","embeddable":true,"href":"https:\/\/agencia-asturias.com\/de\/wp-json\/wp\/v2\/property_status?post=16798227"},{"taxonomy":"property_feature","embeddable":true,"href":"https:\/\/agencia-asturias.com\/de\/wp-json\/wp\/v2\/property_feature?post=16798227"},{"taxonomy":"property_label","embeddable":true,"href":"https:\/\/agencia-asturias.com\/de\/wp-json\/wp\/v2\/property_label?post=16798227"},{"taxonomy":"property_state","embeddable":true,"href":"https:\/\/agencia-asturias.com\/de\/wp-json\/wp\/v2\/property_state?post=16798227"},{"taxonomy":"property_city","embeddable":true,"href":"https:\/\/agencia-asturias.com\/de\/wp-json\/wp\/v2\/property_city?post=16798227"},{"taxonomy":"property_area","embeddable":true,"href":"https:\/\/agencia-asturias.com\/de\/wp-json\/wp\/v2\/property_area?post=16798227"}],"curies":[{"name":"wp","href":"https:\/\/api.w.org\/{rel}","templated":true}]}}