{"id":16798281,"date":"2024-06-03T12:15:45","date_gmt":"2024-06-03T12:15:45","guid":{"rendered":"https:\/\/agencia-asturias.com\/inmueble\/alquiler\/local-comercial\/asturias\/gijon\/17231\/"},"modified":"2024-06-03T12:15:45","modified_gmt":"2024-06-03T12:15:45","slug":"lokal-in-einer-grosartigen-einkaufsgegend-17231","status":"publish","type":"property","link":"https:\/\/agencia-asturias.com\/de\/inmueble\/alquiler\/local-comercial\/asturias\/gijon\/17231\/","title":{"rendered":"Lokal in einer gro\u00dfartigen Einkaufsgegend &#8211; 17231"},"content":{"rendered":"<p>In der Brasilstra\u00dfe befindet sich dieses Gesch\u00e4ftslokal mit einer Nutzfl\u00e4che von 180 m\u00b2 und sehr guter Ausstattung ? zweifellos eine der besten Einkaufsm\u00f6glichkeiten im La Calzada-Viertel. Eine interessante Besonderheit ist der Zugang von zwei Stra\u00dfen aus; dies erleichtert die Entladung von Waren f\u00fcr bestimmte Handelsaktivit\u00e4ten erheblich. Die Stra\u00dfe liegt an einem der Hauptgesch\u00e4ftsachsen des Stadtteils und verzeichnet viel Publikumsverkehr sowie einen Busbahnhof direkt daneben. Aufgrund seiner Gr\u00f6\u00dfe und seines Zustands kann es ein breites Spektrum an Nutzungsm\u00f6glichkeiten bieten.<\/p>\n","protected":false},"excerpt":{"rendered":"<p>In der Brasilstra\u00dfe befindet sich dieses Gesch\u00e4ftslokal mit einer Nutzfl\u00e4che von 180 m\u00b2 und sehr guter Ausstattung ? zweifellos eine der besten Einkaufsm\u00f6glichkeiten im La Calzada-Viertel. Eine interessante Besonderheit ist der Zugang von zwei Stra\u00dfen aus; dies erleichtert die Entladung von Waren f\u00fcr bestimmte Handelsaktivit\u00e4ten <\/p>\n","protected":false},"author":1,"featured_media":16798282,"parent":0,"menu_order":0,"template":"","property_type":[771],"property_status":[852],"property_feature":[],"property_label":[],"property_state":[419],"property_city":[420],"property_area":[423],"class_list":["post-16798281","property","type-property","status-publish","has-post-thumbnail","hentry","property_type-gewerbeimmobilie","property_status-vermietung","property_state-asturias","property_city-gijon","property_area-la-calzada"],"property_meta":{"fave_agent":["59313"],"fave_agents":["59313"],"fave_agent_display_option":["agent_info"],"property_agent":["59313"],"custom_permalink":["inmueble\/alquiler\/local-comercial\/asturias\/gijon\/17231\/"],"_thumbnail_id":["16798282"],"post_id":["Array"],"original_author":["1"],"_edit_lock":["1604137107:1"],"_edit_last":["1"],"fave_property_map_street_view":["show"],"fave_payment_status":["not_paid"],"fave_single_top_area":["global"],"fave_single_content_area":["global"],"houzez_manual_expire":["0"],"fave_property_size_prefix":["m&sup2;"],"fave_property_map":["1"],"fave_additional_features_enable":["disable"],"fave_floor_plans_enable":["disable"],"fave_multiunit_plans_enable":["disable"],"fave_prop_homeslider":["no"],"fave_featured":["0"],"fave_property_address":["Gij\u00f3n,Asturias"],"fave_property_zip":["33213"],"houzez_geolocation_lat":["43.540551"],"houzez_geolocation_long":["-5.699264500000027"],"fave_property_location":["43.540551,-5.699264500000027"],"fave_property_country":["ES"],"fave_property_map_address":["Gij\u00f3n,Asturias,Spain"],"fave_comunidadimporte":["0"],"fave_comunidadincluida":["1"],"fave_conservacion":["Buen estado"],"fave_orientacion":["Este Oeste"],"fave_carpinteriainterior":[""],"fave_carpinteriaexterior":[""],"fave_tiposuelo":[""],"fave_vistas":[""],"additional_features":["a:5:{i:0;a:2:{s:29:\"fave_additional_feature_title\";s:12:\"Carpinter\u00eda\";s:29:\"fave_additional_feature_value\";s:0:\"\";}i:1;a:2:{s:29:\"fave_additional_feature_title\";s:21:\"Carpinter\u00eda exterior\";s:29:\"fave_additional_feature_value\";s:0:\"\";}i:2;a:2:{s:29:\"fave_additional_feature_title\";s:6:\"Estado\";s:29:\"fave_additional_feature_value\";s:11:\"Buen estado\";}i:3;a:2:{s:29:\"fave_additional_feature_title\";s:6:\"Vistas\";s:29:\"fave_additional_feature_value\";s:0:\"\";}i:4;a:2:{s:29:\"fave_additional_feature_title\";s:11:\"Orientacion\";s:29:\"fave_additional_feature_value\";s:10:\"Este Oeste\";}}"],"referencia":["17231"],"fave_property_id":["17231"],"fave_property_bedrooms":["0"],"fave_property_bathrooms":["0"],"fave_property_garage":[""],"fave_property_land":["0"],"ave_property_land_postfix":["m&sup2;"],"fave_property_size":["190"],"fave_property_year":["0"],"fave_energy_global_index":["180 kWh\/m&sup2; \/0 Kg CO2\/m&sup2;"],"fave_energy_class":["D"],"estate_attr_energy_class":["D"],"REAL_HOMES_property_emisiones":["0"],"REAL_HOMES_property_consumo":["180"],"REAL_HOMES_property_letra":["D"],"estate_video":[""],"fave_video_url":["https:\/\/www.youtube.com\/watch?v=SA7WeYB_QXI?si=lV05h"],"fave_video_image":["https:\/\/fotos15.apinmo.com\/1445\/3879397\/5-1.jpg"],"fave_virtual_tour":[""],"vendidoInmueble":[""],"fave_property_price":["700"],"fave_property_price_postfix":["mes"],"fave_property_images":["16798282","16798283","16798284","16798285","16798286","16798287","16798288","16798289","16798290","16798291","16798292","16798293","16798294","16798295","16798296","16798297","16798298","16798299"],"houzez_total_property_views":["1"],"houzez_views_by_date":["a:1:{s:10:\"04-29-2026\";i:1;}"],"houzez_recently_viewed":["2026-04-29 08:52:08"]},"_links":{"self":[{"href":"https:\/\/agencia-asturias.com\/de\/wp-json\/wp\/v2\/properties\/16798281","targetHints":{"allow":["GET"]}}],"collection":[{"href":"https:\/\/agencia-asturias.com\/de\/wp-json\/wp\/v2\/properties"}],"about":[{"href":"https:\/\/agencia-asturias.com\/de\/wp-json\/wp\/v2\/types\/property"}],"author":[{"embeddable":true,"href":"https:\/\/agencia-asturias.com\/de\/wp-json\/wp\/v2\/users\/1"}],"version-history":[{"count":0,"href":"https:\/\/agencia-asturias.com\/de\/wp-json\/wp\/v2\/properties\/16798281\/revisions"}],"wp:featuredmedia":[{"embeddable":true,"href":"https:\/\/agencia-asturias.com\/de\/wp-json\/wp\/v2\/media\/16798282"}],"wp:attachment":[{"href":"https:\/\/agencia-asturias.com\/de\/wp-json\/wp\/v2\/media?parent=16798281"}],"wp:term":[{"taxonomy":"property_type","embeddable":true,"href":"https:\/\/agencia-asturias.com\/de\/wp-json\/wp\/v2\/property_type?post=16798281"},{"taxonomy":"property_status","embeddable":true,"href":"https:\/\/agencia-asturias.com\/de\/wp-json\/wp\/v2\/property_status?post=16798281"},{"taxonomy":"property_feature","embeddable":true,"href":"https:\/\/agencia-asturias.com\/de\/wp-json\/wp\/v2\/property_feature?post=16798281"},{"taxonomy":"property_label","embeddable":true,"href":"https:\/\/agencia-asturias.com\/de\/wp-json\/wp\/v2\/property_label?post=16798281"},{"taxonomy":"property_state","embeddable":true,"href":"https:\/\/agencia-asturias.com\/de\/wp-json\/wp\/v2\/property_state?post=16798281"},{"taxonomy":"property_city","embeddable":true,"href":"https:\/\/agencia-asturias.com\/de\/wp-json\/wp\/v2\/property_city?post=16798281"},{"taxonomy":"property_area","embeddable":true,"href":"https:\/\/agencia-asturias.com\/de\/wp-json\/wp\/v2\/property_area?post=16798281"}],"curies":[{"name":"wp","href":"https:\/\/api.w.org\/{rel}","templated":true}]}}