{"id":16798405,"date":"2015-12-04T00:00:00","date_gmt":"2015-12-04T00:00:00","guid":{"rendered":"https:\/\/agencia-asturias.com\/inmueble\/venta\/terreno-edificable\/asturias\/gijon\/11530\/"},"modified":"2015-12-04T00:00:00","modified_gmt":"2015-12-04T00:00:00","slug":"zentrum-von-jove-11530","status":"publish","type":"property","link":"https:\/\/agencia-asturias.com\/de\/inmueble\/venta\/terreno-edificable\/asturias\/gijon\/11530\/","title":{"rendered":"Zentrum von Jove &#8211; 11530"},"content":{"rendered":"<p>Sch\u00f6nes Grundst\u00fcck im Stadtteil Jove, komplett eingez\u00e4unt. Es hat eine Fl\u00e4che von 810 Quadratmetern mit einer Kapazit\u00e4t zum Bau bis zu 221 Metern \u00fcber dem Erdgeschossniveau. Die maximale Auslastung des Grundst\u00fccks betr\u00e4gt bei einem Anteil von maximalen Nutzungsgrad auch die M\u00f6glichkeit das gesamte Haus auf einer Ebene zu bauen wenn gew\u00fcnscht wird.Das Grundst\u00fcck ist erschlossen und verf\u00fcgt \u00fcber Wasser-, Strom- und Abwasserdienste bereit zur Verbindung.Seine N\u00e4he zum Stadtviertel La Calzada und der Stadt Gij\u00f3n bedeutet,dass alle Dienstleistungen nur einen Schritt entfernt sind gut verbunden sogar durch nahegelegene \u00f6ffentliche Verkehrsmittel.Von diesem sonnigenGrundst\u00fcck den ganzen Tag genie\u00dfen Sie auch ungehinderte Aussichten.<br \/>Die Grunderwerbssteuer sowie Notariatsgeb\u00fchren sind nicht im Preis enthalten.<\/p>\n","protected":false},"excerpt":{"rendered":"<p>Sch\u00f6nes Grundst\u00fcck im Stadtteil Jove, komplett eingez\u00e4unt. Es hat eine Fl\u00e4che von 810 Quadratmetern mit einer Kapazit\u00e4t zum Bau bis zu 221 Metern \u00fcber dem Erdgeschossniveau. Die maximale Auslastung des Grundst\u00fccks betr\u00e4gt bei einem Anteil von maximalen Nutzungsgrad auch die M\u00f6glichkeit das gesamte Haus auf einer Ebene zu bauen wenn <\/p>\n","protected":false},"author":1,"featured_media":16798406,"parent":0,"menu_order":0,"template":"","property_type":[791],"property_status":[720],"property_feature":[],"property_label":[],"property_state":[419],"property_city":[420],"property_area":[427],"class_list":["post-16798405","property","type-property","status-publish","has-post-thumbnail","hentry","property_type-bebaubares-grundstuck","property_status-verkauf","property_state-asturias","property_city-gijon","property_area-jove"],"property_meta":{"fave_agent":["156"],"fave_agents":["156"],"fave_agent_display_option":["agent_info"],"property_agent":["156"],"custom_permalink":["inmueble\/venta\/terreno-edificable\/asturias\/gijon\/11530\/"],"_thumbnail_id":["16798406"],"post_id":["Array"],"original_author":["1"],"_edit_lock":["1604137107:1"],"_edit_last":["1"],"fave_property_map_street_view":["show"],"fave_payment_status":["not_paid"],"fave_single_top_area":["global"],"fave_single_content_area":["global"],"houzez_manual_expire":["0"],"fave_property_size_prefix":["m&sup2;"],"fave_property_map":["1"],"fave_additional_features_enable":["disable"],"fave_floor_plans_enable":["disable"],"fave_multiunit_plans_enable":["disable"],"fave_prop_homeslider":["no"],"fave_featured":["0"],"fave_property_address":["Gij\u00f3n,Asturias"],"fave_property_zip":["33299"],"houzez_geolocation_lat":["43.54673092"],"houzez_geolocation_long":["-5.70519139"],"fave_property_location":["43.54673092,-5.70519139"],"fave_property_country":["ES"],"fave_property_map_address":["Gij\u00f3n,Asturias,Spain"],"fave_comunidadimporte":["0"],"fave_comunidadincluida":["0"],"fave_conservacion":["Ninguno"],"fave_orientacion":["Este Oeste"],"fave_carpinteriainterior":[""],"fave_carpinteriaexterior":[""],"fave_tiposuelo":[""],"fave_vistas":[""],"additional_features":["a:5:{i:0;a:2:{s:29:\"fave_additional_feature_title\";s:12:\"Carpinter\u00eda\";s:29:\"fave_additional_feature_value\";s:0:\"\";}i:1;a:2:{s:29:\"fave_additional_feature_title\";s:21:\"Carpinter\u00eda exterior\";s:29:\"fave_additional_feature_value\";s:0:\"\";}i:2;a:2:{s:29:\"fave_additional_feature_title\";s:6:\"Estado\";s:29:\"fave_additional_feature_value\";s:7:\"Ninguno\";}i:3;a:2:{s:29:\"fave_additional_feature_title\";s:6:\"Vistas\";s:29:\"fave_additional_feature_value\";s:0:\"\";}i:4;a:2:{s:29:\"fave_additional_feature_title\";s:11:\"Orientacion\";s:29:\"fave_additional_feature_value\";s:10:\"Este Oeste\";}}"],"referencia":["11530"],"fave_property_id":["11530"],"fave_property_bedrooms":["0"],"fave_property_bathrooms":["0"],"fave_property_garage":[""],"fave_property_land":["810"],"ave_property_land_postfix":["m&sup2;"],"fave_property_size":["0"],"fave_property_year":["0"],"fave_energy_global_index":["0 kWh\/m&sup2; \/0 Kg CO2\/m&sup2;"],"fave_energy_class":["N"],"estate_attr_energy_class":["Tramitando..."],"REAL_HOMES_property_emisiones":["0"],"REAL_HOMES_property_consumo":["0"],"REAL_HOMES_property_letra":["N"],"estate_video":[""],"fave_virtual_tour":[""],"vendidoInmueble":[""],"fave_property_price":["120000"],"fave_property_price_postfix":[""],"fave_property_images":["16798406","16798407","16798408","16798409","16798410","16798411","16798412","16798413","16798414","16798415","16798416","16798417","16798418","16798419","16798420"],"houzez_total_property_views":["3"],"houzez_views_by_date":["a:1:{s:10:\"04-29-2026\";i:3;}"],"houzez_recently_viewed":["2026-04-29 15:52:22"]},"_links":{"self":[{"href":"https:\/\/agencia-asturias.com\/de\/wp-json\/wp\/v2\/properties\/16798405","targetHints":{"allow":["GET"]}}],"collection":[{"href":"https:\/\/agencia-asturias.com\/de\/wp-json\/wp\/v2\/properties"}],"about":[{"href":"https:\/\/agencia-asturias.com\/de\/wp-json\/wp\/v2\/types\/property"}],"author":[{"embeddable":true,"href":"https:\/\/agencia-asturias.com\/de\/wp-json\/wp\/v2\/users\/1"}],"version-history":[{"count":0,"href":"https:\/\/agencia-asturias.com\/de\/wp-json\/wp\/v2\/properties\/16798405\/revisions"}],"wp:featuredmedia":[{"embeddable":true,"href":"https:\/\/agencia-asturias.com\/de\/wp-json\/wp\/v2\/media\/16798406"}],"wp:attachment":[{"href":"https:\/\/agencia-asturias.com\/de\/wp-json\/wp\/v2\/media?parent=16798405"}],"wp:term":[{"taxonomy":"property_type","embeddable":true,"href":"https:\/\/agencia-asturias.com\/de\/wp-json\/wp\/v2\/property_type?post=16798405"},{"taxonomy":"property_status","embeddable":true,"href":"https:\/\/agencia-asturias.com\/de\/wp-json\/wp\/v2\/property_status?post=16798405"},{"taxonomy":"property_feature","embeddable":true,"href":"https:\/\/agencia-asturias.com\/de\/wp-json\/wp\/v2\/property_feature?post=16798405"},{"taxonomy":"property_label","embeddable":true,"href":"https:\/\/agencia-asturias.com\/de\/wp-json\/wp\/v2\/property_label?post=16798405"},{"taxonomy":"property_state","embeddable":true,"href":"https:\/\/agencia-asturias.com\/de\/wp-json\/wp\/v2\/property_state?post=16798405"},{"taxonomy":"property_city","embeddable":true,"href":"https:\/\/agencia-asturias.com\/de\/wp-json\/wp\/v2\/property_city?post=16798405"},{"taxonomy":"property_area","embeddable":true,"href":"https:\/\/agencia-asturias.com\/de\/wp-json\/wp\/v2\/property_area?post=16798405"}],"curies":[{"name":"wp","href":"https:\/\/api.w.org\/{rel}","templated":true}]}}