{"id":16798666,"date":"2015-02-19T00:00:00","date_gmt":"2015-02-19T00:00:00","guid":{"rendered":"https:\/\/agencia-asturias.com\/inmueble\/alquiler\/piso\/asturias\/gijon\/12484\/"},"modified":"2015-02-19T00:00:00","modified_gmt":"2015-02-19T00:00:00","slug":"neben-dem-paseo-begona-12484","status":"publish","type":"property","link":"https:\/\/agencia-asturias.com\/de\/inmueble\/alquiler\/piso\/asturias\/gijon\/12484\/","title":{"rendered":"Neben dem Paseo Bego\u00f1a &#8211; 12484"},"content":{"rendered":"<p>Die Agentur Asturias bietet eine fantastische leerstehende Wohnung zur Miete an, das Geb\u00e4ude hat je Etage eine Wohnung, sie ist aufgeteilt in 2 Schlafzimmer, Wohnzimmer, K\u00fcche, Abstellraum, Badezimmer, WC und Terrassenpatio. Das Wohnzimmer und ein Schlafzimmer gehen zur Stra\u00dfe, der Rest zum Innenhof. Die Wohnung ist hell und w\u00e4re sofort verf\u00fcgbar. Die K\u00fcche ist ausgestattet und hat Zugang zur Terrasse. Die Wohnung verf\u00fcgt au\u00dferdem \u00fcber einen Abstellraum im Dachgeschoss. Im Preis sind die Gemeinschaftskosten enthalten; Strom und Gas m\u00fcssten separat bezahlt werden. Sie ist sehr gut gelegen, mit allen Dienstleistungen in der N\u00e4he von Superm\u00e4rkten, Apotheken und nur 2 Minuten zu Fu\u00df vom Paseo Bego\u00f1a entfernt. Wenn Sie weitere Informationen w\u00fcnschen oder einen Besichtigungstermin vereinbaren m\u00f6chten, z\u00f6gern Sie nicht, uns anzurufen.<\/p>\n<p>GARANTIEN UNBEDINGT ERFORDERLICH. HAUSTIERE NICHT ERLAUBT.<\/p>\n","protected":false},"excerpt":{"rendered":"<p>Die Agentur Asturias bietet eine fantastische leerstehende Wohnung zur Miete an, das Geb\u00e4ude hat je Etage eine Wohnung, sie ist aufgeteilt in 2 Schlafzimmer, Wohnzimmer, K\u00fcche, Abstellraum, Badezimmer, WC und Terrassenpatio. Das Wohnzimmer und ein Schlafzimmer gehen zur Stra\u00dfe, der Rest zum Innenhof. Die Wohnung ist hell und w\u00e4re sofort <\/p>\n","protected":false},"author":1,"featured_media":16798667,"parent":0,"menu_order":0,"template":"","property_type":[779],"property_status":[852],"property_feature":[722,726,855,724,858,856,740],"property_label":[],"property_state":[419],"property_city":[420],"property_area":[421],"class_list":["post-16798666","property","type-property","status-publish","has-post-thumbnail","hentry","property_type-wohnung","property_status-vermietung","property_feature-abstellraum","property_feature-elektrogerte","property_feature-heizung","property_feature-komplett-auenliegend","property_feature-stadtgas","property_feature-terrasse","property_state-asturias","property_city-gijon","property_area-centro"],"property_meta":{"fave_agent":["59302"],"fave_agents":["59302"],"fave_agent_display_option":["agent_info"],"property_agent":["59302"],"custom_permalink":["inmueble\/alquiler\/piso\/asturias\/gijon\/12484\/"],"_thumbnail_id":["16798667"],"post_id":["Array"],"original_author":["1"],"_edit_lock":["1604137107:1"],"_edit_last":["1"],"fave_property_map_street_view":["show"],"fave_payment_status":["not_paid"],"fave_single_top_area":["global"],"fave_single_content_area":["global"],"houzez_manual_expire":["0"],"fave_property_size_prefix":["m&sup2;"],"fave_property_map":["1"],"fave_additional_features_enable":["disable"],"fave_floor_plans_enable":["disable"],"fave_multiunit_plans_enable":["disable"],"fave_prop_homeslider":["no"],"fave_featured":["0"],"fave_property_address":["Gij\u00f3n,Asturias"],"fave_property_zip":["33205"],"houzez_geolocation_lat":["43.535674107"],"houzez_geolocation_long":["-5.659664768"],"fave_property_location":["43.535674107,-5.659664768"],"fave_property_country":["ES"],"fave_property_map_address":["Gij\u00f3n,Asturias,Spain"],"fave_comunidadimporte":["80"],"fave_comunidadincluida":["0"],"fave_conservacion":["Buen estado"],"fave_orientacion":[""],"fave_carpinteriainterior":["PVC"],"fave_carpinteriaexterior":["PVC"],"fave_tiposuelo":[""],"fave_vistas":[""],"additional_features":["a:5:{i:0;a:2:{s:29:\"fave_additional_feature_title\";s:12:\"Carpinter\u00eda\";s:29:\"fave_additional_feature_value\";s:3:\"PVC\";}i:1;a:2:{s:29:\"fave_additional_feature_title\";s:21:\"Carpinter\u00eda exterior\";s:29:\"fave_additional_feature_value\";s:3:\"PVC\";}i:2;a:2:{s:29:\"fave_additional_feature_title\";s:6:\"Estado\";s:29:\"fave_additional_feature_value\";s:11:\"Buen estado\";}i:3;a:2:{s:29:\"fave_additional_feature_title\";s:6:\"Vistas\";s:29:\"fave_additional_feature_value\";s:0:\"\";}i:4;a:2:{s:29:\"fave_additional_feature_title\";s:11:\"Orientacion\";s:29:\"fave_additional_feature_value\";s:0:\"\";}}"],"referencia":["12484"],"fave_property_id":["12484"],"fave_property_bedrooms":["2"],"fave_property_bathrooms":["1"],"fave_property_garage":[""],"fave_property_land":["0"],"ave_property_land_postfix":["m&sup2;"],"fave_property_size":["129"],"fave_property_year":["1989"],"fave_energy_global_index":["0 kWh\/m&sup2; \/0 Kg CO2\/m&sup2;"],"fave_energy_class":["N"],"estate_attr_energy_class":["Tramitando..."],"REAL_HOMES_property_emisiones":["0"],"REAL_HOMES_property_consumo":["0"],"REAL_HOMES_property_letra":["N"],"estate_video":[""],"fave_virtual_tour":[""],"vendidoInmueble":[""],"fave_property_price":["1130"],"fave_property_price_postfix":["mes"],"fave_property_images":["16798667","16798668","16798669","16798670","16798671","16798672","16798673","16798674","16798675","16798676","16798677","16798678","16798679","16798680","16798681","16798682","16798683","16798684","16798685","16798686","16798687","16798688","16798689","16798690","16798691","16798692","16798693","16798694","16798695","16798696","16798697","16798698","16798699","16798700","16798701"],"houzez_total_property_views":["3"],"houzez_views_by_date":["a:1:{s:10:\"04-29-2026\";i:3;}"],"houzez_recently_viewed":["2026-04-29 12:04:53"]},"_links":{"self":[{"href":"https:\/\/agencia-asturias.com\/de\/wp-json\/wp\/v2\/properties\/16798666","targetHints":{"allow":["GET"]}}],"collection":[{"href":"https:\/\/agencia-asturias.com\/de\/wp-json\/wp\/v2\/properties"}],"about":[{"href":"https:\/\/agencia-asturias.com\/de\/wp-json\/wp\/v2\/types\/property"}],"author":[{"embeddable":true,"href":"https:\/\/agencia-asturias.com\/de\/wp-json\/wp\/v2\/users\/1"}],"version-history":[{"count":0,"href":"https:\/\/agencia-asturias.com\/de\/wp-json\/wp\/v2\/properties\/16798666\/revisions"}],"wp:featuredmedia":[{"embeddable":true,"href":"https:\/\/agencia-asturias.com\/de\/wp-json\/wp\/v2\/media\/16798667"}],"wp:attachment":[{"href":"https:\/\/agencia-asturias.com\/de\/wp-json\/wp\/v2\/media?parent=16798666"}],"wp:term":[{"taxonomy":"property_type","embeddable":true,"href":"https:\/\/agencia-asturias.com\/de\/wp-json\/wp\/v2\/property_type?post=16798666"},{"taxonomy":"property_status","embeddable":true,"href":"https:\/\/agencia-asturias.com\/de\/wp-json\/wp\/v2\/property_status?post=16798666"},{"taxonomy":"property_feature","embeddable":true,"href":"https:\/\/agencia-asturias.com\/de\/wp-json\/wp\/v2\/property_feature?post=16798666"},{"taxonomy":"property_label","embeddable":true,"href":"https:\/\/agencia-asturias.com\/de\/wp-json\/wp\/v2\/property_label?post=16798666"},{"taxonomy":"property_state","embeddable":true,"href":"https:\/\/agencia-asturias.com\/de\/wp-json\/wp\/v2\/property_state?post=16798666"},{"taxonomy":"property_city","embeddable":true,"href":"https:\/\/agencia-asturias.com\/de\/wp-json\/wp\/v2\/property_city?post=16798666"},{"taxonomy":"property_area","embeddable":true,"href":"https:\/\/agencia-asturias.com\/de\/wp-json\/wp\/v2\/property_area?post=16798666"}],"curies":[{"name":"wp","href":"https:\/\/api.w.org\/{rel}","templated":true}]}}