{"id":16798989,"date":"2014-05-12T00:00:00","date_gmt":"2014-05-12T00:00:00","guid":{"rendered":"https:\/\/agencia-asturias.com\/inmueble\/venta\/local-comercial\/asturias\/oviedo\/8289\/"},"modified":"2014-05-12T00:00:00","modified_gmt":"2014-05-12T00:00:00","slug":"zone-eria-8289","status":"publish","type":"property","link":"https:\/\/agencia-asturias.com\/de\/inmueble\/venta\/local-comercial\/asturias\/oviedo\/8289\/","title":{"rendered":"Zone Eria &#8211; 8289"},"content":{"rendered":"<p>In der Zone La Eria-Masip bietet sich eine hervorragende M\u00f6glichkeit, einen Gewerberaum mit umfangreichen M\u00f6glichkeiten zu erwerben. Diese Immobilie hat eine Gesamtfl\u00e4che von 250 m2, die effizient aufgeteilt ist in etwa 70 m2, die f\u00fcr B\u00fcros genutzt werden, und der Rest f\u00fcr Lager, was eine ideale funktionale Umgebung f\u00fcr verschiedene Arten von Gesch\u00e4ften bietet. Der Raum hat Zug\u00e4nge von zwei verschiedenen Stra\u00dfen \u00fcber Tore und eine T\u00fcr, was die Logistik und Man\u00f6vrierf\u00e4higkeit erleichtert. Der Strom ist aktiviert.<\/p>\n<p>Die Grunderwerbssteuer sowie Notar- und Grundbuchgeb\u00fchren sind im Preis nicht enthalten.<\/p>\n","protected":false},"excerpt":{"rendered":"<p>In der Zone La Eria-Masip bietet sich eine hervorragende M\u00f6glichkeit, einen Gewerberaum mit umfangreichen M\u00f6glichkeiten zu erwerben. Diese Immobilie hat eine Gesamtfl\u00e4che von 250 m2, die effizient aufgeteilt ist in etwa 70 m2, die f\u00fcr B\u00fcros genutzt werden, und der Rest f\u00fcr Lager, was eine ideale funktionale Umgebung f\u00fcr verschiedene <\/p>\n","protected":false},"author":1,"featured_media":16798990,"parent":0,"menu_order":0,"template":"","property_type":[771],"property_status":[720],"property_feature":[],"property_label":[],"property_state":[419],"property_city":[470],"property_area":[474],"class_list":["post-16798989","property","type-property","status-publish","has-post-thumbnail","hentry","property_type-gewerbeimmobilie","property_status-verkauf","property_state-asturias","property_city-oviedo","property_area-la-eria"],"property_meta":{"fave_agent":["59317"],"fave_agents":["59317"],"fave_agent_display_option":["agent_info"],"property_agent":["59317"],"custom_permalink":["inmueble\/venta\/local-comercial\/asturias\/oviedo\/8289\/"],"_thumbnail_id":["16798990"],"post_id":["Array"],"original_author":["1"],"_edit_lock":["1604137107:1"],"_edit_last":["1"],"fave_property_map_street_view":["show"],"fave_payment_status":["not_paid"],"fave_single_top_area":["global"],"fave_single_content_area":["global"],"houzez_manual_expire":["0"],"fave_property_size_prefix":["m&sup2;"],"fave_property_map":["1"],"fave_additional_features_enable":["disable"],"fave_floor_plans_enable":["disable"],"fave_multiunit_plans_enable":["disable"],"fave_prop_homeslider":["no"],"fave_featured":["0"],"fave_property_address":["Oviedo,Asturias"],"fave_property_zip":["33013"],"houzez_geolocation_lat":["43.3629701"],"houzez_geolocation_long":["-5.86797219999994"],"fave_property_location":["43.3629701,-5.86797219999994"],"fave_property_country":["ES"],"fave_property_map_address":["Oviedo,Asturias,Spain"],"fave_comunidadimporte":["0"],"fave_comunidadincluida":["0"],"fave_conservacion":["De origen"],"fave_orientacion":[""],"fave_carpinteriainterior":[""],"fave_carpinteriaexterior":[""],"fave_tiposuelo":[""],"fave_vistas":[""],"additional_features":["a:5:{i:0;a:2:{s:29:\"fave_additional_feature_title\";s:12:\"Carpinter\u00eda\";s:29:\"fave_additional_feature_value\";s:0:\"\";}i:1;a:2:{s:29:\"fave_additional_feature_title\";s:21:\"Carpinter\u00eda exterior\";s:29:\"fave_additional_feature_value\";s:0:\"\";}i:2;a:2:{s:29:\"fave_additional_feature_title\";s:6:\"Estado\";s:29:\"fave_additional_feature_value\";s:9:\"De origen\";}i:3;a:2:{s:29:\"fave_additional_feature_title\";s:6:\"Vistas\";s:29:\"fave_additional_feature_value\";s:0:\"\";}i:4;a:2:{s:29:\"fave_additional_feature_title\";s:11:\"Orientacion\";s:29:\"fave_additional_feature_value\";s:0:\"\";}}"],"referencia":["8289"],"fave_property_id":["8289"],"fave_property_bedrooms":["0"],"fave_property_bathrooms":["1"],"fave_property_garage":[""],"fave_property_land":["0"],"ave_property_land_postfix":["m&sup2;"],"fave_property_size":["221"],"fave_property_year":["1970"],"fave_energy_global_index":["0 kWh\/m&sup2; \/0 Kg CO2\/m&sup2;"],"fave_energy_class":["N"],"estate_attr_energy_class":["Tramitando..."],"REAL_HOMES_property_emisiones":["0"],"REAL_HOMES_property_consumo":["0"],"REAL_HOMES_property_letra":["N"],"estate_video":[""],"fave_virtual_tour":[""],"vendidoInmueble":[""],"fave_property_price":["120000"],"fave_property_price_postfix":[""],"fave_property_images":["16798990","16798991","16798992","16798993","16798994","16798995","16798996","16798997","16798998","16798999","16799000","16799001","16799002","16799003","16799004","16799005","16799006","16799007","16799008","16799009"],"houzez_total_property_views":["1"],"houzez_views_by_date":["a:1:{s:10:\"04-29-2026\";i:1;}"],"houzez_recently_viewed":["2026-04-29 11:53:53"]},"_links":{"self":[{"href":"https:\/\/agencia-asturias.com\/de\/wp-json\/wp\/v2\/properties\/16798989","targetHints":{"allow":["GET"]}}],"collection":[{"href":"https:\/\/agencia-asturias.com\/de\/wp-json\/wp\/v2\/properties"}],"about":[{"href":"https:\/\/agencia-asturias.com\/de\/wp-json\/wp\/v2\/types\/property"}],"author":[{"embeddable":true,"href":"https:\/\/agencia-asturias.com\/de\/wp-json\/wp\/v2\/users\/1"}],"version-history":[{"count":0,"href":"https:\/\/agencia-asturias.com\/de\/wp-json\/wp\/v2\/properties\/16798989\/revisions"}],"wp:featuredmedia":[{"embeddable":true,"href":"https:\/\/agencia-asturias.com\/de\/wp-json\/wp\/v2\/media\/16798990"}],"wp:attachment":[{"href":"https:\/\/agencia-asturias.com\/de\/wp-json\/wp\/v2\/media?parent=16798989"}],"wp:term":[{"taxonomy":"property_type","embeddable":true,"href":"https:\/\/agencia-asturias.com\/de\/wp-json\/wp\/v2\/property_type?post=16798989"},{"taxonomy":"property_status","embeddable":true,"href":"https:\/\/agencia-asturias.com\/de\/wp-json\/wp\/v2\/property_status?post=16798989"},{"taxonomy":"property_feature","embeddable":true,"href":"https:\/\/agencia-asturias.com\/de\/wp-json\/wp\/v2\/property_feature?post=16798989"},{"taxonomy":"property_label","embeddable":true,"href":"https:\/\/agencia-asturias.com\/de\/wp-json\/wp\/v2\/property_label?post=16798989"},{"taxonomy":"property_state","embeddable":true,"href":"https:\/\/agencia-asturias.com\/de\/wp-json\/wp\/v2\/property_state?post=16798989"},{"taxonomy":"property_city","embeddable":true,"href":"https:\/\/agencia-asturias.com\/de\/wp-json\/wp\/v2\/property_city?post=16798989"},{"taxonomy":"property_area","embeddable":true,"href":"https:\/\/agencia-asturias.com\/de\/wp-json\/wp\/v2\/property_area?post=16798989"}],"curies":[{"name":"wp","href":"https:\/\/api.w.org\/{rel}","templated":true}]}}