{"id":16799246,"date":"2014-09-18T00:00:00","date_gmt":"2014-09-18T00:00:00","guid":{"rendered":"https:\/\/agencia-asturias.com\/inmueble\/alquiler\/oficina\/asturias\/llanera\/9200\/"},"modified":"2014-09-18T00:00:00","modified_gmt":"2014-09-18T00:00:00","slug":"buros-im-industriepark-asipo-ab-20-m-9200","status":"publish","type":"property","link":"https:\/\/agencia-asturias.com\/de\/inmueble\/alquiler\/oficina\/asturias\/llanera\/9200\/","title":{"rendered":"B\u00fcros im Industriepark Asipo ab 20 m\u00b2. &#8211; 9200"},"content":{"rendered":"<p>B\u00fcros von jeweils zwischen 20 und bis zu insgesamt auf maximalen Fl\u00e4che von bis zu etwa ganz genau an die angegebenen Quadratmeter ma\u00dfgeschneidert zum Beispiel mit einer Gr\u00f6\u00dfe meinetwegen auch mal sogar \u00fcber das Ma\u00df hinaus gesehen hier: voll ausgestattet sehr hell individuell eingerichtet samt Heizung und Klimaanlage sowie gro\u00dfz\u00fcgige B\u00fcror\u00e4ume.<\/p>\n","protected":false},"excerpt":{"rendered":"<p>B\u00fcros von jeweils zwischen 20 und bis zu insgesamt auf maximalen Fl\u00e4che von bis zu etwa ganz genau an die angegebenen Quadratmeter ma\u00dfgeschneidert zum Beispiel mit einer Gr\u00f6\u00dfe meinetwegen auch mal sogar \u00fcber das Ma\u00df hinaus gesehen hier: voll ausgestattet sehr hell individuell eingerichtet samt Heizung und Klimaanlage sowie <\/p>\n","protected":false},"author":1,"featured_media":16799247,"parent":0,"menu_order":0,"template":"","property_type":[777],"property_status":[852],"property_feature":[],"property_label":[],"property_state":[419],"property_city":[482],"property_area":[499],"class_list":["post-16799246","property","type-property","status-publish","has-post-thumbnail","hentry","property_type-buro","property_status-vermietung","property_state-asturias","property_city-llanera","property_area-llanera"],"property_meta":{"fave_agent":["59315"],"fave_agents":["59315"],"fave_agent_display_option":["agent_info"],"property_agent":["59315"],"custom_permalink":["inmueble\/alquiler\/oficina\/asturias\/llanera\/9200\/"],"_thumbnail_id":["16799247"],"post_id":["Array"],"original_author":["1"],"_edit_lock":["1604137107:1"],"_edit_last":["1"],"fave_property_map_street_view":["show"],"fave_payment_status":["not_paid"],"fave_single_top_area":["global"],"fave_single_content_area":["global"],"houzez_manual_expire":["0"],"fave_property_size_prefix":["m&sup2;"],"fave_property_map":["1"],"fave_additional_features_enable":["disable"],"fave_floor_plans_enable":["disable"],"fave_multiunit_plans_enable":["disable"],"fave_prop_homeslider":["no"],"fave_featured":["0"],"fave_property_address":["Llanera,Asturias"],"fave_property_zip":[" "],"houzez_geolocation_lat":["41.84275"],"houzez_geolocation_long":["1.4651253"],"fave_property_location":["41.84275,1.4651253"],"fave_property_country":["ES"],"fave_property_map_address":["Llanera,Asturias,Spain"],"fave_comunidadimporte":["0"],"fave_comunidadincluida":["0"],"fave_conservacion":["Buen estado"],"fave_orientacion":[""],"fave_carpinteriainterior":[""],"fave_carpinteriaexterior":[""],"fave_tiposuelo":[""],"fave_vistas":[""],"additional_features":["a:5:{i:0;a:2:{s:29:\"fave_additional_feature_title\";s:12:\"Carpinter\u00eda\";s:29:\"fave_additional_feature_value\";s:0:\"\";}i:1;a:2:{s:29:\"fave_additional_feature_title\";s:21:\"Carpinter\u00eda exterior\";s:29:\"fave_additional_feature_value\";s:0:\"\";}i:2;a:2:{s:29:\"fave_additional_feature_title\";s:6:\"Estado\";s:29:\"fave_additional_feature_value\";s:11:\"Buen estado\";}i:3;a:2:{s:29:\"fave_additional_feature_title\";s:6:\"Vistas\";s:29:\"fave_additional_feature_value\";s:0:\"\";}i:4;a:2:{s:29:\"fave_additional_feature_title\";s:11:\"Orientacion\";s:29:\"fave_additional_feature_value\";s:0:\"\";}}"],"referencia":["9200"],"fave_property_id":["9200"],"fave_property_bedrooms":["0"],"fave_property_bathrooms":["0"],"fave_property_garage":[""],"fave_property_land":["0"],"ave_property_land_postfix":["m&sup2;"],"fave_property_size":["295"],"fave_property_year":["0"],"fave_energy_global_index":["0 kWh\/m&sup2; \/0 Kg CO2\/m&sup2;"],"fave_energy_class":["N"],"estate_attr_energy_class":["Tramitando..."],"REAL_HOMES_property_emisiones":["0"],"REAL_HOMES_property_consumo":["0"],"REAL_HOMES_property_letra":["N"],"estate_video":[""],"fave_virtual_tour":[""],"vendidoInmueble":[""],"fave_property_price":["700"],"fave_property_price_postfix":["mes"],"fave_property_images":["16799247","16799248","16799249","16799250","16799251","16799252","16799253","16799254"],"houzez_total_property_views":["1"],"houzez_views_by_date":["a:1:{s:10:\"04-29-2026\";i:1;}"],"houzez_recently_viewed":["2026-04-29 17:35:42"]},"_links":{"self":[{"href":"https:\/\/agencia-asturias.com\/de\/wp-json\/wp\/v2\/properties\/16799246","targetHints":{"allow":["GET"]}}],"collection":[{"href":"https:\/\/agencia-asturias.com\/de\/wp-json\/wp\/v2\/properties"}],"about":[{"href":"https:\/\/agencia-asturias.com\/de\/wp-json\/wp\/v2\/types\/property"}],"author":[{"embeddable":true,"href":"https:\/\/agencia-asturias.com\/de\/wp-json\/wp\/v2\/users\/1"}],"version-history":[{"count":0,"href":"https:\/\/agencia-asturias.com\/de\/wp-json\/wp\/v2\/properties\/16799246\/revisions"}],"wp:featuredmedia":[{"embeddable":true,"href":"https:\/\/agencia-asturias.com\/de\/wp-json\/wp\/v2\/media\/16799247"}],"wp:attachment":[{"href":"https:\/\/agencia-asturias.com\/de\/wp-json\/wp\/v2\/media?parent=16799246"}],"wp:term":[{"taxonomy":"property_type","embeddable":true,"href":"https:\/\/agencia-asturias.com\/de\/wp-json\/wp\/v2\/property_type?post=16799246"},{"taxonomy":"property_status","embeddable":true,"href":"https:\/\/agencia-asturias.com\/de\/wp-json\/wp\/v2\/property_status?post=16799246"},{"taxonomy":"property_feature","embeddable":true,"href":"https:\/\/agencia-asturias.com\/de\/wp-json\/wp\/v2\/property_feature?post=16799246"},{"taxonomy":"property_label","embeddable":true,"href":"https:\/\/agencia-asturias.com\/de\/wp-json\/wp\/v2\/property_label?post=16799246"},{"taxonomy":"property_state","embeddable":true,"href":"https:\/\/agencia-asturias.com\/de\/wp-json\/wp\/v2\/property_state?post=16799246"},{"taxonomy":"property_city","embeddable":true,"href":"https:\/\/agencia-asturias.com\/de\/wp-json\/wp\/v2\/property_city?post=16799246"},{"taxonomy":"property_area","embeddable":true,"href":"https:\/\/agencia-asturias.com\/de\/wp-json\/wp\/v2\/property_area?post=16799246"}],"curies":[{"name":"wp","href":"https:\/\/api.w.org\/{rel}","templated":true}]}}