{"id":16799363,"date":"2016-12-13T10:53:13","date_gmt":"2016-12-13T10:53:13","guid":{"rendered":"https:\/\/agencia-asturias.com\/inmueble\/venta\/local-comercial\/asturias\/gijon\/00312\/"},"modified":"2016-12-13T10:53:13","modified_gmt":"2016-12-13T10:53:13","slug":"ambulantes-seite-der-calzada-00312","status":"publish","type":"property","link":"https:\/\/agencia-asturias.com\/de\/inmueble\/venta\/local-comercial\/asturias\/gijon\/00312\/","title":{"rendered":"Ambulantes Seite der Calzada &#8211; 00312"},"content":{"rendered":"<p>Rohraum zur Einrichtung Ihres Unternehmens nach Ihren W\u00fcnschen mit Rauchabzug. Es werden Monate der Karenzzeit f\u00fcr die Miete angeboten und es gibt Unterst\u00fctzung bei Renovierungen. Preis verhandelbar je nach Nutzung des Lokals. Befindet sich in einer der breitesten Stra\u00dfen im Zentrum von La Calzada, neben dem Gesundheitszentrum und dem Notar.<br \/>M\u00f6glichkeit zur Vermietung oder Mietkaufoption.<br \/>Grunderwerbsteuer sowie Notariats- und Registergeb\u00fchren sind nicht im Preis enthalten.<\/p>\n","protected":false},"excerpt":{"rendered":"<p>Rohraum zur Einrichtung Ihres Unternehmens nach Ihren W\u00fcnschen mit Rauchabzug. Es werden Monate der Karenzzeit f\u00fcr die Miete angeboten und es gibt Unterst\u00fctzung bei Renovierungen. Preis verhandelbar je nach Nutzung des Lokals. Befindet sich in einer der breitesten Stra\u00dfen im Zentrum von La Calzada, neben dem Gesundheitszentrum und dem <\/p>\n","protected":false},"author":1,"featured_media":16799364,"parent":0,"menu_order":0,"template":"","property_type":[771],"property_status":[720],"property_feature":[],"property_label":[],"property_state":[419],"property_city":[420],"property_area":[423],"class_list":["post-16799363","property","type-property","status-publish","has-post-thumbnail","hentry","property_type-gewerbeimmobilie","property_status-verkauf","property_state-asturias","property_city-gijon","property_area-la-calzada"],"property_meta":{"fave_agent":["59304"],"fave_agents":["59304"],"fave_agent_display_option":["agent_info"],"property_agent":["59304"],"custom_permalink":["inmueble\/venta\/local-comercial\/asturias\/gijon\/00312\/"],"_thumbnail_id":["16799364"],"post_id":["Array"],"original_author":["1"],"_edit_lock":["1604137107:1"],"_edit_last":["1"],"fave_property_map_street_view":["show"],"fave_payment_status":["not_paid"],"fave_single_top_area":["global"],"fave_single_content_area":["global"],"houzez_manual_expire":["0"],"fave_property_size_prefix":["m&sup2;"],"fave_property_map":["1"],"fave_additional_features_enable":["disable"],"fave_floor_plans_enable":["disable"],"fave_multiunit_plans_enable":["disable"],"fave_prop_homeslider":["no"],"fave_featured":["0"],"fave_property_address":["Gij\u00f3n,Asturias"],"fave_property_zip":["33213"],"houzez_geolocation_lat":["43.5405442"],"houzez_geolocation_long":["-5.696233699999993"],"fave_property_location":["43.5405442,-5.696233699999993"],"fave_property_country":["ES"],"fave_property_map_address":["Gij\u00f3n,Asturias,Spain"],"fave_comunidadimporte":["0"],"fave_comunidadincluida":["0"],"fave_conservacion":["Para reformar"],"fave_orientacion":[""],"fave_carpinteriainterior":[""],"fave_carpinteriaexterior":[""],"fave_tiposuelo":[""],"fave_vistas":[""],"additional_features":["a:5:{i:0;a:2:{s:29:\"fave_additional_feature_title\";s:12:\"Carpinter\u00eda\";s:29:\"fave_additional_feature_value\";s:0:\"\";}i:1;a:2:{s:29:\"fave_additional_feature_title\";s:21:\"Carpinter\u00eda exterior\";s:29:\"fave_additional_feature_value\";s:0:\"\";}i:2;a:2:{s:29:\"fave_additional_feature_title\";s:6:\"Estado\";s:29:\"fave_additional_feature_value\";s:13:\"Para reformar\";}i:3;a:2:{s:29:\"fave_additional_feature_title\";s:6:\"Vistas\";s:29:\"fave_additional_feature_value\";s:0:\"\";}i:4;a:2:{s:29:\"fave_additional_feature_title\";s:11:\"Orientacion\";s:29:\"fave_additional_feature_value\";s:0:\"\";}}"],"referencia":["00312"],"fave_property_id":["00312"],"fave_property_bedrooms":["0"],"fave_property_bathrooms":["0"],"fave_property_garage":[""],"fave_property_land":["0"],"ave_property_land_postfix":["m&sup2;"],"fave_property_size":["85"],"fave_property_year":["0"],"fave_energy_global_index":["0 kWh\/m&sup2; \/0 Kg CO2\/m&sup2;"],"fave_energy_class":["N"],"estate_attr_energy_class":["Tramitando..."],"REAL_HOMES_property_emisiones":["0"],"REAL_HOMES_property_consumo":["0"],"REAL_HOMES_property_letra":["N"],"estate_video":[""],"fave_virtual_tour":[""],"vendidoInmueble":[""],"fave_property_price":["75000"],"fave_property_price_postfix":[""],"fave_property_images":["16799364","16799365"],"houzez_total_property_views":["1"],"houzez_views_by_date":["a:1:{s:10:\"04-29-2026\";i:1;}"],"houzez_recently_viewed":["2026-04-29 13:16:58"]},"_links":{"self":[{"href":"https:\/\/agencia-asturias.com\/de\/wp-json\/wp\/v2\/properties\/16799363","targetHints":{"allow":["GET"]}}],"collection":[{"href":"https:\/\/agencia-asturias.com\/de\/wp-json\/wp\/v2\/properties"}],"about":[{"href":"https:\/\/agencia-asturias.com\/de\/wp-json\/wp\/v2\/types\/property"}],"author":[{"embeddable":true,"href":"https:\/\/agencia-asturias.com\/de\/wp-json\/wp\/v2\/users\/1"}],"version-history":[{"count":0,"href":"https:\/\/agencia-asturias.com\/de\/wp-json\/wp\/v2\/properties\/16799363\/revisions"}],"wp:featuredmedia":[{"embeddable":true,"href":"https:\/\/agencia-asturias.com\/de\/wp-json\/wp\/v2\/media\/16799364"}],"wp:attachment":[{"href":"https:\/\/agencia-asturias.com\/de\/wp-json\/wp\/v2\/media?parent=16799363"}],"wp:term":[{"taxonomy":"property_type","embeddable":true,"href":"https:\/\/agencia-asturias.com\/de\/wp-json\/wp\/v2\/property_type?post=16799363"},{"taxonomy":"property_status","embeddable":true,"href":"https:\/\/agencia-asturias.com\/de\/wp-json\/wp\/v2\/property_status?post=16799363"},{"taxonomy":"property_feature","embeddable":true,"href":"https:\/\/agencia-asturias.com\/de\/wp-json\/wp\/v2\/property_feature?post=16799363"},{"taxonomy":"property_label","embeddable":true,"href":"https:\/\/agencia-asturias.com\/de\/wp-json\/wp\/v2\/property_label?post=16799363"},{"taxonomy":"property_state","embeddable":true,"href":"https:\/\/agencia-asturias.com\/de\/wp-json\/wp\/v2\/property_state?post=16799363"},{"taxonomy":"property_city","embeddable":true,"href":"https:\/\/agencia-asturias.com\/de\/wp-json\/wp\/v2\/property_city?post=16799363"},{"taxonomy":"property_area","embeddable":true,"href":"https:\/\/agencia-asturias.com\/de\/wp-json\/wp\/v2\/property_area?post=16799363"}],"curies":[{"name":"wp","href":"https:\/\/api.w.org\/{rel}","templated":true}]}}