{"id":16800295,"date":"2023-08-03T10:15:15","date_gmt":"2023-08-03T10:15:15","guid":{"rendered":"https:\/\/agencia-asturias.com\/inmueble\/venta\/local-comercial\/asturias\/gijon\/03099\/"},"modified":"2023-08-03T10:15:15","modified_gmt":"2023-08-03T10:15:15","slug":"haben-sie-ihr-eigenes-geschaft-ideal-fur-ein-paar-03099","status":"publish","type":"property","link":"https:\/\/agencia-asturias.com\/de\/inmueble\/venta\/local-comercial\/asturias\/gijon\/03099\/","title":{"rendered":"Haben Sie Ihr eigenes Gesch\u00e4ft, ideal f\u00fcr ein Paar &#8211; 03099"},"content":{"rendered":"<p>Wenn Sie es leid sind f\u00fcr andere zu arbeiten und Ihr eigenes Gastronomiegesch\u00e4ft haben m\u00f6chten (ohne auf Mitarbeiter angewiesen zu sein), ist dies Ihre Gelegenheit. Jetzt k\u00f6nnen Sie der Eigent\u00fcmer Ihres eigenen Unternehmens werden und es zusammen mit Ihrem Partner oder Ihrer Familie f\u00fchren. Wir bieten Ihnen einen komplett ausgestatteten Raum mit einer gesetzlichen Abluftleitung an , schallisoliert und funktioniert wunderbar ohne dass man t\u00e4glich rund um die Uhr daf\u00fcr Zeit investieren muss . Wenn jetzt nicht der richtige Zeitpunkt zum Kauf ist , geben wir Ihnen die M\u00f6glichkeit eines Mietvertrags mit Kaufoption .<br \/>Besichtigungen nur nach vorheriger Vereinbarung . F\u00fcr weitere Informationen kommen Sie vorbei und wir erz\u00e4hlen Ihnen alles dar\u00fcber.<br \/>Zum Verkauf ; Grunderwerbssteuer sowie Notar- und Registrierungsgeb\u00fchren sind im Preis nicht enthalten.<\/p>\n","protected":false},"excerpt":{"rendered":"<p>Wenn Sie es leid sind f\u00fcr andere zu arbeiten und Ihr eigenes Gastronomiegesch\u00e4ft haben m\u00f6chten (ohne auf Mitarbeiter angewiesen zu sein), ist dies Ihre Gelegenheit. Jetzt k\u00f6nnen Sie der Eigent\u00fcmer Ihres eigenen Unternehmens werden und es zusammen mit Ihrem Partner oder Ihrer Familie f\u00fchren. Wir bieten Ihnen einen komplett <\/p>\n","protected":false},"author":1,"featured_media":16800296,"parent":0,"menu_order":0,"template":"","property_type":[771],"property_status":[852],"property_feature":[855],"property_label":[],"property_state":[419],"property_city":[420],"property_area":[421],"class_list":["post-16800295","property","type-property","status-publish","has-post-thumbnail","hentry","property_type-gewerbeimmobilie","property_status-vermietung","property_feature-elektrogerte","property_state-asturias","property_city-gijon","property_area-centro"],"property_meta":{"fave_agent":["59304"],"fave_agents":["59304"],"fave_agent_display_option":["agent_info"],"property_agent":["59304"],"custom_permalink":["inmueble\/venta\/local-comercial\/asturias\/gijon\/03099\/"],"_thumbnail_id":["16800296"],"post_id":["Array"],"original_author":["1"],"_edit_lock":["1604137107:1"],"_edit_last":["1"],"fave_property_map_street_view":["show"],"fave_payment_status":["not_paid"],"fave_single_top_area":["global"],"fave_single_content_area":["global"],"houzez_manual_expire":["0"],"fave_property_size_prefix":["m&sup2;"],"fave_property_map":["1"],"fave_additional_features_enable":["disable"],"fave_floor_plans_enable":["disable"],"fave_multiunit_plans_enable":["disable"],"fave_prop_homeslider":["no"],"fave_featured":["0"],"fave_property_address":["Gij\u00f3n,Asturias"],"fave_property_zip":["33208"],"houzez_geolocation_lat":["43.5356098372897"],"houzez_geolocation_long":["-5.66575520329228"],"fave_property_location":["43.5356098372897,-5.66575520329228"],"fave_property_country":["ES"],"fave_property_map_address":["Gij\u00f3n,Asturias,Spain"],"fave_comunidadimporte":["0"],"fave_comunidadincluida":["0"],"fave_conservacion":["Reformado"],"fave_orientacion":[""],"fave_carpinteriainterior":[""],"fave_carpinteriaexterior":[""],"fave_tiposuelo":[""],"fave_vistas":[""],"additional_features":["a:5:{i:0;a:2:{s:29:\"fave_additional_feature_title\";s:12:\"Carpinter\u00eda\";s:29:\"fave_additional_feature_value\";s:0:\"\";}i:1;a:2:{s:29:\"fave_additional_feature_title\";s:21:\"Carpinter\u00eda exterior\";s:29:\"fave_additional_feature_value\";s:0:\"\";}i:2;a:2:{s:29:\"fave_additional_feature_title\";s:6:\"Estado\";s:29:\"fave_additional_feature_value\";s:9:\"Reformado\";}i:3;a:2:{s:29:\"fave_additional_feature_title\";s:6:\"Vistas\";s:29:\"fave_additional_feature_value\";s:0:\"\";}i:4;a:2:{s:29:\"fave_additional_feature_title\";s:11:\"Orientacion\";s:29:\"fave_additional_feature_value\";s:0:\"\";}}"],"referencia":["03099"],"fave_property_id":["03099"],"fave_property_bedrooms":["0"],"fave_property_bathrooms":["0"],"fave_property_garage":[""],"fave_property_land":["0"],"ave_property_land_postfix":["m&sup2;"],"fave_property_size":["82"],"fave_property_year":["1959"],"fave_energy_global_index":["210.7 kWh\/m&sup2; \/41 Kg CO2\/m&sup2;"],"fave_energy_class":["C"],"estate_attr_energy_class":["C"],"REAL_HOMES_property_emisiones":["41"],"REAL_HOMES_property_consumo":["210.7"],"REAL_HOMES_property_letra":["C"],"estate_video":[""],"fave_virtual_tour":[""],"vendidoInmueble":[""],"fave_property_price":["700"],"fave_property_price_postfix":["mes"],"fave_property_images":["16800296","16800297","16800298","16800299","16800300","16800301","16800302","16800303","16800304","16800305","16800306","16800307","16800308","16800309","16800310","16800311","16800312","16800313","16800314","16800315","16800316","16800317","16800318","16800319","16800320","16800321","16800322","16800323","16800324","16800325","16800326","16800327","16800328","16800329","16800330","16800331","16800332"],"houzez_total_property_views":["3"],"houzez_views_by_date":["a:1:{s:10:\"04-29-2026\";i:3;}"],"houzez_recently_viewed":["2026-04-29 13:11:47"]},"_links":{"self":[{"href":"https:\/\/agencia-asturias.com\/de\/wp-json\/wp\/v2\/properties\/16800295","targetHints":{"allow":["GET"]}}],"collection":[{"href":"https:\/\/agencia-asturias.com\/de\/wp-json\/wp\/v2\/properties"}],"about":[{"href":"https:\/\/agencia-asturias.com\/de\/wp-json\/wp\/v2\/types\/property"}],"author":[{"embeddable":true,"href":"https:\/\/agencia-asturias.com\/de\/wp-json\/wp\/v2\/users\/1"}],"version-history":[{"count":0,"href":"https:\/\/agencia-asturias.com\/de\/wp-json\/wp\/v2\/properties\/16800295\/revisions"}],"wp:featuredmedia":[{"embeddable":true,"href":"https:\/\/agencia-asturias.com\/de\/wp-json\/wp\/v2\/media\/16800296"}],"wp:attachment":[{"href":"https:\/\/agencia-asturias.com\/de\/wp-json\/wp\/v2\/media?parent=16800295"}],"wp:term":[{"taxonomy":"property_type","embeddable":true,"href":"https:\/\/agencia-asturias.com\/de\/wp-json\/wp\/v2\/property_type?post=16800295"},{"taxonomy":"property_status","embeddable":true,"href":"https:\/\/agencia-asturias.com\/de\/wp-json\/wp\/v2\/property_status?post=16800295"},{"taxonomy":"property_feature","embeddable":true,"href":"https:\/\/agencia-asturias.com\/de\/wp-json\/wp\/v2\/property_feature?post=16800295"},{"taxonomy":"property_label","embeddable":true,"href":"https:\/\/agencia-asturias.com\/de\/wp-json\/wp\/v2\/property_label?post=16800295"},{"taxonomy":"property_state","embeddable":true,"href":"https:\/\/agencia-asturias.com\/de\/wp-json\/wp\/v2\/property_state?post=16800295"},{"taxonomy":"property_city","embeddable":true,"href":"https:\/\/agencia-asturias.com\/de\/wp-json\/wp\/v2\/property_city?post=16800295"},{"taxonomy":"property_area","embeddable":true,"href":"https:\/\/agencia-asturias.com\/de\/wp-json\/wp\/v2\/property_area?post=16800295"}],"curies":[{"name":"wp","href":"https:\/\/api.w.org\/{rel}","templated":true}]}}