{"id":16800468,"date":"2021-03-03T18:48:42","date_gmt":"2021-03-03T18:48:42","guid":{"rendered":"https:\/\/agencia-asturias.com\/inmueble\/alquiler\/local-comercial\/asturias\/oviedo\/03239\/"},"modified":"2021-03-03T18:48:42","modified_gmt":"2021-03-03T18:48:42","slug":"rohraum-zur-miete-ideal-fur-jede-geschaftstatigkeit-03239","status":"publish","type":"property","link":"https:\/\/agencia-asturias.com\/de\/inmueble\/alquiler\/local-comercial\/asturias\/oviedo\/03239\/","title":{"rendered":"Rohraum zur Miete, ideal f\u00fcr jede Gesch\u00e4ftst\u00e4tigkeit &#8211; 03239"},"content":{"rendered":"<p>In der prestigetr\u00e4chtigen Azc\u00e1rraga-Stra\u00dfe gelegen, verf\u00fcgt dieses Lokal \u00fcber eine Fl\u00e4che von 62 m\u00b2 im Erdgeschoss und einen Keller von 49 m\u00b2. Es steht zur Vermietung bereit und stellt eine einzigartige Gelegenheit f\u00fcr Unternehmer dar, die ihr Gesch\u00e4ft an einem strategischen Standort etablieren m\u00f6chten. Der Raum ist bereit daf\u00fcr ausgelegt zu werden um den Bed\u00fcrfnissen des Mieters gerecht zu werden und bietet volle Flexibilit\u00e4t sowohl beim Innendesign als auch bei der Art des Handels oder Dienstes , das sie einrichten m\u00f6chten . Mit direktem Zugang von der \u00f6ffentlichen Stra\u00dfe aus gro\u00dfer Sichtbarkeit sowie st\u00e4ndigem Fu\u00dfg\u00e4ngerverkehr eignet sich diese Immobilie perfekt f\u00fcr diejenigen , die ihr kommerzielles Potenzial maximieren wollen.<\/p>\n","protected":false},"excerpt":{"rendered":"<p>In der prestigetr\u00e4chtigen Azc\u00e1rraga-Stra\u00dfe gelegen, verf\u00fcgt dieses Lokal \u00fcber eine Fl\u00e4che von 62 m\u00b2 im Erdgeschoss und einen Keller von 49 m\u00b2. Es steht zur Vermietung bereit und stellt eine einzigartige Gelegenheit f\u00fcr Unternehmer dar, die ihr Gesch\u00e4ft an einem strategischen Standort etablieren m\u00f6chten. Der Raum ist bereit daf\u00fcr <\/p>\n","protected":false},"author":1,"featured_media":16800469,"parent":0,"menu_order":0,"template":"","property_type":[771],"property_status":[852],"property_feature":[],"property_label":[],"property_state":[419],"property_city":[470],"property_area":[524],"class_list":["post-16800468","property","type-property","status-publish","has-post-thumbnail","hentry","property_type-gewerbeimmobilie","property_status-vermietung","property_state-asturias","property_city-oviedo","property_area-antiguo"],"property_meta":{"fave_agent":["59317"],"fave_agents":["59317"],"fave_agent_display_option":["agent_info"],"property_agent":["59317"],"custom_permalink":["inmueble\/alquiler\/local-comercial\/asturias\/oviedo\/03239\/"],"_thumbnail_id":["16800469"],"post_id":["Array"],"original_author":["1"],"_edit_lock":["1604137107:1"],"_edit_last":["1"],"fave_property_map_street_view":["show"],"fave_payment_status":["not_paid"],"fave_single_top_area":["global"],"fave_single_content_area":["global"],"houzez_manual_expire":["0"],"fave_property_size_prefix":["m&sup2;"],"fave_property_map":["1"],"fave_additional_features_enable":["disable"],"fave_floor_plans_enable":["disable"],"fave_multiunit_plans_enable":["disable"],"fave_prop_homeslider":["no"],"fave_featured":["0"],"fave_property_address":["Oviedo,Asturias"],"fave_property_zip":["33010"],"houzez_geolocation_lat":["43.3639302055625"],"houzez_geolocation_long":["-5.83997660822173"],"fave_property_location":["43.3639302055625,-5.83997660822173"],"fave_property_country":["ES"],"fave_property_map_address":["Oviedo,Asturias,Spain"],"fave_comunidadimporte":["0"],"fave_comunidadincluida":["0"],"fave_conservacion":["De origen"],"fave_orientacion":[""],"fave_carpinteriainterior":[""],"fave_carpinteriaexterior":[""],"fave_tiposuelo":[""],"fave_vistas":[""],"additional_features":["a:5:{i:0;a:2:{s:29:\"fave_additional_feature_title\";s:12:\"Carpinter\u00eda\";s:29:\"fave_additional_feature_value\";s:0:\"\";}i:1;a:2:{s:29:\"fave_additional_feature_title\";s:21:\"Carpinter\u00eda exterior\";s:29:\"fave_additional_feature_value\";s:0:\"\";}i:2;a:2:{s:29:\"fave_additional_feature_title\";s:6:\"Estado\";s:29:\"fave_additional_feature_value\";s:9:\"De origen\";}i:3;a:2:{s:29:\"fave_additional_feature_title\";s:6:\"Vistas\";s:29:\"fave_additional_feature_value\";s:0:\"\";}i:4;a:2:{s:29:\"fave_additional_feature_title\";s:11:\"Orientacion\";s:29:\"fave_additional_feature_value\";s:0:\"\";}}"],"referencia":["03239"],"fave_property_id":["03239"],"fave_property_bedrooms":["0"],"fave_property_bathrooms":["0"],"fave_property_garage":[""],"fave_property_land":["0"],"ave_property_land_postfix":["m&sup2;"],"fave_property_size":["111"],"fave_property_year":["2002"],"fave_energy_global_index":["0 kWh\/m&sup2; \/0 Kg CO2\/m&sup2;"],"fave_energy_class":["N"],"estate_attr_energy_class":["Tramitando..."],"REAL_HOMES_property_emisiones":["0"],"REAL_HOMES_property_consumo":["0"],"REAL_HOMES_property_letra":["N"],"estate_video":[""],"fave_virtual_tour":[""],"vendidoInmueble":[""],"fave_property_price":["500"],"fave_property_price_postfix":["mes"],"fave_property_images":["16800469","16800470","16800471","16800472","16800473"],"houzez_total_property_views":["3"],"houzez_views_by_date":["a:1:{s:10:\"04-29-2026\";i:3;}"],"houzez_recently_viewed":["2026-04-30 01:44:56"]},"_links":{"self":[{"href":"https:\/\/agencia-asturias.com\/de\/wp-json\/wp\/v2\/properties\/16800468","targetHints":{"allow":["GET"]}}],"collection":[{"href":"https:\/\/agencia-asturias.com\/de\/wp-json\/wp\/v2\/properties"}],"about":[{"href":"https:\/\/agencia-asturias.com\/de\/wp-json\/wp\/v2\/types\/property"}],"author":[{"embeddable":true,"href":"https:\/\/agencia-asturias.com\/de\/wp-json\/wp\/v2\/users\/1"}],"version-history":[{"count":0,"href":"https:\/\/agencia-asturias.com\/de\/wp-json\/wp\/v2\/properties\/16800468\/revisions"}],"wp:featuredmedia":[{"embeddable":true,"href":"https:\/\/agencia-asturias.com\/de\/wp-json\/wp\/v2\/media\/16800469"}],"wp:attachment":[{"href":"https:\/\/agencia-asturias.com\/de\/wp-json\/wp\/v2\/media?parent=16800468"}],"wp:term":[{"taxonomy":"property_type","embeddable":true,"href":"https:\/\/agencia-asturias.com\/de\/wp-json\/wp\/v2\/property_type?post=16800468"},{"taxonomy":"property_status","embeddable":true,"href":"https:\/\/agencia-asturias.com\/de\/wp-json\/wp\/v2\/property_status?post=16800468"},{"taxonomy":"property_feature","embeddable":true,"href":"https:\/\/agencia-asturias.com\/de\/wp-json\/wp\/v2\/property_feature?post=16800468"},{"taxonomy":"property_label","embeddable":true,"href":"https:\/\/agencia-asturias.com\/de\/wp-json\/wp\/v2\/property_label?post=16800468"},{"taxonomy":"property_state","embeddable":true,"href":"https:\/\/agencia-asturias.com\/de\/wp-json\/wp\/v2\/property_state?post=16800468"},{"taxonomy":"property_city","embeddable":true,"href":"https:\/\/agencia-asturias.com\/de\/wp-json\/wp\/v2\/property_city?post=16800468"},{"taxonomy":"property_area","embeddable":true,"href":"https:\/\/agencia-asturias.com\/de\/wp-json\/wp\/v2\/property_area?post=16800468"}],"curies":[{"name":"wp","href":"https:\/\/api.w.org\/{rel}","templated":true}]}}