{"id":16800701,"date":"2021-09-16T19:59:22","date_gmt":"2021-09-16T19:59:22","guid":{"rendered":"https:\/\/agencia-asturias.com\/inmueble\/venta\/terreno-edificable\/asturias\/gijon\/03487\/"},"modified":"2021-09-16T19:59:22","modified_gmt":"2021-09-16T19:59:22","slug":"cenero-picun-03487","status":"publish","type":"property","link":"https:\/\/agencia-asturias.com\/de\/inmueble\/venta\/terreno-edificable\/asturias\/gijon\/03487\/","title":{"rendered":"Cenero &#8211; Pic\u00fan &#8211; 03487"},"content":{"rendered":"<p>In Cenero, Nachbarschaft von Pic\u00fan. Grundst\u00fcck \u00fcber 8.000 Quadratmeter mit davon 3.600 innerhalb des l\u00e4ndlichen Kerns gelegen. Teilbar und geeignet f\u00fcr den Bau von zwei Einfamilienh\u00e4usern mit jeweils bis zu 300 Quadratmetern oberirdischer Fl\u00e4che . Mindestgrundst\u00fccksgr\u00f6\u00dfe betr\u00e4gt 1.700 Quadratmeter . Gute Aussichten in einer l\u00e4ndlichen Umgebung und gut angebunden an die Autobahn AS-II zur erleichterten Kommunikation mit den st\u00e4dtischen Zentren von Gij\u00f3n und Oviedo.<br \/>Die \u00dcbertragungssteuer auf Immobilien sowie Notarkosten sind im Preis nicht enthalten.<\/p>\n","protected":false},"excerpt":{"rendered":"<p>In Cenero, Nachbarschaft von Pic\u00fan. Grundst\u00fcck \u00fcber 8.000 Quadratmeter mit davon 3.600 innerhalb des l\u00e4ndlichen Kerns gelegen. Teilbar und geeignet f\u00fcr den Bau von zwei Einfamilienh\u00e4usern mit jeweils bis zu 300 Quadratmetern oberirdischer Fl\u00e4che . Mindestgrundst\u00fccksgr\u00f6\u00dfe betr\u00e4gt 1.700 Quadratmeter . Gute Aussichten in einer <\/p>\n","protected":false},"author":1,"featured_media":16800702,"parent":0,"menu_order":0,"template":"","property_type":[791],"property_status":[720],"property_feature":[],"property_label":[],"property_state":[419],"property_city":[420],"property_area":[436],"class_list":["post-16800701","property","type-property","status-publish","has-post-thumbnail","hentry","property_type-bebaubares-grundstuck","property_status-verkauf","property_state-asturias","property_city-gijon","property_area-cenero"],"property_meta":{"fave_agent":["156"],"fave_agents":["156"],"fave_agent_display_option":["agent_info"],"property_agent":["156"],"custom_permalink":["inmueble\/venta\/terreno-edificable\/asturias\/gijon\/03487\/"],"_thumbnail_id":["16800702"],"post_id":["Array"],"original_author":["1"],"_edit_lock":["1604137107:1"],"_edit_last":["1"],"fave_property_map_street_view":["show"],"fave_payment_status":["not_paid"],"fave_single_top_area":["global"],"fave_single_content_area":["global"],"houzez_manual_expire":["0"],"fave_property_size_prefix":["m&sup2;"],"fave_property_map":["1"],"fave_additional_features_enable":["disable"],"fave_floor_plans_enable":["disable"],"fave_multiunit_plans_enable":["disable"],"fave_prop_homeslider":["no"],"fave_featured":["0"],"fave_property_address":["Gij\u00f3n,Asturias"],"fave_property_zip":["33393"],"houzez_geolocation_lat":["43.4683205729417"],"houzez_geolocation_long":["-5.77591641382219"],"fave_property_location":["43.4683205729417,-5.77591641382219"],"fave_property_country":["ES"],"fave_property_map_address":["Gij\u00f3n,Asturias,Spain"],"fave_comunidadimporte":["0"],"fave_comunidadincluida":["0"],"fave_conservacion":["Ninguno"],"fave_orientacion":["Norte Sur"],"fave_carpinteriainterior":[""],"fave_carpinteriaexterior":[""],"fave_tiposuelo":[""],"fave_vistas":[""],"additional_features":["a:5:{i:0;a:2:{s:29:\"fave_additional_feature_title\";s:12:\"Carpinter\u00eda\";s:29:\"fave_additional_feature_value\";s:0:\"\";}i:1;a:2:{s:29:\"fave_additional_feature_title\";s:21:\"Carpinter\u00eda exterior\";s:29:\"fave_additional_feature_value\";s:0:\"\";}i:2;a:2:{s:29:\"fave_additional_feature_title\";s:6:\"Estado\";s:29:\"fave_additional_feature_value\";s:7:\"Ninguno\";}i:3;a:2:{s:29:\"fave_additional_feature_title\";s:6:\"Vistas\";s:29:\"fave_additional_feature_value\";s:0:\"\";}i:4;a:2:{s:29:\"fave_additional_feature_title\";s:11:\"Orientacion\";s:29:\"fave_additional_feature_value\";s:9:\"Norte Sur\";}}"],"referencia":["03487"],"fave_property_id":["03487"],"fave_property_bedrooms":["0"],"fave_property_bathrooms":["0"],"fave_property_garage":[""],"fave_property_land":["8532"],"ave_property_land_postfix":["m&sup2;"],"fave_property_size":["0"],"fave_property_year":["0"],"fave_energy_global_index":["0 kWh\/m&sup2; \/0 Kg CO2\/m&sup2;"],"fave_energy_class":["N"],"estate_attr_energy_class":["Tramitando..."],"REAL_HOMES_property_emisiones":["0"],"REAL_HOMES_property_consumo":["0"],"REAL_HOMES_property_letra":["N"],"estate_video":[""],"fave_virtual_tour":[""],"vendidoInmueble":[""],"fave_property_price":["80000"],"fave_property_price_postfix":[""],"fave_property_images":["16800702","16800703","16800704","16800705","16800706","16800707","16800708","16800709","16800710","16800711","16800712"],"houzez_total_property_views":["2"],"houzez_views_by_date":["a:1:{s:10:\"04-29-2026\";i:2;}"],"houzez_recently_viewed":["2026-04-29 15:52:04"]},"_links":{"self":[{"href":"https:\/\/agencia-asturias.com\/de\/wp-json\/wp\/v2\/properties\/16800701","targetHints":{"allow":["GET"]}}],"collection":[{"href":"https:\/\/agencia-asturias.com\/de\/wp-json\/wp\/v2\/properties"}],"about":[{"href":"https:\/\/agencia-asturias.com\/de\/wp-json\/wp\/v2\/types\/property"}],"author":[{"embeddable":true,"href":"https:\/\/agencia-asturias.com\/de\/wp-json\/wp\/v2\/users\/1"}],"version-history":[{"count":0,"href":"https:\/\/agencia-asturias.com\/de\/wp-json\/wp\/v2\/properties\/16800701\/revisions"}],"wp:featuredmedia":[{"embeddable":true,"href":"https:\/\/agencia-asturias.com\/de\/wp-json\/wp\/v2\/media\/16800702"}],"wp:attachment":[{"href":"https:\/\/agencia-asturias.com\/de\/wp-json\/wp\/v2\/media?parent=16800701"}],"wp:term":[{"taxonomy":"property_type","embeddable":true,"href":"https:\/\/agencia-asturias.com\/de\/wp-json\/wp\/v2\/property_type?post=16800701"},{"taxonomy":"property_status","embeddable":true,"href":"https:\/\/agencia-asturias.com\/de\/wp-json\/wp\/v2\/property_status?post=16800701"},{"taxonomy":"property_feature","embeddable":true,"href":"https:\/\/agencia-asturias.com\/de\/wp-json\/wp\/v2\/property_feature?post=16800701"},{"taxonomy":"property_label","embeddable":true,"href":"https:\/\/agencia-asturias.com\/de\/wp-json\/wp\/v2\/property_label?post=16800701"},{"taxonomy":"property_state","embeddable":true,"href":"https:\/\/agencia-asturias.com\/de\/wp-json\/wp\/v2\/property_state?post=16800701"},{"taxonomy":"property_city","embeddable":true,"href":"https:\/\/agencia-asturias.com\/de\/wp-json\/wp\/v2\/property_city?post=16800701"},{"taxonomy":"property_area","embeddable":true,"href":"https:\/\/agencia-asturias.com\/de\/wp-json\/wp\/v2\/property_area?post=16800701"}],"curies":[{"name":"wp","href":"https:\/\/api.w.org\/{rel}","templated":true}]}}