{"id":16800744,"date":"2021-10-06T18:40:00","date_gmt":"2021-10-06T18:40:00","guid":{"rendered":"https:\/\/agencia-asturias.com\/inmueble\/venta\/local-comercial\/asturias\/oviedo\/03513\/"},"modified":"2021-10-06T18:40:00","modified_gmt":"2021-10-06T18:40:00","slug":"einkaufszentrum-los-prados-03513","status":"publish","type":"property","link":"https:\/\/agencia-asturias.com\/de\/inmueble\/venta\/local-comercial\/asturias\/oviedo\/03513\/","title":{"rendered":"Einkaufszentrum Los Prados &#8211; 03513"},"content":{"rendered":"<p>Zu vermieten oder zu verkaufen: Gesch\u00e4ftsr\u00e4ume an der Avenida de Atenas mit einer Gesamtfl\u00e4che von 425 m\u00b2 und der M\u00f6glichkeit, die H\u00e4lfte zu vermieten.Teil jedes Abschnitts h\u00e4tte ein gro\u00dfes Schaufenster von jeweils insgesamt noch einmal bis zur Gesamtl\u00e4nge und Breite des Gesch\u00e4fts.Hat einen verglasten B\u00fcroraum.Verschiedene R\u00e4umlichkeiten f\u00fcr den Einbau von Toiletten.Naturlicht durch die Hauptfassade nach S\u00fcden ausgerichtet sowie durch die R\u00fcckseite.Die Miete umfasst Gemeinschaftskosten sowie Grundsteuer.Jeder Gewerbetyp ist willkommen; Der Eigent\u00fcmer wird m\u00f6gliche Angebote pr\u00fcfen.Der gesamte Raum kann zum Preis von &euro;2000 \/m\u00b2 verkauft werden.Rufen Sie uns an um einen Besichtigungstermin zu vereinbaren.Erwerbssteuern Notarkostenund Anmeldung sind nicht im Preis enthalten.<\/p>\n","protected":false},"excerpt":{"rendered":"<p>Zu vermieten oder zu verkaufen: Gesch\u00e4ftsr\u00e4ume an der Avenida de Atenas mit einer Gesamtfl\u00e4che von 425 m\u00b2 und der M\u00f6glichkeit, die H\u00e4lfte zu vermieten.Teil jedes Abschnitts h\u00e4tte ein gro\u00dfes Schaufenster von jeweils insgesamt noch einmal bis zur Gesamtl\u00e4nge und Breite des Gesch\u00e4fts.Hat einen verglasten B\u00fcroraum.Verschiedene <\/p>\n","protected":false},"author":1,"featured_media":16800745,"parent":0,"menu_order":0,"template":"","property_type":[771],"property_status":[852],"property_feature":[],"property_label":[],"property_state":[419],"property_city":[470],"property_area":[480],"class_list":["post-16800744","property","type-property","status-publish","has-post-thumbnail","hentry","property_type-gewerbeimmobilie","property_status-vermietung","property_state-asturias","property_city-oviedo","property_area-los-prados"],"property_meta":{"fave_agent":["59289"],"fave_agents":["59289"],"fave_agent_display_option":["agent_info"],"property_agent":["59289"],"custom_permalink":["inmueble\/venta\/local-comercial\/asturias\/oviedo\/03513\/"],"_thumbnail_id":["16800745"],"post_id":["Array"],"original_author":["1"],"_edit_lock":["1604137107:1"],"_edit_last":["1"],"fave_property_map_street_view":["show"],"fave_payment_status":["not_paid"],"fave_single_top_area":["global"],"fave_single_content_area":["global"],"houzez_manual_expire":["0"],"fave_property_size_prefix":["m&sup2;"],"fave_property_map":["1"],"fave_additional_features_enable":["disable"],"fave_floor_plans_enable":["disable"],"fave_multiunit_plans_enable":["disable"],"fave_prop_homeslider":["no"],"fave_featured":["0"],"fave_property_address":["Oviedo,Asturias"],"fave_property_zip":["33011"],"houzez_geolocation_lat":["43.37153632"],"houzez_geolocation_long":["-5.8295272"],"fave_property_location":["43.37153632,-5.8295272"],"fave_property_country":["ES"],"fave_property_map_address":["Oviedo,Asturias,Spain"],"fave_comunidadimporte":["0"],"fave_comunidadincluida":["1"],"fave_conservacion":["De origen"],"fave_orientacion":[""],"fave_carpinteriainterior":[""],"fave_carpinteriaexterior":[""],"fave_tiposuelo":[""],"fave_vistas":[""],"additional_features":["a:5:{i:0;a:2:{s:29:\"fave_additional_feature_title\";s:12:\"Carpinter\u00eda\";s:29:\"fave_additional_feature_value\";s:0:\"\";}i:1;a:2:{s:29:\"fave_additional_feature_title\";s:21:\"Carpinter\u00eda exterior\";s:29:\"fave_additional_feature_value\";s:0:\"\";}i:2;a:2:{s:29:\"fave_additional_feature_title\";s:6:\"Estado\";s:29:\"fave_additional_feature_value\";s:9:\"De origen\";}i:3;a:2:{s:29:\"fave_additional_feature_title\";s:6:\"Vistas\";s:29:\"fave_additional_feature_value\";s:0:\"\";}i:4;a:2:{s:29:\"fave_additional_feature_title\";s:11:\"Orientacion\";s:29:\"fave_additional_feature_value\";s:0:\"\";}}"],"referencia":["03513"],"fave_property_id":["03513"],"fave_property_bedrooms":["0"],"fave_property_bathrooms":["0"],"fave_property_garage":[""],"fave_property_land":["0"],"ave_property_land_postfix":["m&sup2;"],"fave_property_size":["425"],"fave_property_year":["0"],"fave_energy_global_index":["196 kWh\/m&sup2; \/40 Kg CO2\/m&sup2;"],"fave_energy_class":["D"],"estate_attr_energy_class":["D"],"REAL_HOMES_property_emisiones":["40"],"REAL_HOMES_property_consumo":["196"],"REAL_HOMES_property_letra":["D"],"estate_video":[""],"fave_virtual_tour":[""],"vendidoInmueble":[""],"fave_property_price":["1800"],"fave_property_price_postfix":["mes"],"fave_property_images":["16800745","16800746","16800747","16800748","16800749","16800750","16800751","16800752","16800753","16800754","16800755","16800756","16800757","16800758","16800759"],"houzez_total_property_views":["2"],"houzez_views_by_date":["a:1:{s:10:\"04-29-2026\";i:2;}"],"houzez_recently_viewed":["2026-04-29 13:16:57"]},"_links":{"self":[{"href":"https:\/\/agencia-asturias.com\/de\/wp-json\/wp\/v2\/properties\/16800744","targetHints":{"allow":["GET"]}}],"collection":[{"href":"https:\/\/agencia-asturias.com\/de\/wp-json\/wp\/v2\/properties"}],"about":[{"href":"https:\/\/agencia-asturias.com\/de\/wp-json\/wp\/v2\/types\/property"}],"author":[{"embeddable":true,"href":"https:\/\/agencia-asturias.com\/de\/wp-json\/wp\/v2\/users\/1"}],"version-history":[{"count":0,"href":"https:\/\/agencia-asturias.com\/de\/wp-json\/wp\/v2\/properties\/16800744\/revisions"}],"wp:featuredmedia":[{"embeddable":true,"href":"https:\/\/agencia-asturias.com\/de\/wp-json\/wp\/v2\/media\/16800745"}],"wp:attachment":[{"href":"https:\/\/agencia-asturias.com\/de\/wp-json\/wp\/v2\/media?parent=16800744"}],"wp:term":[{"taxonomy":"property_type","embeddable":true,"href":"https:\/\/agencia-asturias.com\/de\/wp-json\/wp\/v2\/property_type?post=16800744"},{"taxonomy":"property_status","embeddable":true,"href":"https:\/\/agencia-asturias.com\/de\/wp-json\/wp\/v2\/property_status?post=16800744"},{"taxonomy":"property_feature","embeddable":true,"href":"https:\/\/agencia-asturias.com\/de\/wp-json\/wp\/v2\/property_feature?post=16800744"},{"taxonomy":"property_label","embeddable":true,"href":"https:\/\/agencia-asturias.com\/de\/wp-json\/wp\/v2\/property_label?post=16800744"},{"taxonomy":"property_state","embeddable":true,"href":"https:\/\/agencia-asturias.com\/de\/wp-json\/wp\/v2\/property_state?post=16800744"},{"taxonomy":"property_city","embeddable":true,"href":"https:\/\/agencia-asturias.com\/de\/wp-json\/wp\/v2\/property_city?post=16800744"},{"taxonomy":"property_area","embeddable":true,"href":"https:\/\/agencia-asturias.com\/de\/wp-json\/wp\/v2\/property_area?post=16800744"}],"curies":[{"name":"wp","href":"https:\/\/api.w.org\/{rel}","templated":true}]}}