{"id":16800762,"date":"2021-09-28T17:38:21","date_gmt":"2021-09-28T17:38:21","guid":{"rendered":"https:\/\/agencia-asturias.com\/inmueble\/venta\/local-comercial\/asturias\/gijon\/03520\/"},"modified":"2021-09-28T17:38:21","modified_gmt":"2021-09-28T17:38:21","slug":"perfekt-installiert-03520","status":"publish","type":"property","link":"https:\/\/agencia-asturias.com\/de\/inmueble\/venta\/local-comercial\/asturias\/gijon\/03520\/","title":{"rendered":"Perfekt installiert &#8211; 03520"},"content":{"rendered":"<p>Im Bereich Los Pericones befindet sich ein vollst\u00e4ndig als Fischgesch\u00e4ft eingerichteter Eckladen, der jedoch auch andere kommerzielle und private Nutzungen zulassen w\u00fcrde. Er verf\u00fcgt \u00fcber einen Kundenbereich, ein Lagerraum, eine funktionierende K\u00fchlkammer sowie eine Toilette. Sehr auff\u00e4llige Ecke. Der Laden hat einen Glas- und PVC-Verschluss sowie Rolll\u00e4den. Der Raum w\u00e4re auch f\u00fcr einen Obstladen geeignet; mit kleinen Renovierungen k\u00f6nnte er sogar gut als B\u00fcro oder Familienlager genutzt werden.<\/p>\n","protected":false},"excerpt":{"rendered":"<p>Im Bereich Los Pericones befindet sich ein vollst\u00e4ndig als Fischgesch\u00e4ft eingerichteter Eckladen, der jedoch auch andere kommerzielle und private Nutzungen zulassen w\u00fcrde. Er verf\u00fcgt \u00fcber einen Kundenbereich, ein Lagerraum, eine funktionierende K\u00fchlkammer sowie eine Toilette. Sehr auff\u00e4llige Ecke. Der Laden hat einen Glas- und <\/p>\n","protected":false},"author":1,"featured_media":16800763,"parent":0,"menu_order":0,"template":"","property_type":[771],"property_status":[720],"property_feature":[],"property_label":[],"property_state":[419],"property_city":[420],"property_area":[435],"class_list":["post-16800762","property","type-property","status-publish","has-post-thumbnail","hentry","property_type-gewerbeimmobilie","property_status-verkauf","property_state-asturias","property_city-gijon","property_area-el-llano"],"property_meta":{"fave_agent":["59313"],"fave_agents":["59313"],"fave_agent_display_option":["agent_info"],"property_agent":["59313"],"custom_permalink":["inmueble\/venta\/local-comercial\/asturias\/gijon\/03520\/"],"_thumbnail_id":["16800763"],"post_id":["Array"],"original_author":["1"],"_edit_lock":["1604137107:1"],"_edit_last":["1"],"fave_property_map_street_view":["show"],"fave_payment_status":["not_paid"],"fave_single_top_area":["global"],"fave_single_content_area":["global"],"houzez_manual_expire":["0"],"fave_property_size_prefix":["m&sup2;"],"fave_property_map":["1"],"fave_additional_features_enable":["disable"],"fave_floor_plans_enable":["disable"],"fave_multiunit_plans_enable":["disable"],"fave_prop_homeslider":["no"],"fave_featured":["0"],"fave_property_address":["Gij\u00f3n,Asturias"],"fave_property_zip":["33209"],"houzez_geolocation_lat":["43.5300665"],"houzez_geolocation_long":["-5.65883832"],"fave_property_location":["43.5300665,-5.65883832"],"fave_property_country":["ES"],"fave_property_map_address":["Gij\u00f3n,Asturias,Spain"],"fave_comunidadimporte":["0"],"fave_comunidadincluida":["0"],"fave_conservacion":["Reformado"],"fave_orientacion":[""],"fave_carpinteriainterior":[""],"fave_carpinteriaexterior":[""],"fave_tiposuelo":[""],"fave_vistas":[""],"additional_features":["a:5:{i:0;a:2:{s:29:\"fave_additional_feature_title\";s:12:\"Carpinter\u00eda\";s:29:\"fave_additional_feature_value\";s:0:\"\";}i:1;a:2:{s:29:\"fave_additional_feature_title\";s:21:\"Carpinter\u00eda exterior\";s:29:\"fave_additional_feature_value\";s:0:\"\";}i:2;a:2:{s:29:\"fave_additional_feature_title\";s:6:\"Estado\";s:29:\"fave_additional_feature_value\";s:9:\"Reformado\";}i:3;a:2:{s:29:\"fave_additional_feature_title\";s:6:\"Vistas\";s:29:\"fave_additional_feature_value\";s:0:\"\";}i:4;a:2:{s:29:\"fave_additional_feature_title\";s:11:\"Orientacion\";s:29:\"fave_additional_feature_value\";s:0:\"\";}}"],"referencia":["03520"],"fave_property_id":["03520"],"fave_property_bedrooms":["0"],"fave_property_bathrooms":["0"],"fave_property_garage":[""],"fave_property_land":["0"],"ave_property_land_postfix":["m&sup2;"],"fave_property_size":["47"],"fave_property_year":["0"],"fave_energy_global_index":["0 kWh\/m&sup2; \/0 Kg CO2\/m&sup2;"],"fave_energy_class":["N"],"estate_attr_energy_class":["Tramitando..."],"REAL_HOMES_property_emisiones":["0"],"REAL_HOMES_property_consumo":["0"],"REAL_HOMES_property_letra":["N"],"estate_video":[""],"fave_video_url":["https:\/\/www.youtube.com\/watch?v=fCh06IvXyIw?si=rlnT_"],"fave_video_image":["https:\/\/fotos15.apinmo.com\/1445\/13252181\/2-1.jpg"],"fave_virtual_tour":[""],"vendidoInmueble":[""],"fave_property_price":["45000"],"fave_property_price_postfix":[""],"fave_property_images":["16800763","16800764","16800765","16800766","16800767","16800768","16800769","16800770","16800771","16800772","16800773","16800774","16800775","16800776","16800777","16800778"],"houzez_total_property_views":["1"],"houzez_views_by_date":["a:1:{s:10:\"04-29-2026\";i:1;}"],"houzez_recently_viewed":["2026-04-29 13:17:00"]},"_links":{"self":[{"href":"https:\/\/agencia-asturias.com\/de\/wp-json\/wp\/v2\/properties\/16800762","targetHints":{"allow":["GET"]}}],"collection":[{"href":"https:\/\/agencia-asturias.com\/de\/wp-json\/wp\/v2\/properties"}],"about":[{"href":"https:\/\/agencia-asturias.com\/de\/wp-json\/wp\/v2\/types\/property"}],"author":[{"embeddable":true,"href":"https:\/\/agencia-asturias.com\/de\/wp-json\/wp\/v2\/users\/1"}],"version-history":[{"count":0,"href":"https:\/\/agencia-asturias.com\/de\/wp-json\/wp\/v2\/properties\/16800762\/revisions"}],"wp:featuredmedia":[{"embeddable":true,"href":"https:\/\/agencia-asturias.com\/de\/wp-json\/wp\/v2\/media\/16800763"}],"wp:attachment":[{"href":"https:\/\/agencia-asturias.com\/de\/wp-json\/wp\/v2\/media?parent=16800762"}],"wp:term":[{"taxonomy":"property_type","embeddable":true,"href":"https:\/\/agencia-asturias.com\/de\/wp-json\/wp\/v2\/property_type?post=16800762"},{"taxonomy":"property_status","embeddable":true,"href":"https:\/\/agencia-asturias.com\/de\/wp-json\/wp\/v2\/property_status?post=16800762"},{"taxonomy":"property_feature","embeddable":true,"href":"https:\/\/agencia-asturias.com\/de\/wp-json\/wp\/v2\/property_feature?post=16800762"},{"taxonomy":"property_label","embeddable":true,"href":"https:\/\/agencia-asturias.com\/de\/wp-json\/wp\/v2\/property_label?post=16800762"},{"taxonomy":"property_state","embeddable":true,"href":"https:\/\/agencia-asturias.com\/de\/wp-json\/wp\/v2\/property_state?post=16800762"},{"taxonomy":"property_city","embeddable":true,"href":"https:\/\/agencia-asturias.com\/de\/wp-json\/wp\/v2\/property_city?post=16800762"},{"taxonomy":"property_area","embeddable":true,"href":"https:\/\/agencia-asturias.com\/de\/wp-json\/wp\/v2\/property_area?post=16800762"}],"curies":[{"name":"wp","href":"https:\/\/api.w.org\/{rel}","templated":true}]}}