{"id":16800965,"date":"2022-05-06T13:55:57","date_gmt":"2022-05-06T13:55:57","guid":{"rendered":"https:\/\/agencia-asturias.com\/inmueble\/venta\/casa\/asturias\/gijon\/03776\/"},"modified":"2022-05-06T13:55:57","modified_gmt":"2022-05-06T13:55:57","slug":"jagdhutte-in-carbainos-03776","status":"publish","type":"property","link":"https:\/\/agencia-asturias.com\/de\/inmueble\/venta\/casa\/asturias\/gijon\/03776\/","title":{"rendered":"Jagdh\u00fctte in Carba\u00ednos &#8211; 03776"},"content":{"rendered":"<p>In Cenero im Stadtteil Carba\u00ednos befindet sich ein zweigeschossiges Geb\u00e4ude mit jeweils hundert siebzig Quadratmetern pro Etage; es verf\u00fcgt \u00fcber einen Stall im Erdgeschoss und eine zu renovierende Wohnung von etwa f\u00fcnfundachtzig Quadratmetern Wohnfl\u00e4che sowie einem Dachboden im ersten Stock. Das Grundst\u00fcck hat etwas mehr als acht Tausend Quadratmeter Landfl\u00e4che; davon sind ungef\u00e4hr zweitausendf\u00fcnfhundert Quadratemeter baureif , da sie innerhalb des l\u00e4ndlichen Kerns liegen . Es liegt oasenhaft ruhig und ist dennoch gut angebunden: nur f\u00fcnf Minuten Autofahrt zur AS-II um die St\u00e4dte Gij\u00f3n und Oviedo binnen zwanzig Minuten zu erreichen.<br \/>Die \u00dcbertragungssteuer sowie Notariats- und Registrierungsgeb\u00fchren sind nicht im Preis enthalten.<\/p>\n","protected":false},"excerpt":{"rendered":"<p>In Cenero im Stadtteil Carba\u00ednos befindet sich ein zweigeschossiges Geb\u00e4ude mit jeweils hundert siebzig Quadratmetern pro Etage; es verf\u00fcgt \u00fcber einen Stall im Erdgeschoss und eine zu renovierende Wohnung von etwa f\u00fcnfundachtzig Quadratmetern Wohnfl\u00e4che sowie einem Dachboden im ersten Stock. Das Grundst\u00fcck hat etwas mehr als acht <\/p>\n","protected":false},"author":1,"featured_media":16800966,"parent":0,"menu_order":0,"template":"","property_type":[785],"property_status":[720],"property_feature":[858,764],"property_label":[],"property_state":[419],"property_city":[420],"property_area":[436],"class_list":["post-16800965","property","type-property","status-publish","has-post-thumbnail","hentry","property_type-haus","property_status-verkauf","property_feature-komplett-auenliegend","property_feature-wassertank","property_state-asturias","property_city-gijon","property_area-cenero"],"property_meta":{"fave_agent":["156"],"fave_agents":["156"],"fave_agent_display_option":["agent_info"],"property_agent":["156"],"custom_permalink":["inmueble\/venta\/casa\/asturias\/gijon\/03776\/"],"_thumbnail_id":["16800966"],"post_id":["Array"],"original_author":["1"],"_edit_lock":["1604137107:1"],"_edit_last":["1"],"fave_property_map_street_view":["show"],"fave_payment_status":["not_paid"],"fave_single_top_area":["global"],"fave_single_content_area":["global"],"houzez_manual_expire":["0"],"fave_property_size_prefix":["m&sup2;"],"fave_property_map":["1"],"fave_additional_features_enable":["disable"],"fave_floor_plans_enable":["disable"],"fave_multiunit_plans_enable":["disable"],"fave_prop_homeslider":["no"],"fave_featured":["0"],"fave_property_address":["Gij\u00f3n,Asturias"],"fave_property_zip":["33393"],"houzez_geolocation_lat":["43.464830666160616"],"houzez_geolocation_long":["-5.741134152209777"],"fave_property_location":["43.464830666160616,-5.741134152209777"],"fave_property_country":["ES"],"fave_property_map_address":["Gij\u00f3n,Asturias,Spain"],"fave_comunidadimporte":["0"],"fave_comunidadincluida":["0"],"fave_conservacion":["Para reformar"],"fave_orientacion":["Este Oeste"],"fave_carpinteriainterior":["Madera"],"fave_carpinteriaexterior":["Madera"],"fave_tiposuelo":[""],"fave_vistas":[""],"additional_features":["a:5:{i:0;a:2:{s:29:\"fave_additional_feature_title\";s:12:\"Carpinter\u00eda\";s:29:\"fave_additional_feature_value\";s:6:\"Madera\";}i:1;a:2:{s:29:\"fave_additional_feature_title\";s:21:\"Carpinter\u00eda exterior\";s:29:\"fave_additional_feature_value\";s:6:\"Madera\";}i:2;a:2:{s:29:\"fave_additional_feature_title\";s:6:\"Estado\";s:29:\"fave_additional_feature_value\";s:13:\"Para reformar\";}i:3;a:2:{s:29:\"fave_additional_feature_title\";s:6:\"Vistas\";s:29:\"fave_additional_feature_value\";s:0:\"\";}i:4;a:2:{s:29:\"fave_additional_feature_title\";s:11:\"Orientacion\";s:29:\"fave_additional_feature_value\";s:10:\"Este Oeste\";}}"],"referencia":["03776"],"fave_property_id":["03776"],"fave_property_bedrooms":["3"],"fave_property_bathrooms":["1"],"fave_property_garage":[""],"fave_property_land":["8050"],"ave_property_land_postfix":["m&sup2;"],"fave_property_size":["344"],"fave_property_year":["1830"],"fave_energy_global_index":["0 kWh\/m&sup2; \/0 Kg CO2\/m&sup2;"],"fave_energy_class":["N"],"estate_attr_energy_class":["Tramitando..."],"REAL_HOMES_property_emisiones":["0"],"REAL_HOMES_property_consumo":["0"],"REAL_HOMES_property_letra":["N"],"estate_video":[""],"fave_video_url":["https:\/\/www.youtube.com\/watch?v=rmXCYDQKWGA?si=2HOUw"],"fave_video_image":["https:\/\/fotos15.apinmo.com\/1445\/15969569\/11-1.jpg"],"fave_virtual_tour":["<iframe src=\"https:\/\/crm.inmovilla.com\/fotosvr\/tour.php?cod=15969569.1445\" width=\"820\" height=\"500\" frameborder=\"0\" style=\"border:0\"><\/iframe><div class=\"enlacetour\"><a class=\"enlacetour2\" title=\"Ver tour virtual\" href=\"https:\/\/crm.inmovilla.com\/fotosvr\/tour.php?cod=15969569.1445\" target=\"_blank\">FULL SCREEN<\/a><\/div>"],"vendidoInmueble":[""],"fave_property_price":["120000"],"fave_property_price_postfix":[""],"fave_property_images":["16800966","16800967","16800968","16800969","16800970","16800971","16800972","16800973","16800974","16800975","16800976","16800977","16800978","16800979","16800980","16800981","16800982","16800983","16800984","16800985","16800986","16800987","16800988","16800989","16800990","16800991","16800992","16800993","16800994","16800995"],"houzez_total_property_views":["3"],"houzez_views_by_date":["a:1:{s:10:\"04-29-2026\";i:3;}"],"houzez_recently_viewed":["2026-04-29 16:07:13"]},"_links":{"self":[{"href":"https:\/\/agencia-asturias.com\/de\/wp-json\/wp\/v2\/properties\/16800965","targetHints":{"allow":["GET"]}}],"collection":[{"href":"https:\/\/agencia-asturias.com\/de\/wp-json\/wp\/v2\/properties"}],"about":[{"href":"https:\/\/agencia-asturias.com\/de\/wp-json\/wp\/v2\/types\/property"}],"author":[{"embeddable":true,"href":"https:\/\/agencia-asturias.com\/de\/wp-json\/wp\/v2\/users\/1"}],"version-history":[{"count":0,"href":"https:\/\/agencia-asturias.com\/de\/wp-json\/wp\/v2\/properties\/16800965\/revisions"}],"wp:featuredmedia":[{"embeddable":true,"href":"https:\/\/agencia-asturias.com\/de\/wp-json\/wp\/v2\/media\/16800966"}],"wp:attachment":[{"href":"https:\/\/agencia-asturias.com\/de\/wp-json\/wp\/v2\/media?parent=16800965"}],"wp:term":[{"taxonomy":"property_type","embeddable":true,"href":"https:\/\/agencia-asturias.com\/de\/wp-json\/wp\/v2\/property_type?post=16800965"},{"taxonomy":"property_status","embeddable":true,"href":"https:\/\/agencia-asturias.com\/de\/wp-json\/wp\/v2\/property_status?post=16800965"},{"taxonomy":"property_feature","embeddable":true,"href":"https:\/\/agencia-asturias.com\/de\/wp-json\/wp\/v2\/property_feature?post=16800965"},{"taxonomy":"property_label","embeddable":true,"href":"https:\/\/agencia-asturias.com\/de\/wp-json\/wp\/v2\/property_label?post=16800965"},{"taxonomy":"property_state","embeddable":true,"href":"https:\/\/agencia-asturias.com\/de\/wp-json\/wp\/v2\/property_state?post=16800965"},{"taxonomy":"property_city","embeddable":true,"href":"https:\/\/agencia-asturias.com\/de\/wp-json\/wp\/v2\/property_city?post=16800965"},{"taxonomy":"property_area","embeddable":true,"href":"https:\/\/agencia-asturias.com\/de\/wp-json\/wp\/v2\/property_area?post=16800965"}],"curies":[{"name":"wp","href":"https:\/\/api.w.org\/{rel}","templated":true}]}}