{"id":16801011,"date":"2022-05-24T11:02:55","date_gmt":"2022-05-24T11:02:55","guid":{"rendered":"https:\/\/agencia-asturias.com\/inmueble\/venta\/local-comercial\/asturias\/oviedo\/03798\/"},"modified":"2022-05-24T11:02:55","modified_gmt":"2022-05-24T11:02:55","slug":"gewerbeimmobilie-zum-verkauf-in-vallobin-03798","status":"publish","type":"property","link":"https:\/\/agencia-asturias.com\/de\/inmueble\/venta\/local-comercial\/asturias\/oviedo\/03798\/","title":{"rendered":"Gewerbeimmobilie zum Verkauf in Vallob\u00edn &#8211; 03798"},"content":{"rendered":"<p>Eine Gewerbefl\u00e4che steht zum Verkauf auf der Stra\u00dfe Gregorio Mara\u00f1\u00f3n zur Verf\u00fcgung. Sie hat eine Nutzfl\u00e4che von 226 m\u00b2 und erh\u00e4lt direktes Licht von der Stra\u00dfe sowie vom Innenhof aus.Sie verf\u00fcgt \u00fcber elektrische Installationen und die Toiletten sind barrierefrei.Zwei B\u00fcros und zwei offene Mehrzweckr\u00e4ume sind ebenfalls vorhanden.Das Objekt war zuvor als Tageszentrum f\u00fcr Senioren eingerichtet.Es gibt eine Vorinstallation f\u00fcr Stadtgasheizung (der Kessel fehlt; Heizk\u00f6rper sind jedoch vorhanden). Der Bodenbelag besteht aus synthetischem Parkett.Einwandfreier Zustand.Geb\u00fchren f\u00fcr den Eigentums\u00fcbergang sowie Notar- und Registrierungsgeb\u00fchren sind im Preis nicht enthalten.<\/p>\n","protected":false},"excerpt":{"rendered":"<p>Eine Gewerbefl\u00e4che steht zum Verkauf auf der Stra\u00dfe Gregorio Mara\u00f1\u00f3n zur Verf\u00fcgung. Sie hat eine Nutzfl\u00e4che von 226 m\u00b2 und erh\u00e4lt direktes Licht von der Stra\u00dfe sowie vom Innenhof aus.Sie verf\u00fcgt \u00fcber elektrische Installationen und die Toiletten sind barrierefrei.Zwei B\u00fcros und zwei offene Mehrzweckr\u00e4ume sind ebenfalls vorhanden.<\/p>\n","protected":false},"author":1,"featured_media":16801012,"parent":0,"menu_order":0,"template":"","property_type":[771],"property_status":[720],"property_feature":[],"property_label":[],"property_state":[419],"property_city":[470],"property_area":[504],"class_list":["post-16801011","property","type-property","status-publish","has-post-thumbnail","hentry","property_type-gewerbeimmobilie","property_status-verkauf","property_state-asturias","property_city-oviedo","property_area-vallobin"],"property_meta":{"fave_agent":["59289"],"fave_agents":["59289"],"fave_agent_display_option":["agent_info"],"property_agent":["59289"],"custom_permalink":["inmueble\/venta\/local-comercial\/asturias\/oviedo\/03798\/"],"_thumbnail_id":["16801012"],"post_id":["Array"],"original_author":["1"],"_edit_lock":["1604137107:1"],"_edit_last":["1"],"fave_property_map_street_view":["show"],"fave_payment_status":["not_paid"],"fave_single_top_area":["global"],"fave_single_content_area":["global"],"houzez_manual_expire":["0"],"fave_property_size_prefix":["m&sup2;"],"fave_property_map":["1"],"fave_additional_features_enable":["disable"],"fave_floor_plans_enable":["disable"],"fave_multiunit_plans_enable":["disable"],"fave_prop_homeslider":["no"],"fave_featured":["0"],"fave_property_address":["Oviedo,Asturias"],"fave_property_zip":["33012"],"houzez_geolocation_lat":["43.3677347852697"],"houzez_geolocation_long":["-5.86313488544438"],"fave_property_location":["43.3677347852697,-5.86313488544438"],"fave_property_country":["ES"],"fave_property_map_address":["Oviedo,Asturias,Spain"],"fave_comunidadimporte":["0"],"fave_comunidadincluida":["0"],"fave_conservacion":["Reformado"],"fave_orientacion":[""],"fave_carpinteriainterior":[""],"fave_carpinteriaexterior":[""],"fave_tiposuelo":[""],"fave_vistas":[""],"additional_features":["a:5:{i:0;a:2:{s:29:\"fave_additional_feature_title\";s:12:\"Carpinter\u00eda\";s:29:\"fave_additional_feature_value\";s:0:\"\";}i:1;a:2:{s:29:\"fave_additional_feature_title\";s:21:\"Carpinter\u00eda exterior\";s:29:\"fave_additional_feature_value\";s:0:\"\";}i:2;a:2:{s:29:\"fave_additional_feature_title\";s:6:\"Estado\";s:29:\"fave_additional_feature_value\";s:9:\"Reformado\";}i:3;a:2:{s:29:\"fave_additional_feature_title\";s:6:\"Vistas\";s:29:\"fave_additional_feature_value\";s:0:\"\";}i:4;a:2:{s:29:\"fave_additional_feature_title\";s:11:\"Orientacion\";s:29:\"fave_additional_feature_value\";s:0:\"\";}}"],"referencia":["03798"],"fave_property_id":["03798"],"fave_property_bedrooms":["0"],"fave_property_bathrooms":["2"],"fave_property_garage":[""],"fave_property_land":["0"],"ave_property_land_postfix":["m&sup2;"],"fave_property_size":["226"],"fave_property_year":["1982"],"fave_energy_global_index":["210 kWh\/m&sup2; \/45 Kg CO2\/m&sup2;"],"fave_energy_class":["E"],"estate_attr_energy_class":["E"],"REAL_HOMES_property_emisiones":["45"],"REAL_HOMES_property_consumo":["210"],"REAL_HOMES_property_letra":["E"],"estate_video":[""],"fave_virtual_tour":[""],"vendidoInmueble":[""],"fave_property_price":["113000"],"fave_property_price_postfix":[""],"fave_property_images":["16801012","16801013","16801014","16801015","16801016","16801017","16801018","16801019","16801020","16801021","16801022","16801023","16801024","16801025"],"houzez_total_property_views":["3"],"houzez_views_by_date":["a:1:{s:10:\"04-29-2026\";i:3;}"],"houzez_recently_viewed":["2026-04-29 13:02:51"]},"_links":{"self":[{"href":"https:\/\/agencia-asturias.com\/de\/wp-json\/wp\/v2\/properties\/16801011","targetHints":{"allow":["GET"]}}],"collection":[{"href":"https:\/\/agencia-asturias.com\/de\/wp-json\/wp\/v2\/properties"}],"about":[{"href":"https:\/\/agencia-asturias.com\/de\/wp-json\/wp\/v2\/types\/property"}],"author":[{"embeddable":true,"href":"https:\/\/agencia-asturias.com\/de\/wp-json\/wp\/v2\/users\/1"}],"version-history":[{"count":0,"href":"https:\/\/agencia-asturias.com\/de\/wp-json\/wp\/v2\/properties\/16801011\/revisions"}],"wp:featuredmedia":[{"embeddable":true,"href":"https:\/\/agencia-asturias.com\/de\/wp-json\/wp\/v2\/media\/16801012"}],"wp:attachment":[{"href":"https:\/\/agencia-asturias.com\/de\/wp-json\/wp\/v2\/media?parent=16801011"}],"wp:term":[{"taxonomy":"property_type","embeddable":true,"href":"https:\/\/agencia-asturias.com\/de\/wp-json\/wp\/v2\/property_type?post=16801011"},{"taxonomy":"property_status","embeddable":true,"href":"https:\/\/agencia-asturias.com\/de\/wp-json\/wp\/v2\/property_status?post=16801011"},{"taxonomy":"property_feature","embeddable":true,"href":"https:\/\/agencia-asturias.com\/de\/wp-json\/wp\/v2\/property_feature?post=16801011"},{"taxonomy":"property_label","embeddable":true,"href":"https:\/\/agencia-asturias.com\/de\/wp-json\/wp\/v2\/property_label?post=16801011"},{"taxonomy":"property_state","embeddable":true,"href":"https:\/\/agencia-asturias.com\/de\/wp-json\/wp\/v2\/property_state?post=16801011"},{"taxonomy":"property_city","embeddable":true,"href":"https:\/\/agencia-asturias.com\/de\/wp-json\/wp\/v2\/property_city?post=16801011"},{"taxonomy":"property_area","embeddable":true,"href":"https:\/\/agencia-asturias.com\/de\/wp-json\/wp\/v2\/property_area?post=16801011"}],"curies":[{"name":"wp","href":"https:\/\/api.w.org\/{rel}","templated":true}]}}