{"id":16801028,"date":"2022-05-24T11:09:53","date_gmt":"2022-05-24T11:09:53","guid":{"rendered":"https:\/\/agencia-asturias.com\/inmueble\/venta\/terreno-edificable\/asturias\/gijon\/03799\/"},"modified":"2022-05-24T11:09:53","modified_gmt":"2022-05-24T11:09:53","slug":"la-pedera-teilbar-03799","status":"publish","type":"property","link":"https:\/\/agencia-asturias.com\/de\/inmueble\/venta\/terreno-edificable\/asturias\/gijon\/03799\/","title":{"rendered":"La Pedera &#8211; Teilbar &#8211; 03799"},"content":{"rendered":"<p>Teilbares Grundst\u00fcck von mehr als 7.000 Quadratmetern in La Pedrera, neben der Carbonerastra\u00dfe mit wundersch\u00f6nem Blick auf das Stadtzentrum von Gij\u00f3n. Ein Teil des Grundst\u00fccks befindet sich innerhalb eines l\u00e4ndlichen Zentrums und kann daher in zwei Parzellen f\u00fcr den Bau zweier Einzelh\u00e4user mit einer zul\u00e4ssigen Fl\u00e4che von jeweils bis zu 300 Quadratmetern \u00fcber dem Boden unterteilt werden. Wasser-, Strom- und Abwasserversorgung sind unweit des Grundst\u00fccks vorhanden.<br \/>In der N\u00e4he von Gij\u00f3n und seinen Dienstleistungen gelegen; die n\u00e4chste Bushaltestelle ist weniger als einen Kilometer entfernt; sehr gute Anbindung an die Autobahnzufahrten AS-I und AS-II.<br \/>Die Grundsteuer sowie Notarkosten und Registrierungsgeb\u00fchren sind nicht im Preis enthalten.<\/p>\n","protected":false},"excerpt":{"rendered":"<p>Teilbares Grundst\u00fcck von mehr als 7.000 Quadratmetern in La Pedrera, neben der Carbonerastra\u00dfe mit wundersch\u00f6nem Blick auf das Stadtzentrum von Gij\u00f3n. Ein Teil des Grundst\u00fccks befindet sich innerhalb eines l\u00e4ndlichen Zentrums und kann daher in zwei Parzellen f\u00fcr den Bau zweier Einzelh\u00e4user mit einer zul\u00e4ssigen Fl\u00e4che von jeweils <\/p>\n","protected":false},"author":1,"featured_media":16801029,"parent":0,"menu_order":0,"template":"","property_type":[791],"property_status":[720],"property_feature":[],"property_label":[],"property_state":[419],"property_city":[420],"property_area":[433],"class_list":["post-16801028","property","type-property","status-publish","has-post-thumbnail","hentry","property_type-bebaubares-grundstuck","property_status-verkauf","property_state-asturias","property_city-gijon","property_area-la-pedrera"],"property_meta":{"fave_agent":["156"],"fave_agents":["156"],"fave_agent_display_option":["agent_info"],"property_agent":["156"],"custom_permalink":["inmueble\/venta\/terreno-edificable\/asturias\/gijon\/03799\/"],"_thumbnail_id":["16801029"],"post_id":["Array"],"original_author":["1"],"_edit_lock":["1604137107:1"],"_edit_last":["1"],"fave_property_map_street_view":["show"],"fave_payment_status":["not_paid"],"fave_single_top_area":["global"],"fave_single_content_area":["global"],"houzez_manual_expire":["0"],"fave_property_size_prefix":["m&sup2;"],"fave_property_map":["1"],"fave_additional_features_enable":["disable"],"fave_floor_plans_enable":["disable"],"fave_multiunit_plans_enable":["disable"],"fave_prop_homeslider":["no"],"fave_featured":["0"],"fave_property_address":["Gij\u00f3n,Asturias"],"fave_property_zip":["33390"],"houzez_geolocation_lat":["43.4814455566885"],"houzez_geolocation_long":["-5.69014896392657"],"fave_property_location":["43.4814455566885,-5.69014896392657"],"fave_property_country":["ES"],"fave_property_map_address":["Gij\u00f3n,Asturias,Spain"],"fave_comunidadimporte":["0"],"fave_comunidadincluida":["0"],"fave_conservacion":["Ninguno"],"fave_orientacion":["Suroeste"],"fave_carpinteriainterior":[""],"fave_carpinteriaexterior":[""],"fave_tiposuelo":[""],"fave_vistas":[""],"additional_features":["a:5:{i:0;a:2:{s:29:\"fave_additional_feature_title\";s:12:\"Carpinter\u00eda\";s:29:\"fave_additional_feature_value\";s:0:\"\";}i:1;a:2:{s:29:\"fave_additional_feature_title\";s:21:\"Carpinter\u00eda exterior\";s:29:\"fave_additional_feature_value\";s:0:\"\";}i:2;a:2:{s:29:\"fave_additional_feature_title\";s:6:\"Estado\";s:29:\"fave_additional_feature_value\";s:7:\"Ninguno\";}i:3;a:2:{s:29:\"fave_additional_feature_title\";s:6:\"Vistas\";s:29:\"fave_additional_feature_value\";s:0:\"\";}i:4;a:2:{s:29:\"fave_additional_feature_title\";s:11:\"Orientacion\";s:29:\"fave_additional_feature_value\";s:8:\"Suroeste\";}}"],"referencia":["03799"],"fave_property_id":["03799"],"fave_property_bedrooms":["0"],"fave_property_bathrooms":["0"],"fave_property_garage":[""],"fave_property_land":["7275"],"ave_property_land_postfix":["m&sup2;"],"fave_property_size":["0"],"fave_property_year":["0"],"fave_energy_global_index":["0 kWh\/m&sup2; \/0 Kg CO2\/m&sup2;"],"fave_energy_class":["N"],"estate_attr_energy_class":["Tramitando..."],"REAL_HOMES_property_emisiones":["0"],"REAL_HOMES_property_consumo":["0"],"REAL_HOMES_property_letra":["N"],"estate_video":[""],"fave_video_url":["https:\/\/www.youtube.com\/watch?v=AjrI__PQuKg"],"fave_video_image":["https:\/\/fotos15.apinmo.com\/1445\/16100088\/2-1.jpg"],"fave_virtual_tour":[""],"vendidoInmueble":[""],"fave_property_price":["260000"],"fave_property_price_postfix":[""],"fave_property_images":["16801029","16801030","16801031","16801032","16801033","16801034","16801035","16801036","16801037","16801038","16801039","16801040","16801041","16801042","16801043","16801044","16801045","16801046"],"houzez_total_property_views":["2"],"houzez_views_by_date":["a:1:{s:10:\"04-29-2026\";i:2;}"],"houzez_recently_viewed":["2026-04-29 15:36:16"]},"_links":{"self":[{"href":"https:\/\/agencia-asturias.com\/de\/wp-json\/wp\/v2\/properties\/16801028","targetHints":{"allow":["GET"]}}],"collection":[{"href":"https:\/\/agencia-asturias.com\/de\/wp-json\/wp\/v2\/properties"}],"about":[{"href":"https:\/\/agencia-asturias.com\/de\/wp-json\/wp\/v2\/types\/property"}],"author":[{"embeddable":true,"href":"https:\/\/agencia-asturias.com\/de\/wp-json\/wp\/v2\/users\/1"}],"version-history":[{"count":0,"href":"https:\/\/agencia-asturias.com\/de\/wp-json\/wp\/v2\/properties\/16801028\/revisions"}],"wp:featuredmedia":[{"embeddable":true,"href":"https:\/\/agencia-asturias.com\/de\/wp-json\/wp\/v2\/media\/16801029"}],"wp:attachment":[{"href":"https:\/\/agencia-asturias.com\/de\/wp-json\/wp\/v2\/media?parent=16801028"}],"wp:term":[{"taxonomy":"property_type","embeddable":true,"href":"https:\/\/agencia-asturias.com\/de\/wp-json\/wp\/v2\/property_type?post=16801028"},{"taxonomy":"property_status","embeddable":true,"href":"https:\/\/agencia-asturias.com\/de\/wp-json\/wp\/v2\/property_status?post=16801028"},{"taxonomy":"property_feature","embeddable":true,"href":"https:\/\/agencia-asturias.com\/de\/wp-json\/wp\/v2\/property_feature?post=16801028"},{"taxonomy":"property_label","embeddable":true,"href":"https:\/\/agencia-asturias.com\/de\/wp-json\/wp\/v2\/property_label?post=16801028"},{"taxonomy":"property_state","embeddable":true,"href":"https:\/\/agencia-asturias.com\/de\/wp-json\/wp\/v2\/property_state?post=16801028"},{"taxonomy":"property_city","embeddable":true,"href":"https:\/\/agencia-asturias.com\/de\/wp-json\/wp\/v2\/property_city?post=16801028"},{"taxonomy":"property_area","embeddable":true,"href":"https:\/\/agencia-asturias.com\/de\/wp-json\/wp\/v2\/property_area?post=16801028"}],"curies":[{"name":"wp","href":"https:\/\/api.w.org\/{rel}","templated":true}]}}