{"id":16801049,"date":"2022-06-08T17:43:30","date_gmt":"2022-06-08T17:43:30","guid":{"rendered":"https:\/\/agencia-asturias.com\/inmueble\/venta\/local-comercial\/asturias\/gijon\/03815\/"},"modified":"2022-06-08T17:43:30","modified_gmt":"2022-06-08T17:43:30","slug":"grose-geschaftsmoglichkeit-03815","status":"publish","type":"property","link":"https:\/\/agencia-asturias.com\/de\/inmueble\/venta\/local-comercial\/asturias\/gijon\/03815\/","title":{"rendered":"GRO\u00dfE GESCH\u00c4FTSM\u00d6GLICHKEIT &#8211; 03815"},"content":{"rendered":"<p>Zu verkaufen ist ein eingerichtetes Lokal mit einer Fl\u00e4che von 283 m\u00b2 und gro\u00dfen Fenstern zu zwei Stra\u00dfen hin. Derzeit wird es als Fitnessstudio betrieben und alle Einrichtungen sind in einem perfekten Zustand; jedoch k\u00f6nnte es f\u00fcr jede andere Nutzung umgewandelt werden einschlie\u00dflich der Umwandlung zu Wohnr\u00e4umen. Es verteilt sich auf Empfangsbereich, Tattoo-Studierzimmer, mehrere B\u00fcros\/Aktenr\u00e4ume sowie einen Ger\u00e4teraum.Gro\u00dfer Raum f\u00fcr Gruppenaktivit\u00e4ten , Maschinenraum und zwei Umkleider\u00e4ume mit Schr\u00e4nken: einer weiblich und der andere m\u00e4nnlich.Bodenbel\u00e4ge aus Parkett und Keramikfliesen.Fenster mit transluzentem Glas.Abgaben f\u00fcr den Eigentums\u00fcbergang sowie Notarkosten sind nicht im Preis enthalten.<\/p>\n","protected":false},"excerpt":{"rendered":"<p>Zu verkaufen ist ein eingerichtetes Lokal mit einer Fl\u00e4che von 283 m\u00b2 und gro\u00dfen Fenstern zu zwei Stra\u00dfen hin. Derzeit wird es als Fitnessstudio betrieben und alle Einrichtungen sind in einem perfekten Zustand; jedoch k\u00f6nnte es f\u00fcr jede andere Nutzung umgewandelt werden einschlie\u00dflich der Umwandlung zu Wohnr\u00e4umen. Es verteilt sich <\/p>\n","protected":false},"author":1,"featured_media":16801050,"parent":0,"menu_order":0,"template":"","property_type":[771],"property_status":[720],"property_feature":[],"property_label":[],"property_state":[419],"property_city":[],"property_area":[],"class_list":["post-16801049","property","type-property","status-publish","has-post-thumbnail","hentry","property_type-gewerbeimmobilie","property_status-verkauf","property_state-asturias"],"property_meta":{"fave_agent":["59289"],"fave_agents":["59289"],"fave_agent_display_option":["agent_info"],"property_agent":["59289"],"custom_permalink":["inmueble\/venta\/local-comercial\/asturias\/gijon\/03815\/"],"_thumbnail_id":["16801050"],"post_id":["Array"],"original_author":["1"],"_edit_lock":["1604137107:1"],"_edit_last":["1"],"fave_property_map_street_view":["show"],"fave_payment_status":["not_paid"],"fave_single_top_area":["global"],"fave_single_content_area":["global"],"houzez_manual_expire":["0"],"fave_property_size_prefix":["m&sup2;"],"fave_property_map":["1"],"fave_additional_features_enable":["disable"],"fave_floor_plans_enable":["disable"],"fave_multiunit_plans_enable":["disable"],"fave_prop_homeslider":["no"],"fave_featured":["0"],"fave_property_address":[",Asturias"],"fave_property_zip":["33420"],"houzez_geolocation_lat":["43.40094523990591"],"houzez_geolocation_long":["-5.813174554343873"],"fave_property_location":["43.40094523990591,-5.813174554343873"],"fave_property_country":["ES"],"fave_property_map_address":[",Asturias,Spain"],"fave_comunidadimporte":["0"],"fave_comunidadincluida":["0"],"fave_conservacion":["Seminuevo"],"fave_orientacion":[""],"fave_carpinteriainterior":[""],"fave_carpinteriaexterior":[""],"fave_tiposuelo":[""],"fave_vistas":[""],"additional_features":["a:5:{i:0;a:2:{s:29:\"fave_additional_feature_title\";s:12:\"Carpinter\u00eda\";s:29:\"fave_additional_feature_value\";s:0:\"\";}i:1;a:2:{s:29:\"fave_additional_feature_title\";s:21:\"Carpinter\u00eda exterior\";s:29:\"fave_additional_feature_value\";s:0:\"\";}i:2;a:2:{s:29:\"fave_additional_feature_title\";s:6:\"Estado\";s:29:\"fave_additional_feature_value\";s:9:\"Seminuevo\";}i:3;a:2:{s:29:\"fave_additional_feature_title\";s:6:\"Vistas\";s:29:\"fave_additional_feature_value\";s:0:\"\";}i:4;a:2:{s:29:\"fave_additional_feature_title\";s:11:\"Orientacion\";s:29:\"fave_additional_feature_value\";s:0:\"\";}}"],"referencia":["03815"],"fave_property_id":["03815"],"fave_property_bedrooms":["0"],"fave_property_bathrooms":["2"],"fave_property_garage":[""],"fave_property_land":["0"],"ave_property_land_postfix":["m&sup2;"],"fave_property_size":["283"],"fave_property_year":["0"],"fave_energy_global_index":["310 kWh\/m&sup2; \/63 Kg CO2\/m&sup2;"],"fave_energy_class":["D"],"estate_attr_energy_class":["D"],"REAL_HOMES_property_emisiones":["63"],"REAL_HOMES_property_consumo":["310"],"REAL_HOMES_property_letra":["D"],"estate_video":[""],"fave_virtual_tour":[""],"vendidoInmueble":[""],"fave_property_price":["220000"],"fave_property_price_postfix":[""],"fave_property_images":["16801050","16801051","16801052","16801053","16801054","16801055","16801056","16801057","16801058","16801059","16801060","16801061","16801062","16801063","16801064","16801065","16801066","16801067","16801068"],"houzez_total_property_views":["2"],"houzez_views_by_date":["a:1:{s:10:\"04-29-2026\";i:2;}"],"houzez_recently_viewed":["2026-04-29 13:02:43"]},"_links":{"self":[{"href":"https:\/\/agencia-asturias.com\/de\/wp-json\/wp\/v2\/properties\/16801049","targetHints":{"allow":["GET"]}}],"collection":[{"href":"https:\/\/agencia-asturias.com\/de\/wp-json\/wp\/v2\/properties"}],"about":[{"href":"https:\/\/agencia-asturias.com\/de\/wp-json\/wp\/v2\/types\/property"}],"author":[{"embeddable":true,"href":"https:\/\/agencia-asturias.com\/de\/wp-json\/wp\/v2\/users\/1"}],"version-history":[{"count":0,"href":"https:\/\/agencia-asturias.com\/de\/wp-json\/wp\/v2\/properties\/16801049\/revisions"}],"wp:featuredmedia":[{"embeddable":true,"href":"https:\/\/agencia-asturias.com\/de\/wp-json\/wp\/v2\/media\/16801050"}],"wp:attachment":[{"href":"https:\/\/agencia-asturias.com\/de\/wp-json\/wp\/v2\/media?parent=16801049"}],"wp:term":[{"taxonomy":"property_type","embeddable":true,"href":"https:\/\/agencia-asturias.com\/de\/wp-json\/wp\/v2\/property_type?post=16801049"},{"taxonomy":"property_status","embeddable":true,"href":"https:\/\/agencia-asturias.com\/de\/wp-json\/wp\/v2\/property_status?post=16801049"},{"taxonomy":"property_feature","embeddable":true,"href":"https:\/\/agencia-asturias.com\/de\/wp-json\/wp\/v2\/property_feature?post=16801049"},{"taxonomy":"property_label","embeddable":true,"href":"https:\/\/agencia-asturias.com\/de\/wp-json\/wp\/v2\/property_label?post=16801049"},{"taxonomy":"property_state","embeddable":true,"href":"https:\/\/agencia-asturias.com\/de\/wp-json\/wp\/v2\/property_state?post=16801049"},{"taxonomy":"property_city","embeddable":true,"href":"https:\/\/agencia-asturias.com\/de\/wp-json\/wp\/v2\/property_city?post=16801049"},{"taxonomy":"property_area","embeddable":true,"href":"https:\/\/agencia-asturias.com\/de\/wp-json\/wp\/v2\/property_area?post=16801049"}],"curies":[{"name":"wp","href":"https:\/\/api.w.org\/{rel}","templated":true}]}}