{"id":16801106,"date":"2022-08-10T12:27:19","date_gmt":"2022-08-10T12:27:19","guid":{"rendered":"https:\/\/agencia-asturias.com\/inmueble\/venta\/casa\/asturias\/quiros\/03889\/"},"modified":"2022-08-10T12:27:19","modified_gmt":"2022-08-10T12:27:19","slug":"haus-zu-verkaufen-in-barzana-quiros-neben-der-senda-del-oso-03889","status":"publish","type":"property","link":"https:\/\/agencia-asturias.com\/de\/inmueble\/venta\/casa\/asturias\/quiros\/03889\/","title":{"rendered":"Haus zu verkaufen in B\u00e1rzana, Quir\u00f3s. Neben der Senda del Oso. &#8211; 03889"},"content":{"rendered":"<p>Haus zu verkaufen im Dorf B\u00e1rzana , Hauptstadt des Rates von Q\u00fcros , eine Lokalit\u00e4t mit allen Dienstleistungen und sehr nah an der Senda del Oso , dem beliebten Radweg durch die R\u00e4te von Proaza , Teverga , Q\u00fcros und Santo Adriano ; ein Fu\u00dfg\u00e4nger- und Fahrradweg bekannt f\u00fcr seine spektakul\u00e4ren Landschaften zwischen Bergen sowie einer Umgebung hier man Natur genie\u00dfen kann . Die traditionelle asturische Kultur ist ebenfalls Teil dieses Erlebnisses . Das Haus erstreckt sich \u00fcber drei Etagen \u00e0 je42m\u00b2: Im Erdgeschoss befinden sich zwei Abstellr\u00e4ume oder Lagerr\u00e4ume ? einer davon enth\u00e4lt einen Holzofen ; In der ersten Etage finden wir K\u00fcche,Wohnzimmer,Bad=und Schlafzimmer.Das zweite Obergescho\u00df bietet Zugang zur typischen asturiansichen Terrasse-Gang auf welchem noch drei zus\u00e4tzliche Zimmer untergebracht sind.Nicht zuletzt das Haus hat elektrische Heizk\u00f6rper.Ausgezeichnete Gelegenheit um ein Steinhaus zubekommen,dasszichin einem derversch\u00f6nsten GebietenAsturiensbefindet,n\u00e4heranalle Dienstleistungerh\u00e4ltlich.Sie k\u00f6nnen uns jetzt anrufen um es mit Ag\u00eancia Asturiaszu besichtigen!Die Grundsteuer\u00fcbertragungsgeb\u00fchrensowieNotar-undRegistrierungsgeb\u00fchrensindnichtimPreisenthalten.<\/p>\n","protected":false},"excerpt":{"rendered":"<p>Haus zu verkaufen im Dorf B\u00e1rzana , Hauptstadt des Rates von Q\u00fcros , eine Lokalit\u00e4t mit allen Dienstleistungen und sehr nah an der Senda del Oso , dem beliebten Radweg durch die R\u00e4te von Proaza , Teverga , Q\u00fcros und Santo Adriano ; ein Fu\u00dfg\u00e4nger- und Fahrradweg bekannt f\u00fcr seine spektakul\u00e4ren Landschaften zwischen Bergen sowie <\/p>\n","protected":false},"author":1,"featured_media":16801107,"parent":0,"menu_order":0,"template":"","property_type":[785],"property_status":[720],"property_feature":[855,863,724,858,740],"property_label":[],"property_state":[419],"property_city":[514],"property_area":[612],"class_list":["post-16801106","property","type-property","status-publish","has-post-thumbnail","hentry","property_type-haus","property_status-verkauf","property_feature-elektrogerte","property_feature-galerie","property_feature-heizung","property_feature-komplett-auenliegend","property_feature-terrasse","property_state-asturias","property_city-quiros","property_area-barzana"],"property_meta":{"fave_agent":["59315"],"fave_agents":["59315"],"fave_agent_display_option":["agent_info"],"property_agent":["59315"],"custom_permalink":["inmueble\/venta\/casa\/asturias\/quiros\/03889\/"],"_thumbnail_id":["16801107"],"post_id":["Array"],"original_author":["1"],"_edit_lock":["1604137107:1"],"_edit_last":["1"],"fave_property_map_street_view":["show"],"fave_payment_status":["not_paid"],"fave_single_top_area":["global"],"fave_single_content_area":["global"],"houzez_manual_expire":["0"],"fave_property_size_prefix":["m&sup2;"],"fave_property_map":["1"],"fave_additional_features_enable":["disable"],"fave_floor_plans_enable":["disable"],"fave_multiunit_plans_enable":["disable"],"fave_prop_homeslider":["no"],"fave_featured":["0"],"fave_property_address":["Quir\u00f3s,Asturias"],"fave_property_zip":["33117"],"houzez_geolocation_lat":["43.1585116406894"],"houzez_geolocation_long":["-5.9737529804184"],"fave_property_location":["43.1585116406894,-5.9737529804184"],"fave_property_country":["ES"],"fave_property_map_address":["Quir\u00f3s,Asturias,Spain"],"fave_comunidadimporte":["0"],"fave_comunidadincluida":["0"],"fave_conservacion":["Buen estado"],"fave_orientacion":["Sur"],"fave_carpinteriainterior":["Madera"],"fave_carpinteriaexterior":["Madera"],"fave_tiposuelo":[""],"fave_vistas":[""],"additional_features":["a:5:{i:0;a:2:{s:29:\"fave_additional_feature_title\";s:12:\"Carpinter\u00eda\";s:29:\"fave_additional_feature_value\";s:6:\"Madera\";}i:1;a:2:{s:29:\"fave_additional_feature_title\";s:21:\"Carpinter\u00eda exterior\";s:29:\"fave_additional_feature_value\";s:6:\"Madera\";}i:2;a:2:{s:29:\"fave_additional_feature_title\";s:6:\"Estado\";s:29:\"fave_additional_feature_value\";s:11:\"Buen estado\";}i:3;a:2:{s:29:\"fave_additional_feature_title\";s:6:\"Vistas\";s:29:\"fave_additional_feature_value\";s:0:\"\";}i:4;a:2:{s:29:\"fave_additional_feature_title\";s:11:\"Orientacion\";s:29:\"fave_additional_feature_value\";s:3:\"Sur\";}}"],"referencia":["03889"],"fave_property_id":["03889"],"fave_property_bedrooms":["4"],"fave_property_bathrooms":["1"],"fave_property_garage":[""],"fave_property_land":["0"],"ave_property_land_postfix":["m&sup2;"],"fave_property_size":["213"],"fave_property_year":["1890"],"fave_energy_global_index":["0 kWh\/m&sup2; \/0 Kg CO2\/m&sup2;"],"fave_energy_class":["N"],"estate_attr_energy_class":["Tramitando..."],"REAL_HOMES_property_emisiones":["0"],"REAL_HOMES_property_consumo":["0"],"REAL_HOMES_property_letra":["N"],"estate_video":[""],"fave_virtual_tour":[""],"vendidoInmueble":[""],"fave_property_price":["90000"],"fave_property_price_postfix":[""],"fave_property_images":["16801107","16801108","16801109","16801110","16801111","16801112","16801113","16801114","16801115","16801116","16801117","16801118","16801119","16801120","16801121","16801122","16801123","16801124","16801125","16801126","16801127","16801128","16801129","16801130","16801131","16801132","16801133","16801134","16801135","16801136","16801137","16801138","16801139","16801140","16801141","16801142","16801143","16801144","16801145"],"houzez_total_property_views":["3"],"houzez_views_by_date":["a:1:{s:10:\"04-29-2026\";i:3;}"],"houzez_recently_viewed":["2026-04-29 13:44:29"]},"_links":{"self":[{"href":"https:\/\/agencia-asturias.com\/de\/wp-json\/wp\/v2\/properties\/16801106","targetHints":{"allow":["GET"]}}],"collection":[{"href":"https:\/\/agencia-asturias.com\/de\/wp-json\/wp\/v2\/properties"}],"about":[{"href":"https:\/\/agencia-asturias.com\/de\/wp-json\/wp\/v2\/types\/property"}],"author":[{"embeddable":true,"href":"https:\/\/agencia-asturias.com\/de\/wp-json\/wp\/v2\/users\/1"}],"version-history":[{"count":0,"href":"https:\/\/agencia-asturias.com\/de\/wp-json\/wp\/v2\/properties\/16801106\/revisions"}],"wp:featuredmedia":[{"embeddable":true,"href":"https:\/\/agencia-asturias.com\/de\/wp-json\/wp\/v2\/media\/16801107"}],"wp:attachment":[{"href":"https:\/\/agencia-asturias.com\/de\/wp-json\/wp\/v2\/media?parent=16801106"}],"wp:term":[{"taxonomy":"property_type","embeddable":true,"href":"https:\/\/agencia-asturias.com\/de\/wp-json\/wp\/v2\/property_type?post=16801106"},{"taxonomy":"property_status","embeddable":true,"href":"https:\/\/agencia-asturias.com\/de\/wp-json\/wp\/v2\/property_status?post=16801106"},{"taxonomy":"property_feature","embeddable":true,"href":"https:\/\/agencia-asturias.com\/de\/wp-json\/wp\/v2\/property_feature?post=16801106"},{"taxonomy":"property_label","embeddable":true,"href":"https:\/\/agencia-asturias.com\/de\/wp-json\/wp\/v2\/property_label?post=16801106"},{"taxonomy":"property_state","embeddable":true,"href":"https:\/\/agencia-asturias.com\/de\/wp-json\/wp\/v2\/property_state?post=16801106"},{"taxonomy":"property_city","embeddable":true,"href":"https:\/\/agencia-asturias.com\/de\/wp-json\/wp\/v2\/property_city?post=16801106"},{"taxonomy":"property_area","embeddable":true,"href":"https:\/\/agencia-asturias.com\/de\/wp-json\/wp\/v2\/property_area?post=16801106"}],"curies":[{"name":"wp","href":"https:\/\/api.w.org\/{rel}","templated":true}]}}