{"id":16801148,"date":"2022-08-11T13:46:55","date_gmt":"2022-08-11T13:46:55","guid":{"rendered":"https:\/\/agencia-asturias.com\/inmueble\/venta\/terreno-edificable\/asturias\/gijon\/03894\/"},"modified":"2022-08-11T13:46:55","modified_gmt":"2022-08-11T13:46:55","slug":"sotiello-abadia-von-cenero-parzellierbar-03894","status":"publish","type":"property","link":"https:\/\/agencia-asturias.com\/de\/inmueble\/venta\/terreno-edificable\/asturias\/gijon\/03894\/","title":{"rendered":"Sotiello-Abad\u00eda von Cenero-Parzellierbar &#8211; 03894"},"content":{"rendered":"<p>Parzellierbares Grundst\u00fcck von mehr als zwei Hektar in Sotiello neben der Abadia von Cenero; sehr gut angebunden f\u00fcr den Zugang zur Autobahn AS-II zwischen Gij\u00f3n und Oviedo. Es verf\u00fcgt \u00fcber etwas mehr als 8600 Quadratmeter innerhalb eines l\u00e4ndlichen Kerngebiets was die M\u00f6glichkeit bietet bis zu f\u00fcnf bebaubare Parzellen f\u00fcr ebenso viele Einfamilienh\u00e4user zu erhalten.Very gutes Grundst\u00fcck mit guter Ausrichtung und sch\u00f6nem Blick.Wasser-, Strom,-und Kanalanschl\u00fcsse sind nahebei vorhanden.<br \/>Die Grund\u00fcbertragungssteuer sowie Notarkosten sind nicht im Preis enthalten.<\/p>\n","protected":false},"excerpt":{"rendered":"<p>Parzellierbares Grundst\u00fcck von mehr als zwei Hektar in Sotiello neben der Abadia von Cenero; sehr gut angebunden f\u00fcr den Zugang zur Autobahn AS-II zwischen Gij\u00f3n und Oviedo. Es verf\u00fcgt \u00fcber etwas mehr als 8600 Quadratmeter innerhalb eines l\u00e4ndlichen Kerngebiets was die M\u00f6glichkeit bietet bis zu f\u00fcnf bebaubare Parzellen f\u00fcr ebenso <\/p>\n","protected":false},"author":1,"featured_media":16801149,"parent":0,"menu_order":0,"template":"","property_type":[791],"property_status":[720],"property_feature":[],"property_label":[],"property_state":[419],"property_city":[420],"property_area":[436],"class_list":["post-16801148","property","type-property","status-publish","has-post-thumbnail","hentry","property_type-bebaubares-grundstuck","property_status-verkauf","property_state-asturias","property_city-gijon","property_area-cenero"],"property_meta":{"fave_agent":["156"],"fave_agents":["156"],"fave_agent_display_option":["agent_info"],"property_agent":["156"],"custom_permalink":["inmueble\/venta\/terreno-edificable\/asturias\/gijon\/03894\/"],"_thumbnail_id":["16801149"],"post_id":["Array"],"original_author":["1"],"_edit_lock":["1604137107:1"],"_edit_last":["1"],"fave_property_map_street_view":["show"],"fave_payment_status":["not_paid"],"fave_single_top_area":["global"],"fave_single_content_area":["global"],"houzez_manual_expire":["0"],"fave_property_size_prefix":["m&sup2;"],"fave_property_map":["1"],"fave_additional_features_enable":["disable"],"fave_floor_plans_enable":["disable"],"fave_multiunit_plans_enable":["disable"],"fave_prop_homeslider":["no"],"fave_featured":["0"],"fave_property_address":["Gij\u00f3n,Asturias"],"fave_property_zip":["33393"],"houzez_geolocation_lat":["43.5031438685887"],"houzez_geolocation_long":["-5.73648172587571"],"fave_property_location":["43.5031438685887,-5.73648172587571"],"fave_property_country":["ES"],"fave_property_map_address":["Gij\u00f3n,Asturias,Spain"],"fave_comunidadimporte":["0"],"fave_comunidadincluida":["0"],"fave_conservacion":["Ninguno"],"fave_orientacion":[""],"fave_carpinteriainterior":[""],"fave_carpinteriaexterior":[""],"fave_tiposuelo":[""],"fave_vistas":[""],"additional_features":["a:5:{i:0;a:2:{s:29:\"fave_additional_feature_title\";s:12:\"Carpinter\u00eda\";s:29:\"fave_additional_feature_value\";s:0:\"\";}i:1;a:2:{s:29:\"fave_additional_feature_title\";s:21:\"Carpinter\u00eda exterior\";s:29:\"fave_additional_feature_value\";s:0:\"\";}i:2;a:2:{s:29:\"fave_additional_feature_title\";s:6:\"Estado\";s:29:\"fave_additional_feature_value\";s:7:\"Ninguno\";}i:3;a:2:{s:29:\"fave_additional_feature_title\";s:6:\"Vistas\";s:29:\"fave_additional_feature_value\";s:0:\"\";}i:4;a:2:{s:29:\"fave_additional_feature_title\";s:11:\"Orientacion\";s:29:\"fave_additional_feature_value\";s:0:\"\";}}"],"referencia":["03894"],"fave_property_id":["03894"],"fave_property_bedrooms":["0"],"fave_property_bathrooms":["0"],"fave_property_garage":[""],"fave_property_land":["22460"],"ave_property_land_postfix":["m&sup2;"],"fave_property_size":["0"],"fave_property_year":["0"],"fave_energy_global_index":["0 kWh\/m&sup2; \/0 Kg CO2\/m&sup2;"],"fave_energy_class":["N"],"estate_attr_energy_class":["Tramitando..."],"REAL_HOMES_property_emisiones":["0"],"REAL_HOMES_property_consumo":["0"],"REAL_HOMES_property_letra":["N"],"estate_video":[""],"fave_virtual_tour":[""],"vendidoInmueble":[""],"fave_property_price":["235000"],"fave_property_price_postfix":[""],"fave_property_images":["16801149","16801150","16801151","16801152","16801153","16801154","16801155","16801156","16801157","16801158"],"houzez_total_property_views":["2"],"houzez_views_by_date":["a:1:{s:10:\"04-29-2026\";i:2;}"],"houzez_recently_viewed":["2026-04-29 15:43:23"]},"_links":{"self":[{"href":"https:\/\/agencia-asturias.com\/de\/wp-json\/wp\/v2\/properties\/16801148","targetHints":{"allow":["GET"]}}],"collection":[{"href":"https:\/\/agencia-asturias.com\/de\/wp-json\/wp\/v2\/properties"}],"about":[{"href":"https:\/\/agencia-asturias.com\/de\/wp-json\/wp\/v2\/types\/property"}],"author":[{"embeddable":true,"href":"https:\/\/agencia-asturias.com\/de\/wp-json\/wp\/v2\/users\/1"}],"version-history":[{"count":0,"href":"https:\/\/agencia-asturias.com\/de\/wp-json\/wp\/v2\/properties\/16801148\/revisions"}],"wp:featuredmedia":[{"embeddable":true,"href":"https:\/\/agencia-asturias.com\/de\/wp-json\/wp\/v2\/media\/16801149"}],"wp:attachment":[{"href":"https:\/\/agencia-asturias.com\/de\/wp-json\/wp\/v2\/media?parent=16801148"}],"wp:term":[{"taxonomy":"property_type","embeddable":true,"href":"https:\/\/agencia-asturias.com\/de\/wp-json\/wp\/v2\/property_type?post=16801148"},{"taxonomy":"property_status","embeddable":true,"href":"https:\/\/agencia-asturias.com\/de\/wp-json\/wp\/v2\/property_status?post=16801148"},{"taxonomy":"property_feature","embeddable":true,"href":"https:\/\/agencia-asturias.com\/de\/wp-json\/wp\/v2\/property_feature?post=16801148"},{"taxonomy":"property_label","embeddable":true,"href":"https:\/\/agencia-asturias.com\/de\/wp-json\/wp\/v2\/property_label?post=16801148"},{"taxonomy":"property_state","embeddable":true,"href":"https:\/\/agencia-asturias.com\/de\/wp-json\/wp\/v2\/property_state?post=16801148"},{"taxonomy":"property_city","embeddable":true,"href":"https:\/\/agencia-asturias.com\/de\/wp-json\/wp\/v2\/property_city?post=16801148"},{"taxonomy":"property_area","embeddable":true,"href":"https:\/\/agencia-asturias.com\/de\/wp-json\/wp\/v2\/property_area?post=16801148"}],"curies":[{"name":"wp","href":"https:\/\/api.w.org\/{rel}","templated":true}]}}