{"id":16801393,"date":"2023-02-28T10:44:00","date_gmt":"2023-02-28T10:44:00","guid":{"rendered":"https:\/\/agencia-asturias.com\/inmueble\/venta\/garaje\/asturias\/oviedo\/04105\/"},"modified":"2023-02-28T10:44:00","modified_gmt":"2023-02-28T10:44:00","slug":"general-elorza-04105","status":"publish","type":"property","link":"https:\/\/agencia-asturias.com\/de\/inmueble\/venta\/garaje\/asturias\/oviedo\/04105\/","title":{"rendered":"General Elorza &#8211; 04105"},"content":{"rendered":"<p>Am Eingang von Oviedo werden auf der Stra\u00dfe General Elorza Parkpl\u00e4tze verkauft. Der Zugang erfolgt \u00fcber dieselbe Stra\u00dfe. Alle befinden sich im dritten Untergeschoss und sind \u00fcber Treppen zu erreichen, die direkt zur Stra\u00dfe f\u00fchren.Der Kauf mehrerer zusammen ist m\u00f6glich um einen Platz f\u00fcr ein gro\u00dfes Auto zu haben; der Preis kann verhandelt werden.Sie k\u00f6nnen auch einzeln ab einem Preis von 18&#8217;000 &euro; verkauft werden.Die Immobilie wird m\u00f6gliche Angebote pr\u00fcfen.Kontaktieren Sie uns unverbindlich.Stempelsteuer sowie Notarkosten und Registrierungsgeb\u00fchren sind nicht im Preis enthalten.<\/p>\n","protected":false},"excerpt":{"rendered":"<p>Am Eingang von Oviedo werden auf der Stra\u00dfe General Elorza Parkpl\u00e4tze verkauft. Der Zugang erfolgt \u00fcber dieselbe Stra\u00dfe. Alle befinden sich im dritten Untergeschoss und sind \u00fcber Treppen zu erreichen, die direkt zur Stra\u00dfe f\u00fchren.Der Kauf mehrerer zusammen ist m\u00f6glich um einen Platz f\u00fcr ein gro\u00dfes Auto zu haben; der Preis kann <\/p>\n","protected":false},"author":1,"featured_media":16801394,"parent":0,"menu_order":0,"template":"","property_type":[781],"property_status":[720],"property_feature":[722],"property_label":[],"property_state":[419],"property_city":[470],"property_area":[472],"class_list":["post-16801393","property","type-property","status-publish","has-post-thumbnail","hentry","property_type-garage","property_status-verkauf","property_state-asturias","property_city-oviedo","property_area-centro"],"property_meta":{"fave_agent":["59289"],"fave_agents":["59289"],"fave_agent_display_option":["agent_info"],"property_agent":["59289"],"custom_permalink":["inmueble\/venta\/garaje\/asturias\/oviedo\/04105\/"],"_thumbnail_id":["16801394"],"post_id":["Array"],"original_author":["1"],"_edit_lock":["1604137107:1"],"_edit_last":["1"],"fave_property_map_street_view":["show"],"fave_payment_status":["not_paid"],"fave_single_top_area":["global"],"fave_single_content_area":["global"],"houzez_manual_expire":["0"],"fave_property_size_prefix":["m&sup2;"],"fave_property_map":["1"],"fave_additional_features_enable":["disable"],"fave_floor_plans_enable":["disable"],"fave_multiunit_plans_enable":["disable"],"fave_prop_homeslider":["no"],"fave_featured":["0"],"fave_property_address":["Oviedo,Asturias"],"fave_property_zip":["33001"],"houzez_geolocation_lat":["43.366129648"],"houzez_geolocation_long":["-5.843064816"],"fave_property_location":["43.366129648,-5.843064816"],"fave_property_country":["ES"],"fave_property_map_address":["Oviedo,Asturias,Spain"],"fave_comunidadimporte":["91"],"fave_comunidadincluida":["0"],"fave_conservacion":["Ninguno"],"fave_orientacion":[""],"fave_carpinteriainterior":[""],"fave_carpinteriaexterior":[""],"fave_tiposuelo":[""],"fave_vistas":[""],"additional_features":["a:5:{i:0;a:2:{s:29:\"fave_additional_feature_title\";s:12:\"Carpinter\u00eda\";s:29:\"fave_additional_feature_value\";s:0:\"\";}i:1;a:2:{s:29:\"fave_additional_feature_title\";s:21:\"Carpinter\u00eda exterior\";s:29:\"fave_additional_feature_value\";s:0:\"\";}i:2;a:2:{s:29:\"fave_additional_feature_title\";s:6:\"Estado\";s:29:\"fave_additional_feature_value\";s:7:\"Ninguno\";}i:3;a:2:{s:29:\"fave_additional_feature_title\";s:6:\"Vistas\";s:29:\"fave_additional_feature_value\";s:0:\"\";}i:4;a:2:{s:29:\"fave_additional_feature_title\";s:11:\"Orientacion\";s:29:\"fave_additional_feature_value\";s:0:\"\";}}"],"referencia":["04105"],"fave_property_id":["04105"],"fave_property_bedrooms":["0"],"fave_property_bathrooms":["0"],"fave_property_garage":["6"],"fave_property_land":["0"],"ave_property_land_postfix":["m&sup2;"],"fave_property_size":["0"],"fave_property_year":["0"],"fave_energy_global_index":["0 kWh\/m&sup2; \/0 Kg CO2\/m&sup2;"],"fave_energy_class":["N"],"estate_attr_energy_class":["Tramitando..."],"REAL_HOMES_property_emisiones":["0"],"REAL_HOMES_property_consumo":["0"],"REAL_HOMES_property_letra":["N"],"estate_video":[""],"fave_virtual_tour":[""],"vendidoInmueble":[""],"fave_property_price":["80000"],"fave_property_price_postfix":[""],"fave_property_images":["16801394"],"houzez_total_property_views":["2"],"houzez_views_by_date":["a:1:{s:10:\"04-29-2026\";i:2;}"],"houzez_recently_viewed":["2026-04-29 13:44:58"]},"_links":{"self":[{"href":"https:\/\/agencia-asturias.com\/de\/wp-json\/wp\/v2\/properties\/16801393","targetHints":{"allow":["GET"]}}],"collection":[{"href":"https:\/\/agencia-asturias.com\/de\/wp-json\/wp\/v2\/properties"}],"about":[{"href":"https:\/\/agencia-asturias.com\/de\/wp-json\/wp\/v2\/types\/property"}],"author":[{"embeddable":true,"href":"https:\/\/agencia-asturias.com\/de\/wp-json\/wp\/v2\/users\/1"}],"version-history":[{"count":0,"href":"https:\/\/agencia-asturias.com\/de\/wp-json\/wp\/v2\/properties\/16801393\/revisions"}],"wp:featuredmedia":[{"embeddable":true,"href":"https:\/\/agencia-asturias.com\/de\/wp-json\/wp\/v2\/media\/16801394"}],"wp:attachment":[{"href":"https:\/\/agencia-asturias.com\/de\/wp-json\/wp\/v2\/media?parent=16801393"}],"wp:term":[{"taxonomy":"property_type","embeddable":true,"href":"https:\/\/agencia-asturias.com\/de\/wp-json\/wp\/v2\/property_type?post=16801393"},{"taxonomy":"property_status","embeddable":true,"href":"https:\/\/agencia-asturias.com\/de\/wp-json\/wp\/v2\/property_status?post=16801393"},{"taxonomy":"property_feature","embeddable":true,"href":"https:\/\/agencia-asturias.com\/de\/wp-json\/wp\/v2\/property_feature?post=16801393"},{"taxonomy":"property_label","embeddable":true,"href":"https:\/\/agencia-asturias.com\/de\/wp-json\/wp\/v2\/property_label?post=16801393"},{"taxonomy":"property_state","embeddable":true,"href":"https:\/\/agencia-asturias.com\/de\/wp-json\/wp\/v2\/property_state?post=16801393"},{"taxonomy":"property_city","embeddable":true,"href":"https:\/\/agencia-asturias.com\/de\/wp-json\/wp\/v2\/property_city?post=16801393"},{"taxonomy":"property_area","embeddable":true,"href":"https:\/\/agencia-asturias.com\/de\/wp-json\/wp\/v2\/property_area?post=16801393"}],"curies":[{"name":"wp","href":"https:\/\/api.w.org\/{rel}","templated":true}]}}