{"id":16801411,"date":"2023-03-09T16:28:30","date_gmt":"2023-03-09T16:28:30","guid":{"rendered":"https:\/\/agencia-asturias.com\/inmueble\/venta\/garaje\/asturias\/gijon\/04121\/"},"modified":"2023-03-09T16:28:30","modified_gmt":"2023-03-09T16:28:30","slug":"manuel-llaneza-seite-begona-04121","status":"publish","type":"property","link":"https:\/\/agencia-asturias.com\/de\/inmueble\/venta\/garaje\/asturias\/gijon\/04121\/","title":{"rendered":"Manuel Llaneza, Seite Bego\u00f1a &#8211; 04121"},"content":{"rendered":"<p>Im Herzen von Gij\u00f3n, in der Calle Palencia neben dem Paseo de Bego\u00f1a befindet sich im Geb\u00e4ude an der Ecke zur Avenida Manuel Llaneza ein Parkplatz mit einer Breite von 2,20 Metern und einer L\u00e4nge von 4,50 Metern zu einem gro\u00dfartigen Preis. Angrenzend an die Wand und im dritten Untergeschoss gelegen ist der Zugang f\u00fcr Fu\u00dfg\u00e4nger \u00fcber einen Aufzug oder Treppen m\u00f6glich. Kommen Sie vorbei und sehen Sie es sich mit Agencia Asturias an.<br \/>Die Grunderwerbssteuer sowie Notar- und Registrierungsgeb\u00fchren sind nicht im Preis enthalten.<\/p>\n","protected":false},"excerpt":{"rendered":"<p>Im Herzen von Gij\u00f3n, in der Calle Palencia neben dem Paseo de Bego\u00f1a befindet sich im Geb\u00e4ude an der Ecke zur Avenida Manuel Llaneza ein Parkplatz mit einer Breite von 2,20 Metern und einer L\u00e4nge von 4,50 Metern zu einem gro\u00dfartigen Preis. Angrenzend an die Wand und im dritten Untergeschoss gelegen ist der Zugang f\u00fcr Fu\u00dfg\u00e4nger \u00fcber <\/p>\n","protected":false},"author":1,"featured_media":16801412,"parent":0,"menu_order":0,"template":"","property_type":[781],"property_status":[720],"property_feature":[],"property_label":[],"property_state":[419],"property_city":[420],"property_area":[609],"class_list":["post-16801411","property","type-property","status-publish","has-post-thumbnail","hentry","property_type-garage","property_status-verkauf","property_state-asturias","property_city-gijon","property_area-semi-centro"],"property_meta":{"fave_agent":["59304"],"fave_agents":["59304"],"fave_agent_display_option":["agent_info"],"property_agent":["59304"],"custom_permalink":["inmueble\/venta\/garaje\/asturias\/gijon\/04121\/"],"_thumbnail_id":["16801412"],"post_id":["Array"],"original_author":["1"],"_edit_lock":["1604137107:1"],"_edit_last":["1"],"fave_property_map_street_view":["show"],"fave_payment_status":["not_paid"],"fave_single_top_area":["global"],"fave_single_content_area":["global"],"houzez_manual_expire":["0"],"fave_property_size_prefix":["m&sup2;"],"fave_property_map":["1"],"fave_additional_features_enable":["disable"],"fave_floor_plans_enable":["disable"],"fave_multiunit_plans_enable":["disable"],"fave_prop_homeslider":["no"],"fave_featured":["0"],"fave_property_address":["Gij\u00f3n,Asturias"],"fave_property_zip":["33205"],"houzez_geolocation_lat":["43.536373386"],"houzez_geolocation_long":["-5.660922409"],"fave_property_location":["43.536373386,-5.660922409"],"fave_property_country":["ES"],"fave_property_map_address":["Gij\u00f3n,Asturias,Spain"],"fave_comunidadimporte":["7"],"fave_comunidadincluida":["0"],"fave_conservacion":["Ninguno"],"fave_orientacion":[""],"fave_carpinteriainterior":[""],"fave_carpinteriaexterior":[""],"fave_tiposuelo":[""],"fave_vistas":[""],"additional_features":["a:5:{i:0;a:2:{s:29:\"fave_additional_feature_title\";s:12:\"Carpinter\u00eda\";s:29:\"fave_additional_feature_value\";s:0:\"\";}i:1;a:2:{s:29:\"fave_additional_feature_title\";s:21:\"Carpinter\u00eda exterior\";s:29:\"fave_additional_feature_value\";s:0:\"\";}i:2;a:2:{s:29:\"fave_additional_feature_title\";s:6:\"Estado\";s:29:\"fave_additional_feature_value\";s:7:\"Ninguno\";}i:3;a:2:{s:29:\"fave_additional_feature_title\";s:6:\"Vistas\";s:29:\"fave_additional_feature_value\";s:0:\"\";}i:4;a:2:{s:29:\"fave_additional_feature_title\";s:11:\"Orientacion\";s:29:\"fave_additional_feature_value\";s:0:\"\";}}"],"referencia":["04121"],"fave_property_id":["04121"],"fave_property_bedrooms":["0"],"fave_property_bathrooms":["0"],"fave_property_garage":[""],"fave_property_land":["0"],"ave_property_land_postfix":["m&sup2;"],"fave_property_size":["10"],"fave_property_year":["0"],"fave_energy_global_index":["0 kWh\/m&sup2; \/0 Kg CO2\/m&sup2;"],"fave_energy_class":["N"],"estate_attr_energy_class":["Tramitando..."],"REAL_HOMES_property_emisiones":["0"],"REAL_HOMES_property_consumo":["0"],"REAL_HOMES_property_letra":["N"],"estate_video":[""],"fave_virtual_tour":[""],"vendidoInmueble":[""],"fave_property_price":["28500"],"fave_property_price_postfix":[""],"fave_property_images":["16801412","16801413","16801414","16801415","16801416","16801417"],"houzez_total_property_views":["3"],"houzez_views_by_date":["a:1:{s:10:\"04-29-2026\";i:3;}"],"houzez_recently_viewed":["2026-04-29 16:36:50"]},"_links":{"self":[{"href":"https:\/\/agencia-asturias.com\/de\/wp-json\/wp\/v2\/properties\/16801411","targetHints":{"allow":["GET"]}}],"collection":[{"href":"https:\/\/agencia-asturias.com\/de\/wp-json\/wp\/v2\/properties"}],"about":[{"href":"https:\/\/agencia-asturias.com\/de\/wp-json\/wp\/v2\/types\/property"}],"author":[{"embeddable":true,"href":"https:\/\/agencia-asturias.com\/de\/wp-json\/wp\/v2\/users\/1"}],"version-history":[{"count":0,"href":"https:\/\/agencia-asturias.com\/de\/wp-json\/wp\/v2\/properties\/16801411\/revisions"}],"wp:featuredmedia":[{"embeddable":true,"href":"https:\/\/agencia-asturias.com\/de\/wp-json\/wp\/v2\/media\/16801412"}],"wp:attachment":[{"href":"https:\/\/agencia-asturias.com\/de\/wp-json\/wp\/v2\/media?parent=16801411"}],"wp:term":[{"taxonomy":"property_type","embeddable":true,"href":"https:\/\/agencia-asturias.com\/de\/wp-json\/wp\/v2\/property_type?post=16801411"},{"taxonomy":"property_status","embeddable":true,"href":"https:\/\/agencia-asturias.com\/de\/wp-json\/wp\/v2\/property_status?post=16801411"},{"taxonomy":"property_feature","embeddable":true,"href":"https:\/\/agencia-asturias.com\/de\/wp-json\/wp\/v2\/property_feature?post=16801411"},{"taxonomy":"property_label","embeddable":true,"href":"https:\/\/agencia-asturias.com\/de\/wp-json\/wp\/v2\/property_label?post=16801411"},{"taxonomy":"property_state","embeddable":true,"href":"https:\/\/agencia-asturias.com\/de\/wp-json\/wp\/v2\/property_state?post=16801411"},{"taxonomy":"property_city","embeddable":true,"href":"https:\/\/agencia-asturias.com\/de\/wp-json\/wp\/v2\/property_city?post=16801411"},{"taxonomy":"property_area","embeddable":true,"href":"https:\/\/agencia-asturias.com\/de\/wp-json\/wp\/v2\/property_area?post=16801411"}],"curies":[{"name":"wp","href":"https:\/\/api.w.org\/{rel}","templated":true}]}}