{"id":16801783,"date":"2023-09-25T19:10:03","date_gmt":"2023-09-25T19:10:03","guid":{"rendered":"https:\/\/agencia-asturias.com\/inmueble\/alquiler\/local-comercial\/asturias\/oviedo\/04309\/"},"modified":"2023-09-25T19:10:03","modified_gmt":"2023-09-25T19:10:03","slug":"laden-neben-dem-auditorio-04309","status":"publish","type":"property","link":"https:\/\/agencia-asturias.com\/de\/inmueble\/alquiler\/local-comercial\/asturias\/oviedo\/04309\/","title":{"rendered":"Laden neben dem Auditorio &#8211; 04309"},"content":{"rendered":"<p>Neben dem Auditorio Pr\u00edncipe de Asturias, einen Schritt vom Stadtzentrum von Oviedo entfernt und in einem Gebiet voller kleiner Gesch\u00e4fte, wird ein sehr gut erhaltenes Lokal zu einem sehr attraktiven Preis vermietet. Die Schule der Dominikanerinnen ist eine Gehminute entfernt. Ideale Lage f\u00fcr die Er\u00f6ffnung eines kleinen Gesch\u00e4fts mit drei durch Glasw\u00e4nde getrennten Bereichen. Es hat ein gro\u00dfes Schaufenster, das viel Tageslicht bietet. Stromversorgung bereits aktiviert! Besuchen Sie uns unverbindlich bei Agencia Asturias.<\/p>\n","protected":false},"excerpt":{"rendered":"<p>Neben dem Auditorio Pr\u00edncipe de Asturias, einen Schritt vom Stadtzentrum von Oviedo entfernt und in einem Gebiet voller kleiner Gesch\u00e4fte, wird ein sehr gut erhaltenes Lokal zu einem sehr attraktiven Preis vermietet. Die Schule der Dominikanerinnen ist eine Gehminute entfernt. Ideale Lage f\u00fcr die Er\u00f6ffnung eines kleinen Gesch\u00e4fts mit <\/p>\n","protected":false},"author":1,"featured_media":16801784,"parent":0,"menu_order":0,"template":"","property_type":[771],"property_status":[852],"property_feature":[858],"property_label":[],"property_state":[419],"property_city":[470],"property_area":[472],"class_list":["post-16801783","property","type-property","status-publish","has-post-thumbnail","hentry","property_type-gewerbeimmobilie","property_status-vermietung","property_feature-komplett-auenliegend","property_state-asturias","property_city-oviedo","property_area-centro"],"property_meta":{"fave_agent":["59317"],"fave_agents":["59317"],"fave_agent_display_option":["agent_info"],"property_agent":["59317"],"custom_permalink":["inmueble\/alquiler\/local-comercial\/asturias\/oviedo\/04309\/"],"_thumbnail_id":["16801784"],"post_id":["Array"],"original_author":["1"],"_edit_lock":["1604137107:1"],"_edit_last":["1"],"fave_property_map_street_view":["show"],"fave_payment_status":["not_paid"],"fave_single_top_area":["global"],"fave_single_content_area":["global"],"houzez_manual_expire":["0"],"fave_property_size_prefix":["m&sup2;"],"fave_property_map":["1"],"fave_additional_features_enable":["disable"],"fave_floor_plans_enable":["disable"],"fave_multiunit_plans_enable":["disable"],"fave_prop_homeslider":["no"],"fave_featured":["0"],"fave_property_address":["Oviedo,Asturias"],"fave_property_zip":["33007"],"houzez_geolocation_lat":["43.35692735"],"houzez_geolocation_long":["-5.84975726"],"fave_property_location":["43.35692735,-5.84975726"],"fave_property_country":["ES"],"fave_property_map_address":["Oviedo,Asturias,Spain"],"fave_comunidadimporte":["0"],"fave_comunidadincluida":["1"],"fave_conservacion":["Buen estado"],"fave_orientacion":["Este"],"fave_carpinteriainterior":[""],"fave_carpinteriaexterior":[""],"fave_tiposuelo":[""],"fave_vistas":[""],"additional_features":["a:5:{i:0;a:2:{s:29:\"fave_additional_feature_title\";s:12:\"Carpinter\u00eda\";s:29:\"fave_additional_feature_value\";s:0:\"\";}i:1;a:2:{s:29:\"fave_additional_feature_title\";s:21:\"Carpinter\u00eda exterior\";s:29:\"fave_additional_feature_value\";s:0:\"\";}i:2;a:2:{s:29:\"fave_additional_feature_title\";s:6:\"Estado\";s:29:\"fave_additional_feature_value\";s:11:\"Buen estado\";}i:3;a:2:{s:29:\"fave_additional_feature_title\";s:6:\"Vistas\";s:29:\"fave_additional_feature_value\";s:0:\"\";}i:4;a:2:{s:29:\"fave_additional_feature_title\";s:11:\"Orientacion\";s:29:\"fave_additional_feature_value\";s:4:\"Este\";}}"],"referencia":["04309"],"fave_property_id":["04309"],"fave_property_bedrooms":["0"],"fave_property_bathrooms":["1"],"fave_property_garage":[""],"fave_property_land":["0"],"ave_property_land_postfix":["m&sup2;"],"fave_property_size":["35"],"fave_property_year":["0"],"fave_energy_global_index":["0 kWh\/m&sup2; \/0 Kg CO2\/m&sup2;"],"fave_energy_class":["N"],"estate_attr_energy_class":["Tramitando..."],"REAL_HOMES_property_emisiones":["0"],"REAL_HOMES_property_consumo":["0"],"REAL_HOMES_property_letra":["N"],"estate_video":[""],"fave_virtual_tour":[""],"vendidoInmueble":[""],"fave_property_price":["495"],"fave_property_price_postfix":["mes"],"fave_property_images":["16801784","16801785","16801786","16801787","16801788","16801789","16801790","16801791","16801792"],"houzez_total_property_views":["2"],"houzez_views_by_date":["a:1:{s:10:\"04-29-2026\";i:2;}"],"houzez_recently_viewed":["2026-04-29 13:12:47"]},"_links":{"self":[{"href":"https:\/\/agencia-asturias.com\/de\/wp-json\/wp\/v2\/properties\/16801783","targetHints":{"allow":["GET"]}}],"collection":[{"href":"https:\/\/agencia-asturias.com\/de\/wp-json\/wp\/v2\/properties"}],"about":[{"href":"https:\/\/agencia-asturias.com\/de\/wp-json\/wp\/v2\/types\/property"}],"author":[{"embeddable":true,"href":"https:\/\/agencia-asturias.com\/de\/wp-json\/wp\/v2\/users\/1"}],"version-history":[{"count":0,"href":"https:\/\/agencia-asturias.com\/de\/wp-json\/wp\/v2\/properties\/16801783\/revisions"}],"wp:featuredmedia":[{"embeddable":true,"href":"https:\/\/agencia-asturias.com\/de\/wp-json\/wp\/v2\/media\/16801784"}],"wp:attachment":[{"href":"https:\/\/agencia-asturias.com\/de\/wp-json\/wp\/v2\/media?parent=16801783"}],"wp:term":[{"taxonomy":"property_type","embeddable":true,"href":"https:\/\/agencia-asturias.com\/de\/wp-json\/wp\/v2\/property_type?post=16801783"},{"taxonomy":"property_status","embeddable":true,"href":"https:\/\/agencia-asturias.com\/de\/wp-json\/wp\/v2\/property_status?post=16801783"},{"taxonomy":"property_feature","embeddable":true,"href":"https:\/\/agencia-asturias.com\/de\/wp-json\/wp\/v2\/property_feature?post=16801783"},{"taxonomy":"property_label","embeddable":true,"href":"https:\/\/agencia-asturias.com\/de\/wp-json\/wp\/v2\/property_label?post=16801783"},{"taxonomy":"property_state","embeddable":true,"href":"https:\/\/agencia-asturias.com\/de\/wp-json\/wp\/v2\/property_state?post=16801783"},{"taxonomy":"property_city","embeddable":true,"href":"https:\/\/agencia-asturias.com\/de\/wp-json\/wp\/v2\/property_city?post=16801783"},{"taxonomy":"property_area","embeddable":true,"href":"https:\/\/agencia-asturias.com\/de\/wp-json\/wp\/v2\/property_area?post=16801783"}],"curies":[{"name":"wp","href":"https:\/\/api.w.org\/{rel}","templated":true}]}}