{"id":16801907,"date":"2023-11-22T12:04:09","date_gmt":"2023-11-22T12:04:09","guid":{"rendered":"https:\/\/agencia-asturias.com\/inmueble\/venta\/oficina\/asturias\/oviedo\/04368\/"},"modified":"2023-11-22T12:04:09","modified_gmt":"2023-11-22T12:04:09","slug":"buroverkauf-im-zentrum-von-oviedo-04368","status":"publish","type":"property","link":"https:\/\/agencia-asturias.com\/de\/inmueble\/venta\/oficina\/asturias\/oviedo\/04368\/","title":{"rendered":"B\u00fcroverkauf im Zentrum von Oviedo &#8211; 04368"},"content":{"rendered":"<p>&#8218;Eine ausgezeichnete Gelegenheit zum Erwerb eines B\u00fcros im Herzen von Oviedo steht jetzt zur Verf\u00fcgung. Diese Immobilie verf\u00fcgt \u00fcber ein Badezimmer innerhalb des Raums sowie einen praktischen Einbauschrank f\u00fcr Akten und Lagerung. Der Strom ist bereits angemeldet , was den \u00dcbergang erleichtert . Dar\u00fcber hinaus macht die N\u00e4he zu Finanz- und Handelszentren dieses B\u00fcro zu einer strategischen und unschlagbaren Wahl .<\/p>\n<p>Die Gemeinschaft ist sehr zug\u00e4nglich und bietet wirtschaftliche wie auch operative Erleichterungen f\u00fcr ihre Bewohner . Bei Bedarf besteht au\u00dferdem die M\u00f6glichkeit eine Parkpl\u00e4tze aufgrund der N\u00e4he zu einem gro\u00dfen Parkplatz nur wenige Minuten vom Geb\u00e4ude entfernt nutzen kann . Momentan wird das Portal umgebaut , um architektonische Barrieren abzubauenund es zug\u00e4nglicherzu machen.&#8216; <br \/>\u00dcbertragungssteuergeb\u00fchren sowie Notar- oder Registrierungsgeb\u00fchren sind nicht im Preis enthalten.<\/p>\n","protected":false},"excerpt":{"rendered":"<p>&#8218;Eine ausgezeichnete Gelegenheit zum Erwerb eines B\u00fcros im Herzen von Oviedo steht jetzt zur Verf\u00fcgung. Diese Immobilie verf\u00fcgt \u00fcber ein Badezimmer innerhalb des Raums sowie einen praktischen Einbauschrank f\u00fcr Akten und Lagerung. Der Strom ist bereits angemeldet , was den \u00dcbergang erleichtert . Dar\u00fcber hinaus macht die N\u00e4he zu <\/p>\n","protected":false},"author":1,"featured_media":16801908,"parent":0,"menu_order":0,"template":"","property_type":[777],"property_status":[720],"property_feature":[722,724,858],"property_label":[],"property_state":[419],"property_city":[470],"property_area":[472],"class_list":["post-16801907","property","type-property","status-publish","has-post-thumbnail","hentry","property_type-buro","property_status-verkauf","property_feature-heizung","property_feature-komplett-auenliegend","property_state-asturias","property_city-oviedo","property_area-centro"],"property_meta":{"fave_agent":["59317"],"fave_agents":["59317"],"fave_agent_display_option":["agent_info"],"property_agent":["59317"],"custom_permalink":["inmueble\/venta\/oficina\/asturias\/oviedo\/04368\/"],"_thumbnail_id":["16801908"],"post_id":["Array"],"original_author":["1"],"_edit_lock":["1604137107:1"],"_edit_last":["1"],"fave_property_map_street_view":["show"],"fave_payment_status":["not_paid"],"fave_single_top_area":["global"],"fave_single_content_area":["global"],"houzez_manual_expire":["0"],"fave_property_size_prefix":["m&sup2;"],"fave_property_map":["1"],"fave_additional_features_enable":["disable"],"fave_floor_plans_enable":["disable"],"fave_multiunit_plans_enable":["disable"],"fave_prop_homeslider":["no"],"fave_featured":["0"],"fave_property_address":["Oviedo,Asturias"],"fave_property_zip":["33001"],"houzez_geolocation_lat":["43.363999612"],"houzez_geolocation_long":["-5.846738926"],"fave_property_location":["43.363999612,-5.846738926"],"fave_property_country":["ES"],"fave_property_map_address":["Oviedo,Asturias,Spain"],"fave_comunidadimporte":["20"],"fave_comunidadincluida":["0"],"fave_conservacion":["De origen"],"fave_orientacion":[""],"fave_carpinteriainterior":[""],"fave_carpinteriaexterior":[""],"fave_tiposuelo":[""],"fave_vistas":[""],"additional_features":["a:5:{i:0;a:2:{s:29:\"fave_additional_feature_title\";s:12:\"Carpinter\u00eda\";s:29:\"fave_additional_feature_value\";s:0:\"\";}i:1;a:2:{s:29:\"fave_additional_feature_title\";s:21:\"Carpinter\u00eda exterior\";s:29:\"fave_additional_feature_value\";s:0:\"\";}i:2;a:2:{s:29:\"fave_additional_feature_title\";s:6:\"Estado\";s:29:\"fave_additional_feature_value\";s:9:\"De origen\";}i:3;a:2:{s:29:\"fave_additional_feature_title\";s:6:\"Vistas\";s:29:\"fave_additional_feature_value\";s:0:\"\";}i:4;a:2:{s:29:\"fave_additional_feature_title\";s:11:\"Orientacion\";s:29:\"fave_additional_feature_value\";s:0:\"\";}}"],"referencia":["04368"],"fave_property_id":["04368"],"fave_property_bedrooms":["0"],"fave_property_bathrooms":["0"],"fave_property_garage":[""],"fave_property_land":["0"],"ave_property_land_postfix":["m&sup2;"],"fave_property_size":["21"],"fave_property_year":["1981"],"fave_energy_global_index":["248.1 kWh\/m&sup2; \/51.2 Kg CO2\/m&sup2;"],"fave_energy_class":["D"],"estate_attr_energy_class":["D"],"REAL_HOMES_property_emisiones":["51.2"],"REAL_HOMES_property_consumo":["248.1"],"REAL_HOMES_property_letra":["D"],"estate_video":[""],"fave_video_url":["https:\/\/www.youtube.com\/watch?v=8pC40yFJSk8"],"fave_video_image":["https:\/\/fotos15.apinmo.com\/1445\/20240899\/2-1.jpg"],"fave_virtual_tour":[""],"vendidoInmueble":[""],"fave_property_price":["38000"],"fave_property_price_postfix":[""],"fave_property_images":["16801908","16801909","16801910","16801911","16801912","16801913","16801914","16801915","16801916","16801917"],"houzez_total_property_views":["1"],"houzez_views_by_date":["a:1:{s:10:\"04-29-2026\";i:1;}"],"houzez_recently_viewed":["2026-04-29 12:28:08"]},"_links":{"self":[{"href":"https:\/\/agencia-asturias.com\/de\/wp-json\/wp\/v2\/properties\/16801907","targetHints":{"allow":["GET"]}}],"collection":[{"href":"https:\/\/agencia-asturias.com\/de\/wp-json\/wp\/v2\/properties"}],"about":[{"href":"https:\/\/agencia-asturias.com\/de\/wp-json\/wp\/v2\/types\/property"}],"author":[{"embeddable":true,"href":"https:\/\/agencia-asturias.com\/de\/wp-json\/wp\/v2\/users\/1"}],"version-history":[{"count":0,"href":"https:\/\/agencia-asturias.com\/de\/wp-json\/wp\/v2\/properties\/16801907\/revisions"}],"wp:featuredmedia":[{"embeddable":true,"href":"https:\/\/agencia-asturias.com\/de\/wp-json\/wp\/v2\/media\/16801908"}],"wp:attachment":[{"href":"https:\/\/agencia-asturias.com\/de\/wp-json\/wp\/v2\/media?parent=16801907"}],"wp:term":[{"taxonomy":"property_type","embeddable":true,"href":"https:\/\/agencia-asturias.com\/de\/wp-json\/wp\/v2\/property_type?post=16801907"},{"taxonomy":"property_status","embeddable":true,"href":"https:\/\/agencia-asturias.com\/de\/wp-json\/wp\/v2\/property_status?post=16801907"},{"taxonomy":"property_feature","embeddable":true,"href":"https:\/\/agencia-asturias.com\/de\/wp-json\/wp\/v2\/property_feature?post=16801907"},{"taxonomy":"property_label","embeddable":true,"href":"https:\/\/agencia-asturias.com\/de\/wp-json\/wp\/v2\/property_label?post=16801907"},{"taxonomy":"property_state","embeddable":true,"href":"https:\/\/agencia-asturias.com\/de\/wp-json\/wp\/v2\/property_state?post=16801907"},{"taxonomy":"property_city","embeddable":true,"href":"https:\/\/agencia-asturias.com\/de\/wp-json\/wp\/v2\/property_city?post=16801907"},{"taxonomy":"property_area","embeddable":true,"href":"https:\/\/agencia-asturias.com\/de\/wp-json\/wp\/v2\/property_area?post=16801907"}],"curies":[{"name":"wp","href":"https:\/\/api.w.org\/{rel}","templated":true}]}}