{"id":16801989,"date":"2024-01-16T11:09:21","date_gmt":"2024-01-16T11:09:21","guid":{"rendered":"https:\/\/agencia-asturias.com\/inmueble\/venta\/terreno-edificable\/asturias\/gijon\/04423\/"},"modified":"2024-01-16T11:09:21","modified_gmt":"2024-01-16T11:09:21","slug":"parzellen-im-gebiet-cenero-von-gijon-mit-freiem-blick-04423","status":"publish","type":"property","link":"https:\/\/agencia-asturias.com\/de\/inmueble\/venta\/terreno-edificable\/asturias\/gijon\/04423\/","title":{"rendered":"Parzellen im Gebiet Cenero von Gij\u00f3n mit freiem Blick &#8211; 04423"},"content":{"rendered":"<p>Sch\u00f6ne Grundst\u00fccke werden im l\u00e4ndlichen Bereich von Gij\u00f3n verkauft und befinden sich in Cenero nahe der r\u00f6mischen Villa von Veranes. Die Parzellen haben eine Gesamtfl\u00e4che von 3.785 Quadratmetern und jede hat eine bebaubare Fl\u00e4che von jeweils 300 Quadratmetern sowie eine Nord-S\u00fcd-Ausrichtung, die es erm\u00f6glicht wundersch\u00f6ne freie Ausblicke zu genie\u00dfen. Der angegebene Preis betr\u00e4gt f\u00fcr die ersten drei Parzellen insgesamt &euro;64&#8217;000; die vierte ist bereits reserviert. Au\u00dferdem gibt es die M\u00f6glichkeit alle drei verf\u00fcgbaren Parcelles zu einem Sonderpreis zu erwerben . Leicht zug\u00e4nglich \u00fcber die AS-II , welche schnell zwischenG ijon und Oviedo verbindet und thus ein ruhiges nat\u00fcrliches Umfeld nur wenige Minuten vom st\u00e4dtischen Trubel bietet.<\/p>\n","protected":false},"excerpt":{"rendered":"<p>Sch\u00f6ne Grundst\u00fccke werden im l\u00e4ndlichen Bereich von Gij\u00f3n verkauft und befinden sich in Cenero nahe der r\u00f6mischen Villa von Veranes. Die Parzellen haben eine Gesamtfl\u00e4che von 3.785 Quadratmetern und jede hat eine bebaubare Fl\u00e4che von jeweils 300 Quadratmetern sowie eine Nord-S\u00fcd-Ausrichtung, die es erm\u00f6glicht wundersch\u00f6ne freie <\/p>\n","protected":false},"author":1,"featured_media":16801990,"parent":0,"menu_order":0,"template":"","property_type":[791],"property_status":[720],"property_feature":[],"property_label":[],"property_state":[419],"property_city":[420],"property_area":[436],"class_list":["post-16801989","property","type-property","status-publish","has-post-thumbnail","hentry","property_type-bebaubares-grundstuck","property_status-verkauf","property_state-asturias","property_city-gijon","property_area-cenero"],"property_meta":{"fave_agent":["156"],"fave_agents":["156"],"fave_agent_display_option":["agent_info"],"property_agent":["156"],"custom_permalink":["inmueble\/venta\/terreno-edificable\/asturias\/gijon\/04423\/"],"_thumbnail_id":["16801990"],"post_id":["Array"],"original_author":["1"],"_edit_lock":["1604137107:1"],"_edit_last":["1"],"fave_property_map_street_view":["show"],"fave_payment_status":["not_paid"],"fave_single_top_area":["global"],"fave_single_content_area":["global"],"houzez_manual_expire":["0"],"fave_property_size_prefix":["m&sup2;"],"fave_property_map":["1"],"fave_additional_features_enable":["disable"],"fave_floor_plans_enable":["disable"],"fave_multiunit_plans_enable":["disable"],"fave_prop_homeslider":["no"],"fave_featured":["0"],"fave_property_address":["Gij\u00f3n,Asturias"],"fave_property_zip":["33393"],"houzez_geolocation_lat":["43.48120692543145"],"houzez_geolocation_long":["-5.7634776678035"],"fave_property_location":["43.48120692543145,-5.7634776678035"],"fave_property_country":["ES"],"fave_property_map_address":["Gij\u00f3n,Asturias,Spain"],"fave_comunidadimporte":["0"],"fave_comunidadincluida":["0"],"fave_conservacion":["Ninguno"],"fave_orientacion":["Norte Sur"],"fave_carpinteriainterior":[""],"fave_carpinteriaexterior":[""],"fave_tiposuelo":[""],"fave_vistas":[""],"additional_features":["a:5:{i:0;a:2:{s:29:\"fave_additional_feature_title\";s:12:\"Carpinter\u00eda\";s:29:\"fave_additional_feature_value\";s:0:\"\";}i:1;a:2:{s:29:\"fave_additional_feature_title\";s:21:\"Carpinter\u00eda exterior\";s:29:\"fave_additional_feature_value\";s:0:\"\";}i:2;a:2:{s:29:\"fave_additional_feature_title\";s:6:\"Estado\";s:29:\"fave_additional_feature_value\";s:7:\"Ninguno\";}i:3;a:2:{s:29:\"fave_additional_feature_title\";s:6:\"Vistas\";s:29:\"fave_additional_feature_value\";s:0:\"\";}i:4;a:2:{s:29:\"fave_additional_feature_title\";s:11:\"Orientacion\";s:29:\"fave_additional_feature_value\";s:9:\"Norte Sur\";}}"],"referencia":["04423"],"fave_property_id":["04423"],"fave_property_bedrooms":["0"],"fave_property_bathrooms":["0"],"fave_property_garage":[""],"fave_property_land":["3785"],"ave_property_land_postfix":["m&sup2;"],"fave_property_size":["0"],"fave_property_year":["1969"],"fave_energy_global_index":["0 kWh\/m&sup2; \/0 Kg CO2\/m&sup2;"],"fave_energy_class":["N"],"estate_attr_energy_class":["Tramitando..."],"REAL_HOMES_property_emisiones":["0"],"REAL_HOMES_property_consumo":["0"],"REAL_HOMES_property_letra":["N"],"estate_video":[""],"fave_video_url":["https:\/\/media.inmovilla.com\/videos\/1445\/20625551.mp4"],"fave_video_image":["https:\/\/fotos15.apinmo.com\/1445\/20625551\/5-1.jpg"],"fave_virtual_tour":[""],"vendidoInmueble":[""],"fave_property_price":["64000"],"fave_property_price_postfix":[""],"fave_property_images":["16801990","16801991","16801992","16801993","16801994","16801995","16801996","16801997","16801998","16801999","16802000","16802001","16802002","16802003","16802004","16802005","16802006","16802007","16802008","16802009","16802010","16802011","16802012","16802013","16802014","16802015","16802016"],"houzez_total_property_views":["1"],"houzez_views_by_date":["a:1:{s:10:\"04-29-2026\";i:1;}"],"houzez_recently_viewed":["2026-04-29 15:28:47"]},"_links":{"self":[{"href":"https:\/\/agencia-asturias.com\/de\/wp-json\/wp\/v2\/properties\/16801989","targetHints":{"allow":["GET"]}}],"collection":[{"href":"https:\/\/agencia-asturias.com\/de\/wp-json\/wp\/v2\/properties"}],"about":[{"href":"https:\/\/agencia-asturias.com\/de\/wp-json\/wp\/v2\/types\/property"}],"author":[{"embeddable":true,"href":"https:\/\/agencia-asturias.com\/de\/wp-json\/wp\/v2\/users\/1"}],"version-history":[{"count":0,"href":"https:\/\/agencia-asturias.com\/de\/wp-json\/wp\/v2\/properties\/16801989\/revisions"}],"wp:featuredmedia":[{"embeddable":true,"href":"https:\/\/agencia-asturias.com\/de\/wp-json\/wp\/v2\/media\/16801990"}],"wp:attachment":[{"href":"https:\/\/agencia-asturias.com\/de\/wp-json\/wp\/v2\/media?parent=16801989"}],"wp:term":[{"taxonomy":"property_type","embeddable":true,"href":"https:\/\/agencia-asturias.com\/de\/wp-json\/wp\/v2\/property_type?post=16801989"},{"taxonomy":"property_status","embeddable":true,"href":"https:\/\/agencia-asturias.com\/de\/wp-json\/wp\/v2\/property_status?post=16801989"},{"taxonomy":"property_feature","embeddable":true,"href":"https:\/\/agencia-asturias.com\/de\/wp-json\/wp\/v2\/property_feature?post=16801989"},{"taxonomy":"property_label","embeddable":true,"href":"https:\/\/agencia-asturias.com\/de\/wp-json\/wp\/v2\/property_label?post=16801989"},{"taxonomy":"property_state","embeddable":true,"href":"https:\/\/agencia-asturias.com\/de\/wp-json\/wp\/v2\/property_state?post=16801989"},{"taxonomy":"property_city","embeddable":true,"href":"https:\/\/agencia-asturias.com\/de\/wp-json\/wp\/v2\/property_city?post=16801989"},{"taxonomy":"property_area","embeddable":true,"href":"https:\/\/agencia-asturias.com\/de\/wp-json\/wp\/v2\/property_area?post=16801989"}],"curies":[{"name":"wp","href":"https:\/\/api.w.org\/{rel}","templated":true}]}}