{"id":16802033,"date":"2024-03-06T12:19:27","date_gmt":"2024-03-06T12:19:27","guid":{"rendered":"https:\/\/agencia-asturias.com\/inmueble\/venta\/terreno-urbano\/asturias\/gijon\/04473\/"},"modified":"2024-03-06T12:19:27","modified_gmt":"2024-03-06T12:19:27","slug":"stadtisches-grundstuck-im-oberen-bereich-von-somio-04473","status":"publish","type":"property","link":"https:\/\/agencia-asturias.com\/de\/inmueble\/venta\/terreno-urbano\/asturias\/gijon\/04473\/","title":{"rendered":"St\u00e4dtisches Grundst\u00fcck im oberen Bereich von Somi\u00f3 &#8211; 04473"},"content":{"rendered":"<p>Zu verkaufen ist ein st\u00e4dtisches Grundst\u00fcck f\u00fcr bis zu neun Parzellen im oberen Bereich von Somi\u00f3 mit freiem Blick auf die Bucht von San Lorenzo und dar\u00fcber hinaus gelegen nur etwa 1200 Meter vom Strand entfernt und nach S\u00fcden ausgerichtet betr\u00e4gt die Fl\u00e4che des Grundst\u00fccks insgesamt m\u00b2 gro\u00dfe bietet zahlreiche M\u00f6glichkeiten zur Immobilienentwicklung eine ideale Gelegenheit f\u00fcr Investoren ,die ihr Portfolio an Immobilien an einem privilegierten Standort erweitern m\u00f6chten Die Mindestgr\u00f6\u00dfe der Parzelle betr\u00e4gt m\u00b2 Gesamte Bebauungsfl\u00e4che Quadratmeter Jahreszeit jeweils ca . \u00fcber Tagebau pro Wohnung<br \/>Die \u00dcbertragungssteuer sowie Notarkosten sind nicht im Preis enthalten.<\/p>\n","protected":false},"excerpt":{"rendered":"<p>Zu verkaufen ist ein st\u00e4dtisches Grundst\u00fcck f\u00fcr bis zu neun Parzellen im oberen Bereich von Somi\u00f3 mit freiem Blick auf die Bucht von San Lorenzo und dar\u00fcber hinaus gelegen nur etwa 1200 Meter vom Strand entfernt und nach S\u00fcden ausgerichtet betr\u00e4gt die Fl\u00e4che des Grundst\u00fccks insgesamt m\u00b2 gro\u00dfe bietet zahlreiche M\u00f6glichkeiten zur <\/p>\n","protected":false},"author":1,"featured_media":16802034,"parent":0,"menu_order":0,"template":"","property_type":[791],"property_status":[720],"property_feature":[],"property_label":[],"property_state":[419],"property_city":[420],"property_area":[441],"class_list":["post-16802033","property","type-property","status-publish","has-post-thumbnail","hentry","property_type-bebaubares-grundstuck","property_status-verkauf","property_state-asturias","property_city-gijon","property_area-somio"],"property_meta":{"fave_agent":["156"],"fave_agents":["156"],"fave_agent_display_option":["agent_info"],"property_agent":["156"],"custom_permalink":["inmueble\/venta\/terreno-urbano\/asturias\/gijon\/04473\/"],"_thumbnail_id":["16802034"],"post_id":["Array"],"original_author":["1"],"_edit_lock":["1604137107:1"],"_edit_last":["1"],"fave_property_map_street_view":["show"],"fave_payment_status":["not_paid"],"fave_single_top_area":["global"],"fave_single_content_area":["global"],"houzez_manual_expire":["0"],"fave_property_size_prefix":["m&sup2;"],"fave_property_map":["1"],"fave_additional_features_enable":["disable"],"fave_floor_plans_enable":["disable"],"fave_multiunit_plans_enable":["disable"],"fave_prop_homeslider":["no"],"fave_featured":["0"],"fave_property_address":["Gij\u00f3n,Asturias"],"fave_property_zip":["33203"],"houzez_geolocation_lat":["43.542849506"],"houzez_geolocation_long":["-5.616976825"],"fave_property_location":["43.542849506,-5.616976825"],"fave_property_country":["ES"],"fave_property_map_address":["Gij\u00f3n,Asturias,Spain"],"fave_comunidadimporte":["0"],"fave_comunidadincluida":["0"],"fave_conservacion":["Ninguno"],"fave_orientacion":["Sur"],"fave_carpinteriainterior":[""],"fave_carpinteriaexterior":[""],"fave_tiposuelo":[""],"fave_vistas":[""],"additional_features":["a:5:{i:0;a:2:{s:29:\"fave_additional_feature_title\";s:12:\"Carpinter\u00eda\";s:29:\"fave_additional_feature_value\";s:0:\"\";}i:1;a:2:{s:29:\"fave_additional_feature_title\";s:21:\"Carpinter\u00eda exterior\";s:29:\"fave_additional_feature_value\";s:0:\"\";}i:2;a:2:{s:29:\"fave_additional_feature_title\";s:6:\"Estado\";s:29:\"fave_additional_feature_value\";s:7:\"Ninguno\";}i:3;a:2:{s:29:\"fave_additional_feature_title\";s:6:\"Vistas\";s:29:\"fave_additional_feature_value\";s:0:\"\";}i:4;a:2:{s:29:\"fave_additional_feature_title\";s:11:\"Orientacion\";s:29:\"fave_additional_feature_value\";s:3:\"Sur\";}}"],"referencia":["04473"],"fave_property_id":["04473"],"fave_property_bedrooms":["0"],"fave_property_bathrooms":["0"],"fave_property_garage":[""],"fave_property_land":["9108"],"ave_property_land_postfix":["m&sup2;"],"fave_property_size":["0"],"fave_property_year":["0"],"fave_energy_global_index":["0 kWh\/m&sup2; \/0 Kg CO2\/m&sup2;"],"fave_energy_class":["N"],"estate_attr_energy_class":["Tramitando..."],"REAL_HOMES_property_emisiones":["0"],"REAL_HOMES_property_consumo":["0"],"REAL_HOMES_property_letra":["N"],"estate_video":[""],"fave_virtual_tour":[""],"vendidoInmueble":[""],"fave_property_price":["1300000"],"fave_property_price_postfix":[""],"fave_property_images":["16802034","16802035","16802036","16802037","16802038","16802039","16802040","16802041","16802042","16802043","16802044","16802045","16802046","16802047","16802048","16802049","16802050","16802051","16802052","16802053","16802054","16802055","16802056","16802057","16802058","16802059","16802060","16802061"],"houzez_total_property_views":["2"],"houzez_views_by_date":["a:1:{s:10:\"04-29-2026\";i:2;}"],"houzez_recently_viewed":["2026-04-29 15:43:21"]},"_links":{"self":[{"href":"https:\/\/agencia-asturias.com\/de\/wp-json\/wp\/v2\/properties\/16802033","targetHints":{"allow":["GET"]}}],"collection":[{"href":"https:\/\/agencia-asturias.com\/de\/wp-json\/wp\/v2\/properties"}],"about":[{"href":"https:\/\/agencia-asturias.com\/de\/wp-json\/wp\/v2\/types\/property"}],"author":[{"embeddable":true,"href":"https:\/\/agencia-asturias.com\/de\/wp-json\/wp\/v2\/users\/1"}],"version-history":[{"count":0,"href":"https:\/\/agencia-asturias.com\/de\/wp-json\/wp\/v2\/properties\/16802033\/revisions"}],"wp:featuredmedia":[{"embeddable":true,"href":"https:\/\/agencia-asturias.com\/de\/wp-json\/wp\/v2\/media\/16802034"}],"wp:attachment":[{"href":"https:\/\/agencia-asturias.com\/de\/wp-json\/wp\/v2\/media?parent=16802033"}],"wp:term":[{"taxonomy":"property_type","embeddable":true,"href":"https:\/\/agencia-asturias.com\/de\/wp-json\/wp\/v2\/property_type?post=16802033"},{"taxonomy":"property_status","embeddable":true,"href":"https:\/\/agencia-asturias.com\/de\/wp-json\/wp\/v2\/property_status?post=16802033"},{"taxonomy":"property_feature","embeddable":true,"href":"https:\/\/agencia-asturias.com\/de\/wp-json\/wp\/v2\/property_feature?post=16802033"},{"taxonomy":"property_label","embeddable":true,"href":"https:\/\/agencia-asturias.com\/de\/wp-json\/wp\/v2\/property_label?post=16802033"},{"taxonomy":"property_state","embeddable":true,"href":"https:\/\/agencia-asturias.com\/de\/wp-json\/wp\/v2\/property_state?post=16802033"},{"taxonomy":"property_city","embeddable":true,"href":"https:\/\/agencia-asturias.com\/de\/wp-json\/wp\/v2\/property_city?post=16802033"},{"taxonomy":"property_area","embeddable":true,"href":"https:\/\/agencia-asturias.com\/de\/wp-json\/wp\/v2\/property_area?post=16802033"}],"curies":[{"name":"wp","href":"https:\/\/api.w.org\/{rel}","templated":true}]}}