{"id":16802077,"date":"2024-03-08T16:54:02","date_gmt":"2024-03-08T16:54:02","guid":{"rendered":"https:\/\/agencia-asturias.com\/inmueble\/venta\/oficina\/asturias\/gijon\/04484\/"},"modified":"2024-03-08T16:54:02","modified_gmt":"2024-03-08T16:54:02","slug":"geraumiges-buro-im-herzen-von-gijon-04484","status":"publish","type":"property","link":"https:\/\/agencia-asturias.com\/de\/inmueble\/venta\/oficina\/asturias\/gijon\/04484\/","title":{"rendered":"Ger\u00e4umiges B\u00fcro im Herzen von Gij\u00f3n &#8211; 04484"},"content":{"rendered":"<p>Dieses B\u00fcro ist zum Verkauf und zur Miete verf\u00fcgbar und befindet sich im Stadtzentrum von Gij\u00f3n mit einer Gesamtfl\u00e4che von 1064,00 m\u00b2. Dieses B\u00fcro bietet aufgrund seiner strategischen Lage nahe dem wichtigsten Handelszentrum der Stadt sowie seiner Gr\u00f6\u00dfe zahlreiche M\u00f6glichkeiten ? ideal f\u00fcr Unternehmen mit vielen Mitarbeitern, die ihre T\u00e4tigkeit im st\u00e4dtischen Bereich aus\u00fcben m\u00f6chten, ohne weit weg ziehen zu m\u00fcssen um ihren Arbeitsplatz zu erreichen. Zum Verkauf: Grunderwerbsteuer sowie Notar- und Registergeb\u00fchren sind nicht im Preis enthalten.<\/p>\n","protected":false},"excerpt":{"rendered":"<p>Dieses B\u00fcro ist zum Verkauf und zur Miete verf\u00fcgbar und befindet sich im Stadtzentrum von Gij\u00f3n mit einer Gesamtfl\u00e4che von 1064,00 m\u00b2. Dieses B\u00fcro bietet aufgrund seiner strategischen Lage nahe dem wichtigsten Handelszentrum der Stadt sowie seiner Gr\u00f6\u00dfe zahlreiche M\u00f6glichkeiten ? ideal f\u00fcr Unternehmen mit vielen Mitarbeitern, die <\/p>\n","protected":false},"author":1,"featured_media":16802078,"parent":0,"menu_order":0,"template":"","property_type":[777],"property_status":[852],"property_feature":[724,858],"property_label":[],"property_state":[419],"property_city":[420],"property_area":[421],"class_list":["post-16802077","property","type-property","status-publish","has-post-thumbnail","hentry","property_type-buro","property_status-vermietung","property_feature-heizung","property_feature-komplett-auenliegend","property_state-asturias","property_city-gijon","property_area-centro"],"property_meta":{"fave_agent":["156"],"fave_agents":["156"],"fave_agent_display_option":["agent_info"],"property_agent":["156"],"custom_permalink":["inmueble\/venta\/oficina\/asturias\/gijon\/04484\/"],"_thumbnail_id":["16802078"],"post_id":["Array"],"original_author":["1"],"_edit_lock":["1604137107:1"],"_edit_last":["1"],"fave_property_map_street_view":["show"],"fave_payment_status":["not_paid"],"fave_single_top_area":["global"],"fave_single_content_area":["global"],"houzez_manual_expire":["0"],"fave_property_size_prefix":["m&sup2;"],"fave_property_map":["1"],"fave_additional_features_enable":["disable"],"fave_floor_plans_enable":["disable"],"fave_multiunit_plans_enable":["disable"],"fave_prop_homeslider":["no"],"fave_featured":["0"],"fave_property_address":["Gij\u00f3n,Asturias"],"fave_property_zip":["33205"],"houzez_geolocation_lat":["43.536314569"],"houzez_geolocation_long":["-5.65622422"],"fave_property_location":["43.536314569,-5.65622422"],"fave_property_country":["ES"],"fave_property_map_address":["Gij\u00f3n,Asturias,Spain"],"fave_comunidadimporte":["40"],"fave_comunidadincluida":["0"],"fave_conservacion":["Buen estado"],"fave_orientacion":[""],"fave_carpinteriainterior":[""],"fave_carpinteriaexterior":[""],"fave_tiposuelo":[""],"fave_vistas":[""],"additional_features":["a:5:{i:0;a:2:{s:29:\"fave_additional_feature_title\";s:12:\"Carpinter\u00eda\";s:29:\"fave_additional_feature_value\";s:0:\"\";}i:1;a:2:{s:29:\"fave_additional_feature_title\";s:21:\"Carpinter\u00eda exterior\";s:29:\"fave_additional_feature_value\";s:0:\"\";}i:2;a:2:{s:29:\"fave_additional_feature_title\";s:6:\"Estado\";s:29:\"fave_additional_feature_value\";s:11:\"Buen estado\";}i:3;a:2:{s:29:\"fave_additional_feature_title\";s:6:\"Vistas\";s:29:\"fave_additional_feature_value\";s:0:\"\";}i:4;a:2:{s:29:\"fave_additional_feature_title\";s:11:\"Orientacion\";s:29:\"fave_additional_feature_value\";s:0:\"\";}}"],"referencia":["04484"],"fave_property_id":["04484"],"fave_property_bedrooms":["0"],"fave_property_bathrooms":["0"],"fave_property_garage":[""],"fave_property_land":["0"],"ave_property_land_postfix":["m&sup2;"],"fave_property_size":["1064"],"fave_property_year":["1945"],"fave_energy_global_index":["0 kWh\/m&sup2; \/0 Kg CO2\/m&sup2;"],"fave_energy_class":["N"],"estate_attr_energy_class":["Tramitando..."],"REAL_HOMES_property_emisiones":["0"],"REAL_HOMES_property_consumo":["0"],"REAL_HOMES_property_letra":["N"],"estate_video":[""],"fave_virtual_tour":[""],"vendidoInmueble":[""],"fave_property_price":["8000"],"fave_property_price_postfix":["mes"],"fave_property_images":["16802078","16802079","16802080","16802081","16802082","16802083","16802084","16802085","16802086","16802087","16802088","16802089","16802090","16802091","16802092","16802093","16802094","16802095","16802096","16802097","16802098","16802099","16802100","16802101","16802102","16802103","16802104","16802105","16802106","16802107","16802108","16802109","16802110","16802111","16802112","16802113","16802114","16802115","16802116","16802117","16802118","16802119","16802120","16802121","16802122","16802123","16802124","16802125","16802126","16802127","16802128","16802129","16802130","16802131","16802132","16802133","16802134","16802135","16802136","16802137","16802138","16802139","16802140","16802141","16802142","16802143"],"houzez_total_property_views":["2"],"houzez_views_by_date":["a:1:{s:10:\"04-29-2026\";i:2;}"],"houzez_recently_viewed":["2026-04-29 13:44:55"]},"_links":{"self":[{"href":"https:\/\/agencia-asturias.com\/de\/wp-json\/wp\/v2\/properties\/16802077","targetHints":{"allow":["GET"]}}],"collection":[{"href":"https:\/\/agencia-asturias.com\/de\/wp-json\/wp\/v2\/properties"}],"about":[{"href":"https:\/\/agencia-asturias.com\/de\/wp-json\/wp\/v2\/types\/property"}],"author":[{"embeddable":true,"href":"https:\/\/agencia-asturias.com\/de\/wp-json\/wp\/v2\/users\/1"}],"version-history":[{"count":0,"href":"https:\/\/agencia-asturias.com\/de\/wp-json\/wp\/v2\/properties\/16802077\/revisions"}],"wp:featuredmedia":[{"embeddable":true,"href":"https:\/\/agencia-asturias.com\/de\/wp-json\/wp\/v2\/media\/16802078"}],"wp:attachment":[{"href":"https:\/\/agencia-asturias.com\/de\/wp-json\/wp\/v2\/media?parent=16802077"}],"wp:term":[{"taxonomy":"property_type","embeddable":true,"href":"https:\/\/agencia-asturias.com\/de\/wp-json\/wp\/v2\/property_type?post=16802077"},{"taxonomy":"property_status","embeddable":true,"href":"https:\/\/agencia-asturias.com\/de\/wp-json\/wp\/v2\/property_status?post=16802077"},{"taxonomy":"property_feature","embeddable":true,"href":"https:\/\/agencia-asturias.com\/de\/wp-json\/wp\/v2\/property_feature?post=16802077"},{"taxonomy":"property_label","embeddable":true,"href":"https:\/\/agencia-asturias.com\/de\/wp-json\/wp\/v2\/property_label?post=16802077"},{"taxonomy":"property_state","embeddable":true,"href":"https:\/\/agencia-asturias.com\/de\/wp-json\/wp\/v2\/property_state?post=16802077"},{"taxonomy":"property_city","embeddable":true,"href":"https:\/\/agencia-asturias.com\/de\/wp-json\/wp\/v2\/property_city?post=16802077"},{"taxonomy":"property_area","embeddable":true,"href":"https:\/\/agencia-asturias.com\/de\/wp-json\/wp\/v2\/property_area?post=16802077"}],"curies":[{"name":"wp","href":"https:\/\/api.w.org\/{rel}","templated":true}]}}