{"id":16802146,"date":"2024-03-08T17:11:28","date_gmt":"2024-03-08T17:11:28","guid":{"rendered":"https:\/\/agencia-asturias.com\/inmueble\/venta\/local-comercial\/asturias\/gijon\/04485\/"},"modified":"2024-03-08T17:11:28","modified_gmt":"2024-03-08T17:11:28","slug":"gewerbeimmobilie-im-zentrum-von-gijon-mit-groszugigen-abmessungen-04485","status":"publish","type":"property","link":"https:\/\/agencia-asturias.com\/de\/inmueble\/venta\/local-comercial\/asturias\/gijon\/04485\/","title":{"rendered":"Gewerbeimmobilie im Zentrum von Gij\u00f3n mit gro\u00dfz\u00fcgigen Abmessungen &#8211; 04485"},"content":{"rendered":"<p>Ger\u00e4umige Gewerbefl\u00e4che von 338,00 Quadratmetern an einem zentralen Standort in Gij\u00f3n, ideal f\u00fcr die Gr\u00fcndung eines neuen Unternehmens oder zur Erweiterung des bestehenden Gesch\u00e4fts. Die Immobilie befindet sich im Originalzustand und bietet die perfekte Gelegenheit zur Anpassung nach den Bed\u00fcrfnissen des zuk\u00fcnftigen Eigent\u00fcmers. Zudem profitieren Sie von hervorragenden \u00f6ffentlichen Verkehrsanbindungen dank der N\u00e4he zu Bushaltestellen sowie dem einfachen Zugang zu Gr\u00fcnfl\u00e4chen und Freifl\u00e4chen.<br \/>\u00dcbertragungssteuer sowie Notar- und Grundbuchgeb\u00fchren sind nicht im Preis enthalten.<\/p>\n","protected":false},"excerpt":{"rendered":"<p>Ger\u00e4umige Gewerbefl\u00e4che von 338,00 Quadratmetern an einem zentralen Standort in Gij\u00f3n, ideal f\u00fcr die Gr\u00fcndung eines neuen Unternehmens oder zur Erweiterung des bestehenden Gesch\u00e4fts. Die Immobilie befindet sich im Originalzustand und bietet die perfekte Gelegenheit zur Anpassung nach den Bed\u00fcrfnissen des zuk\u00fcnftigen Eigent\u00fcmers. <\/p>\n","protected":false},"author":1,"featured_media":16802147,"parent":0,"menu_order":0,"template":"","property_type":[771],"property_status":[720],"property_feature":[],"property_label":[],"property_state":[419],"property_city":[420],"property_area":[421],"class_list":["post-16802146","property","type-property","status-publish","has-post-thumbnail","hentry","property_type-gewerbeimmobilie","property_status-verkauf","property_state-asturias","property_city-gijon","property_area-centro"],"property_meta":{"fave_agent":["156"],"fave_agents":["156"],"fave_agent_display_option":["agent_info"],"property_agent":["156"],"custom_permalink":["inmueble\/venta\/local-comercial\/asturias\/gijon\/04485\/"],"_thumbnail_id":["16802147"],"post_id":["Array"],"original_author":["1"],"_edit_lock":["1604137107:1"],"_edit_last":["1"],"fave_property_map_street_view":["show"],"fave_payment_status":["not_paid"],"fave_single_top_area":["global"],"fave_single_content_area":["global"],"houzez_manual_expire":["0"],"fave_property_size_prefix":["m&sup2;"],"fave_property_map":["1"],"fave_additional_features_enable":["disable"],"fave_floor_plans_enable":["disable"],"fave_multiunit_plans_enable":["disable"],"fave_prop_homeslider":["no"],"fave_featured":["0"],"fave_property_address":["Gij\u00f3n,Asturias"],"fave_property_zip":["33205"],"houzez_geolocation_lat":["43.535942056"],"houzez_geolocation_long":["-5.656170321"],"fave_property_location":["43.535942056,-5.656170321"],"fave_property_country":["ES"],"fave_property_map_address":["Gij\u00f3n,Asturias,Spain"],"fave_comunidadimporte":["0"],"fave_comunidadincluida":["0"],"fave_conservacion":["De origen"],"fave_orientacion":[""],"fave_carpinteriainterior":[""],"fave_carpinteriaexterior":[""],"fave_tiposuelo":[""],"fave_vistas":[""],"additional_features":["a:5:{i:0;a:2:{s:29:\"fave_additional_feature_title\";s:12:\"Carpinter\u00eda\";s:29:\"fave_additional_feature_value\";s:0:\"\";}i:1;a:2:{s:29:\"fave_additional_feature_title\";s:21:\"Carpinter\u00eda exterior\";s:29:\"fave_additional_feature_value\";s:0:\"\";}i:2;a:2:{s:29:\"fave_additional_feature_title\";s:6:\"Estado\";s:29:\"fave_additional_feature_value\";s:9:\"De origen\";}i:3;a:2:{s:29:\"fave_additional_feature_title\";s:6:\"Vistas\";s:29:\"fave_additional_feature_value\";s:0:\"\";}i:4;a:2:{s:29:\"fave_additional_feature_title\";s:11:\"Orientacion\";s:29:\"fave_additional_feature_value\";s:0:\"\";}}"],"referencia":["04485"],"fave_property_id":["04485"],"fave_property_bedrooms":["0"],"fave_property_bathrooms":["0"],"fave_property_garage":[""],"fave_property_land":["0"],"ave_property_land_postfix":["m&sup2;"],"fave_property_size":["338"],"fave_property_year":["1967"],"fave_energy_global_index":["0 kWh\/m&sup2; \/0 Kg CO2\/m&sup2;"],"fave_energy_class":["N"],"estate_attr_energy_class":["Tramitando..."],"REAL_HOMES_property_emisiones":["0"],"REAL_HOMES_property_consumo":["0"],"REAL_HOMES_property_letra":["N"],"estate_video":[""],"fave_virtual_tour":[""],"vendidoInmueble":[""],"fave_property_price":["253000"],"fave_property_price_postfix":[""],"fave_property_images":["16802147","16802148","16802149","16802150","16802151","16802152","16802153","16802154","16802155","16802156","16802157","16802158","16802159"],"houzez_total_property_views":["2"],"houzez_views_by_date":["a:1:{s:10:\"04-29-2026\";i:2;}"],"houzez_recently_viewed":["2026-04-29 08:50:24"]},"_links":{"self":[{"href":"https:\/\/agencia-asturias.com\/de\/wp-json\/wp\/v2\/properties\/16802146","targetHints":{"allow":["GET"]}}],"collection":[{"href":"https:\/\/agencia-asturias.com\/de\/wp-json\/wp\/v2\/properties"}],"about":[{"href":"https:\/\/agencia-asturias.com\/de\/wp-json\/wp\/v2\/types\/property"}],"author":[{"embeddable":true,"href":"https:\/\/agencia-asturias.com\/de\/wp-json\/wp\/v2\/users\/1"}],"version-history":[{"count":0,"href":"https:\/\/agencia-asturias.com\/de\/wp-json\/wp\/v2\/properties\/16802146\/revisions"}],"wp:featuredmedia":[{"embeddable":true,"href":"https:\/\/agencia-asturias.com\/de\/wp-json\/wp\/v2\/media\/16802147"}],"wp:attachment":[{"href":"https:\/\/agencia-asturias.com\/de\/wp-json\/wp\/v2\/media?parent=16802146"}],"wp:term":[{"taxonomy":"property_type","embeddable":true,"href":"https:\/\/agencia-asturias.com\/de\/wp-json\/wp\/v2\/property_type?post=16802146"},{"taxonomy":"property_status","embeddable":true,"href":"https:\/\/agencia-asturias.com\/de\/wp-json\/wp\/v2\/property_status?post=16802146"},{"taxonomy":"property_feature","embeddable":true,"href":"https:\/\/agencia-asturias.com\/de\/wp-json\/wp\/v2\/property_feature?post=16802146"},{"taxonomy":"property_label","embeddable":true,"href":"https:\/\/agencia-asturias.com\/de\/wp-json\/wp\/v2\/property_label?post=16802146"},{"taxonomy":"property_state","embeddable":true,"href":"https:\/\/agencia-asturias.com\/de\/wp-json\/wp\/v2\/property_state?post=16802146"},{"taxonomy":"property_city","embeddable":true,"href":"https:\/\/agencia-asturias.com\/de\/wp-json\/wp\/v2\/property_city?post=16802146"},{"taxonomy":"property_area","embeddable":true,"href":"https:\/\/agencia-asturias.com\/de\/wp-json\/wp\/v2\/property_area?post=16802146"}],"curies":[{"name":"wp","href":"https:\/\/api.w.org\/{rel}","templated":true}]}}