{"id":16802352,"date":"2024-07-08T12:00:00","date_gmt":"2024-07-08T12:00:00","guid":{"rendered":"https:\/\/agencia-asturias.com\/inmueble\/venta\/piso\/asturias\/gijon\/04592\/"},"modified":"2024-07-08T12:00:00","modified_gmt":"2024-07-08T12:00:00","slug":"wunderschones-zuhause-in-roces-04592","status":"publish","type":"property","link":"https:\/\/agencia-asturias.com\/de\/inmueble\/venta\/piso\/asturias\/gijon\/04592\/","title":{"rendered":"Wundersch\u00f6nes Zuhause in Roces &#8211; 04592"},"content":{"rendered":"<p>Gelegenheit, dieses wundersch\u00f6ne Zuhause in Roces zu erwerben, gut angebunden, erst wenige Jahre alt, freundlich und hell, mit sehr guten R\u00e4umen, umgeben von Gr\u00fcnfl\u00e4chen und Parks. Wenn Sie in einer der ruhigsten Gegenden leben m\u00f6chten und gute Zug\u00e4nge und Kommunikation haben m\u00f6chten, verpassen Sie nicht diese Gelegenheit. Sehr gut gepflegt, verf\u00fcgt es \u00fcber einen ger\u00e4umigen Parkplatz mit direktem Zugang vom Aufzug und einen Abstellraum, der sich im obersten Stockwerk desselben Geb\u00e4udes befindet.<br \/>Grunderwerbssteuer sowie Notar- und Registrierungsgeb\u00fchren sind nicht im Preis enthalten.<\/p>\n","protected":false},"excerpt":{"rendered":"<p>Gelegenheit, dieses wundersch\u00f6ne Zuhause in Roces zu erwerben, gut angebunden, erst wenige Jahre alt, freundlich und hell, mit sehr guten R\u00e4umen, umgeben von Gr\u00fcnfl\u00e4chen und Parks. Wenn Sie in einer der ruhigsten Gegenden leben m\u00f6chten und gute Zug\u00e4nge und Kommunikation haben m\u00f6chten, verpassen Sie nicht diese Gelegenheit. Sehr gut <\/p>\n","protected":false},"author":1,"featured_media":16802353,"parent":0,"menu_order":0,"template":"","property_type":[779],"property_status":[720],"property_feature":[722,855,724,858,856],"property_label":[],"property_state":[419],"property_city":[420],"property_area":[536],"class_list":["post-16802352","property","type-property","status-publish","has-post-thumbnail","hentry","property_type-wohnung","property_status-verkauf","property_feature-elektrogerte","property_feature-heizung","property_feature-komplett-auenliegend","property_feature-stadtgas","property_state-asturias","property_city-gijon","property_area-roces"],"property_meta":{"fave_agent":["59311"],"fave_agents":["59311"],"fave_agent_display_option":["agent_info"],"property_agent":["59311"],"custom_permalink":["inmueble\/venta\/piso\/asturias\/gijon\/04592\/"],"_thumbnail_id":["16802353"],"post_id":["Array"],"original_author":["1"],"_edit_lock":["1604137107:1"],"_edit_last":["1"],"fave_property_map_street_view":["show"],"fave_payment_status":["not_paid"],"fave_single_top_area":["global"],"fave_single_content_area":["global"],"houzez_manual_expire":["0"],"fave_property_size_prefix":["m&sup2;"],"fave_property_map":["1"],"fave_additional_features_enable":["disable"],"fave_floor_plans_enable":["disable"],"fave_multiunit_plans_enable":["disable"],"fave_prop_homeslider":["no"],"fave_featured":["0"],"fave_property_address":["Gij\u00f3n,Asturias"],"fave_property_zip":["33211"],"houzez_geolocation_lat":["43.5163414877469"],"houzez_geolocation_long":["-5.6812572986683305"],"fave_property_location":["43.5163414877469,-5.6812572986683305"],"fave_property_country":["ES"],"fave_property_map_address":["Gij\u00f3n,Asturias,Spain"],"fave_comunidadimporte":["99"],"fave_comunidadincluida":["0"],"fave_conservacion":["Seminuevo"],"fave_orientacion":[""],"fave_carpinteriainterior":["PVC"],"fave_carpinteriaexterior":["Climalit"],"fave_tiposuelo":[""],"fave_vistas":[""],"additional_features":["a:5:{i:0;a:2:{s:29:\"fave_additional_feature_title\";s:12:\"Carpinter\u00eda\";s:29:\"fave_additional_feature_value\";s:3:\"PVC\";}i:1;a:2:{s:29:\"fave_additional_feature_title\";s:21:\"Carpinter\u00eda exterior\";s:29:\"fave_additional_feature_value\";s:8:\"Climalit\";}i:2;a:2:{s:29:\"fave_additional_feature_title\";s:6:\"Estado\";s:29:\"fave_additional_feature_value\";s:9:\"Seminuevo\";}i:3;a:2:{s:29:\"fave_additional_feature_title\";s:6:\"Vistas\";s:29:\"fave_additional_feature_value\";s:0:\"\";}i:4;a:2:{s:29:\"fave_additional_feature_title\";s:11:\"Orientacion\";s:29:\"fave_additional_feature_value\";s:0:\"\";}}"],"referencia":["04592"],"fave_property_id":["04592"],"fave_property_bedrooms":["3"],"fave_property_bathrooms":["1"],"fave_property_garage":["2"],"fave_property_land":["0"],"ave_property_land_postfix":["m&sup2;"],"fave_property_size":["90"],"fave_property_year":["2006"],"fave_energy_global_index":["0 kWh\/m&sup2; \/18 Kg CO2\/m&sup2;"],"fave_energy_class":["D"],"estate_attr_energy_class":["D"],"REAL_HOMES_property_emisiones":["18"],"REAL_HOMES_property_consumo":["0"],"REAL_HOMES_property_letra":["D"],"estate_video":[""],"fave_video_url":["https:\/\/www.youtube.com\/watch?v=x-aSG8N3tSI?feature=share"],"fave_video_image":["https:\/\/fotos15.apinmo.com\/1445\/22136355\/4-1.jpg"],"fave_virtual_tour":[""],"vendidoInmueble":[""],"fave_property_price":["260000"],"fave_property_price_postfix":[""],"fave_property_images":["16802353","16802354","16802355","16802356","16802357","16802358","16802359","16802360","16802361","16802362","16802363","16802364","16802365","16802366","16802367","16802368","16802369","16802370","16802371","16802372","16802373","16802374","16802375","16802376","16802377","16802378","16802379","16802380","16802381","16802382","16802383","16802384","16802385","16802386","16802387","16802388","16802389","16802390","16802391","16802392","16802393","16802394","16802395","16802396","16802397","16802398","16802399","16802400","16802401","16802402","16802403","16802404","16802405","16802406","16802407","16802408","16802409"],"houzez_total_property_views":["2"],"houzez_views_by_date":["a:1:{s:10:\"04-29-2026\";i:2;}"],"houzez_recently_viewed":["2026-04-29 12:08:29"]},"_links":{"self":[{"href":"https:\/\/agencia-asturias.com\/de\/wp-json\/wp\/v2\/properties\/16802352","targetHints":{"allow":["GET"]}}],"collection":[{"href":"https:\/\/agencia-asturias.com\/de\/wp-json\/wp\/v2\/properties"}],"about":[{"href":"https:\/\/agencia-asturias.com\/de\/wp-json\/wp\/v2\/types\/property"}],"author":[{"embeddable":true,"href":"https:\/\/agencia-asturias.com\/de\/wp-json\/wp\/v2\/users\/1"}],"version-history":[{"count":0,"href":"https:\/\/agencia-asturias.com\/de\/wp-json\/wp\/v2\/properties\/16802352\/revisions"}],"wp:featuredmedia":[{"embeddable":true,"href":"https:\/\/agencia-asturias.com\/de\/wp-json\/wp\/v2\/media\/16802353"}],"wp:attachment":[{"href":"https:\/\/agencia-asturias.com\/de\/wp-json\/wp\/v2\/media?parent=16802352"}],"wp:term":[{"taxonomy":"property_type","embeddable":true,"href":"https:\/\/agencia-asturias.com\/de\/wp-json\/wp\/v2\/property_type?post=16802352"},{"taxonomy":"property_status","embeddable":true,"href":"https:\/\/agencia-asturias.com\/de\/wp-json\/wp\/v2\/property_status?post=16802352"},{"taxonomy":"property_feature","embeddable":true,"href":"https:\/\/agencia-asturias.com\/de\/wp-json\/wp\/v2\/property_feature?post=16802352"},{"taxonomy":"property_label","embeddable":true,"href":"https:\/\/agencia-asturias.com\/de\/wp-json\/wp\/v2\/property_label?post=16802352"},{"taxonomy":"property_state","embeddable":true,"href":"https:\/\/agencia-asturias.com\/de\/wp-json\/wp\/v2\/property_state?post=16802352"},{"taxonomy":"property_city","embeddable":true,"href":"https:\/\/agencia-asturias.com\/de\/wp-json\/wp\/v2\/property_city?post=16802352"},{"taxonomy":"property_area","embeddable":true,"href":"https:\/\/agencia-asturias.com\/de\/wp-json\/wp\/v2\/property_area?post=16802352"}],"curies":[{"name":"wp","href":"https:\/\/api.w.org\/{rel}","templated":true}]}}