{"id":16802557,"date":"2024-09-23T13:33:28","date_gmt":"2024-09-23T13:33:28","guid":{"rendered":"https:\/\/agencia-asturias.com\/inmueble\/venta\/terreno-edificable\/asturias\/gijon\/04656\/"},"modified":"2024-09-23T13:33:28","modified_gmt":"2024-09-23T13:33:28","slug":"bebaubares-grundstuck-in-bernueces-04656","status":"publish","type":"property","link":"https:\/\/agencia-asturias.com\/de\/inmueble\/venta\/terreno-edificable\/asturias\/gijon\/04656\/","title":{"rendered":"Bebaubares Grundst\u00fcck in Bernueces &#8211; 04656"},"content":{"rendered":"<p>Dieses bebaubare Grundst\u00fcck von 8162 m\u00b2 wird zum Verkauf angeboten und befindet sich im begehrten Gebiet von Bernueces bei Gij\u00f3n. Dieses Grundst\u00fcck liegt innerhalb eines l\u00e4ndlichen Zentrums und w\u00fcrde es Ihnen erm\u00f6glichen bis zu drei Einfamilienh\u00e4user mit maximal je 300 Quadratmetern zu errichten. Sie haben auch die M\u00f6glichkeit ein Hotel- oder Altenpflegegesch\u00e4ft sowie Gastronomie oder Unterk\u00fcnfte einzurichten&#8230; In der N\u00e4he zur K\u00fcste , Krankenh\u00e4usern , Golfpl\u00e4tzen , Busdiensten &#8230; Nur wenige Minuten vom Stadtzentrum von Gij\u00f3n entfernt . Diese Immobilie stellt eine solide Investition f\u00fcr diejenigen dar die daran interessiert sind Immobilienprojekte zu entwickeln oder personalisierte R\u00e4ume entsprechend ihrer Vorlieben und Interessen zu schaffen . Die Grund\u00fcbertragungssteuer sowie Notargeb\u00fchren sind nicht im Preis enthalten.<\/p>\n","protected":false},"excerpt":{"rendered":"<p>Dieses bebaubare Grundst\u00fcck von 8162 m\u00b2 wird zum Verkauf angeboten und befindet sich im begehrten Gebiet von Bernueces bei Gij\u00f3n. Dieses Grundst\u00fcck liegt innerhalb eines l\u00e4ndlichen Zentrums und w\u00fcrde es Ihnen erm\u00f6glichen bis zu drei Einfamilienh\u00e4user mit maximal je 300 Quadratmetern zu errichten. Sie haben auch die M\u00f6glichkeit ein <\/p>\n","protected":false},"author":1,"featured_media":16802558,"parent":0,"menu_order":0,"template":"","property_type":[791],"property_status":[720],"property_feature":[],"property_label":[],"property_state":[419],"property_city":[420],"property_area":[449],"class_list":["post-16802557","property","type-property","status-publish","has-post-thumbnail","hentry","property_type-bebaubares-grundstuck","property_status-verkauf","property_state-asturias","property_city-gijon","property_area-bernueces"],"property_meta":{"fave_agent":["156"],"fave_agents":["156"],"fave_agent_display_option":["agent_info"],"property_agent":["156"],"custom_permalink":["inmueble\/venta\/terreno-edificable\/asturias\/gijon\/04656\/"],"_thumbnail_id":["16802558"],"post_id":["Array"],"original_author":["1"],"_edit_lock":["1604137107:1"],"_edit_last":["1"],"fave_property_map_street_view":["show"],"fave_payment_status":["not_paid"],"fave_single_top_area":["global"],"fave_single_content_area":["global"],"houzez_manual_expire":["0"],"fave_property_size_prefix":["m&sup2;"],"fave_property_map":["1"],"fave_additional_features_enable":["disable"],"fave_floor_plans_enable":["disable"],"fave_multiunit_plans_enable":["disable"],"fave_prop_homeslider":["no"],"fave_featured":["0"],"fave_property_address":["Gij\u00f3n,Asturias"],"fave_property_zip":["33394"],"houzez_geolocation_lat":["43.51516561944709"],"houzez_geolocation_long":["-5.627946327136755"],"fave_property_location":["43.51516561944709,-5.627946327136755"],"fave_property_country":["ES"],"fave_property_map_address":["Gij\u00f3n,Asturias,Spain"],"fave_comunidadimporte":["0"],"fave_comunidadincluida":["0"],"fave_conservacion":["Ninguno"],"fave_orientacion":[""],"fave_carpinteriainterior":[""],"fave_carpinteriaexterior":[""],"fave_tiposuelo":[""],"fave_vistas":[""],"additional_features":["a:5:{i:0;a:2:{s:29:\"fave_additional_feature_title\";s:12:\"Carpinter\u00eda\";s:29:\"fave_additional_feature_value\";s:0:\"\";}i:1;a:2:{s:29:\"fave_additional_feature_title\";s:21:\"Carpinter\u00eda exterior\";s:29:\"fave_additional_feature_value\";s:0:\"\";}i:2;a:2:{s:29:\"fave_additional_feature_title\";s:6:\"Estado\";s:29:\"fave_additional_feature_value\";s:7:\"Ninguno\";}i:3;a:2:{s:29:\"fave_additional_feature_title\";s:6:\"Vistas\";s:29:\"fave_additional_feature_value\";s:0:\"\";}i:4;a:2:{s:29:\"fave_additional_feature_title\";s:11:\"Orientacion\";s:29:\"fave_additional_feature_value\";s:0:\"\";}}"],"referencia":["04656"],"fave_property_id":["04656"],"fave_property_bedrooms":["0"],"fave_property_bathrooms":["0"],"fave_property_garage":[""],"fave_property_land":["8162"],"ave_property_land_postfix":["m&sup2;"],"fave_property_size":["0"],"fave_property_year":["0"],"fave_energy_global_index":["0 kWh\/m&sup2; \/0 Kg CO2\/m&sup2;"],"fave_energy_class":["N"],"estate_attr_energy_class":["Tramitando..."],"REAL_HOMES_property_emisiones":["0"],"REAL_HOMES_property_consumo":["0"],"REAL_HOMES_property_letra":["N"],"estate_video":[""],"fave_video_url":["https:\/\/www.youtube.com\/watch?v=epwmy4ZSY4w?si=wNmUQ"],"fave_video_image":["https:\/\/fotos15.apinmo.com\/1445\/22608090\/3-1.jpg"],"fave_virtual_tour":[""],"vendidoInmueble":[""],"fave_property_price":["250000"],"fave_property_price_postfix":[""],"fave_property_images":["16802558","16802559","16802560","16802561","16802562","16802563","16802564","16802565","16802566","16802567","16802568","16802569","16802570","16802571","16802572","16802573","16802574","16802575","16802576","16802577","16802578","16802579","16802580","16802581","16802582","16802583","16802584","16802585","16802586","16802587","16802588","16802589","16802590"],"houzez_total_property_views":["2"],"houzez_views_by_date":["a:1:{s:10:\"04-29-2026\";i:2;}"],"houzez_recently_viewed":["2026-04-29 15:36:31"]},"_links":{"self":[{"href":"https:\/\/agencia-asturias.com\/de\/wp-json\/wp\/v2\/properties\/16802557","targetHints":{"allow":["GET"]}}],"collection":[{"href":"https:\/\/agencia-asturias.com\/de\/wp-json\/wp\/v2\/properties"}],"about":[{"href":"https:\/\/agencia-asturias.com\/de\/wp-json\/wp\/v2\/types\/property"}],"author":[{"embeddable":true,"href":"https:\/\/agencia-asturias.com\/de\/wp-json\/wp\/v2\/users\/1"}],"version-history":[{"count":0,"href":"https:\/\/agencia-asturias.com\/de\/wp-json\/wp\/v2\/properties\/16802557\/revisions"}],"wp:featuredmedia":[{"embeddable":true,"href":"https:\/\/agencia-asturias.com\/de\/wp-json\/wp\/v2\/media\/16802558"}],"wp:attachment":[{"href":"https:\/\/agencia-asturias.com\/de\/wp-json\/wp\/v2\/media?parent=16802557"}],"wp:term":[{"taxonomy":"property_type","embeddable":true,"href":"https:\/\/agencia-asturias.com\/de\/wp-json\/wp\/v2\/property_type?post=16802557"},{"taxonomy":"property_status","embeddable":true,"href":"https:\/\/agencia-asturias.com\/de\/wp-json\/wp\/v2\/property_status?post=16802557"},{"taxonomy":"property_feature","embeddable":true,"href":"https:\/\/agencia-asturias.com\/de\/wp-json\/wp\/v2\/property_feature?post=16802557"},{"taxonomy":"property_label","embeddable":true,"href":"https:\/\/agencia-asturias.com\/de\/wp-json\/wp\/v2\/property_label?post=16802557"},{"taxonomy":"property_state","embeddable":true,"href":"https:\/\/agencia-asturias.com\/de\/wp-json\/wp\/v2\/property_state?post=16802557"},{"taxonomy":"property_city","embeddable":true,"href":"https:\/\/agencia-asturias.com\/de\/wp-json\/wp\/v2\/property_city?post=16802557"},{"taxonomy":"property_area","embeddable":true,"href":"https:\/\/agencia-asturias.com\/de\/wp-json\/wp\/v2\/property_area?post=16802557"}],"curies":[{"name":"wp","href":"https:\/\/api.w.org\/{rel}","templated":true}]}}