{"id":16802632,"date":"2024-11-07T13:12:32","date_gmt":"2024-11-07T13:12:32","guid":{"rendered":"https:\/\/agencia-asturias.com\/inmueble\/venta\/terreno-edificable\/asturias\/villaviciosa\/04698\/"},"modified":"2024-11-07T13:12:32","modified_gmt":"2024-11-07T13:12:32","slug":"schones-grundstuck-am-meer-04698","status":"publish","type":"property","link":"https:\/\/agencia-asturias.com\/de\/inmueble\/venta\/terreno-edificable\/asturias\/villaviciosa\/04698\/","title":{"rendered":"Sch\u00f6nes Grundst\u00fcck am Meer &#8211; 04698"},"content":{"rendered":"<p>Wundersch\u00f6nes Grundst\u00fcck neben dem Kantabrischen Meer , zwischen den Str\u00e4nden von Spanien und Mer\u00f3n , in der Pfarrei Maliaya de Care\u00f1es in der N\u00e4he der Stadtteile Fresno und Monasterio .In einer sch\u00f6nen Umgebung etwa15 Minuten mit dem Auto von Vilaviciosa entfernt und25 nachGij\u00f3n.Es hat eine bebaubare Fl\u00e4chevon300 Quadratmetern \u00fcber Bodenh\u00f6he auf zwei Etagen biszu150 Metern jede.Wasser-und Stromversorgung sindnahebei.Das ist ein ideales Baugrundst\u00fcck f\u00fcr dein neues Zuhause oder deine Sommerresidenz fern vom st\u00e4dtischen L\u00e4rm sehr nah amMeer um das K\u00fcstenleben zu genie\u00dfen w\u00e4hrend dieDienstleistungen nur wenige Autominuten entfernt sind.Erbschaftssteuern sowie Notarkosten und Registrierungsgeb\u00fchren nicht im Preis enthalten.<\/p>\n","protected":false},"excerpt":{"rendered":"<p>Wundersch\u00f6nes Grundst\u00fcck neben dem Kantabrischen Meer , zwischen den Str\u00e4nden von Spanien und Mer\u00f3n , in der Pfarrei Maliaya de Care\u00f1es in der N\u00e4he der Stadtteile Fresno und Monasterio .In einer sch\u00f6nen Umgebung etwa15 Minuten mit dem Auto von Vilaviciosa entfernt und25 nachGij\u00f3n.Es hat eine bebaubare Fl\u00e4chevon300 Quadratmetern <\/p>\n","protected":false},"author":1,"featured_media":16802633,"parent":0,"menu_order":0,"template":"","property_type":[791],"property_status":[720],"property_feature":[],"property_label":[],"property_state":[419],"property_city":[438],"property_area":[454],"class_list":["post-16802632","property","type-property","status-publish","has-post-thumbnail","hentry","property_type-bebaubares-grundstuck","property_status-verkauf","property_state-asturias","property_city-villaviciosa","property_area-carenes"],"property_meta":{"fave_agent":["156"],"fave_agents":["156"],"fave_agent_display_option":["agent_info"],"property_agent":["156"],"custom_permalink":["inmueble\/venta\/terreno-edificable\/asturias\/villaviciosa\/04698\/"],"_thumbnail_id":["16802633"],"post_id":["Array"],"original_author":["1"],"_edit_lock":["1604137107:1"],"_edit_last":["1"],"fave_property_map_street_view":["show"],"fave_payment_status":["not_paid"],"fave_single_top_area":["global"],"fave_single_content_area":["global"],"houzez_manual_expire":["0"],"fave_property_size_prefix":["m&sup2;"],"fave_property_map":["1"],"fave_additional_features_enable":["disable"],"fave_floor_plans_enable":["disable"],"fave_multiunit_plans_enable":["disable"],"fave_prop_homeslider":["no"],"fave_featured":["0"],"fave_property_address":["Villaviciosa,Asturias"],"fave_property_zip":["33314"],"houzez_geolocation_lat":["43.5398232441506"],"houzez_geolocation_long":["-5.503285936491324"],"fave_property_location":["43.5398232441506,-5.503285936491324"],"fave_property_country":["ES"],"fave_property_map_address":["Villaviciosa,Asturias,Spain"],"fave_comunidadimporte":["0"],"fave_comunidadincluida":["0"],"fave_conservacion":["Ninguno"],"fave_orientacion":[""],"fave_carpinteriainterior":[""],"fave_carpinteriaexterior":[""],"fave_tiposuelo":[""],"fave_vistas":[""],"additional_features":["a:5:{i:0;a:2:{s:29:\"fave_additional_feature_title\";s:12:\"Carpinter\u00eda\";s:29:\"fave_additional_feature_value\";s:0:\"\";}i:1;a:2:{s:29:\"fave_additional_feature_title\";s:21:\"Carpinter\u00eda exterior\";s:29:\"fave_additional_feature_value\";s:0:\"\";}i:2;a:2:{s:29:\"fave_additional_feature_title\";s:6:\"Estado\";s:29:\"fave_additional_feature_value\";s:7:\"Ninguno\";}i:3;a:2:{s:29:\"fave_additional_feature_title\";s:6:\"Vistas\";s:29:\"fave_additional_feature_value\";s:0:\"\";}i:4;a:2:{s:29:\"fave_additional_feature_title\";s:11:\"Orientacion\";s:29:\"fave_additional_feature_value\";s:0:\"\";}}"],"referencia":["04698"],"fave_property_id":["04698"],"fave_property_bedrooms":["0"],"fave_property_bathrooms":["0"],"fave_property_garage":[""],"fave_property_land":["1830"],"ave_property_land_postfix":["m&sup2;"],"fave_property_size":["0"],"fave_property_year":["0"],"fave_energy_global_index":["0 kWh\/m&sup2; \/0 Kg CO2\/m&sup2;"],"fave_energy_class":["N"],"estate_attr_energy_class":["Tramitando..."],"REAL_HOMES_property_emisiones":["0"],"REAL_HOMES_property_consumo":["0"],"REAL_HOMES_property_letra":["N"],"estate_video":[""],"fave_virtual_tour":[""],"vendidoInmueble":[""],"fave_property_price":["69500"],"fave_property_price_postfix":[""],"fave_property_images":["16802633","16802634","16802635","16802636","16802637","16802638","16802639","16802640","16802641","16802642","16802643","16802644","16802645","16802646","16802647","16802648","16802649","16802650","16802651"],"houzez_total_property_views":["2"],"houzez_views_by_date":["a:1:{s:10:\"04-29-2026\";i:2;}"],"houzez_recently_viewed":["2026-04-29 15:43:20"]},"_links":{"self":[{"href":"https:\/\/agencia-asturias.com\/de\/wp-json\/wp\/v2\/properties\/16802632","targetHints":{"allow":["GET"]}}],"collection":[{"href":"https:\/\/agencia-asturias.com\/de\/wp-json\/wp\/v2\/properties"}],"about":[{"href":"https:\/\/agencia-asturias.com\/de\/wp-json\/wp\/v2\/types\/property"}],"author":[{"embeddable":true,"href":"https:\/\/agencia-asturias.com\/de\/wp-json\/wp\/v2\/users\/1"}],"version-history":[{"count":0,"href":"https:\/\/agencia-asturias.com\/de\/wp-json\/wp\/v2\/properties\/16802632\/revisions"}],"wp:featuredmedia":[{"embeddable":true,"href":"https:\/\/agencia-asturias.com\/de\/wp-json\/wp\/v2\/media\/16802633"}],"wp:attachment":[{"href":"https:\/\/agencia-asturias.com\/de\/wp-json\/wp\/v2\/media?parent=16802632"}],"wp:term":[{"taxonomy":"property_type","embeddable":true,"href":"https:\/\/agencia-asturias.com\/de\/wp-json\/wp\/v2\/property_type?post=16802632"},{"taxonomy":"property_status","embeddable":true,"href":"https:\/\/agencia-asturias.com\/de\/wp-json\/wp\/v2\/property_status?post=16802632"},{"taxonomy":"property_feature","embeddable":true,"href":"https:\/\/agencia-asturias.com\/de\/wp-json\/wp\/v2\/property_feature?post=16802632"},{"taxonomy":"property_label","embeddable":true,"href":"https:\/\/agencia-asturias.com\/de\/wp-json\/wp\/v2\/property_label?post=16802632"},{"taxonomy":"property_state","embeddable":true,"href":"https:\/\/agencia-asturias.com\/de\/wp-json\/wp\/v2\/property_state?post=16802632"},{"taxonomy":"property_city","embeddable":true,"href":"https:\/\/agencia-asturias.com\/de\/wp-json\/wp\/v2\/property_city?post=16802632"},{"taxonomy":"property_area","embeddable":true,"href":"https:\/\/agencia-asturias.com\/de\/wp-json\/wp\/v2\/property_area?post=16802632"}],"curies":[{"name":"wp","href":"https:\/\/api.w.org\/{rel}","templated":true}]}}