{"id":16802714,"date":"2025-01-08T10:55:03","date_gmt":"2025-01-08T10:55:03","guid":{"rendered":"https:\/\/agencia-asturias.com\/inmueble\/alquiler-temporada\/piso\/asturias\/gijon\/04732\/"},"modified":"2025-01-08T10:55:03","modified_gmt":"2025-01-08T10:55:03","slug":"saison-von-september-bis-juni-einschlieslich-04732","status":"publish","type":"property","link":"https:\/\/agencia-asturias.com\/de\/inmueble\/alquiler-temporada\/piso\/asturias\/gijon\/04732\/","title":{"rendered":"Saison von September bis Juni einschlie\u00dflich &#8211; 04732"},"content":{"rendered":"<p>NUR SAISON. Die Agentur Asturias bietet Ihnen diese Saisonvermietung an, die in den Monaten Juli und August frei sein muss. Wohnung, die 2011 gebaut wurde, besteht aus zwei Schlafzimmern, eines davon mit eigenem Bad mit Badewanne, ein weiteres Bad mit Dusche, ausgestatteter K\u00fcche mit Terrasse und gro\u00dfem Wohnzimmer. Alles au\u00dfen mit freiem Blick auf den Park und in einer sehr ruhigen Gegend, obwohl mit allen Dienstleistungen in der N\u00e4he. Gute Gelegenheit f\u00fcr die Saison, kommen Sie mit der Agentur Asturias vorbei.<\/p>\n","protected":false},"excerpt":{"rendered":"<p>NUR SAISON. Die Agentur Asturias bietet Ihnen diese Saisonvermietung an, die in den Monaten Juli und August frei sein muss. Wohnung, die 2011 gebaut wurde, besteht aus zwei Schlafzimmern, eines davon mit eigenem Bad mit Badewanne, ein weiteres Bad mit Dusche, ausgestatteter K\u00fcche mit Terrasse und gro\u00dfem Wohnzimmer. Alles au\u00dfen mit freiem <\/p>\n","protected":false},"author":1,"featured_media":16802715,"parent":0,"menu_order":0,"template":"","property_type":[779],"property_status":[852],"property_feature":[722,855,724,858,860,856],"property_label":[],"property_state":[419],"property_city":[420],"property_area":[423],"class_list":["post-16802714","property","type-property","status-publish","has-post-thumbnail","hentry","property_type-wohnung","property_status-vermietung","property_feature-elektrogerte","property_feature-heizung","property_feature-komplett-auenliegend","property_feature-mbel","property_feature-stadtgas","property_state-asturias","property_city-gijon","property_area-la-calzada"],"property_meta":{"fave_agent":["59308"],"fave_agents":["59308"],"fave_agent_display_option":["agent_info"],"property_agent":["59308"],"custom_permalink":["inmueble\/alquiler-temporada\/piso\/asturias\/gijon\/04732\/"],"_thumbnail_id":["16802715"],"post_id":["Array"],"original_author":["1"],"_edit_lock":["1604137107:1"],"_edit_last":["1"],"fave_property_map_street_view":["show"],"fave_payment_status":["not_paid"],"fave_single_top_area":["global"],"fave_single_content_area":["global"],"houzez_manual_expire":["0"],"fave_property_size_prefix":["m&sup2;"],"fave_property_map":["1"],"fave_additional_features_enable":["disable"],"fave_floor_plans_enable":["disable"],"fave_multiunit_plans_enable":["disable"],"fave_prop_homeslider":["no"],"fave_featured":["0"],"fave_property_address":["Gij\u00f3n,Asturias"],"fave_property_zip":["33213"],"houzez_geolocation_lat":["43.5358888968087"],"houzez_geolocation_long":["-5.70356169687653"],"fave_property_location":["43.5358888968087,-5.70356169687653"],"fave_property_country":["ES"],"fave_property_map_address":["Gij\u00f3n,Asturias,Spain"],"fave_comunidadimporte":["0"],"fave_comunidadincluida":["1"],"fave_conservacion":["Buen estado"],"fave_orientacion":["Suroeste"],"fave_carpinteriainterior":[""],"fave_carpinteriaexterior":["Aluminio"],"fave_tiposuelo":["Climalit"],"fave_vistas":[""],"additional_features":["a:5:{i:0;a:2:{s:29:\"fave_additional_feature_title\";s:12:\"Carpinter\u00eda\";s:29:\"fave_additional_feature_value\";s:0:\"\";}i:1;a:2:{s:29:\"fave_additional_feature_title\";s:21:\"Carpinter\u00eda exterior\";s:29:\"fave_additional_feature_value\";s:8:\"Aluminio\";}i:2;a:2:{s:29:\"fave_additional_feature_title\";s:6:\"Estado\";s:29:\"fave_additional_feature_value\";s:11:\"Buen estado\";}i:3;a:2:{s:29:\"fave_additional_feature_title\";s:6:\"Vistas\";s:29:\"fave_additional_feature_value\";s:0:\"\";}i:4;a:2:{s:29:\"fave_additional_feature_title\";s:11:\"Orientacion\";s:29:\"fave_additional_feature_value\";s:8:\"Suroeste\";}}"],"referencia":["04732"],"fave_property_id":["04732"],"fave_property_bedrooms":["2"],"fave_property_bathrooms":["2"],"fave_property_garage":[""],"fave_property_land":["0"],"ave_property_land_postfix":["m&sup2;"],"fave_property_size":["70"],"fave_property_year":["2011"],"fave_energy_global_index":["0 kWh\/m&sup2; \/0 Kg CO2\/m&sup2;"],"fave_energy_class":["N"],"estate_attr_energy_class":["Tramitando..."],"REAL_HOMES_property_emisiones":["0"],"REAL_HOMES_property_consumo":["0"],"REAL_HOMES_property_letra":["N"],"estate_video":[""],"fave_virtual_tour":[""],"vendidoInmueble":[""],"fave_property_price":["780"],"fave_property_price_postfix":["mes"],"fave_property_images":["16802715","16802716","16802717","16802718","16802719","16802720","16802721","16802722","16802723","16802724","16802725","16802726","16802727","16802728","16802729","16802730","16802731","16802732","16802733","16802734","16802735","16802736","16802737","16802738","16802739","16802740","16802741","16802742","16802743","16802744","16802745","16802746","16802747","16802748","16802749","16802750","16802751","16802752","16802753","16802754","16802755","16802756","16802757","16802758"],"houzez_total_property_views":["2"],"houzez_views_by_date":["a:1:{s:10:\"04-29-2026\";i:2;}"],"houzez_recently_viewed":["2026-04-29 12:12:52"]},"_links":{"self":[{"href":"https:\/\/agencia-asturias.com\/de\/wp-json\/wp\/v2\/properties\/16802714","targetHints":{"allow":["GET"]}}],"collection":[{"href":"https:\/\/agencia-asturias.com\/de\/wp-json\/wp\/v2\/properties"}],"about":[{"href":"https:\/\/agencia-asturias.com\/de\/wp-json\/wp\/v2\/types\/property"}],"author":[{"embeddable":true,"href":"https:\/\/agencia-asturias.com\/de\/wp-json\/wp\/v2\/users\/1"}],"version-history":[{"count":0,"href":"https:\/\/agencia-asturias.com\/de\/wp-json\/wp\/v2\/properties\/16802714\/revisions"}],"wp:featuredmedia":[{"embeddable":true,"href":"https:\/\/agencia-asturias.com\/de\/wp-json\/wp\/v2\/media\/16802715"}],"wp:attachment":[{"href":"https:\/\/agencia-asturias.com\/de\/wp-json\/wp\/v2\/media?parent=16802714"}],"wp:term":[{"taxonomy":"property_type","embeddable":true,"href":"https:\/\/agencia-asturias.com\/de\/wp-json\/wp\/v2\/property_type?post=16802714"},{"taxonomy":"property_status","embeddable":true,"href":"https:\/\/agencia-asturias.com\/de\/wp-json\/wp\/v2\/property_status?post=16802714"},{"taxonomy":"property_feature","embeddable":true,"href":"https:\/\/agencia-asturias.com\/de\/wp-json\/wp\/v2\/property_feature?post=16802714"},{"taxonomy":"property_label","embeddable":true,"href":"https:\/\/agencia-asturias.com\/de\/wp-json\/wp\/v2\/property_label?post=16802714"},{"taxonomy":"property_state","embeddable":true,"href":"https:\/\/agencia-asturias.com\/de\/wp-json\/wp\/v2\/property_state?post=16802714"},{"taxonomy":"property_city","embeddable":true,"href":"https:\/\/agencia-asturias.com\/de\/wp-json\/wp\/v2\/property_city?post=16802714"},{"taxonomy":"property_area","embeddable":true,"href":"https:\/\/agencia-asturias.com\/de\/wp-json\/wp\/v2\/property_area?post=16802714"}],"curies":[{"name":"wp","href":"https:\/\/api.w.org\/{rel}","templated":true}]}}