{"id":16802860,"date":"2025-02-12T13:04:20","date_gmt":"2025-02-12T13:04:20","guid":{"rendered":"https:\/\/agencia-asturias.com\/inmueble\/venta\/oficina\/asturias\/gijon\/04765\/"},"modified":"2025-02-12T13:04:20","modified_gmt":"2025-02-12T13:04:20","slug":"vollstandig-renoviertes-neues-buro-im-bereich-alsas-04765","status":"publish","type":"property","link":"https:\/\/agencia-asturias.com\/de\/inmueble\/venta\/oficina\/asturias\/gijon\/04765\/","title":{"rendered":"Vollst\u00e4ndig renoviertes neues B\u00fcro im Bereich Alsas &#8211; 04765"},"content":{"rendered":"<p>Am Anfang der Stra\u00dfe Magnus Blikstad bietet die Agentur Asturias dieses sch\u00f6ne B\u00fcro zum Verkauf an. Es verf\u00fcgt \u00fcber zwei Au\u00dfenb\u00fcros und einen offenen zentralen Bereich sowie ein ger\u00e4umiges Badezimmer und einen Abstellraum. Obwohl das Geb\u00e4ude \u00fcber einen Aufzug verf\u00fcgt, gibt es keinen Halt auf dem Mezzaninboden; jedoch kann der Zugang durch eine T\u00fcr eingerichtet werden. Das B\u00fcro ist vollst\u00e4ndig renoviert &#8211; modern funkcional ? von hoher Qualit\u00e4t mit hervorragender Beleuchtung ausgestattet . Die N\u00e4he zur Innenstadt sowie zu den Bahnh\u00f6fen oder Gerichten macht es sehr praktisch f\u00fcr jede Art von Aktivit\u00e4t.<br \/>Die Grundsteuer\u00fcbertragung und Notargeb\u00fchren sind nicht im Preis enthalten.<\/p>\n","protected":false},"excerpt":{"rendered":"<p>Am Anfang der Stra\u00dfe Magnus Blikstad bietet die Agentur Asturias dieses sch\u00f6ne B\u00fcro zum Verkauf an. Es verf\u00fcgt \u00fcber zwei Au\u00dfenb\u00fcros und einen offenen zentralen Bereich sowie ein ger\u00e4umiges Badezimmer und einen Abstellraum. Obwohl das Geb\u00e4ude \u00fcber einen Aufzug verf\u00fcgt, gibt es keinen Halt auf dem Mezzaninboden; jedoch kann der <\/p>\n","protected":false},"author":1,"featured_media":16802861,"parent":0,"menu_order":0,"template":"","property_type":[777],"property_status":[720],"property_feature":[858],"property_label":[],"property_state":[419],"property_city":[420],"property_area":[431],"class_list":["post-16802860","property","type-property","status-publish","has-post-thumbnail","hentry","property_type-buro","property_status-verkauf","property_feature-komplett-auenliegend","property_state-asturias","property_city-gijon","property_area-laviada"],"property_meta":{"fave_agent":["59304"],"fave_agents":["59304"],"fave_agent_display_option":["agent_info"],"property_agent":["59304"],"custom_permalink":["inmueble\/venta\/oficina\/asturias\/gijon\/04765\/"],"_thumbnail_id":["16802861"],"post_id":["Array"],"original_author":["1"],"_edit_lock":["1604137107:1"],"_edit_last":["1"],"fave_property_map_street_view":["show"],"fave_payment_status":["not_paid"],"fave_single_top_area":["global"],"fave_single_content_area":["global"],"houzez_manual_expire":["0"],"fave_property_size_prefix":["m&sup2;"],"fave_property_map":["1"],"fave_additional_features_enable":["disable"],"fave_floor_plans_enable":["disable"],"fave_multiunit_plans_enable":["disable"],"fave_prop_homeslider":["no"],"fave_featured":["0"],"fave_property_address":["Gij\u00f3n,Asturias"],"fave_property_zip":["33207"],"houzez_geolocation_lat":["43.538758719"],"houzez_geolocation_long":["-5.666923155"],"fave_property_location":["43.538758719,-5.666923155"],"fave_property_country":["ES"],"fave_property_map_address":["Gij\u00f3n,Asturias,Spain"],"fave_comunidadimporte":["28"],"fave_comunidadincluida":["0"],"fave_conservacion":["Reformado"],"fave_orientacion":[""],"fave_carpinteriainterior":[""],"fave_carpinteriaexterior":[""],"fave_tiposuelo":[""],"fave_vistas":[""],"additional_features":["a:5:{i:0;a:2:{s:29:\"fave_additional_feature_title\";s:12:\"Carpinter\u00eda\";s:29:\"fave_additional_feature_value\";s:0:\"\";}i:1;a:2:{s:29:\"fave_additional_feature_title\";s:21:\"Carpinter\u00eda exterior\";s:29:\"fave_additional_feature_value\";s:0:\"\";}i:2;a:2:{s:29:\"fave_additional_feature_title\";s:6:\"Estado\";s:29:\"fave_additional_feature_value\";s:9:\"Reformado\";}i:3;a:2:{s:29:\"fave_additional_feature_title\";s:6:\"Vistas\";s:29:\"fave_additional_feature_value\";s:0:\"\";}i:4;a:2:{s:29:\"fave_additional_feature_title\";s:11:\"Orientacion\";s:29:\"fave_additional_feature_value\";s:0:\"\";}}"],"referencia":["04765"],"fave_property_id":["04765"],"fave_property_bedrooms":["0"],"fave_property_bathrooms":["0"],"fave_property_garage":[""],"fave_property_land":["0"],"ave_property_land_postfix":["m&sup2;"],"fave_property_size":["88"],"fave_property_year":["1963"],"fave_energy_global_index":["0 kWh\/m&sup2; \/0 Kg CO2\/m&sup2;"],"fave_energy_class":["N"],"estate_attr_energy_class":["Tramitando..."],"REAL_HOMES_property_emisiones":["0"],"REAL_HOMES_property_consumo":["0"],"REAL_HOMES_property_letra":["N"],"estate_video":[""],"fave_video_url":["https:\/\/www.youtube.com\/watch?v=Ht0G8Yk4GzQ"],"fave_video_image":["https:\/\/fotos15.apinmo.com\/1445\/23766740\/7-1.jpg"],"fave_virtual_tour":[""],"vendidoInmueble":[""],"fave_property_price":["120000"],"fave_property_price_postfix":[""],"fave_property_images":["16802861","16802862","16802863","16802864","16802865","16802866","16802867","16802868","16802869","16802870","16802871","16802872","16802873","16802874","16802875","16802876","16802877","16802878","16802879","16802880","16802881","16802882","16802883","16802884","16802885","16802886","16802887","16802888","16802889","16802890","16802891","16802892","16802893","16802894"],"houzez_total_property_views":["2"],"houzez_views_by_date":["a:1:{s:10:\"04-29-2026\";i:2;}"],"houzez_recently_viewed":["2026-04-29 15:11:15"]},"_links":{"self":[{"href":"https:\/\/agencia-asturias.com\/de\/wp-json\/wp\/v2\/properties\/16802860","targetHints":{"allow":["GET"]}}],"collection":[{"href":"https:\/\/agencia-asturias.com\/de\/wp-json\/wp\/v2\/properties"}],"about":[{"href":"https:\/\/agencia-asturias.com\/de\/wp-json\/wp\/v2\/types\/property"}],"author":[{"embeddable":true,"href":"https:\/\/agencia-asturias.com\/de\/wp-json\/wp\/v2\/users\/1"}],"version-history":[{"count":0,"href":"https:\/\/agencia-asturias.com\/de\/wp-json\/wp\/v2\/properties\/16802860\/revisions"}],"wp:featuredmedia":[{"embeddable":true,"href":"https:\/\/agencia-asturias.com\/de\/wp-json\/wp\/v2\/media\/16802861"}],"wp:attachment":[{"href":"https:\/\/agencia-asturias.com\/de\/wp-json\/wp\/v2\/media?parent=16802860"}],"wp:term":[{"taxonomy":"property_type","embeddable":true,"href":"https:\/\/agencia-asturias.com\/de\/wp-json\/wp\/v2\/property_type?post=16802860"},{"taxonomy":"property_status","embeddable":true,"href":"https:\/\/agencia-asturias.com\/de\/wp-json\/wp\/v2\/property_status?post=16802860"},{"taxonomy":"property_feature","embeddable":true,"href":"https:\/\/agencia-asturias.com\/de\/wp-json\/wp\/v2\/property_feature?post=16802860"},{"taxonomy":"property_label","embeddable":true,"href":"https:\/\/agencia-asturias.com\/de\/wp-json\/wp\/v2\/property_label?post=16802860"},{"taxonomy":"property_state","embeddable":true,"href":"https:\/\/agencia-asturias.com\/de\/wp-json\/wp\/v2\/property_state?post=16802860"},{"taxonomy":"property_city","embeddable":true,"href":"https:\/\/agencia-asturias.com\/de\/wp-json\/wp\/v2\/property_city?post=16802860"},{"taxonomy":"property_area","embeddable":true,"href":"https:\/\/agencia-asturias.com\/de\/wp-json\/wp\/v2\/property_area?post=16802860"}],"curies":[{"name":"wp","href":"https:\/\/api.w.org\/{rel}","templated":true}]}}