{"id":16802925,"date":"2025-02-20T13:02:35","date_gmt":"2025-02-20T13:02:35","guid":{"rendered":"https:\/\/agencia-asturias.com\/inmueble\/venta\/piso\/asturias\/oviedo\/04775\/"},"modified":"2025-02-20T13:02:35","modified_gmt":"2025-02-20T13:02:35","slug":"zentrum-von-oviedo-04775","status":"publish","type":"property","link":"https:\/\/agencia-asturias.com\/de\/inmueble\/venta\/piso\/asturias\/oviedo\/04775\/","title":{"rendered":"ZENTRUM VON OVIEDO &#8211; 04775"},"content":{"rendered":"<p>Neben der Ur\u00eda-Stra\u00dfe, hinter dem Campoamor-Theater<br \/>Zum Verkauf steht eine Wohnung von ca. 187 m2 Nutzfl\u00e4che. Derzeit ist es eine Etage, die in B\u00fcros unterschiedlicher Gr\u00f6\u00dfe unterteilt ist, da sie als B\u00fcro genutzt wird. Es k\u00f6nnten zwei Wohnungen erstellt werden. Die Wohnung ist nach au\u00dfen gerichtet mit Blick auf das Campoamor-Theater und verf\u00fcgt \u00fcber zwei Balkone. Geb\u00e4ude mit Hausmeisterservice. Es besteht die M\u00f6glichkeit, einen Parkplatz zu mieten. Portal barrierefrei angepasst. Zwei Aufz\u00fcge.<br \/>Z\u00f6gern Sie nicht, rufen Sie uns an, um sich zu informieren und unverbindlich zu besichtigen. Dies ist die Gelegenheit, eine Wohnung nach Ihren W\u00fcnschen im Stadtzentrum zu schaffen.<br \/>Die Grund\u00fcbertragungssteuer sowie Notar- und Registrierungsgeb\u00fchren sind nicht im Preis enthalten.<\/p>\n","protected":false},"excerpt":{"rendered":"<p>Neben der Ur\u00eda-Stra\u00dfe, hinter dem Campoamor-Theater~Zum Verkauf steht eine Wohnung von ca. 187 m2 Nutzfl\u00e4che. Derzeit ist es eine Etage, die in B\u00fcros unterschiedlicher Gr\u00f6\u00dfe unterteilt ist, da sie als B\u00fcro genutzt wird. Es k\u00f6nnten zwei Wohnungen erstellt werden. Die Wohnung ist nach au\u00dfen gerichtet mit Blick auf das <\/p>\n","protected":false},"author":1,"featured_media":16802926,"parent":0,"menu_order":0,"template":"","property_type":[779],"property_status":[720],"property_feature":[722,724,858],"property_label":[],"property_state":[419],"property_city":[470],"property_area":[472],"class_list":["post-16802925","property","type-property","status-publish","has-post-thumbnail","hentry","property_type-wohnung","property_status-verkauf","property_feature-heizung","property_feature-komplett-auenliegend","property_state-asturias","property_city-oviedo","property_area-centro"],"property_meta":{"fave_agent":["59289"],"fave_agents":["59289"],"fave_agent_display_option":["agent_info"],"property_agent":["59289"],"custom_permalink":["inmueble\/venta\/piso\/asturias\/oviedo\/04775\/"],"_thumbnail_id":["16802926"],"post_id":["Array"],"original_author":["1"],"_edit_lock":["1604137107:1"],"_edit_last":["1"],"fave_property_map_street_view":["show"],"fave_payment_status":["not_paid"],"fave_single_top_area":["global"],"fave_single_content_area":["global"],"houzez_manual_expire":["0"],"fave_property_size_prefix":["m&sup2;"],"fave_property_map":["1"],"fave_additional_features_enable":["disable"],"fave_floor_plans_enable":["disable"],"fave_multiunit_plans_enable":["disable"],"fave_prop_homeslider":["no"],"fave_featured":["0"],"fave_property_address":["Oviedo,Asturias"],"fave_property_zip":["33002"],"houzez_geolocation_lat":["43.363560488"],"houzez_geolocation_long":["-5.847754022"],"fave_property_location":["43.363560488,-5.847754022"],"fave_property_country":["ES"],"fave_property_map_address":["Oviedo,Asturias,Spain"],"fave_comunidadimporte":["370"],"fave_comunidadincluida":["0"],"fave_conservacion":["Para reformar"],"fave_orientacion":["Este"],"fave_carpinteriainterior":[""],"fave_carpinteriaexterior":["Madera"],"fave_tiposuelo":[""],"fave_vistas":[""],"additional_features":["a:5:{i:0;a:2:{s:29:\"fave_additional_feature_title\";s:12:\"Carpinter\u00eda\";s:29:\"fave_additional_feature_value\";s:0:\"\";}i:1;a:2:{s:29:\"fave_additional_feature_title\";s:21:\"Carpinter\u00eda exterior\";s:29:\"fave_additional_feature_value\";s:6:\"Madera\";}i:2;a:2:{s:29:\"fave_additional_feature_title\";s:6:\"Estado\";s:29:\"fave_additional_feature_value\";s:13:\"Para reformar\";}i:3;a:2:{s:29:\"fave_additional_feature_title\";s:6:\"Vistas\";s:29:\"fave_additional_feature_value\";s:0:\"\";}i:4;a:2:{s:29:\"fave_additional_feature_title\";s:11:\"Orientacion\";s:29:\"fave_additional_feature_value\";s:4:\"Este\";}}"],"referencia":["04775"],"fave_property_id":["04775"],"fave_property_bedrooms":["0"],"fave_property_bathrooms":["0"],"fave_property_garage":[""],"fave_property_land":["0"],"ave_property_land_postfix":["m&sup2;"],"fave_property_size":["200"],"fave_property_year":["0"],"fave_energy_global_index":["0 kWh\/m&sup2; \/0 Kg CO2\/m&sup2;"],"fave_energy_class":["N"],"estate_attr_energy_class":["Tramitando..."],"REAL_HOMES_property_emisiones":["0"],"REAL_HOMES_property_consumo":["0"],"REAL_HOMES_property_letra":["N"],"estate_video":[""],"fave_virtual_tour":[""],"vendidoInmueble":[""],"fave_property_price":["370000"],"fave_property_price_postfix":[""],"fave_property_images":["16802926","16802927","16802928","16802929","16802930","16802931","16802932","16802933","16802934","16802935","16802936"],"houzez_total_property_views":["3"],"houzez_views_by_date":["a:1:{s:10:\"04-29-2026\";i:3;}"],"houzez_recently_viewed":["2026-04-29 13:44:54"]},"_links":{"self":[{"href":"https:\/\/agencia-asturias.com\/de\/wp-json\/wp\/v2\/properties\/16802925","targetHints":{"allow":["GET"]}}],"collection":[{"href":"https:\/\/agencia-asturias.com\/de\/wp-json\/wp\/v2\/properties"}],"about":[{"href":"https:\/\/agencia-asturias.com\/de\/wp-json\/wp\/v2\/types\/property"}],"author":[{"embeddable":true,"href":"https:\/\/agencia-asturias.com\/de\/wp-json\/wp\/v2\/users\/1"}],"version-history":[{"count":0,"href":"https:\/\/agencia-asturias.com\/de\/wp-json\/wp\/v2\/properties\/16802925\/revisions"}],"wp:featuredmedia":[{"embeddable":true,"href":"https:\/\/agencia-asturias.com\/de\/wp-json\/wp\/v2\/media\/16802926"}],"wp:attachment":[{"href":"https:\/\/agencia-asturias.com\/de\/wp-json\/wp\/v2\/media?parent=16802925"}],"wp:term":[{"taxonomy":"property_type","embeddable":true,"href":"https:\/\/agencia-asturias.com\/de\/wp-json\/wp\/v2\/property_type?post=16802925"},{"taxonomy":"property_status","embeddable":true,"href":"https:\/\/agencia-asturias.com\/de\/wp-json\/wp\/v2\/property_status?post=16802925"},{"taxonomy":"property_feature","embeddable":true,"href":"https:\/\/agencia-asturias.com\/de\/wp-json\/wp\/v2\/property_feature?post=16802925"},{"taxonomy":"property_label","embeddable":true,"href":"https:\/\/agencia-asturias.com\/de\/wp-json\/wp\/v2\/property_label?post=16802925"},{"taxonomy":"property_state","embeddable":true,"href":"https:\/\/agencia-asturias.com\/de\/wp-json\/wp\/v2\/property_state?post=16802925"},{"taxonomy":"property_city","embeddable":true,"href":"https:\/\/agencia-asturias.com\/de\/wp-json\/wp\/v2\/property_city?post=16802925"},{"taxonomy":"property_area","embeddable":true,"href":"https:\/\/agencia-asturias.com\/de\/wp-json\/wp\/v2\/property_area?post=16802925"}],"curies":[{"name":"wp","href":"https:\/\/api.w.org\/{rel}","templated":true}]}}