{"id":16803209,"date":"2025-06-09T19:41:30","date_gmt":"2025-06-09T19:41:30","guid":{"rendered":"https:\/\/agencia-asturias.com\/inmueble\/venta\/local-comercial\/asturias\/gijon\/04883\/"},"modified":"2025-06-09T19:41:30","modified_gmt":"2025-06-09T19:41:30","slug":"neuer-standort-04883","status":"publish","type":"property","link":"https:\/\/agencia-asturias.com\/de\/inmueble\/venta\/local-comercial\/asturias\/gijon\/04883\/","title":{"rendered":"Neuer Standort &#8211; 04883"},"content":{"rendered":"<p>Bar-Caf\u00e9 in sehr guter Lage, nahe dem Strand von Arbeyal, komplett renoviert und alles neu f\u00fcr den Einstieg bereit. Rufen Sie uns an und kommen Sie vorbei!!! Die \u00dcbertragungssteuer sowie die Notarkosten sind nicht im Preis enthalten.<\/p>\n","protected":false},"excerpt":{"rendered":"<p>Bar-Caf\u00e9 in sehr guter Lage, nahe dem Strand von Arbeyal, komplett renoviert und alles neu f\u00fcr den Einstieg bereit. Rufen Sie uns an und kommen Sie vorbei!!! Die \u00dcbertragungssteuer sowie die Notarkosten sind nicht im Preis enthalten.<\/p>\n","protected":false},"author":1,"featured_media":16803210,"parent":0,"menu_order":0,"template":"","property_type":[771],"property_status":[720],"property_feature":[855],"property_label":[],"property_state":[419],"property_city":[420],"property_area":[423],"class_list":["post-16803209","property","type-property","status-publish","has-post-thumbnail","hentry","property_type-gewerbeimmobilie","property_status-verkauf","property_feature-elektrogerte","property_state-asturias","property_city-gijon","property_area-la-calzada"],"property_meta":{"fave_agent":["59304"],"fave_agents":["59304"],"fave_agent_display_option":["agent_info"],"property_agent":["59304"],"custom_permalink":["inmueble\/venta\/local-comercial\/asturias\/gijon\/04883\/"],"_thumbnail_id":["16803210"],"post_id":["Array"],"original_author":["1"],"_edit_lock":["1604137107:1"],"_edit_last":["1"],"fave_property_map_street_view":["show"],"fave_payment_status":["not_paid"],"fave_single_top_area":["global"],"fave_single_content_area":["global"],"houzez_manual_expire":["0"],"fave_property_size_prefix":["m&sup2;"],"fave_property_map":["1"],"fave_additional_features_enable":["disable"],"fave_floor_plans_enable":["disable"],"fave_multiunit_plans_enable":["disable"],"fave_prop_homeslider":["no"],"fave_featured":["0"],"fave_property_address":["Gij\u00f3n,Asturias"],"fave_property_zip":["33212"],"houzez_geolocation_lat":["43.5404752"],"houzez_geolocation_long":["-5.690827200000058"],"fave_property_location":["43.5404752,-5.690827200000058"],"fave_property_country":["ES"],"fave_property_map_address":["Gij\u00f3n,Asturias,Spain"],"fave_comunidadimporte":["0"],"fave_comunidadincluida":["0"],"fave_conservacion":["Reformado"],"fave_orientacion":[""],"fave_carpinteriainterior":[""],"fave_carpinteriaexterior":[""],"fave_tiposuelo":[""],"fave_vistas":[""],"additional_features":["a:5:{i:0;a:2:{s:29:\"fave_additional_feature_title\";s:12:\"Carpinter\u00eda\";s:29:\"fave_additional_feature_value\";s:0:\"\";}i:1;a:2:{s:29:\"fave_additional_feature_title\";s:21:\"Carpinter\u00eda exterior\";s:29:\"fave_additional_feature_value\";s:0:\"\";}i:2;a:2:{s:29:\"fave_additional_feature_title\";s:6:\"Estado\";s:29:\"fave_additional_feature_value\";s:9:\"Reformado\";}i:3;a:2:{s:29:\"fave_additional_feature_title\";s:6:\"Vistas\";s:29:\"fave_additional_feature_value\";s:0:\"\";}i:4;a:2:{s:29:\"fave_additional_feature_title\";s:11:\"Orientacion\";s:29:\"fave_additional_feature_value\";s:0:\"\";}}"],"referencia":["04883"],"fave_property_id":["04883"],"fave_property_bedrooms":["0"],"fave_property_bathrooms":["0"],"fave_property_garage":[""],"fave_property_land":["0"],"ave_property_land_postfix":["m&sup2;"],"fave_property_size":["65"],"fave_property_year":["0"],"fave_energy_global_index":["0 kWh\/m&sup2; \/0 Kg CO2\/m&sup2;"],"fave_energy_class":["N"],"estate_attr_energy_class":["Tramitando..."],"REAL_HOMES_property_emisiones":["0"],"REAL_HOMES_property_consumo":["0"],"REAL_HOMES_property_letra":["N"],"estate_video":[""],"fave_virtual_tour":[""],"vendidoInmueble":[""],"fave_property_price":["100000"],"fave_property_price_postfix":[""],"fave_property_images":["16803210","16803211","16803212","16803213","16803214","16803215","16803216","16803217","16803218","16803219","16803220","16803221","16803222","16803223","16803224","16803225","16803226","16803227","16803228","16803229","16803230","16803231","16803232","16803233","16803234","16803235"],"houzez_total_property_views":["2"],"houzez_views_by_date":["a:1:{s:10:\"04-29-2026\";i:2;}"],"houzez_recently_viewed":["2026-04-29 10:14:32"]},"_links":{"self":[{"href":"https:\/\/agencia-asturias.com\/de\/wp-json\/wp\/v2\/properties\/16803209","targetHints":{"allow":["GET"]}}],"collection":[{"href":"https:\/\/agencia-asturias.com\/de\/wp-json\/wp\/v2\/properties"}],"about":[{"href":"https:\/\/agencia-asturias.com\/de\/wp-json\/wp\/v2\/types\/property"}],"author":[{"embeddable":true,"href":"https:\/\/agencia-asturias.com\/de\/wp-json\/wp\/v2\/users\/1"}],"version-history":[{"count":0,"href":"https:\/\/agencia-asturias.com\/de\/wp-json\/wp\/v2\/properties\/16803209\/revisions"}],"wp:featuredmedia":[{"embeddable":true,"href":"https:\/\/agencia-asturias.com\/de\/wp-json\/wp\/v2\/media\/16803210"}],"wp:attachment":[{"href":"https:\/\/agencia-asturias.com\/de\/wp-json\/wp\/v2\/media?parent=16803209"}],"wp:term":[{"taxonomy":"property_type","embeddable":true,"href":"https:\/\/agencia-asturias.com\/de\/wp-json\/wp\/v2\/property_type?post=16803209"},{"taxonomy":"property_status","embeddable":true,"href":"https:\/\/agencia-asturias.com\/de\/wp-json\/wp\/v2\/property_status?post=16803209"},{"taxonomy":"property_feature","embeddable":true,"href":"https:\/\/agencia-asturias.com\/de\/wp-json\/wp\/v2\/property_feature?post=16803209"},{"taxonomy":"property_label","embeddable":true,"href":"https:\/\/agencia-asturias.com\/de\/wp-json\/wp\/v2\/property_label?post=16803209"},{"taxonomy":"property_state","embeddable":true,"href":"https:\/\/agencia-asturias.com\/de\/wp-json\/wp\/v2\/property_state?post=16803209"},{"taxonomy":"property_city","embeddable":true,"href":"https:\/\/agencia-asturias.com\/de\/wp-json\/wp\/v2\/property_city?post=16803209"},{"taxonomy":"property_area","embeddable":true,"href":"https:\/\/agencia-asturias.com\/de\/wp-json\/wp\/v2\/property_area?post=16803209"}],"curies":[{"name":"wp","href":"https:\/\/api.w.org\/{rel}","templated":true}]}}