{"id":16803386,"date":"2025-07-09T12:54:38","date_gmt":"2025-07-09T12:54:38","guid":{"rendered":"https:\/\/agencia-asturias.com\/inmueble\/alquiler\/local-comercial\/asturias\/gijon\/04902\/"},"modified":"2025-07-09T12:54:38","modified_gmt":"2025-07-09T12:54:38","slug":"in-der-gleichen-strase-rekonkista-04902","status":"publish","type":"property","link":"https:\/\/agencia-asturias.com\/de\/inmueble\/alquiler\/local-comercial\/asturias\/gijon\/04902\/","title":{"rendered":"In der gleichen Stra\u00dfe Rekonkista &#8211; 04902"},"content":{"rendered":"<p>Lokale zur Miete in derselben Stra\u00dfe Rekonkista, war viele Jahre als Videoladen t\u00e4tig und w\u00fcrde jede Art von Gesch\u00e4ft akzeptieren sowie Renovierungen erm\u00f6glichen. Rufen Sie uns an, um einen Besichtigungstermin mit AGENCIA ASTURIAS zu vereinbaren!<\/p>\n","protected":false},"excerpt":{"rendered":"<p>Lokale zur Miete in derselben Stra\u00dfe Rekonkista, war viele Jahre als Videoladen t\u00e4tig und w\u00fcrde jede Art von Gesch\u00e4ft akzeptieren sowie Renovierungen erm\u00f6glichen. Rufen Sie uns an, um einen Besichtigungstermin mit AGENCIA ASTURIAS zu vereinbaren!<\/p>\n","protected":false},"author":1,"featured_media":16803387,"parent":0,"menu_order":0,"template":"","property_type":[771],"property_status":[852],"property_feature":[],"property_label":[],"property_state":[419],"property_city":[420],"property_area":[430],"class_list":["post-16803386","property","type-property","status-publish","has-post-thumbnail","hentry","property_type-gewerbeimmobilie","property_status-vermietung","property_state-asturias","property_city-gijon","property_area-el-coto"],"property_meta":{"fave_agent":["59308"],"fave_agents":["59308"],"fave_agent_display_option":["agent_info"],"property_agent":["59308"],"custom_permalink":["inmueble\/alquiler\/local-comercial\/asturias\/gijon\/04902\/"],"_thumbnail_id":["16803387"],"post_id":["Array"],"original_author":["1"],"_edit_lock":["1604137107:1"],"_edit_last":["1"],"fave_property_map_street_view":["show"],"fave_payment_status":["not_paid"],"fave_single_top_area":["global"],"fave_single_content_area":["global"],"houzez_manual_expire":["0"],"fave_property_size_prefix":["m&sup2;"],"fave_property_map":["1"],"fave_additional_features_enable":["disable"],"fave_floor_plans_enable":["disable"],"fave_multiunit_plans_enable":["disable"],"fave_prop_homeslider":["no"],"fave_featured":["0"],"fave_property_address":["Gij\u00f3n,Asturias"],"fave_property_zip":["33205"],"houzez_geolocation_lat":["43.53338015"],"houzez_geolocation_long":["-5.655936759"],"fave_property_location":["43.53338015,-5.655936759"],"fave_property_country":["ES"],"fave_property_map_address":["Gij\u00f3n,Asturias,Spain"],"fave_comunidadimporte":["0"],"fave_comunidadincluida":["0"],"fave_conservacion":["Para reformar"],"fave_orientacion":[""],"fave_carpinteriainterior":[""],"fave_carpinteriaexterior":[""],"fave_tiposuelo":[""],"fave_vistas":[""],"additional_features":["a:5:{i:0;a:2:{s:29:\"fave_additional_feature_title\";s:12:\"Carpinter\u00eda\";s:29:\"fave_additional_feature_value\";s:0:\"\";}i:1;a:2:{s:29:\"fave_additional_feature_title\";s:21:\"Carpinter\u00eda exterior\";s:29:\"fave_additional_feature_value\";s:0:\"\";}i:2;a:2:{s:29:\"fave_additional_feature_title\";s:6:\"Estado\";s:29:\"fave_additional_feature_value\";s:13:\"Para reformar\";}i:3;a:2:{s:29:\"fave_additional_feature_title\";s:6:\"Vistas\";s:29:\"fave_additional_feature_value\";s:0:\"\";}i:4;a:2:{s:29:\"fave_additional_feature_title\";s:11:\"Orientacion\";s:29:\"fave_additional_feature_value\";s:0:\"\";}}"],"referencia":["04902"],"fave_property_id":["04902"],"fave_property_bedrooms":["0"],"fave_property_bathrooms":["0"],"fave_property_garage":[""],"fave_property_land":["0"],"ave_property_land_postfix":["m&sup2;"],"fave_property_size":["120"],"fave_property_year":["0"],"fave_energy_global_index":["0 kWh\/m&sup2; \/1234.99 Kg CO2\/m&sup2;"],"fave_energy_class":["N"],"estate_attr_energy_class":["Tramitando..."],"REAL_HOMES_property_emisiones":["1234.99"],"REAL_HOMES_property_consumo":["0"],"REAL_HOMES_property_letra":["N"],"estate_video":[""],"fave_virtual_tour":[""],"vendidoInmueble":[""],"fave_property_price":["650"],"fave_property_price_postfix":["mes"],"fave_property_images":["16803387","16803388","16803389","16803390","16803391","16803392","16803393","16803394","16803395","16803396","16803397","16803398","16803399","16803400","16803401","16803402"],"houzez_total_property_views":["2"],"houzez_views_by_date":["a:1:{s:10:\"04-29-2026\";i:2;}"],"houzez_recently_viewed":["2026-04-29 10:14:31"]},"_links":{"self":[{"href":"https:\/\/agencia-asturias.com\/de\/wp-json\/wp\/v2\/properties\/16803386","targetHints":{"allow":["GET"]}}],"collection":[{"href":"https:\/\/agencia-asturias.com\/de\/wp-json\/wp\/v2\/properties"}],"about":[{"href":"https:\/\/agencia-asturias.com\/de\/wp-json\/wp\/v2\/types\/property"}],"author":[{"embeddable":true,"href":"https:\/\/agencia-asturias.com\/de\/wp-json\/wp\/v2\/users\/1"}],"version-history":[{"count":0,"href":"https:\/\/agencia-asturias.com\/de\/wp-json\/wp\/v2\/properties\/16803386\/revisions"}],"wp:featuredmedia":[{"embeddable":true,"href":"https:\/\/agencia-asturias.com\/de\/wp-json\/wp\/v2\/media\/16803387"}],"wp:attachment":[{"href":"https:\/\/agencia-asturias.com\/de\/wp-json\/wp\/v2\/media?parent=16803386"}],"wp:term":[{"taxonomy":"property_type","embeddable":true,"href":"https:\/\/agencia-asturias.com\/de\/wp-json\/wp\/v2\/property_type?post=16803386"},{"taxonomy":"property_status","embeddable":true,"href":"https:\/\/agencia-asturias.com\/de\/wp-json\/wp\/v2\/property_status?post=16803386"},{"taxonomy":"property_feature","embeddable":true,"href":"https:\/\/agencia-asturias.com\/de\/wp-json\/wp\/v2\/property_feature?post=16803386"},{"taxonomy":"property_label","embeddable":true,"href":"https:\/\/agencia-asturias.com\/de\/wp-json\/wp\/v2\/property_label?post=16803386"},{"taxonomy":"property_state","embeddable":true,"href":"https:\/\/agencia-asturias.com\/de\/wp-json\/wp\/v2\/property_state?post=16803386"},{"taxonomy":"property_city","embeddable":true,"href":"https:\/\/agencia-asturias.com\/de\/wp-json\/wp\/v2\/property_city?post=16803386"},{"taxonomy":"property_area","embeddable":true,"href":"https:\/\/agencia-asturias.com\/de\/wp-json\/wp\/v2\/property_area?post=16803386"}],"curies":[{"name":"wp","href":"https:\/\/api.w.org\/{rel}","templated":true}]}}