{"id":16803531,"date":"2025-08-21T21:59:35","date_gmt":"2025-08-21T21:59:35","guid":{"rendered":"https:\/\/agencia-asturias.com\/inmueble\/venta\/atico\/asturias\/gijon\/04931\/"},"modified":"2025-08-21T21:59:35","modified_gmt":"2025-08-21T21:59:35","slug":"dachgeschoss-mit-groser-terrasse-im-herzen-von-gijon-04931","status":"publish","type":"property","link":"https:\/\/agencia-asturias.com\/de\/inmueble\/venta\/atico\/asturias\/gijon\/04931\/","title":{"rendered":"Dachgeschoss mit gro\u00dfer Terrasse im Herzen von Gij\u00f3n &#8211; 04931"},"content":{"rendered":"<p>Die Agentur Asturien bietet Ihnen ein ganz besonderes Dachgeschoss an, das Sie nach Ihrem Geschmack gestalten k\u00f6nnen, mit einer spektakul\u00e4ren Terrasse im Herzen von Gij\u00f3n.<\/p>\n<p>Die Wohnung ist ein sehr gro\u00dfz\u00fcgiger, offener Raum, der als Wohn-Esszimmer mit gro\u00dfen Fenstern und Zugang zu einer sch\u00f6nen 65 m\u00b2 Terrasse angeordnet ist, die derzeit \u00fcber eine interne Treppe mit dem darunterliegenden Stockwerk verbunden ist (die beim Verkauf von der Verk\u00e4uferseite geschlossen wird), einer Speisekammer-Weinkeller und einem gro\u00dfen Badezimmer mit Zugang zu einer weiteren privaten Terrasse von 6 m\u00b2.<br \/>Mit einer modernen Renovierung kann diese Wohnung zu einem der besten Dachgeschosse im Zentrum von Gij\u00f3n werden, da Sie von der Hauptterrasse in L-Form v\u00f6llige Privatsph\u00e4re und einen panoramischen Blick nach Nord-West-S\u00fcd genie\u00dfen k\u00f6nnen.<\/p>\n<p>Das Geb\u00e4ude hat keine architektonischen Barrieren, verf\u00fcgt \u00fcber zwei neue Aufz\u00fcge sowie einen gro\u00dfen renovierten Eingangsbereich und bietet einen zentralen Heizungsservice mit individuellen Z\u00e4hlern.<\/p>\n<p>Wenn Sie denken, dass diese Immobilie das Dachgeschoss sein k\u00f6nnte, das Sie suchen, und eine Besichtigung durchf\u00fchren m\u00f6chten, z\u00f6gern Sie nicht, uns zu kontaktieren.<\/p>\n<p>Die Grundst\u00fccks\u00fcbertragungssteuer sowie Notariats- und Grundbuchgeb\u00fchren sind nicht im Preis enthalten.<\/p>\n","protected":false},"excerpt":{"rendered":"<p>Die Agentur Asturien bietet Ihnen ein ganz besonderes Dachgeschoss an, das Sie nach Ihrem Geschmack gestalten k\u00f6nnen, mit einer spektakul\u00e4ren Terrasse im Herzen von Gij\u00f3n.~~Die Wohnung ist ein sehr gro\u00dfz\u00fcgiger, offener Raum, der als Wohn-Esszimmer mit gro\u00dfen Fenstern und Zugang zu einer sch\u00f6nen 65 m\u00b2 Terrasse angeordnet ist, die <\/p>\n","protected":false},"author":1,"featured_media":16803532,"parent":0,"menu_order":0,"template":"","property_type":[779],"property_status":[720],"property_feature":[722,724,858,740],"property_label":[],"property_state":[419],"property_city":[420],"property_area":[687],"class_list":["post-16803531","property","type-property","status-publish","has-post-thumbnail","hentry","property_type-wohnung","property_status-verkauf","property_feature-heizung","property_feature-komplett-auenliegend","property_feature-terrasse","property_state-asturias","property_city-gijon","property_area-centro-puerto"],"property_meta":{"fave_agent":["59311"],"fave_agents":["59311"],"fave_agent_display_option":["agent_info"],"property_agent":["59311"],"custom_permalink":["inmueble\/venta\/atico\/asturias\/gijon\/04931\/"],"_thumbnail_id":["16803532"],"post_id":["Array"],"original_author":["1"],"_edit_lock":["1604137107:1"],"_edit_last":["1"],"fave_property_map_street_view":["show"],"fave_payment_status":["not_paid"],"fave_single_top_area":["global"],"fave_single_content_area":["global"],"houzez_manual_expire":["0"],"fave_property_size_prefix":["m&sup2;"],"fave_property_map":["1"],"fave_additional_features_enable":["disable"],"fave_floor_plans_enable":["disable"],"fave_multiunit_plans_enable":["disable"],"fave_prop_homeslider":["no"],"fave_featured":["0"],"fave_property_address":["Gij\u00f3n,Asturias"],"fave_property_zip":["33206"],"houzez_geolocation_lat":["43.540072397037"],"houzez_geolocation_long":["-5.6644373911988"],"fave_property_location":["43.540072397037,-5.6644373911988"],"fave_property_country":["ES"],"fave_property_map_address":["Gij\u00f3n,Asturias,Spain"],"fave_comunidadimporte":["64"],"fave_comunidadincluida":["0"],"fave_conservacion":["Para reformar"],"fave_orientacion":["Norte Sur"],"fave_carpinteriainterior":[""],"fave_carpinteriaexterior":["Madera"],"fave_tiposuelo":[""],"fave_vistas":[""],"additional_features":["a:5:{i:0;a:2:{s:29:\"fave_additional_feature_title\";s:12:\"Carpinter\u00eda\";s:29:\"fave_additional_feature_value\";s:0:\"\";}i:1;a:2:{s:29:\"fave_additional_feature_title\";s:21:\"Carpinter\u00eda exterior\";s:29:\"fave_additional_feature_value\";s:6:\"Madera\";}i:2;a:2:{s:29:\"fave_additional_feature_title\";s:6:\"Estado\";s:29:\"fave_additional_feature_value\";s:13:\"Para reformar\";}i:3;a:2:{s:29:\"fave_additional_feature_title\";s:6:\"Vistas\";s:29:\"fave_additional_feature_value\";s:0:\"\";}i:4;a:2:{s:29:\"fave_additional_feature_title\";s:11:\"Orientacion\";s:29:\"fave_additional_feature_value\";s:9:\"Norte Sur\";}}"],"referencia":["04931"],"fave_property_id":["04931"],"fave_property_bedrooms":["0"],"fave_property_bathrooms":["1"],"fave_property_garage":[""],"fave_property_land":["0"],"ave_property_land_postfix":["m&sup2;"],"fave_property_size":["64"],"fave_property_year":["1966"],"fave_energy_global_index":["225.1 kWh\/m&sup2; \/47.7 Kg CO2\/m&sup2;"],"fave_energy_class":["F"],"estate_attr_energy_class":["F"],"REAL_HOMES_property_emisiones":["47.7"],"REAL_HOMES_property_consumo":["225.1"],"REAL_HOMES_property_letra":["F"],"estate_video":[""],"fave_video_url":["https:\/\/www.youtube.com\/watch?v=he7SXRnGsG8?feature="],"fave_video_image":["https:\/\/fotos15.apinmo.com\/1445\/26357847\/2-1.jpg"],"fave_virtual_tour":[""],"vendidoInmueble":[""],"fave_property_price":["315000"],"fave_property_price_postfix":[""],"fave_property_images":["16803532","16803533","16803534","16803535","16803536","16803537","16803538","16803539","16803540","16803541","16803542","16803543","16803544","16803545","16803546","16803547","16803548","16803549","16803550","16803551","16803552","16803553","16803554","16803555","16803556","16803557","16803558","16803559","16803560","16803561","16803562","16803563","16803564","16803565","16803566","16803567","16803568","16803569","16803570","16803571","16803572","16803573"],"houzez_total_property_views":["1"],"houzez_views_by_date":["a:1:{s:10:\"04-29-2026\";i:1;}"],"houzez_recently_viewed":["2026-04-29 13:27:33"]},"_links":{"self":[{"href":"https:\/\/agencia-asturias.com\/de\/wp-json\/wp\/v2\/properties\/16803531","targetHints":{"allow":["GET"]}}],"collection":[{"href":"https:\/\/agencia-asturias.com\/de\/wp-json\/wp\/v2\/properties"}],"about":[{"href":"https:\/\/agencia-asturias.com\/de\/wp-json\/wp\/v2\/types\/property"}],"author":[{"embeddable":true,"href":"https:\/\/agencia-asturias.com\/de\/wp-json\/wp\/v2\/users\/1"}],"version-history":[{"count":0,"href":"https:\/\/agencia-asturias.com\/de\/wp-json\/wp\/v2\/properties\/16803531\/revisions"}],"wp:featuredmedia":[{"embeddable":true,"href":"https:\/\/agencia-asturias.com\/de\/wp-json\/wp\/v2\/media\/16803532"}],"wp:attachment":[{"href":"https:\/\/agencia-asturias.com\/de\/wp-json\/wp\/v2\/media?parent=16803531"}],"wp:term":[{"taxonomy":"property_type","embeddable":true,"href":"https:\/\/agencia-asturias.com\/de\/wp-json\/wp\/v2\/property_type?post=16803531"},{"taxonomy":"property_status","embeddable":true,"href":"https:\/\/agencia-asturias.com\/de\/wp-json\/wp\/v2\/property_status?post=16803531"},{"taxonomy":"property_feature","embeddable":true,"href":"https:\/\/agencia-asturias.com\/de\/wp-json\/wp\/v2\/property_feature?post=16803531"},{"taxonomy":"property_label","embeddable":true,"href":"https:\/\/agencia-asturias.com\/de\/wp-json\/wp\/v2\/property_label?post=16803531"},{"taxonomy":"property_state","embeddable":true,"href":"https:\/\/agencia-asturias.com\/de\/wp-json\/wp\/v2\/property_state?post=16803531"},{"taxonomy":"property_city","embeddable":true,"href":"https:\/\/agencia-asturias.com\/de\/wp-json\/wp\/v2\/property_city?post=16803531"},{"taxonomy":"property_area","embeddable":true,"href":"https:\/\/agencia-asturias.com\/de\/wp-json\/wp\/v2\/property_area?post=16803531"}],"curies":[{"name":"wp","href":"https:\/\/api.w.org\/{rel}","templated":true}]}}