{"id":16803576,"date":"2025-08-27T17:53:29","date_gmt":"2025-08-27T17:53:29","guid":{"rendered":"https:\/\/agencia-asturias.com\/inmueble\/alquiler-temporada\/chalet\/asturias\/oviedo\/04933\/"},"modified":"2025-08-27T17:53:29","modified_gmt":"2025-08-27T17:53:29","slug":"reihenhaus-zur-miete-in-faro-de-arriba-04933","status":"publish","type":"property","link":"https:\/\/agencia-asturias.com\/de\/inmueble\/alquiler-temporada\/chalet\/asturias\/oviedo\/04933\/","title":{"rendered":"Reihenhaus zur Miete in Faro de Arriba &#8211; 04933"},"content":{"rendered":"<p>Entdecken Sie dieses gem\u00fctliche Reihenhaus, das ausschlie\u00dflich f\u00fcr die Saisonvermietung zur Verf\u00fcgung steht, gelegen im Bereich Faro de Arriba, nur f\u00fcnf Autominuten vom Kreisverkehr Cerde\u00f1o entfernt. Diese Immobilie bietet eine einladende Atmosph\u00e4re. Die Immobilie verf\u00fcgt \u00fcber ger\u00e4umige, lichtdurchflutete Bereiche, eine voll ausgestattete K\u00fcche und komfortable Zimmer. Im Erdgeschoss befinden sich das Wohn-Esszimmer, eine Toilette und der Zugang zur Terrasse; im oberen Stockwerk finden Sie die beiden Schlafzimmer und ein Badezimmer mit gro\u00dfer Dusche. Mit modernem und funktionalem Design. Parkm\u00f6glichkeiten sind direkt vor dem Haus vorhanden. Rufen Sie uns an, um einen Besichtigungstermin zu vereinbaren.<\/p>\n","protected":false},"excerpt":{"rendered":"<p>Entdecken Sie dieses gem\u00fctliche Reihenhaus, das ausschlie\u00dflich f\u00fcr die Saisonvermietung zur Verf\u00fcgung steht, gelegen im Bereich Faro de Arriba, nur f\u00fcnf Autominuten vom Kreisverkehr Cerde\u00f1o entfernt. Diese Immobilie bietet eine einladende Atmosph\u00e4re. Die Immobilie verf\u00fcgt \u00fcber ger\u00e4umige, lichtdurchflutete Bereiche, eine voll <\/p>\n","protected":false},"author":1,"featured_media":16803577,"parent":0,"menu_order":0,"template":"","property_type":[785],"property_status":[852],"property_feature":[855,724,858,860,740],"property_label":[],"property_state":[419],"property_city":[470],"property_area":[895],"class_list":["post-16803576","property","type-property","status-publish","has-post-thumbnail","hentry","property_type-haus","property_status-vermietung","property_feature-elektrogerte","property_feature-heizung","property_feature-komplett-auenliegend","property_feature-mbel","property_feature-terrasse","property_state-asturias","property_city-oviedo","property_area-roces-de-limanes"],"property_meta":{"fave_agent":["59317"],"fave_agents":["59317"],"fave_agent_display_option":["agent_info"],"property_agent":["59317"],"custom_permalink":["inmueble\/alquiler-temporada\/chalet\/asturias\/oviedo\/04933\/"],"_thumbnail_id":["16803577"],"post_id":["Array"],"original_author":["1"],"_edit_lock":["1604137107:1"],"_edit_last":["1"],"fave_property_map_street_view":["show"],"fave_payment_status":["not_paid"],"fave_single_top_area":["global"],"fave_single_content_area":["global"],"houzez_manual_expire":["0"],"fave_property_size_prefix":["m&sup2;"],"fave_property_map":["1"],"fave_additional_features_enable":["disable"],"fave_floor_plans_enable":["disable"],"fave_multiunit_plans_enable":["disable"],"fave_prop_homeslider":["no"],"fave_featured":["0"],"fave_property_address":["Oviedo,Asturias"],"fave_property_zip":["33199"],"houzez_geolocation_lat":["43.357641828"],"houzez_geolocation_long":["-5.795400207"],"fave_property_location":["43.357641828,-5.795400207"],"fave_property_country":["ES"],"fave_property_map_address":["Oviedo,Asturias,Spain"],"fave_comunidadimporte":["0"],"fave_comunidadincluida":["0"],"fave_conservacion":["Reformado"],"fave_orientacion":[""],"fave_carpinteriainterior":["Madera"],"fave_carpinteriaexterior":["Madera"],"fave_tiposuelo":["Climalit"],"fave_vistas":[""],"additional_features":["a:5:{i:0;a:2:{s:29:\"fave_additional_feature_title\";s:12:\"Carpinter\u00eda\";s:29:\"fave_additional_feature_value\";s:6:\"Madera\";}i:1;a:2:{s:29:\"fave_additional_feature_title\";s:21:\"Carpinter\u00eda exterior\";s:29:\"fave_additional_feature_value\";s:6:\"Madera\";}i:2;a:2:{s:29:\"fave_additional_feature_title\";s:6:\"Estado\";s:29:\"fave_additional_feature_value\";s:9:\"Reformado\";}i:3;a:2:{s:29:\"fave_additional_feature_title\";s:6:\"Vistas\";s:29:\"fave_additional_feature_value\";s:0:\"\";}i:4;a:2:{s:29:\"fave_additional_feature_title\";s:11:\"Orientacion\";s:29:\"fave_additional_feature_value\";s:0:\"\";}}"],"referencia":["04933"],"fave_property_id":["04933"],"fave_property_bedrooms":["2"],"fave_property_bathrooms":["1"],"fave_property_garage":[""],"fave_property_land":["0"],"ave_property_land_postfix":["m&sup2;"],"fave_property_size":["80"],"fave_property_year":["0"],"fave_energy_global_index":["0 kWh\/m&sup2; \/1234.99 Kg CO2\/m&sup2;"],"fave_energy_class":["N"],"estate_attr_energy_class":["Tramitando..."],"REAL_HOMES_property_emisiones":["1234.99"],"REAL_HOMES_property_consumo":["0"],"REAL_HOMES_property_letra":["N"],"estate_video":[""],"fave_virtual_tour":[""],"vendidoInmueble":[""],"fave_property_price":["1200"],"fave_property_price_postfix":["mes"],"fave_property_images":["16803577","16803578","16803579","16803580","16803581","16803582","16803583","16803584","16803585","16803586","16803587","16803588","16803589","16803590","16803591","16803592","16803593","16803594","16803595","16803596","16803597","16803598","16803599","16803600"],"houzez_total_property_views":["1"],"houzez_views_by_date":["a:1:{s:10:\"04-29-2026\";i:1;}"],"houzez_recently_viewed":["2026-04-29 11:06:29"]},"_links":{"self":[{"href":"https:\/\/agencia-asturias.com\/de\/wp-json\/wp\/v2\/properties\/16803576","targetHints":{"allow":["GET"]}}],"collection":[{"href":"https:\/\/agencia-asturias.com\/de\/wp-json\/wp\/v2\/properties"}],"about":[{"href":"https:\/\/agencia-asturias.com\/de\/wp-json\/wp\/v2\/types\/property"}],"author":[{"embeddable":true,"href":"https:\/\/agencia-asturias.com\/de\/wp-json\/wp\/v2\/users\/1"}],"version-history":[{"count":0,"href":"https:\/\/agencia-asturias.com\/de\/wp-json\/wp\/v2\/properties\/16803576\/revisions"}],"wp:featuredmedia":[{"embeddable":true,"href":"https:\/\/agencia-asturias.com\/de\/wp-json\/wp\/v2\/media\/16803577"}],"wp:attachment":[{"href":"https:\/\/agencia-asturias.com\/de\/wp-json\/wp\/v2\/media?parent=16803576"}],"wp:term":[{"taxonomy":"property_type","embeddable":true,"href":"https:\/\/agencia-asturias.com\/de\/wp-json\/wp\/v2\/property_type?post=16803576"},{"taxonomy":"property_status","embeddable":true,"href":"https:\/\/agencia-asturias.com\/de\/wp-json\/wp\/v2\/property_status?post=16803576"},{"taxonomy":"property_feature","embeddable":true,"href":"https:\/\/agencia-asturias.com\/de\/wp-json\/wp\/v2\/property_feature?post=16803576"},{"taxonomy":"property_label","embeddable":true,"href":"https:\/\/agencia-asturias.com\/de\/wp-json\/wp\/v2\/property_label?post=16803576"},{"taxonomy":"property_state","embeddable":true,"href":"https:\/\/agencia-asturias.com\/de\/wp-json\/wp\/v2\/property_state?post=16803576"},{"taxonomy":"property_city","embeddable":true,"href":"https:\/\/agencia-asturias.com\/de\/wp-json\/wp\/v2\/property_city?post=16803576"},{"taxonomy":"property_area","embeddable":true,"href":"https:\/\/agencia-asturias.com\/de\/wp-json\/wp\/v2\/property_area?post=16803576"}],"curies":[{"name":"wp","href":"https:\/\/api.w.org\/{rel}","templated":true}]}}