{"id":16803831,"date":"2025-10-07T17:11:18","date_gmt":"2025-10-07T17:11:18","guid":{"rendered":"https:\/\/agencia-asturias.com\/inmueble\/venta\/piso\/asturias\/gijon\/04963\/"},"modified":"2025-10-07T17:11:18","modified_gmt":"2025-10-07T17:11:18","slug":"direkt-neben-begona-im-herzen-von-gijon-04963","status":"publish","type":"property","link":"https:\/\/agencia-asturias.com\/de\/inmueble\/venta\/piso\/asturias\/gijon\/04963\/","title":{"rendered":"Direkt neben Bego\u00f1a im Herzen von Gij\u00f3n &#8211; 04963"},"content":{"rendered":"<p>Diese gro\u00dfartige, neuwertige Wohnung befindet sich direkt im Zentrum von Gij\u00f3n, neben dem Paseo de Bego\u00f1a. Sie wurde im Jahr 2006 erbaut, sodass Sie die Vorteile genie\u00dfen k\u00f6nnen, in einer relativ neuen Wohnung zu leben. Sie verf\u00fcgt \u00fcber eine private Terrasse von 100 m2 zur pers\u00f6nlichen Nutzung und beinhaltet auch einen Abstellraum. Verpassen Sie nicht die Gelegenheit, diese exklusive Immobilie zu kaufen, die auch andere Vorteile bietet, wie die M\u00f6glichkeit, jeden Tag in einem ger\u00e4umigen Parkplatz in der Tiefgarage des gleichen Geb\u00e4udes zu parken. <\/p>\n<p>\u00dcbertragungssteuer, Notar- und Grundbuchgeb\u00fchren sind nicht im Preis enthalten.<\/p>\n","protected":false},"excerpt":{"rendered":"<p>Diese gro\u00dfartige, neuwertige Wohnung befindet sich direkt im Zentrum von Gij\u00f3n, neben dem Paseo de Bego\u00f1a. Sie wurde im Jahr 2006 erbaut, sodass Sie die Vorteile genie\u00dfen k\u00f6nnen, in einer relativ neuen Wohnung zu leben. Sie verf\u00fcgt \u00fcber eine private Terrasse von 100 m2 zur pers\u00f6nlichen Nutzung und beinhaltet auch einen Abstellraum. <\/p>\n","protected":false},"author":1,"featured_media":16803832,"parent":0,"menu_order":0,"template":"","property_type":[779],"property_status":[720],"property_feature":[722,724,858],"property_label":[],"property_state":[419],"property_city":[420],"property_area":[421],"class_list":["post-16803831","property","type-property","status-publish","has-post-thumbnail","hentry","property_type-wohnung","property_status-verkauf","property_feature-heizung","property_feature-komplett-auenliegend","property_state-asturias","property_city-gijon","property_area-centro"],"property_meta":{"fave_agent":["59311"],"fave_agents":["59311"],"fave_agent_display_option":["agent_info"],"property_agent":["59311"],"custom_permalink":["inmueble\/venta\/piso\/asturias\/gijon\/04963\/"],"_thumbnail_id":["16803832"],"post_id":["Array"],"original_author":["1"],"_edit_lock":["1604137107:1"],"_edit_last":["1"],"fave_property_map_street_view":["show"],"fave_payment_status":["not_paid"],"fave_single_top_area":["global"],"fave_single_content_area":["global"],"houzez_manual_expire":["0"],"fave_property_size_prefix":["m&sup2;"],"fave_property_map":["1"],"fave_additional_features_enable":["disable"],"fave_floor_plans_enable":["disable"],"fave_multiunit_plans_enable":["disable"],"fave_prop_homeslider":["no"],"fave_featured":["0"],"fave_property_address":["Gij\u00f3n,Asturias"],"fave_property_zip":["33205"],"houzez_geolocation_lat":["43.537386347"],"houzez_geolocation_long":["-5.657652541"],"fave_property_location":["43.537386347,-5.657652541"],"fave_property_country":["ES"],"fave_property_map_address":["Gij\u00f3n,Asturias,Spain"],"fave_comunidadimporte":["0"],"fave_comunidadincluida":["0"],"fave_conservacion":["Seminuevo"],"fave_orientacion":[""],"fave_carpinteriainterior":[""],"fave_carpinteriaexterior":[""],"fave_tiposuelo":[""],"fave_vistas":[""],"additional_features":["a:5:{i:0;a:2:{s:29:\"fave_additional_feature_title\";s:12:\"Carpinter\u00eda\";s:29:\"fave_additional_feature_value\";s:0:\"\";}i:1;a:2:{s:29:\"fave_additional_feature_title\";s:21:\"Carpinter\u00eda exterior\";s:29:\"fave_additional_feature_value\";s:0:\"\";}i:2;a:2:{s:29:\"fave_additional_feature_title\";s:6:\"Estado\";s:29:\"fave_additional_feature_value\";s:9:\"Seminuevo\";}i:3;a:2:{s:29:\"fave_additional_feature_title\";s:6:\"Vistas\";s:29:\"fave_additional_feature_value\";s:0:\"\";}i:4;a:2:{s:29:\"fave_additional_feature_title\";s:11:\"Orientacion\";s:29:\"fave_additional_feature_value\";s:0:\"\";}}"],"referencia":["04963"],"fave_property_id":["04963"],"fave_property_bedrooms":["2"],"fave_property_bathrooms":["2"],"fave_property_garage":["1"],"fave_property_land":["0"],"ave_property_land_postfix":["m&sup2;"],"fave_property_size":["82"],"fave_property_year":["2006"],"fave_energy_global_index":["0 kWh\/m&sup2; \/1234.99 Kg CO2\/m&sup2;"],"fave_energy_class":["N"],"estate_attr_energy_class":["Tramitando..."],"REAL_HOMES_property_emisiones":["1234.99"],"REAL_HOMES_property_consumo":["0"],"REAL_HOMES_property_letra":["N"],"estate_video":[""],"fave_video_url":["https:\/\/www.youtube.com\/watch?v=8Y-Meglo3IM?feature=share"],"fave_video_image":["https:\/\/fotos15.apinmo.com\/1445\/26804781\/15-1.jpg"],"fave_virtual_tour":[""],"vendidoInmueble":[""],"fave_property_price":["355000"],"fave_property_price_postfix":[""],"fave_property_images":["16803832","16803833","16803834","16803835","16803836","16803837","16803838","16803839","16803840","16803841","16803842","16803843","16803844","16803845","16803846","16803847","16803848","16803849","16803850","16803851","16803852","16803853","16803854","16803855","16803856","16803857","16803858","16803859","16803860","16803861","16803862","16803863","16803864","16803865","16803866","16803867","16803868","16803869","16803870"],"houzez_total_property_views":["2"],"houzez_views_by_date":["a:1:{s:10:\"04-29-2026\";i:2;}"],"houzez_recently_viewed":["2026-04-29 12:54:26"]},"_links":{"self":[{"href":"https:\/\/agencia-asturias.com\/de\/wp-json\/wp\/v2\/properties\/16803831","targetHints":{"allow":["GET"]}}],"collection":[{"href":"https:\/\/agencia-asturias.com\/de\/wp-json\/wp\/v2\/properties"}],"about":[{"href":"https:\/\/agencia-asturias.com\/de\/wp-json\/wp\/v2\/types\/property"}],"author":[{"embeddable":true,"href":"https:\/\/agencia-asturias.com\/de\/wp-json\/wp\/v2\/users\/1"}],"version-history":[{"count":0,"href":"https:\/\/agencia-asturias.com\/de\/wp-json\/wp\/v2\/properties\/16803831\/revisions"}],"wp:featuredmedia":[{"embeddable":true,"href":"https:\/\/agencia-asturias.com\/de\/wp-json\/wp\/v2\/media\/16803832"}],"wp:attachment":[{"href":"https:\/\/agencia-asturias.com\/de\/wp-json\/wp\/v2\/media?parent=16803831"}],"wp:term":[{"taxonomy":"property_type","embeddable":true,"href":"https:\/\/agencia-asturias.com\/de\/wp-json\/wp\/v2\/property_type?post=16803831"},{"taxonomy":"property_status","embeddable":true,"href":"https:\/\/agencia-asturias.com\/de\/wp-json\/wp\/v2\/property_status?post=16803831"},{"taxonomy":"property_feature","embeddable":true,"href":"https:\/\/agencia-asturias.com\/de\/wp-json\/wp\/v2\/property_feature?post=16803831"},{"taxonomy":"property_label","embeddable":true,"href":"https:\/\/agencia-asturias.com\/de\/wp-json\/wp\/v2\/property_label?post=16803831"},{"taxonomy":"property_state","embeddable":true,"href":"https:\/\/agencia-asturias.com\/de\/wp-json\/wp\/v2\/property_state?post=16803831"},{"taxonomy":"property_city","embeddable":true,"href":"https:\/\/agencia-asturias.com\/de\/wp-json\/wp\/v2\/property_city?post=16803831"},{"taxonomy":"property_area","embeddable":true,"href":"https:\/\/agencia-asturias.com\/de\/wp-json\/wp\/v2\/property_area?post=16803831"}],"curies":[{"name":"wp","href":"https:\/\/api.w.org\/{rel}","templated":true}]}}