{"id":16803907,"date":"2025-10-09T13:14:58","date_gmt":"2025-10-09T13:14:58","guid":{"rendered":"https:\/\/agencia-asturias.com\/inmueble\/alquiler\/local-comercial\/asturias\/gijon\/04968\/"},"modified":"2025-10-09T13:14:58","modified_gmt":"2025-10-09T13:14:58","slug":"lokal-mit-rauchabzug-04968","status":"publish","type":"property","link":"https:\/\/agencia-asturias.com\/de\/inmueble\/alquiler\/local-comercial\/asturias\/gijon\/04968\/","title":{"rendered":"Lokal mit Rauchabzug &#8211; 04968"},"content":{"rendered":"<p>Die Agentur Asturias bietet ein zu vermietendes Lokal an, das derzeit als Kebab betrieben wird, aber auch f\u00fcr jede andere Art von Gesch\u00e4ft genutzt werden kann. Es verf\u00fcgt \u00fcber einen erneuerten Rauchabzug, eine installierte K\u00fcche und hat die OCA bestanden, sodass es bereit ist, in Betrieb genommen zu werden. Dar\u00fcber hinaus besteht die M\u00f6glichkeit, eine Terrasse einzurichten. Es befindet sich in einer sehr gut gelegenen Fu\u00dfg\u00e4ngerzone, neben dem Plaza Mayor der Stadt, in Cimadevilla, einem touristischen Interessengebiet&#8230; usw. Wenn Sie weitere Informationen w\u00fcnschen oder einen Besuch vereinbaren m\u00f6chten, z\u00f6gern Sie bitte nicht, uns anzurufen.<br \/>Eine Kaution ist erforderlich.<\/p>\n","protected":false},"excerpt":{"rendered":"<p>Die Agentur Asturias bietet ein zu vermietendes Lokal an, das derzeit als Kebab betrieben wird, aber auch f\u00fcr jede andere Art von Gesch\u00e4ft genutzt werden kann. Es verf\u00fcgt \u00fcber einen erneuerten Rauchabzug, eine installierte K\u00fcche und hat die OCA bestanden, sodass es bereit ist, in Betrieb genommen zu werden. Dar\u00fcber hinaus besteht die <\/p>\n","protected":false},"author":1,"featured_media":16803908,"parent":0,"menu_order":0,"template":"","property_type":[771],"property_status":[852],"property_feature":[],"property_label":[],"property_state":[419],"property_city":[420],"property_area":[421],"class_list":["post-16803907","property","type-property","status-publish","has-post-thumbnail","hentry","property_type-gewerbeimmobilie","property_status-vermietung","property_state-asturias","property_city-gijon","property_area-centro"],"property_meta":{"fave_agent":["59302"],"fave_agents":["59302"],"fave_agent_display_option":["agent_info"],"property_agent":["59302"],"custom_permalink":["inmueble\/alquiler\/local-comercial\/asturias\/gijon\/04968\/"],"_thumbnail_id":["16803908"],"post_id":["Array"],"original_author":["1"],"_edit_lock":["1604137107:1"],"_edit_last":["1"],"fave_property_map_street_view":["show"],"fave_payment_status":["not_paid"],"fave_single_top_area":["global"],"fave_single_content_area":["global"],"houzez_manual_expire":["0"],"fave_property_size_prefix":["m&sup2;"],"fave_property_map":["1"],"fave_additional_features_enable":["disable"],"fave_floor_plans_enable":["disable"],"fave_multiunit_plans_enable":["disable"],"fave_prop_homeslider":["no"],"fave_featured":["0"],"fave_property_address":["Gij\u00f3n,Asturias"],"fave_property_zip":["33201"],"houzez_geolocation_lat":["43.545567829"],"houzez_geolocation_long":["-5.662494461"],"fave_property_location":["43.545567829,-5.662494461"],"fave_property_country":["ES"],"fave_property_map_address":["Gij\u00f3n,Asturias,Spain"],"fave_comunidadimporte":["0"],"fave_comunidadincluida":["0"],"fave_conservacion":["Buen estado"],"fave_orientacion":[""],"fave_carpinteriainterior":[""],"fave_carpinteriaexterior":[""],"fave_tiposuelo":[""],"fave_vistas":[""],"additional_features":["a:5:{i:0;a:2:{s:29:\"fave_additional_feature_title\";s:12:\"Carpinter\u00eda\";s:29:\"fave_additional_feature_value\";s:0:\"\";}i:1;a:2:{s:29:\"fave_additional_feature_title\";s:21:\"Carpinter\u00eda exterior\";s:29:\"fave_additional_feature_value\";s:0:\"\";}i:2;a:2:{s:29:\"fave_additional_feature_title\";s:6:\"Estado\";s:29:\"fave_additional_feature_value\";s:11:\"Buen estado\";}i:3;a:2:{s:29:\"fave_additional_feature_title\";s:6:\"Vistas\";s:29:\"fave_additional_feature_value\";s:0:\"\";}i:4;a:2:{s:29:\"fave_additional_feature_title\";s:11:\"Orientacion\";s:29:\"fave_additional_feature_value\";s:0:\"\";}}"],"referencia":["04968"],"fave_property_id":["04968"],"fave_property_bedrooms":["0"],"fave_property_bathrooms":["0"],"fave_property_garage":[""],"fave_property_land":["0"],"ave_property_land_postfix":["m&sup2;"],"fave_property_size":["300"],"fave_property_year":["0"],"fave_energy_global_index":["0 kWh\/m&sup2; \/1234.99 Kg CO2\/m&sup2;"],"fave_energy_class":["N"],"estate_attr_energy_class":["Tramitando..."],"REAL_HOMES_property_emisiones":["1234.99"],"REAL_HOMES_property_consumo":["0"],"REAL_HOMES_property_letra":["N"],"estate_video":[""],"fave_virtual_tour":[""],"vendidoInmueble":[""],"fave_property_price":["3000"],"fave_property_price_postfix":["mes"],"fave_property_images":["16803908","16803909","16803910","16803911","16803912","16803913","16803914","16803915","16803916","16803917","16803918","16803919","16803920","16803921","16803922","16803923","16803924","16803925","16803926"],"houzez_total_property_views":["2"],"houzez_views_by_date":["a:1:{s:10:\"04-29-2026\";i:2;}"],"houzez_recently_viewed":["2026-04-29 09:07:23"]},"_links":{"self":[{"href":"https:\/\/agencia-asturias.com\/de\/wp-json\/wp\/v2\/properties\/16803907","targetHints":{"allow":["GET"]}}],"collection":[{"href":"https:\/\/agencia-asturias.com\/de\/wp-json\/wp\/v2\/properties"}],"about":[{"href":"https:\/\/agencia-asturias.com\/de\/wp-json\/wp\/v2\/types\/property"}],"author":[{"embeddable":true,"href":"https:\/\/agencia-asturias.com\/de\/wp-json\/wp\/v2\/users\/1"}],"version-history":[{"count":0,"href":"https:\/\/agencia-asturias.com\/de\/wp-json\/wp\/v2\/properties\/16803907\/revisions"}],"wp:featuredmedia":[{"embeddable":true,"href":"https:\/\/agencia-asturias.com\/de\/wp-json\/wp\/v2\/media\/16803908"}],"wp:attachment":[{"href":"https:\/\/agencia-asturias.com\/de\/wp-json\/wp\/v2\/media?parent=16803907"}],"wp:term":[{"taxonomy":"property_type","embeddable":true,"href":"https:\/\/agencia-asturias.com\/de\/wp-json\/wp\/v2\/property_type?post=16803907"},{"taxonomy":"property_status","embeddable":true,"href":"https:\/\/agencia-asturias.com\/de\/wp-json\/wp\/v2\/property_status?post=16803907"},{"taxonomy":"property_feature","embeddable":true,"href":"https:\/\/agencia-asturias.com\/de\/wp-json\/wp\/v2\/property_feature?post=16803907"},{"taxonomy":"property_label","embeddable":true,"href":"https:\/\/agencia-asturias.com\/de\/wp-json\/wp\/v2\/property_label?post=16803907"},{"taxonomy":"property_state","embeddable":true,"href":"https:\/\/agencia-asturias.com\/de\/wp-json\/wp\/v2\/property_state?post=16803907"},{"taxonomy":"property_city","embeddable":true,"href":"https:\/\/agencia-asturias.com\/de\/wp-json\/wp\/v2\/property_city?post=16803907"},{"taxonomy":"property_area","embeddable":true,"href":"https:\/\/agencia-asturias.com\/de\/wp-json\/wp\/v2\/property_area?post=16803907"}],"curies":[{"name":"wp","href":"https:\/\/api.w.org\/{rel}","templated":true}]}}