{"id":16803929,"date":"2025-10-14T17:55:25","date_gmt":"2025-10-14T17:55:25","guid":{"rendered":"https:\/\/agencia-asturias.com\/inmueble\/alquiler\/local-comercial\/asturias\/gijon\/04971\/"},"modified":"2025-10-14T17:55:25","modified_gmt":"2025-10-14T17:55:25","slug":"ecke-mit-groser-sichtbarkeit-04971","status":"publish","type":"property","link":"https:\/\/agencia-asturias.com\/de\/inmueble\/alquiler\/local-comercial\/asturias\/gijon\/04971\/","title":{"rendered":"Ecke mit gro\u00dfer Sichtbarkeit &#8211; 04971"},"content":{"rendered":"<p>Die Agentur Asturien bietet Ihnen diese Gewerbefl\u00e4che an der Ecke mit gro\u00dfem Schaufenster und damit perfekter Sichtbarkeit, um jede Aktivit\u00e4t zu entwickeln und nicht unbemerkt zu bleiben. Derzeit seit vielen Jahren als Kurzwarenhandlung in Betrieb, k\u00f6nnte die R\u00e4umlichkeit vermietet werden, indem der Transfer mit dem Eigent\u00fcmer verhandelt wird, oder einfach die R\u00e4umlichkeit gemietet werden, um eine andere Aktivit\u00e4t zu entwickeln. Perfekte Lage und Sichtbarkeit, mehr kann man von einer Gewerbefl\u00e4che nicht verlangen, kommen Sie mit der Agentur Asturien vorbei!!!<\/p>\n","protected":false},"excerpt":{"rendered":"<p>Die Agentur Asturien bietet Ihnen diese Gewerbefl\u00e4che an der Ecke mit gro\u00dfem Schaufenster und damit perfekter Sichtbarkeit, um jede Aktivit\u00e4t zu entwickeln und nicht unbemerkt zu bleiben. Derzeit seit vielen Jahren als Kurzwarenhandlung in Betrieb, k\u00f6nnte die R\u00e4umlichkeit vermietet werden, indem der Transfer mit dem Eigent\u00fcmer <\/p>\n","protected":false},"author":1,"featured_media":16803930,"parent":0,"menu_order":0,"template":"","property_type":[771],"property_status":[852],"property_feature":[861],"property_label":[],"property_state":[419],"property_city":[420],"property_area":[431],"class_list":["post-16803929","property","type-property","status-publish","has-post-thumbnail","hentry","property_type-gewerbeimmobilie","property_status-vermietung","property_feature-offen","property_state-asturias","property_city-gijon","property_area-laviada"],"property_meta":{"fave_agent":["59308"],"fave_agents":["59308"],"fave_agent_display_option":["agent_info"],"property_agent":["59308"],"custom_permalink":["inmueble\/alquiler\/local-comercial\/asturias\/gijon\/04971\/"],"_thumbnail_id":["16803930"],"post_id":["Array"],"original_author":["1"],"_edit_lock":["1604137107:1"],"_edit_last":["1"],"fave_property_map_street_view":["show"],"fave_payment_status":["not_paid"],"fave_single_top_area":["global"],"fave_single_content_area":["global"],"houzez_manual_expire":["0"],"fave_property_size_prefix":["m&sup2;"],"fave_property_map":["1"],"fave_additional_features_enable":["disable"],"fave_floor_plans_enable":["disable"],"fave_multiunit_plans_enable":["disable"],"fave_prop_homeslider":["no"],"fave_featured":["0"],"fave_property_address":["Gij\u00f3n,Asturias"],"fave_property_zip":["33207"],"houzez_geolocation_lat":["43.536641333"],"houzez_geolocation_long":["-5.673705436"],"fave_property_location":["43.536641333,-5.673705436"],"fave_property_country":["ES"],"fave_property_map_address":["Gij\u00f3n,Asturias,Spain"],"fave_comunidadimporte":["0"],"fave_comunidadincluida":["0"],"fave_conservacion":["De origen"],"fave_orientacion":[""],"fave_carpinteriainterior":[""],"fave_carpinteriaexterior":[""],"fave_tiposuelo":[""],"fave_vistas":[""],"additional_features":["a:5:{i:0;a:2:{s:29:\"fave_additional_feature_title\";s:12:\"Carpinter\u00eda\";s:29:\"fave_additional_feature_value\";s:0:\"\";}i:1;a:2:{s:29:\"fave_additional_feature_title\";s:21:\"Carpinter\u00eda exterior\";s:29:\"fave_additional_feature_value\";s:0:\"\";}i:2;a:2:{s:29:\"fave_additional_feature_title\";s:6:\"Estado\";s:29:\"fave_additional_feature_value\";s:9:\"De origen\";}i:3;a:2:{s:29:\"fave_additional_feature_title\";s:6:\"Vistas\";s:29:\"fave_additional_feature_value\";s:0:\"\";}i:4;a:2:{s:29:\"fave_additional_feature_title\";s:11:\"Orientacion\";s:29:\"fave_additional_feature_value\";s:0:\"\";}}"],"referencia":["04971"],"fave_property_id":["04971"],"fave_property_bedrooms":["0"],"fave_property_bathrooms":["0"],"fave_property_garage":[""],"fave_property_land":["0"],"ave_property_land_postfix":["m&sup2;"],"fave_property_size":["96"],"fave_property_year":["1943"],"fave_energy_global_index":["0 kWh\/m&sup2; \/1234.99 Kg CO2\/m&sup2;"],"fave_energy_class":["N"],"estate_attr_energy_class":["Tramitando..."],"REAL_HOMES_property_emisiones":["1234.99"],"REAL_HOMES_property_consumo":["0"],"REAL_HOMES_property_letra":["N"],"estate_video":[""],"fave_virtual_tour":[""],"vendidoInmueble":[""],"fave_property_price":["800"],"fave_property_price_postfix":["mes"],"fave_property_images":["16803930","16803931","16803932","16803933","16803934","16803935","16803936","16803937","16803938","16803939","16803940","16803941"],"houzez_total_property_views":["2"],"houzez_views_by_date":["a:1:{s:10:\"04-29-2026\";i:2;}"],"houzez_recently_viewed":["2026-04-29 08:43:14"]},"_links":{"self":[{"href":"https:\/\/agencia-asturias.com\/de\/wp-json\/wp\/v2\/properties\/16803929","targetHints":{"allow":["GET"]}}],"collection":[{"href":"https:\/\/agencia-asturias.com\/de\/wp-json\/wp\/v2\/properties"}],"about":[{"href":"https:\/\/agencia-asturias.com\/de\/wp-json\/wp\/v2\/types\/property"}],"author":[{"embeddable":true,"href":"https:\/\/agencia-asturias.com\/de\/wp-json\/wp\/v2\/users\/1"}],"version-history":[{"count":0,"href":"https:\/\/agencia-asturias.com\/de\/wp-json\/wp\/v2\/properties\/16803929\/revisions"}],"wp:featuredmedia":[{"embeddable":true,"href":"https:\/\/agencia-asturias.com\/de\/wp-json\/wp\/v2\/media\/16803930"}],"wp:attachment":[{"href":"https:\/\/agencia-asturias.com\/de\/wp-json\/wp\/v2\/media?parent=16803929"}],"wp:term":[{"taxonomy":"property_type","embeddable":true,"href":"https:\/\/agencia-asturias.com\/de\/wp-json\/wp\/v2\/property_type?post=16803929"},{"taxonomy":"property_status","embeddable":true,"href":"https:\/\/agencia-asturias.com\/de\/wp-json\/wp\/v2\/property_status?post=16803929"},{"taxonomy":"property_feature","embeddable":true,"href":"https:\/\/agencia-asturias.com\/de\/wp-json\/wp\/v2\/property_feature?post=16803929"},{"taxonomy":"property_label","embeddable":true,"href":"https:\/\/agencia-asturias.com\/de\/wp-json\/wp\/v2\/property_label?post=16803929"},{"taxonomy":"property_state","embeddable":true,"href":"https:\/\/agencia-asturias.com\/de\/wp-json\/wp\/v2\/property_state?post=16803929"},{"taxonomy":"property_city","embeddable":true,"href":"https:\/\/agencia-asturias.com\/de\/wp-json\/wp\/v2\/property_city?post=16803929"},{"taxonomy":"property_area","embeddable":true,"href":"https:\/\/agencia-asturias.com\/de\/wp-json\/wp\/v2\/property_area?post=16803929"}],"curies":[{"name":"wp","href":"https:\/\/api.w.org\/{rel}","templated":true}]}}