{"id":16804083,"date":"2025-11-03T14:47:01","date_gmt":"2025-11-03T14:47:01","guid":{"rendered":"https:\/\/agencia-asturias.com\/inmueble\/venta\/piso\/asturias\/gijon\/04991\/"},"modified":"2025-11-03T14:47:01","modified_gmt":"2025-11-03T14:47:01","slug":"en-pleno-centro-del-llano-04991-de","status":"publish","type":"property","link":"https:\/\/agencia-asturias.com\/de\/inmueble\/venta\/piso\/asturias\/gijon\/04991\/","title":{"rendered":"En pleno centro del Llano &#8211; 04991"},"content":{"rendered":"<p>Gro\u00dfartige Gelegenheit, eine Wohnung im Gebiet Llano zu erwerben, mit H\u00f6he, sehr guter Aufteilung und drei Schlafzimmern mit Bad und WC.<\/p>\n<p>Die Wohnung ist mit individuellen Stadtgasdiensten f\u00fcr Heizung und Warmwasser ausgestattet und hat eine monatliche Gemeinschaftsgeb\u00fchr von 70 Euro.<\/p>\n<p>Der Eingang ist komplett renoviert und barrierefrei. Was die R\u00e4ume betrifft, so sind das Wohnzimmer, die K\u00fcche und zwei der Schlafzimmer zur Stra\u00dfe hin ausgerichtet, was ihnen viel Helligkeit verleiht. PVC-Fenster mit W\u00e4rmebr\u00fcckenbruch und Einbauschrank im Flur. Vollbad mit Duschwanne und Fenster.<\/p>\n<p>Rufen Sie uns an, und Sie k\u00f6nnen es ohne Verpflichtung mit Agencia Asturias besichtigen.<\/p>\n<p>Die Grundst\u00fccks\u00fcbertragungssteuer sowie Notar- und Grundbuchgeb\u00fchren sind nicht im Preis enthalten.<\/p>\n","protected":false},"excerpt":{"rendered":"<p>Gro\u00dfartige Gelegenheit, eine Wohnung im Gebiet Llano zu erwerben, mit H\u00f6he, sehr guter Aufteilung und drei Schlafzimmern mit Bad und WC.~~Die Wohnung ist mit individuellen Stadtgasdiensten f\u00fcr Heizung und Warmwasser ausgestattet und hat eine monatliche Gemeinschaftsgeb\u00fchr von 70 Euro.~~Der Eingang ist komplett renoviert und barrierefrei.<\/p>\n","protected":false},"author":1,"featured_media":16804084,"parent":0,"menu_order":0,"template":"","property_type":[779],"property_status":[720],"property_feature":[722,724,858,856],"property_label":[],"property_state":[419],"property_city":[420],"property_area":[435],"class_list":["post-16804083","property","type-property","status-publish","has-post-thumbnail","hentry","property_type-wohnung","property_status-verkauf","property_feature-heizung","property_feature-komplett-auenliegend","property_feature-stadtgas","property_state-asturias","property_city-gijon","property_area-el-llano"],"property_meta":{"fave_agent":["59311"],"fave_agents":["59311"],"fave_agent_display_option":["agent_info"],"property_agent":["59311"],"custom_permalink":["inmueble\/venta\/piso\/asturias\/gijon\/04991\/"],"_thumbnail_id":["16804084"],"post_id":["Array"],"original_author":["1"],"_edit_lock":["1604137107:1"],"_edit_last":["1"],"fave_property_map_street_view":["show"],"fave_payment_status":["not_paid"],"fave_single_top_area":["global"],"fave_single_content_area":["global"],"houzez_manual_expire":["0"],"fave_property_size_prefix":["m&sup2;"],"fave_property_map":["1"],"fave_additional_features_enable":["disable"],"fave_floor_plans_enable":["disable"],"fave_multiunit_plans_enable":["disable"],"fave_prop_homeslider":["no"],"fave_featured":["0"],"fave_property_address":["Gij\u00f3n,Asturias"],"fave_property_zip":["33209"],"houzez_geolocation_lat":["43.527180361646"],"houzez_geolocation_long":["-5.6669973153565"],"fave_property_location":["43.527180361646,-5.6669973153565"],"fave_property_country":["ES"],"fave_property_map_address":["Gij\u00f3n,Asturias,Spain"],"fave_comunidadimporte":["70"],"fave_comunidadincluida":["0"],"fave_conservacion":["Entrar a vivir"],"fave_orientacion":[""],"fave_carpinteriainterior":[""],"fave_carpinteriaexterior":["PVC"],"fave_tiposuelo":[""],"fave_vistas":[""],"additional_features":["a:5:{i:0;a:2:{s:29:\"fave_additional_feature_title\";s:12:\"Carpinter\u00eda\";s:29:\"fave_additional_feature_value\";s:0:\"\";}i:1;a:2:{s:29:\"fave_additional_feature_title\";s:21:\"Carpinter\u00eda exterior\";s:29:\"fave_additional_feature_value\";s:3:\"PVC\";}i:2;a:2:{s:29:\"fave_additional_feature_title\";s:6:\"Estado\";s:29:\"fave_additional_feature_value\";s:14:\"Entrar a vivir\";}i:3;a:2:{s:29:\"fave_additional_feature_title\";s:6:\"Vistas\";s:29:\"fave_additional_feature_value\";s:0:\"\";}i:4;a:2:{s:29:\"fave_additional_feature_title\";s:11:\"Orientacion\";s:29:\"fave_additional_feature_value\";s:0:\"\";}}"],"referencia":["04991"],"fave_property_id":["04991"],"fave_property_bedrooms":["3"],"fave_property_bathrooms":["1"],"fave_property_garage":[""],"fave_property_land":["0"],"ave_property_land_postfix":["m&sup2;"],"fave_property_size":["95"],"fave_property_year":["1981"],"fave_energy_global_index":["120.9 kWh\/m&sup2; \/25.6 Kg CO2\/m&sup2;"],"fave_energy_class":["E"],"estate_attr_energy_class":["E"],"REAL_HOMES_property_emisiones":["25.6"],"REAL_HOMES_property_consumo":["120.9"],"REAL_HOMES_property_letra":["E"],"estate_video":[""],"fave_video_url":["https:\/\/www.youtube.com\/watch?v=o2hbWPLcnsQ?feature="],"fave_video_image":["https:\/\/fotos15.apinmo.com\/1445\/27083499\/2-1.jpg"],"fave_virtual_tour":[""],"vendidoInmueble":[""],"fave_property_price":["198000"],"fave_property_price_postfix":[""],"fave_property_images":["16804084","16804085","16804086","16804087","16804088","16804089","16804090","16804091","16804092","16804093","16804094","16804095","16804096","16804097","16804098","16804099","16804100","16804101","16804102","16804103","16804104","16804105","16804106","16804107","16804108","16804109","16804110","16804111","16804112","16804113","16804114","16804115","16804116","16804117","16804118","16804119","16804120","16804121"],"houzez_total_property_views":["2"],"houzez_views_by_date":["a:1:{s:10:\"04-29-2026\";i:2;}"],"houzez_recently_viewed":["2026-04-29 12:12:36"]},"_links":{"self":[{"href":"https:\/\/agencia-asturias.com\/de\/wp-json\/wp\/v2\/properties\/16804083","targetHints":{"allow":["GET"]}}],"collection":[{"href":"https:\/\/agencia-asturias.com\/de\/wp-json\/wp\/v2\/properties"}],"about":[{"href":"https:\/\/agencia-asturias.com\/de\/wp-json\/wp\/v2\/types\/property"}],"author":[{"embeddable":true,"href":"https:\/\/agencia-asturias.com\/de\/wp-json\/wp\/v2\/users\/1"}],"version-history":[{"count":0,"href":"https:\/\/agencia-asturias.com\/de\/wp-json\/wp\/v2\/properties\/16804083\/revisions"}],"wp:featuredmedia":[{"embeddable":true,"href":"https:\/\/agencia-asturias.com\/de\/wp-json\/wp\/v2\/media\/16804084"}],"wp:attachment":[{"href":"https:\/\/agencia-asturias.com\/de\/wp-json\/wp\/v2\/media?parent=16804083"}],"wp:term":[{"taxonomy":"property_type","embeddable":true,"href":"https:\/\/agencia-asturias.com\/de\/wp-json\/wp\/v2\/property_type?post=16804083"},{"taxonomy":"property_status","embeddable":true,"href":"https:\/\/agencia-asturias.com\/de\/wp-json\/wp\/v2\/property_status?post=16804083"},{"taxonomy":"property_feature","embeddable":true,"href":"https:\/\/agencia-asturias.com\/de\/wp-json\/wp\/v2\/property_feature?post=16804083"},{"taxonomy":"property_label","embeddable":true,"href":"https:\/\/agencia-asturias.com\/de\/wp-json\/wp\/v2\/property_label?post=16804083"},{"taxonomy":"property_state","embeddable":true,"href":"https:\/\/agencia-asturias.com\/de\/wp-json\/wp\/v2\/property_state?post=16804083"},{"taxonomy":"property_city","embeddable":true,"href":"https:\/\/agencia-asturias.com\/de\/wp-json\/wp\/v2\/property_city?post=16804083"},{"taxonomy":"property_area","embeddable":true,"href":"https:\/\/agencia-asturias.com\/de\/wp-json\/wp\/v2\/property_area?post=16804083"}],"curies":[{"name":"wp","href":"https:\/\/api.w.org\/{rel}","templated":true}]}}