{"id":16804124,"date":"2025-11-13T18:46:05","date_gmt":"2025-11-13T18:46:05","guid":{"rendered":"https:\/\/agencia-asturias.com\/inmueble\/venta\/local-comercial\/asturias\/gijon\/04996\/"},"modified":"2025-11-13T18:46:05","modified_gmt":"2025-11-13T18:46:05","slug":"fantastische-raumlichkeiten-in-contrueces-04996","status":"publish","type":"property","link":"https:\/\/agencia-asturias.com\/de\/inmueble\/venta\/local-comercial\/asturias\/gijon\/04996\/","title":{"rendered":"Fantastische R\u00e4umlichkeiten in Contrueces &#8211; 04996"},"content":{"rendered":"<p>R\u00e4umlichkeiten in einer stark frequentierten Gegend im Stadtteil Contrueces, in der N\u00e4he des Gesundheitszentrums, wurde immer als Gastronomiebetrieb gef\u00fchrt, k\u00fcrzlich schallisoliert, hat keinen Rauchabzug, k\u00f6nnte f\u00fcr jeden Zweck angepasst werden. Ger\u00e4umig und mit einer guten Schaufensterfront.<br \/>\u00dcbertragungssteuer Notar und Registrierung nicht im Preis enthalten.<\/p>\n","protected":false},"excerpt":{"rendered":"<p>R\u00e4umlichkeiten in einer stark frequentierten Gegend im Stadtteil Contrueces, in der N\u00e4he des Gesundheitszentrums, wurde immer als Gastronomiebetrieb gef\u00fchrt, k\u00fcrzlich schallisoliert, hat keinen Rauchabzug, k\u00f6nnte f\u00fcr jeden Zweck angepasst werden. Ger\u00e4umig und mit einer guten Schaufensterfront.~\u00dcbertragungssteuer Notar und <\/p>\n","protected":false},"author":1,"featured_media":16804125,"parent":0,"menu_order":0,"template":"","property_type":[771],"property_status":[720],"property_feature":[],"property_label":[],"property_state":[419],"property_city":[420],"property_area":[560],"class_list":["post-16804124","property","type-property","status-publish","has-post-thumbnail","hentry","property_type-gewerbeimmobilie","property_status-verkauf","property_state-asturias","property_city-gijon","property_area-contrueces"],"property_meta":{"fave_agent":["59311"],"fave_agents":["59311"],"fave_agent_display_option":["agent_info"],"property_agent":["59311"],"custom_permalink":["inmueble\/venta\/local-comercial\/asturias\/gijon\/04996\/"],"_thumbnail_id":["16804125"],"post_id":["Array"],"original_author":["1"],"_edit_lock":["1604137107:1"],"_edit_last":["1"],"fave_property_map_street_view":["show"],"fave_payment_status":["not_paid"],"fave_single_top_area":["global"],"fave_single_content_area":["global"],"houzez_manual_expire":["0"],"fave_property_size_prefix":["m&sup2;"],"fave_property_map":["1"],"fave_additional_features_enable":["disable"],"fave_floor_plans_enable":["disable"],"fave_multiunit_plans_enable":["disable"],"fave_prop_homeslider":["no"],"fave_featured":["0"],"fave_property_address":["Gij\u00f3n,Asturias"],"fave_property_zip":["33210"],"houzez_geolocation_lat":["43.51875166"],"houzez_geolocation_long":["-5.664866013"],"fave_property_location":["43.51875166,-5.664866013"],"fave_property_country":["ES"],"fave_property_map_address":["Gij\u00f3n,Asturias,Spain"],"fave_comunidadimporte":["250"],"fave_comunidadincluida":["0"],"fave_conservacion":["Para reformar"],"fave_orientacion":[""],"fave_carpinteriainterior":[""],"fave_carpinteriaexterior":[""],"fave_tiposuelo":[""],"fave_vistas":[""],"additional_features":["a:5:{i:0;a:2:{s:29:\"fave_additional_feature_title\";s:12:\"Carpinter\u00eda\";s:29:\"fave_additional_feature_value\";s:0:\"\";}i:1;a:2:{s:29:\"fave_additional_feature_title\";s:21:\"Carpinter\u00eda exterior\";s:29:\"fave_additional_feature_value\";s:0:\"\";}i:2;a:2:{s:29:\"fave_additional_feature_title\";s:6:\"Estado\";s:29:\"fave_additional_feature_value\";s:13:\"Para reformar\";}i:3;a:2:{s:29:\"fave_additional_feature_title\";s:6:\"Vistas\";s:29:\"fave_additional_feature_value\";s:0:\"\";}i:4;a:2:{s:29:\"fave_additional_feature_title\";s:11:\"Orientacion\";s:29:\"fave_additional_feature_value\";s:0:\"\";}}"],"referencia":["04996"],"fave_property_id":["04996"],"fave_property_bedrooms":["0"],"fave_property_bathrooms":["2"],"fave_property_garage":[""],"fave_property_land":["0"],"ave_property_land_postfix":["m&sup2;"],"fave_property_size":["110"],"fave_property_year":["1969"],"fave_energy_global_index":["0 kWh\/m&sup2; \/1234.99 Kg CO2\/m&sup2;"],"fave_energy_class":["N"],"estate_attr_energy_class":["Tramitando..."],"REAL_HOMES_property_emisiones":["1234.99"],"REAL_HOMES_property_consumo":["0"],"REAL_HOMES_property_letra":["N"],"estate_video":[""],"fave_virtual_tour":[""],"vendidoInmueble":[""],"fave_property_price":["100000"],"fave_property_price_postfix":[""],"fave_property_images":["16804125","16804126","16804127","16804128","16804129","16804130","16804131","16804132","16804133","16804134","16804135","16804136","16804137","16804138","16804139","16804140","16804141","16804142","16804143","16804144"],"houzez_total_property_views":["1"],"houzez_views_by_date":["a:1:{s:10:\"04-29-2026\";i:1;}"],"houzez_recently_viewed":["2026-04-29 07:24:10"]},"_links":{"self":[{"href":"https:\/\/agencia-asturias.com\/de\/wp-json\/wp\/v2\/properties\/16804124","targetHints":{"allow":["GET"]}}],"collection":[{"href":"https:\/\/agencia-asturias.com\/de\/wp-json\/wp\/v2\/properties"}],"about":[{"href":"https:\/\/agencia-asturias.com\/de\/wp-json\/wp\/v2\/types\/property"}],"author":[{"embeddable":true,"href":"https:\/\/agencia-asturias.com\/de\/wp-json\/wp\/v2\/users\/1"}],"version-history":[{"count":0,"href":"https:\/\/agencia-asturias.com\/de\/wp-json\/wp\/v2\/properties\/16804124\/revisions"}],"wp:featuredmedia":[{"embeddable":true,"href":"https:\/\/agencia-asturias.com\/de\/wp-json\/wp\/v2\/media\/16804125"}],"wp:attachment":[{"href":"https:\/\/agencia-asturias.com\/de\/wp-json\/wp\/v2\/media?parent=16804124"}],"wp:term":[{"taxonomy":"property_type","embeddable":true,"href":"https:\/\/agencia-asturias.com\/de\/wp-json\/wp\/v2\/property_type?post=16804124"},{"taxonomy":"property_status","embeddable":true,"href":"https:\/\/agencia-asturias.com\/de\/wp-json\/wp\/v2\/property_status?post=16804124"},{"taxonomy":"property_feature","embeddable":true,"href":"https:\/\/agencia-asturias.com\/de\/wp-json\/wp\/v2\/property_feature?post=16804124"},{"taxonomy":"property_label","embeddable":true,"href":"https:\/\/agencia-asturias.com\/de\/wp-json\/wp\/v2\/property_label?post=16804124"},{"taxonomy":"property_state","embeddable":true,"href":"https:\/\/agencia-asturias.com\/de\/wp-json\/wp\/v2\/property_state?post=16804124"},{"taxonomy":"property_city","embeddable":true,"href":"https:\/\/agencia-asturias.com\/de\/wp-json\/wp\/v2\/property_city?post=16804124"},{"taxonomy":"property_area","embeddable":true,"href":"https:\/\/agencia-asturias.com\/de\/wp-json\/wp\/v2\/property_area?post=16804124"}],"curies":[{"name":"wp","href":"https:\/\/api.w.org\/{rel}","templated":true}]}}