{"id":16804158,"date":"2025-11-24T17:30:21","date_gmt":"2025-11-24T17:30:21","guid":{"rendered":"https:\/\/agencia-asturias.com\/inmueble\/alquiler\/piso\/asturias\/oviedo\/05000\/"},"modified":"2025-11-24T17:30:21","modified_gmt":"2025-11-24T17:30:21","slug":"vermietung-einer-wohnung-im-zentrum-mit-drei-schlafzimmern-05000","status":"publish","type":"property","link":"https:\/\/agencia-asturias.com\/de\/inmueble\/alquiler\/piso\/asturias\/oviedo\/05000\/","title":{"rendered":"Vermietung einer Wohnung im Zentrum mit drei Schlafzimmern &#8211; 05000"},"content":{"rendered":"<p>Es wird eine renovierte Wohnung im Herzen von Oviedo vermietet, ideal f\u00fcr diejenigen, die Komfort und einen urbanen Lebensstil kombinieren m\u00f6chten. Diese Immobilie verf\u00fcgt \u00fcber zwei Doppelzimmer und ein Einzelzimmer, das als B\u00fcro genutzt wird. Das Badezimmer und die K\u00fcche sind vollst\u00e4ndig ausgestattet. Es gibt vier Schr\u00e4nke, zwei davon eingebaut. Es ist eine sehr helle 8. Etage. Die Lage ist unschlagbar: umgeben von verschiedenen Einkaufsm\u00f6glichkeiten und hervorragender Anbindung dank der N\u00e4he zu \u00f6ffentlichen Verkehrsmitteln wie Bussen und Z\u00fcgen. Genie\u00dfen Sie alle Vorteile des Stadtzentrums von Ihrem neuen Zuhause aus. M\u00f6glichkeit eines Parkplatzes f\u00fcr 50 Euro. Haustiere sind nicht erlaubt.<\/p>\n","protected":false},"excerpt":{"rendered":"<p>Es wird eine renovierte Wohnung im Herzen von Oviedo vermietet, ideal f\u00fcr diejenigen, die Komfort und einen urbanen Lebensstil kombinieren m\u00f6chten. Diese Immobilie verf\u00fcgt \u00fcber zwei Doppelzimmer und ein Einzelzimmer, das als B\u00fcro genutzt wird. Das Badezimmer und die K\u00fcche sind vollst\u00e4ndig ausgestattet. Es gibt vier Schr\u00e4nke, zwei <\/p>\n","protected":false},"author":1,"featured_media":16804159,"parent":0,"menu_order":0,"template":"","property_type":[779],"property_status":[852],"property_feature":[722,724,858],"property_label":[],"property_state":[419],"property_city":[470],"property_area":[472],"class_list":["post-16804158","property","type-property","status-publish","has-post-thumbnail","hentry","property_type-wohnung","property_status-vermietung","property_feature-heizung","property_feature-komplett-auenliegend","property_state-asturias","property_city-oviedo","property_area-centro"],"property_meta":{"fave_agent":["59317"],"fave_agents":["59317"],"fave_agent_display_option":["agent_info"],"property_agent":["59317"],"custom_permalink":["inmueble\/alquiler\/piso\/asturias\/oviedo\/05000\/"],"_thumbnail_id":["16804159"],"post_id":["Array"],"original_author":["1"],"_edit_lock":["1604137107:1"],"_edit_last":["1"],"fave_property_map_street_view":["show"],"fave_payment_status":["not_paid"],"fave_single_top_area":["global"],"fave_single_content_area":["global"],"houzez_manual_expire":["0"],"fave_property_size_prefix":["m&sup2;"],"fave_property_map":["1"],"fave_additional_features_enable":["disable"],"fave_floor_plans_enable":["disable"],"fave_multiunit_plans_enable":["disable"],"fave_prop_homeslider":["no"],"fave_featured":["0"],"fave_property_address":["Oviedo,Asturias"],"fave_property_zip":["33001"],"houzez_geolocation_lat":["43.36696198"],"houzez_geolocation_long":["-5.851949154"],"fave_property_location":["43.36696198,-5.851949154"],"fave_property_country":["ES"],"fave_property_map_address":["Oviedo,Asturias,Spain"],"fave_comunidadimporte":["0"],"fave_comunidadincluida":["1"],"fave_conservacion":["Reformado"],"fave_orientacion":[""],"fave_carpinteriainterior":["Madera"],"fave_carpinteriaexterior":["Aluminio"],"fave_tiposuelo":["Climalit"],"fave_vistas":[""],"additional_features":["a:5:{i:0;a:2:{s:29:\"fave_additional_feature_title\";s:12:\"Carpinter\u00eda\";s:29:\"fave_additional_feature_value\";s:6:\"Madera\";}i:1;a:2:{s:29:\"fave_additional_feature_title\";s:21:\"Carpinter\u00eda exterior\";s:29:\"fave_additional_feature_value\";s:8:\"Aluminio\";}i:2;a:2:{s:29:\"fave_additional_feature_title\";s:6:\"Estado\";s:29:\"fave_additional_feature_value\";s:9:\"Reformado\";}i:3;a:2:{s:29:\"fave_additional_feature_title\";s:6:\"Vistas\";s:29:\"fave_additional_feature_value\";s:0:\"\";}i:4;a:2:{s:29:\"fave_additional_feature_title\";s:11:\"Orientacion\";s:29:\"fave_additional_feature_value\";s:0:\"\";}}"],"referencia":["05000"],"fave_property_id":["05000"],"fave_property_bedrooms":["3"],"fave_property_bathrooms":["1"],"fave_property_garage":[""],"fave_property_land":["0"],"ave_property_land_postfix":["m&sup2;"],"fave_property_size":["80"],"fave_property_year":["1965"],"fave_energy_global_index":["252 kWh\/m&sup2; \/53 Kg CO2\/m&sup2;"],"fave_energy_class":["E"],"estate_attr_energy_class":["E"],"REAL_HOMES_property_emisiones":["53"],"REAL_HOMES_property_consumo":["252"],"REAL_HOMES_property_letra":["E"],"estate_video":[""],"fave_virtual_tour":[""],"vendidoInmueble":[""],"fave_property_price":["900"],"fave_property_price_postfix":["mes"],"fave_property_images":["16804159","16804160","16804161","16804162","16804163","16804164","16804165","16804166","16804167","16804168","16804169","16804170","16804171","16804172","16804173","16804174","16804175","16804176","16804177","16804178","16804179"],"houzez_total_property_views":["2"],"houzez_views_by_date":["a:1:{s:10:\"04-29-2026\";i:2;}"],"houzez_recently_viewed":["2026-04-29 12:50:59"]},"_links":{"self":[{"href":"https:\/\/agencia-asturias.com\/de\/wp-json\/wp\/v2\/properties\/16804158","targetHints":{"allow":["GET"]}}],"collection":[{"href":"https:\/\/agencia-asturias.com\/de\/wp-json\/wp\/v2\/properties"}],"about":[{"href":"https:\/\/agencia-asturias.com\/de\/wp-json\/wp\/v2\/types\/property"}],"author":[{"embeddable":true,"href":"https:\/\/agencia-asturias.com\/de\/wp-json\/wp\/v2\/users\/1"}],"version-history":[{"count":0,"href":"https:\/\/agencia-asturias.com\/de\/wp-json\/wp\/v2\/properties\/16804158\/revisions"}],"wp:featuredmedia":[{"embeddable":true,"href":"https:\/\/agencia-asturias.com\/de\/wp-json\/wp\/v2\/media\/16804159"}],"wp:attachment":[{"href":"https:\/\/agencia-asturias.com\/de\/wp-json\/wp\/v2\/media?parent=16804158"}],"wp:term":[{"taxonomy":"property_type","embeddable":true,"href":"https:\/\/agencia-asturias.com\/de\/wp-json\/wp\/v2\/property_type?post=16804158"},{"taxonomy":"property_status","embeddable":true,"href":"https:\/\/agencia-asturias.com\/de\/wp-json\/wp\/v2\/property_status?post=16804158"},{"taxonomy":"property_feature","embeddable":true,"href":"https:\/\/agencia-asturias.com\/de\/wp-json\/wp\/v2\/property_feature?post=16804158"},{"taxonomy":"property_label","embeddable":true,"href":"https:\/\/agencia-asturias.com\/de\/wp-json\/wp\/v2\/property_label?post=16804158"},{"taxonomy":"property_state","embeddable":true,"href":"https:\/\/agencia-asturias.com\/de\/wp-json\/wp\/v2\/property_state?post=16804158"},{"taxonomy":"property_city","embeddable":true,"href":"https:\/\/agencia-asturias.com\/de\/wp-json\/wp\/v2\/property_city?post=16804158"},{"taxonomy":"property_area","embeddable":true,"href":"https:\/\/agencia-asturias.com\/de\/wp-json\/wp\/v2\/property_area?post=16804158"}],"curies":[{"name":"wp","href":"https:\/\/api.w.org\/{rel}","templated":true}]}}