{"id":16804324,"date":"2025-12-31T12:20:02","date_gmt":"2025-12-31T12:20:02","guid":{"rendered":"https:\/\/agencia-asturias.com\/inmueble\/venta\/piso\/asturias\/gijon\/05015\/"},"modified":"2025-12-31T12:20:02","modified_gmt":"2025-12-31T12:20:02","slug":"300-meter-vom-corte-ingles-05015","status":"publish","type":"property","link":"https:\/\/agencia-asturias.com\/de\/inmueble\/venta\/piso\/asturias\/gijon\/05015\/","title":{"rendered":"300 Meter vom Corte Ingl\u00e9s &#8211; 05015"},"content":{"rendered":"<p>Drei-Zimmer-Wohnung, zwei Doppelzimmer und ein Einzelzimmer, ger\u00e4umige K\u00fcche, die komplett renoviert wurde, mit modernem und sehr praktischem Stil sowie einem neuen Badezimmer mit einer sehr barrierefreien Dusche und Fenster. Ein Teil der urspr\u00fcnglichen Aufteilung wurde ge\u00e4ndert, um ein gr\u00f6\u00dferes und einladenderes Wohnzimmer zu schaffen. Die Gegend bietet alle Dienstleistungen, um das t\u00e4gliche Leben wesentlich zu erleichtern: Einkaufszentrum, Superm\u00e4rkte und kleine Gesch\u00e4fte aller Art. In Bezug auf Bildungseinrichtungen gibt es eine Kindertagesst\u00e4tte, Grund- und Hauptschulen sowie sogar eine weiterf\u00fchrende Schule. Die \u00f6ffentlichen Verkehrsmittel verbinden die Gegend mit ganz Gij\u00f3n \u00fcber mehrere Linien von Stadtbussen. Wenn Ihr Job au\u00dferhalb von Gij\u00f3n ist und Sie das Auto f\u00fcr Pendelstrecken nutzen, haben Sie Zugang zu den Hauptautobahnen. Eine Wohnung, die in Betracht gezogen werden sollte, wenn Sie Ihr erstes Zuhause suchen oder daran interessiert sind, zum Vermieten zu kaufen.<\/p>\n","protected":false},"excerpt":{"rendered":"<p>Drei-Zimmer-Wohnung, zwei Doppelzimmer und ein Einzelzimmer, ger\u00e4umige K\u00fcche, die komplett renoviert wurde, mit modernem und sehr praktischem Stil sowie einem neuen Badezimmer mit einer sehr barrierefreien Dusche und Fenster. Ein Teil der urspr\u00fcnglichen Aufteilung wurde ge\u00e4ndert, um ein gr\u00f6\u00dferes und einladenderes Wohnzimmer zu <\/p>\n","protected":false},"author":1,"featured_media":16804325,"parent":0,"menu_order":0,"template":"","property_type":[779],"property_status":[720],"property_feature":[722,858],"property_label":[],"property_state":[419],"property_city":[420],"property_area":[429],"class_list":["post-16804324","property","type-property","status-publish","has-post-thumbnail","hentry","property_type-wohnung","property_status-verkauf","property_feature-komplett-auenliegend","property_state-asturias","property_city-gijon","property_area-pumarin"],"property_meta":{"fave_agent":["59313"],"fave_agents":["59313"],"fave_agent_display_option":["agent_info"],"property_agent":["59313"],"custom_permalink":["inmueble\/venta\/piso\/asturias\/gijon\/05015\/"],"_thumbnail_id":["16804325"],"post_id":["Array"],"original_author":["1"],"_edit_lock":["1604137107:1"],"_edit_last":["1"],"fave_property_map_street_view":["show"],"fave_payment_status":["not_paid"],"fave_single_top_area":["global"],"fave_single_content_area":["global"],"houzez_manual_expire":["0"],"fave_property_size_prefix":["m&sup2;"],"fave_property_map":["1"],"fave_additional_features_enable":["disable"],"fave_floor_plans_enable":["disable"],"fave_multiunit_plans_enable":["disable"],"fave_prop_homeslider":["no"],"fave_featured":["0"],"fave_property_address":["Gij\u00f3n,Asturias"],"fave_property_zip":["33211"],"houzez_geolocation_lat":["43.525569582"],"houzez_geolocation_long":["-5.676023089"],"fave_property_location":["43.525569582,-5.676023089"],"fave_property_country":["ES"],"fave_property_map_address":["Gij\u00f3n,Asturias,Spain"],"fave_comunidadimporte":["75"],"fave_comunidadincluida":["0"],"fave_conservacion":["Semireformado"],"fave_orientacion":[""],"fave_carpinteriainterior":[""],"fave_carpinteriaexterior":[""],"fave_tiposuelo":[""],"fave_vistas":[""],"additional_features":["a:5:{i:0;a:2:{s:29:\"fave_additional_feature_title\";s:12:\"Carpinter\u00eda\";s:29:\"fave_additional_feature_value\";s:0:\"\";}i:1;a:2:{s:29:\"fave_additional_feature_title\";s:21:\"Carpinter\u00eda exterior\";s:29:\"fave_additional_feature_value\";s:0:\"\";}i:2;a:2:{s:29:\"fave_additional_feature_title\";s:6:\"Estado\";s:29:\"fave_additional_feature_value\";s:13:\"Semireformado\";}i:3;a:2:{s:29:\"fave_additional_feature_title\";s:6:\"Vistas\";s:29:\"fave_additional_feature_value\";s:0:\"\";}i:4;a:2:{s:29:\"fave_additional_feature_title\";s:11:\"Orientacion\";s:29:\"fave_additional_feature_value\";s:0:\"\";}}"],"referencia":["05015"],"fave_property_id":["05015"],"fave_property_bedrooms":["3"],"fave_property_bathrooms":["1"],"fave_property_garage":[""],"fave_property_land":["0"],"ave_property_land_postfix":["m&sup2;"],"fave_property_size":["78"],"fave_property_year":["1972"],"fave_energy_global_index":["143 kWh\/m&sup2; \/27.9 Kg CO2\/m&sup2;"],"fave_energy_class":["E"],"estate_attr_energy_class":["E"],"REAL_HOMES_property_emisiones":["27.9"],"REAL_HOMES_property_consumo":["143"],"REAL_HOMES_property_letra":["E"],"estate_video":[""],"fave_video_url":["https:\/\/www.youtube.com\/watch?v=aJTIrhfQf74"],"fave_video_image":["https:\/\/fotos15.apinmo.com\/1445\/27572532\/19-1.jpg"],"fave_virtual_tour":[""],"vendidoInmueble":[""],"fave_property_price":["169000"],"fave_property_price_postfix":[""],"fave_property_images":["16804325","16804326","16804327","16804328","16804329","16804330","16804331","16804332","16804333","16804334","16804335","16804336","16804337","16804338","16804339","16804340","16804341","16804342","16804343","16804344","16804345","16804346","16804347"],"houzez_total_property_views":["2"],"houzez_views_by_date":["a:1:{s:10:\"04-29-2026\";i:2;}"],"houzez_recently_viewed":["2026-04-29 13:34:48"]},"_links":{"self":[{"href":"https:\/\/agencia-asturias.com\/de\/wp-json\/wp\/v2\/properties\/16804324","targetHints":{"allow":["GET"]}}],"collection":[{"href":"https:\/\/agencia-asturias.com\/de\/wp-json\/wp\/v2\/properties"}],"about":[{"href":"https:\/\/agencia-asturias.com\/de\/wp-json\/wp\/v2\/types\/property"}],"author":[{"embeddable":true,"href":"https:\/\/agencia-asturias.com\/de\/wp-json\/wp\/v2\/users\/1"}],"version-history":[{"count":0,"href":"https:\/\/agencia-asturias.com\/de\/wp-json\/wp\/v2\/properties\/16804324\/revisions"}],"wp:featuredmedia":[{"embeddable":true,"href":"https:\/\/agencia-asturias.com\/de\/wp-json\/wp\/v2\/media\/16804325"}],"wp:attachment":[{"href":"https:\/\/agencia-asturias.com\/de\/wp-json\/wp\/v2\/media?parent=16804324"}],"wp:term":[{"taxonomy":"property_type","embeddable":true,"href":"https:\/\/agencia-asturias.com\/de\/wp-json\/wp\/v2\/property_type?post=16804324"},{"taxonomy":"property_status","embeddable":true,"href":"https:\/\/agencia-asturias.com\/de\/wp-json\/wp\/v2\/property_status?post=16804324"},{"taxonomy":"property_feature","embeddable":true,"href":"https:\/\/agencia-asturias.com\/de\/wp-json\/wp\/v2\/property_feature?post=16804324"},{"taxonomy":"property_label","embeddable":true,"href":"https:\/\/agencia-asturias.com\/de\/wp-json\/wp\/v2\/property_label?post=16804324"},{"taxonomy":"property_state","embeddable":true,"href":"https:\/\/agencia-asturias.com\/de\/wp-json\/wp\/v2\/property_state?post=16804324"},{"taxonomy":"property_city","embeddable":true,"href":"https:\/\/agencia-asturias.com\/de\/wp-json\/wp\/v2\/property_city?post=16804324"},{"taxonomy":"property_area","embeddable":true,"href":"https:\/\/agencia-asturias.com\/de\/wp-json\/wp\/v2\/property_area?post=16804324"}],"curies":[{"name":"wp","href":"https:\/\/api.w.org\/{rel}","templated":true}]}}