{"id":16804379,"date":"2026-01-12T12:06:50","date_gmt":"2026-01-12T12:06:50","guid":{"rendered":"https:\/\/agencia-asturias.com\/inmueble\/alquiler\/local-comercial\/asturias\/gijon\/05020\/"},"modified":"2026-01-12T12:06:50","modified_gmt":"2026-01-12T12:06:50","slug":"voll-ausgestattetes-locale-05020","status":"publish","type":"property","link":"https:\/\/agencia-asturias.com\/de\/inmueble\/alquiler\/local-comercial\/asturias\/gijon\/05020\/","title":{"rendered":"VOLL AUSGESTATTETES LOCALE &#8211; 05020"},"content":{"rendered":"<p>In der Garcilaso de la Vega Stra\u00dfe, zwischen der Avda. de la Costa und der Uria Stra\u00dfe, zwei der Handelsachsen von Gij\u00f3n, befindet sich dieses Lokal, das derzeit als Metzgerei eingerichtet ist, aber f\u00fcr viele andere gewerbliche Zwecke angepasst werden kann, da es sich in einer guten Durchgangszone sowohl f\u00fcr Fu\u00dfg\u00e4nger als auch f\u00fcr Fahrzeuge befindet. Mit sehr geringem Investitionsaufwand k\u00f6nnen Sie Ihr Gesch\u00e4ft in einer der besten Gegenden von Gij\u00f3n in Gang bringen. Wenn Sie es besichtigen m\u00f6chten, z\u00f6gern Sie bitte nicht, uns zu kontaktieren.<\/p>\n","protected":false},"excerpt":{"rendered":"<p>In der Garcilaso de la Vega Stra\u00dfe, zwischen der Avda. de la Costa und der Uria Stra\u00dfe, zwei der Handelsachsen von Gij\u00f3n, befindet sich dieses Lokal, das derzeit als Metzgerei eingerichtet ist, aber f\u00fcr viele andere gewerbliche Zwecke angepasst werden kann, da es sich in einer guten Durchgangszone sowohl f\u00fcr Fu\u00dfg\u00e4nger als auch f\u00fcr <\/p>\n","protected":false},"author":1,"featured_media":16804380,"parent":0,"menu_order":0,"template":"","property_type":[771],"property_status":[852],"property_feature":[],"property_label":[],"property_state":[419],"property_city":[420],"property_area":[421],"class_list":["post-16804379","property","type-property","status-publish","has-post-thumbnail","hentry","property_type-gewerbeimmobilie","property_status-vermietung","property_state-asturias","property_city-gijon","property_area-centro"],"property_meta":{"fave_agent":["59313"],"fave_agents":["59313"],"fave_agent_display_option":["agent_info"],"property_agent":["59313"],"custom_permalink":["inmueble\/alquiler\/local-comercial\/asturias\/gijon\/05020\/"],"_thumbnail_id":["16804380"],"post_id":["Array"],"original_author":["1"],"_edit_lock":["1604137107:1"],"_edit_last":["1"],"fave_property_map_street_view":["show"],"fave_payment_status":["not_paid"],"fave_single_top_area":["global"],"fave_single_content_area":["global"],"houzez_manual_expire":["0"],"fave_property_size_prefix":["m&sup2;"],"fave_property_map":["1"],"fave_additional_features_enable":["disable"],"fave_floor_plans_enable":["disable"],"fave_multiunit_plans_enable":["disable"],"fave_prop_homeslider":["no"],"fave_featured":["0"],"fave_property_address":["Gij\u00f3n,Asturias"],"fave_property_zip":["33202"],"houzez_geolocation_lat":["43.537739246"],"houzez_geolocation_long":["-5.656017608"],"fave_property_location":["43.537739246,-5.656017608"],"fave_property_country":["ES"],"fave_property_map_address":["Gij\u00f3n,Asturias,Spain"],"fave_comunidadimporte":["0"],"fave_comunidadincluida":["0"],"fave_conservacion":["Reformado"],"fave_orientacion":[""],"fave_carpinteriainterior":[""],"fave_carpinteriaexterior":["Aluminio"],"fave_tiposuelo":[""],"fave_vistas":[""],"additional_features":["a:5:{i:0;a:2:{s:29:\"fave_additional_feature_title\";s:12:\"Carpinter\u00eda\";s:29:\"fave_additional_feature_value\";s:0:\"\";}i:1;a:2:{s:29:\"fave_additional_feature_title\";s:21:\"Carpinter\u00eda exterior\";s:29:\"fave_additional_feature_value\";s:8:\"Aluminio\";}i:2;a:2:{s:29:\"fave_additional_feature_title\";s:6:\"Estado\";s:29:\"fave_additional_feature_value\";s:9:\"Reformado\";}i:3;a:2:{s:29:\"fave_additional_feature_title\";s:6:\"Vistas\";s:29:\"fave_additional_feature_value\";s:0:\"\";}i:4;a:2:{s:29:\"fave_additional_feature_title\";s:11:\"Orientacion\";s:29:\"fave_additional_feature_value\";s:0:\"\";}}"],"referencia":["05020"],"fave_property_id":["05020"],"fave_property_bedrooms":["0"],"fave_property_bathrooms":["0"],"fave_property_garage":[""],"fave_property_land":["0"],"ave_property_land_postfix":["m&sup2;"],"fave_property_size":["80"],"fave_property_year":["1991"],"fave_energy_global_index":["48.91 kWh\/m&sup2; \/0 Kg CO2\/m&sup2;"],"fave_energy_class":["C"],"estate_attr_energy_class":["C"],"REAL_HOMES_property_emisiones":["0"],"REAL_HOMES_property_consumo":["48.91"],"REAL_HOMES_property_letra":["C"],"estate_video":[""],"fave_virtual_tour":[""],"vendidoInmueble":[""],"fave_property_price":["950"],"fave_property_price_postfix":["mes"],"fave_property_images":["16804380","16804381","16804382","16804383","16804384","16804385","16804386"],"houzez_total_property_views":["2"],"houzez_views_by_date":["a:1:{s:10:\"04-29-2026\";i:2;}"],"houzez_recently_viewed":["2026-04-29 13:18:52"]},"_links":{"self":[{"href":"https:\/\/agencia-asturias.com\/de\/wp-json\/wp\/v2\/properties\/16804379","targetHints":{"allow":["GET"]}}],"collection":[{"href":"https:\/\/agencia-asturias.com\/de\/wp-json\/wp\/v2\/properties"}],"about":[{"href":"https:\/\/agencia-asturias.com\/de\/wp-json\/wp\/v2\/types\/property"}],"author":[{"embeddable":true,"href":"https:\/\/agencia-asturias.com\/de\/wp-json\/wp\/v2\/users\/1"}],"version-history":[{"count":0,"href":"https:\/\/agencia-asturias.com\/de\/wp-json\/wp\/v2\/properties\/16804379\/revisions"}],"wp:featuredmedia":[{"embeddable":true,"href":"https:\/\/agencia-asturias.com\/de\/wp-json\/wp\/v2\/media\/16804380"}],"wp:attachment":[{"href":"https:\/\/agencia-asturias.com\/de\/wp-json\/wp\/v2\/media?parent=16804379"}],"wp:term":[{"taxonomy":"property_type","embeddable":true,"href":"https:\/\/agencia-asturias.com\/de\/wp-json\/wp\/v2\/property_type?post=16804379"},{"taxonomy":"property_status","embeddable":true,"href":"https:\/\/agencia-asturias.com\/de\/wp-json\/wp\/v2\/property_status?post=16804379"},{"taxonomy":"property_feature","embeddable":true,"href":"https:\/\/agencia-asturias.com\/de\/wp-json\/wp\/v2\/property_feature?post=16804379"},{"taxonomy":"property_label","embeddable":true,"href":"https:\/\/agencia-asturias.com\/de\/wp-json\/wp\/v2\/property_label?post=16804379"},{"taxonomy":"property_state","embeddable":true,"href":"https:\/\/agencia-asturias.com\/de\/wp-json\/wp\/v2\/property_state?post=16804379"},{"taxonomy":"property_city","embeddable":true,"href":"https:\/\/agencia-asturias.com\/de\/wp-json\/wp\/v2\/property_city?post=16804379"},{"taxonomy":"property_area","embeddable":true,"href":"https:\/\/agencia-asturias.com\/de\/wp-json\/wp\/v2\/property_area?post=16804379"}],"curies":[{"name":"wp","href":"https:\/\/api.w.org\/{rel}","templated":true}]}}