{"id":16804399,"date":"2026-01-20T17:05:15","date_gmt":"2026-01-20T17:05:15","guid":{"rendered":"https:\/\/agencia-asturias.com\/inmueble\/venta\/piso\/asturias\/gijon\/05029\/"},"modified":"2026-01-20T17:05:15","modified_gmt":"2026-01-20T17:05:15","slug":"eleuterio-quintanilla-geraumig-sonnig-und-zum-einziehen-bereit-05029","status":"publish","type":"property","link":"https:\/\/agencia-asturias.com\/de\/inmueble\/venta\/piso\/asturias\/gijon\/05029\/","title":{"rendered":"Eleuterio Quintanilla, ger\u00e4umig, sonnig und zum Einziehen bereit &#8211; 05029"},"content":{"rendered":"<p>F\u00fcr diejenigen, die die Stadt suchen, aber keine Nachbarn gegen\u00fcber haben m\u00f6chten, ist diese Wohnung in der Eleuterio Quintanilla Stra\u00dfe ideal. Die Immobilie verf\u00fcgt \u00fcber drei ger\u00e4umige Schlafzimmer, das Hauptschlafzimmer ist sehr gro\u00df mit einem sechs-t\u00fcrigen Einbauschrank mit Spiegelfronten; eines der anderen Schlafzimmer hat ebenfalls einen Einbauschrank. Das Wohnzimmer ist sehr ger\u00e4umig und quadratisch, und die K\u00fcche ist quadratisch mit einer gro\u00dfartigen Speisekammer mit einem Fenster. Aufgrund seiner H\u00f6he genie\u00dft es Licht, selbst an bew\u00f6lkten Tagen, und Morgensonne im Wohnzimmer und Schlafzimmer, die zur Stra\u00dfe zeigen, w\u00e4hrend der Rest des Hauses den ganzen Nachmittag Sonne hat. Die Heizung und der Warmwasserbereiter sind elektrisch, aber es gibt Erdgas am Fenster. Das Geb\u00e4ude hat keine Sonderumlagen, da die bel\u00fcftete Fassade, der Innenhof und das Dach renoviert wurden, was auch gro\u00dfe Einsparungen bei der Heizung bietet. Der Eingangsbereich hat keine architektonischen Barrieren und der Zugang erfolgt \u00fcber eine Rampe. Es ist bereit zum Einziehen, man muss nur nach eigenem Geschmack streichen. Die Grunderwerbssteuer, Notarkosten und die Registrierung sind im Preis nicht enthalten.<\/p>\n","protected":false},"excerpt":{"rendered":"<p>F\u00fcr diejenigen, die die Stadt suchen, aber keine Nachbarn gegen\u00fcber haben m\u00f6chten, ist diese Wohnung in der Eleuterio Quintanilla Stra\u00dfe ideal. Die Immobilie verf\u00fcgt \u00fcber drei ger\u00e4umige Schlafzimmer, das Hauptschlafzimmer ist sehr gro\u00df mit einem sechs-t\u00fcrigen Einbauschrank mit Spiegelfronten; eines der anderen Schlafzimmer hat <\/p>\n","protected":false},"author":1,"featured_media":16804400,"parent":0,"menu_order":0,"template":"","property_type":[779],"property_status":[720],"property_feature":[722,724,858,857,856],"property_label":[],"property_state":[419],"property_city":[420],"property_area":[435],"class_list":["post-16804399","property","type-property","status-publish","has-post-thumbnail","hentry","property_type-wohnung","property_status-verkauf","property_feature-heizung","property_feature-komplett-auenliegend","property_feature-sicherheitstur","property_feature-stadtgas","property_state-asturias","property_city-gijon","property_area-el-llano"],"property_meta":{"fave_agent":["59304"],"fave_agents":["59304"],"fave_agent_display_option":["agent_info"],"property_agent":["59304"],"custom_permalink":["inmueble\/venta\/piso\/asturias\/gijon\/05029\/"],"_thumbnail_id":["16804400"],"post_id":["Array"],"original_author":["1"],"_edit_lock":["1604137107:1"],"_edit_last":["1"],"fave_property_map_street_view":["show"],"fave_payment_status":["not_paid"],"fave_single_top_area":["global"],"fave_single_content_area":["global"],"houzez_manual_expire":["0"],"fave_property_size_prefix":["m&sup2;"],"fave_property_map":["1"],"fave_additional_features_enable":["disable"],"fave_floor_plans_enable":["disable"],"fave_multiunit_plans_enable":["disable"],"fave_prop_homeslider":["no"],"fave_featured":["0"],"fave_property_address":["Gij\u00f3n,Asturias"],"fave_property_zip":["33208"],"houzez_geolocation_lat":["43.531138393"],"houzez_geolocation_long":["-5.667435195"],"fave_property_location":["43.531138393,-5.667435195"],"fave_property_country":["ES"],"fave_property_map_address":["Gij\u00f3n,Asturias,Spain"],"fave_comunidadimporte":["70"],"fave_comunidadincluida":["0"],"fave_conservacion":["Reformado"],"fave_orientacion":[""],"fave_carpinteriainterior":[""],"fave_carpinteriaexterior":["Aluminio"],"fave_tiposuelo":["Climalit"],"fave_vistas":[""],"additional_features":["a:5:{i:0;a:2:{s:29:\"fave_additional_feature_title\";s:12:\"Carpinter\u00eda\";s:29:\"fave_additional_feature_value\";s:0:\"\";}i:1;a:2:{s:29:\"fave_additional_feature_title\";s:21:\"Carpinter\u00eda exterior\";s:29:\"fave_additional_feature_value\";s:8:\"Aluminio\";}i:2;a:2:{s:29:\"fave_additional_feature_title\";s:6:\"Estado\";s:29:\"fave_additional_feature_value\";s:9:\"Reformado\";}i:3;a:2:{s:29:\"fave_additional_feature_title\";s:6:\"Vistas\";s:29:\"fave_additional_feature_value\";s:0:\"\";}i:4;a:2:{s:29:\"fave_additional_feature_title\";s:11:\"Orientacion\";s:29:\"fave_additional_feature_value\";s:0:\"\";}}"],"referencia":["05029"],"fave_property_id":["05029"],"fave_property_bedrooms":["3"],"fave_property_bathrooms":["1"],"fave_property_garage":[""],"fave_property_land":["0"],"ave_property_land_postfix":["m&sup2;"],"fave_property_size":["111"],"fave_property_year":["1976"],"fave_energy_global_index":["7 kWh\/m&sup2; \/1234.99 Kg CO2\/m&sup2;"],"fave_energy_class":["E"],"estate_attr_energy_class":["E"],"REAL_HOMES_property_emisiones":["1234.99"],"REAL_HOMES_property_consumo":["7"],"REAL_HOMES_property_letra":["E"],"estate_video":[""],"fave_virtual_tour":[""],"vendidoInmueble":[""],"fave_property_price":["240000"],"fave_property_price_postfix":[""],"fave_property_images":["16804400","16804401","16804402","16804403","16804404","16804405","16804406","16804407","16804408","16804409","16804410","16804411","16804412","16804413","16804414","16804415","16804416","16804417","16804418","16804419","16804420","16804421","16804422","16804423","16804424","16804425","16804426","16804427","16804428","16804429","16804430","16804431","16804432","16804433","16804434","16804435","16804436","16804437","16804438","16804439","16804440","16804441","16804442","16804443","16804444","16804445","16804446","16804447"],"houzez_total_property_views":["2"],"houzez_views_by_date":["a:1:{s:10:\"04-29-2026\";i:2;}"],"houzez_recently_viewed":["2026-04-29 12:11:51"]},"_links":{"self":[{"href":"https:\/\/agencia-asturias.com\/de\/wp-json\/wp\/v2\/properties\/16804399","targetHints":{"allow":["GET"]}}],"collection":[{"href":"https:\/\/agencia-asturias.com\/de\/wp-json\/wp\/v2\/properties"}],"about":[{"href":"https:\/\/agencia-asturias.com\/de\/wp-json\/wp\/v2\/types\/property"}],"author":[{"embeddable":true,"href":"https:\/\/agencia-asturias.com\/de\/wp-json\/wp\/v2\/users\/1"}],"version-history":[{"count":0,"href":"https:\/\/agencia-asturias.com\/de\/wp-json\/wp\/v2\/properties\/16804399\/revisions"}],"wp:featuredmedia":[{"embeddable":true,"href":"https:\/\/agencia-asturias.com\/de\/wp-json\/wp\/v2\/media\/16804400"}],"wp:attachment":[{"href":"https:\/\/agencia-asturias.com\/de\/wp-json\/wp\/v2\/media?parent=16804399"}],"wp:term":[{"taxonomy":"property_type","embeddable":true,"href":"https:\/\/agencia-asturias.com\/de\/wp-json\/wp\/v2\/property_type?post=16804399"},{"taxonomy":"property_status","embeddable":true,"href":"https:\/\/agencia-asturias.com\/de\/wp-json\/wp\/v2\/property_status?post=16804399"},{"taxonomy":"property_feature","embeddable":true,"href":"https:\/\/agencia-asturias.com\/de\/wp-json\/wp\/v2\/property_feature?post=16804399"},{"taxonomy":"property_label","embeddable":true,"href":"https:\/\/agencia-asturias.com\/de\/wp-json\/wp\/v2\/property_label?post=16804399"},{"taxonomy":"property_state","embeddable":true,"href":"https:\/\/agencia-asturias.com\/de\/wp-json\/wp\/v2\/property_state?post=16804399"},{"taxonomy":"property_city","embeddable":true,"href":"https:\/\/agencia-asturias.com\/de\/wp-json\/wp\/v2\/property_city?post=16804399"},{"taxonomy":"property_area","embeddable":true,"href":"https:\/\/agencia-asturias.com\/de\/wp-json\/wp\/v2\/property_area?post=16804399"}],"curies":[{"name":"wp","href":"https:\/\/api.w.org\/{rel}","templated":true}]}}