{"id":16804610,"date":"2026-01-29T11:29:03","date_gmt":"2026-01-29T11:29:03","guid":{"rendered":"https:\/\/agencia-asturias.com\/inmueble\/alquiler\/piso\/asturias\/gijon\/05039\/"},"modified":"2026-01-29T11:29:03","modified_gmt":"2026-01-29T11:29:03","slug":"miete-in-cimadevilla-05039","status":"publish","type":"property","link":"https:\/\/agencia-asturias.com\/de\/inmueble\/alquiler\/piso\/asturias\/gijon\/05039\/","title":{"rendered":"Miete in Cimadevilla &#8211; 05039"},"content":{"rendered":"<p>Die Agentur Asturias bietet eine fantastische Wohnung zur langfristigen Miete an, die aus 2 Schlafzimmern, einem Wohnzimmer, einer K\u00fcche, einem Badezimmer und einer kleinen Speisekammer besteht. Sie ist komplett nach au\u00dfen gerichtet und erh\u00e4lt viel Licht und Sonne. Die K\u00fcche ist ausgestattet und alle Ger\u00e4te sind neu. Die Wohnung wurde vollst\u00e4ndig renoviert und ist sofort bezugsfertig. Im Preis sind die Gemeinschaftskosten enthalten, w\u00e4hrend der Strom separat bezahlt wird. Sie ist sehr gut gelegen, mit allen Dienstleistungen in der N\u00e4he und in der N\u00e4he aller Sehensw\u00fcrdigkeiten der Stadt.<br \/>Wenn Sie weitere Informationen w\u00fcnschen oder einen Besuch vereinbaren m\u00f6chten, z\u00f6gern Sie bitte nicht, uns anzurufen.<br \/>2 MONATE Kaution erforderlich<br \/>GARANTIEN SIND UNBEDINGT NOTWENDIG. HAUSTIERE NICHT ERLAUBT.<\/p>\n","protected":false},"excerpt":{"rendered":"<p>Die Agentur Asturias bietet eine fantastische Wohnung zur langfristigen Miete an, die aus 2 Schlafzimmern, einem Wohnzimmer, einer K\u00fcche, einem Badezimmer und einer kleinen Speisekammer besteht. Sie ist komplett nach au\u00dfen gerichtet und erh\u00e4lt viel Licht und Sonne. Die K\u00fcche ist ausgestattet und alle Ger\u00e4te sind neu. Die Wohnung wurde <\/p>\n","protected":false},"author":1,"featured_media":16804611,"parent":0,"menu_order":0,"template":"","property_type":[779],"property_status":[852],"property_feature":[722,855,724,858,860],"property_label":[],"property_state":[419],"property_city":[420],"property_area":[530],"class_list":["post-16804610","property","type-property","status-publish","has-post-thumbnail","hentry","property_type-wohnung","property_status-vermietung","property_feature-elektrogerte","property_feature-heizung","property_feature-komplett-auenliegend","property_feature-mbel","property_state-asturias","property_city-gijon","property_area-cimadevilla"],"property_meta":{"fave_agent":["59302"],"fave_agents":["59302"],"fave_agent_display_option":["agent_info"],"property_agent":["59302"],"custom_permalink":["inmueble\/alquiler\/piso\/asturias\/gijon\/05039\/"],"_thumbnail_id":["16804611"],"post_id":["Array"],"original_author":["1"],"_edit_lock":["1604137107:1"],"_edit_last":["1"],"fave_property_map_street_view":["show"],"fave_payment_status":["not_paid"],"fave_single_top_area":["global"],"fave_single_content_area":["global"],"houzez_manual_expire":["0"],"fave_property_size_prefix":["m&sup2;"],"fave_property_map":["1"],"fave_additional_features_enable":["disable"],"fave_floor_plans_enable":["disable"],"fave_multiunit_plans_enable":["disable"],"fave_prop_homeslider":["no"],"fave_featured":["0"],"fave_property_address":["Gij\u00f3n,Asturias"],"fave_property_zip":["33201"],"houzez_geolocation_lat":["43.547789445"],"houzez_geolocation_long":["-5.665135508"],"fave_property_location":["43.547789445,-5.665135508"],"fave_property_country":["ES"],"fave_property_map_address":["Gij\u00f3n,Asturias,Spain"],"fave_comunidadimporte":["0"],"fave_comunidadincluida":["1"],"fave_conservacion":["Reformado"],"fave_orientacion":[""],"fave_carpinteriainterior":["PVC"],"fave_carpinteriaexterior":["PVC"],"fave_tiposuelo":[""],"fave_vistas":[""],"additional_features":["a:5:{i:0;a:2:{s:29:\"fave_additional_feature_title\";s:12:\"Carpinter\u00eda\";s:29:\"fave_additional_feature_value\";s:3:\"PVC\";}i:1;a:2:{s:29:\"fave_additional_feature_title\";s:21:\"Carpinter\u00eda exterior\";s:29:\"fave_additional_feature_value\";s:3:\"PVC\";}i:2;a:2:{s:29:\"fave_additional_feature_title\";s:6:\"Estado\";s:29:\"fave_additional_feature_value\";s:9:\"Reformado\";}i:3;a:2:{s:29:\"fave_additional_feature_title\";s:6:\"Vistas\";s:29:\"fave_additional_feature_value\";s:0:\"\";}i:4;a:2:{s:29:\"fave_additional_feature_title\";s:11:\"Orientacion\";s:29:\"fave_additional_feature_value\";s:0:\"\";}}"],"referencia":["05039"],"fave_property_id":["05039"],"fave_property_bedrooms":["2"],"fave_property_bathrooms":["1"],"fave_property_garage":[""],"fave_property_land":["0"],"ave_property_land_postfix":["m&sup2;"],"fave_property_size":["71"],"fave_property_year":["1964"],"fave_energy_global_index":["0 kWh\/m&sup2; \/1234.99 Kg CO2\/m&sup2;"],"fave_energy_class":["N"],"estate_attr_energy_class":["Tramitando..."],"REAL_HOMES_property_emisiones":["1234.99"],"REAL_HOMES_property_consumo":["0"],"REAL_HOMES_property_letra":["N"],"estate_video":[""],"fave_video_url":["https:\/\/www.youtube.com\/watch?v=xg6geoGTyoQ?feature=share"],"fave_video_image":["https:\/\/fotos15.apinmo.com\/1445\/27815364\/2-1.jpg"],"fave_virtual_tour":[""],"vendidoInmueble":[""],"fave_property_price":["850"],"fave_property_price_postfix":["mes"],"fave_property_images":["16804611","16804612","16804613","16804614","16804615","16804616","16804617","16804618","16804619","16804620","16804621","16804622","16804623","16804624","16804625","16804626","16804627","16804628","16804629","16804630","16804631","16804632","16804633","16804634","16804635","16804636","16804637","16804638","16804639","16804640"],"houzez_total_property_views":["1"],"houzez_views_by_date":["a:1:{s:10:\"04-29-2026\";i:1;}"],"houzez_recently_viewed":["2026-04-29 11:05:17"]},"_links":{"self":[{"href":"https:\/\/agencia-asturias.com\/de\/wp-json\/wp\/v2\/properties\/16804610","targetHints":{"allow":["GET"]}}],"collection":[{"href":"https:\/\/agencia-asturias.com\/de\/wp-json\/wp\/v2\/properties"}],"about":[{"href":"https:\/\/agencia-asturias.com\/de\/wp-json\/wp\/v2\/types\/property"}],"author":[{"embeddable":true,"href":"https:\/\/agencia-asturias.com\/de\/wp-json\/wp\/v2\/users\/1"}],"version-history":[{"count":0,"href":"https:\/\/agencia-asturias.com\/de\/wp-json\/wp\/v2\/properties\/16804610\/revisions"}],"wp:featuredmedia":[{"embeddable":true,"href":"https:\/\/agencia-asturias.com\/de\/wp-json\/wp\/v2\/media\/16804611"}],"wp:attachment":[{"href":"https:\/\/agencia-asturias.com\/de\/wp-json\/wp\/v2\/media?parent=16804610"}],"wp:term":[{"taxonomy":"property_type","embeddable":true,"href":"https:\/\/agencia-asturias.com\/de\/wp-json\/wp\/v2\/property_type?post=16804610"},{"taxonomy":"property_status","embeddable":true,"href":"https:\/\/agencia-asturias.com\/de\/wp-json\/wp\/v2\/property_status?post=16804610"},{"taxonomy":"property_feature","embeddable":true,"href":"https:\/\/agencia-asturias.com\/de\/wp-json\/wp\/v2\/property_feature?post=16804610"},{"taxonomy":"property_label","embeddable":true,"href":"https:\/\/agencia-asturias.com\/de\/wp-json\/wp\/v2\/property_label?post=16804610"},{"taxonomy":"property_state","embeddable":true,"href":"https:\/\/agencia-asturias.com\/de\/wp-json\/wp\/v2\/property_state?post=16804610"},{"taxonomy":"property_city","embeddable":true,"href":"https:\/\/agencia-asturias.com\/de\/wp-json\/wp\/v2\/property_city?post=16804610"},{"taxonomy":"property_area","embeddable":true,"href":"https:\/\/agencia-asturias.com\/de\/wp-json\/wp\/v2\/property_area?post=16804610"}],"curies":[{"name":"wp","href":"https:\/\/api.w.org\/{rel}","templated":true}]}}