{"id":16804656,"date":"2026-02-06T10:22:51","date_gmt":"2026-02-06T10:22:51","guid":{"rendered":"https:\/\/agencia-asturias.com\/inmueble\/venta\/piso\/asturias\/gijon\/05043\/"},"modified":"2026-02-06T10:22:51","modified_gmt":"2026-02-06T10:22:51","slug":"mit-grosem-parkplatz-hohe-und-alles-ausen-05043","status":"publish","type":"property","link":"https:\/\/agencia-asturias.com\/de\/inmueble\/venta\/piso\/asturias\/gijon\/05043\/","title":{"rendered":"Mit gro\u00dfem Parkplatz, H\u00f6he und alles au\u00dfen &#8211; 05043"},"content":{"rendered":"<p>Die Agentur Asturias bietet Ihnen den Verkauf dieser vierten Etage im Herzen des Stadtteils Pumar\u00edn, in der Valencia-Stra\u00dfe, mit einem sehr ger\u00e4umigen Parkplatz mit angrenzendem Zugang zum Portal, sogar f\u00fcr Auto und Motorrad. Es ist alles au\u00dfen an einer Ecke mit S\u00fcdwest-Ausrichtung und derzeit in ein gro\u00dfes Wohnzimmer, eine K\u00fcche mit geschlossenem Balkon, drei Schlafzimmer und ein Badezimmer mit Fenster aufgeteilt. Aufgrund seiner guten Verteilung gibt es uns die M\u00f6glichkeit, K\u00fcche und Wohnzimmer zu verbinden, sodass ein sehr ger\u00e4umiger und heller Raum entsteht, zus\u00e4tzlich zur M\u00f6glichkeit, ein weiteres Badezimmer\/WC zu machen oder das vorhandene zu erweitern, sodass die Wohnung zwei Schlafzimmer hat. Perfekt gelegen mit allen Dienstleistungen in der N\u00e4he, perfekt mit dem Rest der Stadt verbunden und Ausg\u00e4ngen zur Autobahn und 15 Minuten vom Zentrum entfernt. Ausgezeichnete Gelegenheit, kommen Sie und sehen Sie sich alle M\u00f6glichkeiten mit der Agentur Asturias an!!!! Die Grundst\u00fccks\u00fcbertragungssteuer sowie Notar- und Registrierungsgeb\u00fchren sind nicht im Preis enthalten.<\/p>\n","protected":false},"excerpt":{"rendered":"<p>Die Agentur Asturias bietet Ihnen den Verkauf dieser vierten Etage im Herzen des Stadtteils Pumar\u00edn, in der Valencia-Stra\u00dfe, mit einem sehr ger\u00e4umigen Parkplatz mit angrenzendem Zugang zum Portal, sogar f\u00fcr Auto und Motorrad. Es ist alles au\u00dfen an einer Ecke mit S\u00fcdwest-Ausrichtung und derzeit in ein gro\u00dfes Wohnzimmer, eine K\u00fcche <\/p>\n","protected":false},"author":1,"featured_media":16804657,"parent":0,"menu_order":0,"template":"","property_type":[779],"property_status":[720],"property_feature":[722,855,724,858,856,762],"property_label":[],"property_state":[419],"property_city":[420],"property_area":[429],"class_list":["post-16804656","property","type-property","status-publish","has-post-thumbnail","hentry","property_type-wohnung","property_status-verkauf","property_feature-elektrogerte","property_feature-heizung","property_feature-komplett-auenliegend","property_feature-stadtgas","property_feature-verglaste-terrasse","property_state-asturias","property_city-gijon","property_area-pumarin"],"property_meta":{"fave_agent":["59308"],"fave_agents":["59308"],"fave_agent_display_option":["agent_info"],"property_agent":["59308"],"custom_permalink":["inmueble\/venta\/piso\/asturias\/gijon\/05043\/"],"_thumbnail_id":["16804657"],"post_id":["Array"],"original_author":["1"],"_edit_lock":["1604137107:1"],"_edit_last":["1"],"fave_property_map_street_view":["show"],"fave_payment_status":["not_paid"],"fave_single_top_area":["global"],"fave_single_content_area":["global"],"houzez_manual_expire":["0"],"fave_property_size_prefix":["m&sup2;"],"fave_property_map":["1"],"fave_additional_features_enable":["disable"],"fave_floor_plans_enable":["disable"],"fave_multiunit_plans_enable":["disable"],"fave_prop_homeslider":["no"],"fave_featured":["0"],"fave_property_address":["Gij\u00f3n,Asturias"],"fave_property_zip":["33208"],"houzez_geolocation_lat":["43.527806736759"],"houzez_geolocation_long":["-5.6680970530402"],"fave_property_location":["43.527806736759,-5.6680970530402"],"fave_property_country":["ES"],"fave_property_map_address":["Gij\u00f3n,Asturias,Spain"],"fave_comunidadimporte":["65"],"fave_comunidadincluida":["0"],"fave_conservacion":["Buen estado"],"fave_orientacion":["Suroeste"],"fave_carpinteriainterior":["Madera"],"fave_carpinteriaexterior":["Madera"],"fave_tiposuelo":[""],"fave_vistas":[""],"additional_features":["a:5:{i:0;a:2:{s:29:\"fave_additional_feature_title\";s:12:\"Carpinter\u00eda\";s:29:\"fave_additional_feature_value\";s:6:\"Madera\";}i:1;a:2:{s:29:\"fave_additional_feature_title\";s:21:\"Carpinter\u00eda exterior\";s:29:\"fave_additional_feature_value\";s:6:\"Madera\";}i:2;a:2:{s:29:\"fave_additional_feature_title\";s:6:\"Estado\";s:29:\"fave_additional_feature_value\";s:11:\"Buen estado\";}i:3;a:2:{s:29:\"fave_additional_feature_title\";s:6:\"Vistas\";s:29:\"fave_additional_feature_value\";s:0:\"\";}i:4;a:2:{s:29:\"fave_additional_feature_title\";s:11:\"Orientacion\";s:29:\"fave_additional_feature_value\";s:8:\"Suroeste\";}}"],"referencia":["05043"],"fave_property_id":["05043"],"fave_property_bedrooms":["3"],"fave_property_bathrooms":["1"],"fave_property_garage":["2"],"fave_property_land":["0"],"ave_property_land_postfix":["m&sup2;"],"fave_property_size":["83"],"fave_property_year":["1977"],"fave_energy_global_index":["0 kWh\/m&sup2; \/1234.99 Kg CO2\/m&sup2;"],"fave_energy_class":["N"],"estate_attr_energy_class":["Tramitando..."],"REAL_HOMES_property_emisiones":["1234.99"],"REAL_HOMES_property_consumo":["0"],"REAL_HOMES_property_letra":["N"],"estate_video":[""],"fave_video_url":["https:\/\/www.youtube.com\/watch?v=LhijYZR1P9M?feature=share"],"fave_video_image":["https:\/\/fotos15.apinmo.com\/1445\/27893146\/8-1.jpg"],"fave_virtual_tour":[""],"vendidoInmueble":[""],"fave_property_price":["225000"],"fave_property_price_postfix":[""],"fave_property_images":["16804657","16804658","16804659","16804660","16804661","16804662","16804663","16804664","16804665","16804666","16804667","16804668","16804669","16804670","16804671","16804672","16804673","16804674","16804675","16804676","16804677","16804678","16804679","16804680","16804681","16804682","16804683","16804684","16804685","16804686","16804687","16804688","16804689","16804690","16804691","16804692","16804693","16804694","16804695","16804696","16804697","16804698","16804699","16804700","16804701"],"houzez_total_property_views":["2"],"houzez_views_by_date":["a:1:{s:10:\"04-29-2026\";i:2;}"],"houzez_recently_viewed":["2026-04-29 10:35:15"]},"_links":{"self":[{"href":"https:\/\/agencia-asturias.com\/de\/wp-json\/wp\/v2\/properties\/16804656","targetHints":{"allow":["GET"]}}],"collection":[{"href":"https:\/\/agencia-asturias.com\/de\/wp-json\/wp\/v2\/properties"}],"about":[{"href":"https:\/\/agencia-asturias.com\/de\/wp-json\/wp\/v2\/types\/property"}],"author":[{"embeddable":true,"href":"https:\/\/agencia-asturias.com\/de\/wp-json\/wp\/v2\/users\/1"}],"version-history":[{"count":0,"href":"https:\/\/agencia-asturias.com\/de\/wp-json\/wp\/v2\/properties\/16804656\/revisions"}],"wp:featuredmedia":[{"embeddable":true,"href":"https:\/\/agencia-asturias.com\/de\/wp-json\/wp\/v2\/media\/16804657"}],"wp:attachment":[{"href":"https:\/\/agencia-asturias.com\/de\/wp-json\/wp\/v2\/media?parent=16804656"}],"wp:term":[{"taxonomy":"property_type","embeddable":true,"href":"https:\/\/agencia-asturias.com\/de\/wp-json\/wp\/v2\/property_type?post=16804656"},{"taxonomy":"property_status","embeddable":true,"href":"https:\/\/agencia-asturias.com\/de\/wp-json\/wp\/v2\/property_status?post=16804656"},{"taxonomy":"property_feature","embeddable":true,"href":"https:\/\/agencia-asturias.com\/de\/wp-json\/wp\/v2\/property_feature?post=16804656"},{"taxonomy":"property_label","embeddable":true,"href":"https:\/\/agencia-asturias.com\/de\/wp-json\/wp\/v2\/property_label?post=16804656"},{"taxonomy":"property_state","embeddable":true,"href":"https:\/\/agencia-asturias.com\/de\/wp-json\/wp\/v2\/property_state?post=16804656"},{"taxonomy":"property_city","embeddable":true,"href":"https:\/\/agencia-asturias.com\/de\/wp-json\/wp\/v2\/property_city?post=16804656"},{"taxonomy":"property_area","embeddable":true,"href":"https:\/\/agencia-asturias.com\/de\/wp-json\/wp\/v2\/property_area?post=16804656"}],"curies":[{"name":"wp","href":"https:\/\/api.w.org\/{rel}","templated":true}]}}