{"id":16804704,"date":"2026-02-13T11:19:21","date_gmt":"2026-02-13T11:19:21","guid":{"rendered":"https:\/\/agencia-asturias.com\/inmueble\/venta\/piso\/asturias\/gijon\/05051\/"},"modified":"2026-02-13T11:19:21","modified_gmt":"2026-02-13T11:19:21","slug":"wunderschone-wohnung-im-mestas-gebiet-05051","status":"publish","type":"property","link":"https:\/\/agencia-asturias.com\/de\/inmueble\/venta\/piso\/asturias\/gijon\/05051\/","title":{"rendered":"Wundersch\u00f6ne Wohnung im Mestas-Gebiet &#8211; 05051"},"content":{"rendered":"<p>Neben der Asunci\u00f3n und dem Grupo Covadonga finden Sie in der Urbanisation Las Regueras diese wunderbare Wohnung mit vier Schlafzimmern und drei Badezimmern. Bereit zum Einziehen und um eine der privilegiertesten Gegenden von Gij\u00f3n zu genie\u00dfen. Individuelle Heizungs- und Warmwasserversorgung, eine gro\u00dfe Terrasse im Wohnzimmer und eine weitere geschlossene Terrasse in der K\u00fcche. Sie verf\u00fcgt \u00fcber Einbauschr\u00e4nke in fast allen R\u00e4umen und auch im Flur.<br \/>Es wird mit einem gro\u00dfen Abstellraum und einem komfortablen Parkplatz verkauft.<br \/>Grunderwerbsteuer sowie Notar- und Grundbuchgeb\u00fchren sind nicht im Preis enthalten.<\/p>\n","protected":false},"excerpt":{"rendered":"<p>Neben der Asunci\u00f3n und dem Grupo Covadonga finden Sie in der Urbanisation Las Regueras diese wunderbare Wohnung mit vier Schlafzimmern und drei Badezimmern. Bereit zum Einziehen und um eine der privilegiertesten Gegenden von Gij\u00f3n zu genie\u00dfen. Individuelle Heizungs- und Warmwasserversorgung, eine gro\u00dfe Terrasse im Wohnzimmer und eine <\/p>\n","protected":false},"author":1,"featured_media":16804705,"parent":0,"menu_order":0,"template":"","property_type":[779],"property_status":[720],"property_feature":[722,726,724,858,856,740],"property_label":[],"property_state":[419],"property_city":[420],"property_area":[888],"class_list":["post-16804704","property","type-property","status-publish","has-post-thumbnail","hentry","property_type-wohnung","property_status-verkauf","property_feature-abstellraum","property_feature-heizung","property_feature-komplett-auenliegend","property_feature-stadtgas","property_feature-terrasse","property_state-asturias","property_city-gijon","property_area-el-bibio-les-mestes"],"property_meta":{"fave_agent":["59311"],"fave_agents":["59311"],"fave_agent_display_option":["agent_info"],"property_agent":["59311"],"custom_permalink":["inmueble\/venta\/piso\/asturias\/gijon\/05051\/"],"_thumbnail_id":["16804705"],"post_id":["Array"],"original_author":["1"],"_edit_lock":["1604137107:1"],"_edit_last":["1"],"fave_property_map_street_view":["show"],"fave_payment_status":["not_paid"],"fave_single_top_area":["global"],"fave_single_content_area":["global"],"houzez_manual_expire":["0"],"fave_property_size_prefix":["m&sup2;"],"fave_property_map":["1"],"fave_additional_features_enable":["disable"],"fave_floor_plans_enable":["disable"],"fave_multiunit_plans_enable":["disable"],"fave_prop_homeslider":["no"],"fave_featured":["0"],"fave_property_address":["Gij\u00f3n,Asturias"],"fave_property_zip":["33204"],"houzez_geolocation_lat":["43.531726617"],"houzez_geolocation_long":["-5.641060658"],"fave_property_location":["43.531726617,-5.641060658"],"fave_property_country":["ES"],"fave_property_map_address":["Gij\u00f3n,Asturias,Spain"],"fave_comunidadimporte":["0"],"fave_comunidadincluida":["0"],"fave_conservacion":["Entrar a vivir"],"fave_orientacion":[""],"fave_carpinteriainterior":[""],"fave_carpinteriaexterior":[""],"fave_tiposuelo":[""],"fave_vistas":[""],"additional_features":["a:5:{i:0;a:2:{s:29:\"fave_additional_feature_title\";s:12:\"Carpinter\u00eda\";s:29:\"fave_additional_feature_value\";s:0:\"\";}i:1;a:2:{s:29:\"fave_additional_feature_title\";s:21:\"Carpinter\u00eda exterior\";s:29:\"fave_additional_feature_value\";s:0:\"\";}i:2;a:2:{s:29:\"fave_additional_feature_title\";s:6:\"Estado\";s:29:\"fave_additional_feature_value\";s:14:\"Entrar a vivir\";}i:3;a:2:{s:29:\"fave_additional_feature_title\";s:6:\"Vistas\";s:29:\"fave_additional_feature_value\";s:0:\"\";}i:4;a:2:{s:29:\"fave_additional_feature_title\";s:11:\"Orientacion\";s:29:\"fave_additional_feature_value\";s:0:\"\";}}"],"referencia":["05051"],"fave_property_id":["05051"],"fave_property_bedrooms":["4"],"fave_property_bathrooms":["3"],"fave_property_garage":["2"],"fave_property_land":["0"],"ave_property_land_postfix":["m&sup2;"],"fave_property_size":["177"],"fave_property_year":["1980"],"fave_energy_global_index":["0 kWh\/m&sup2; \/1234.99 Kg CO2\/m&sup2;"],"fave_energy_class":["N"],"estate_attr_energy_class":["Tramitando..."],"REAL_HOMES_property_emisiones":["1234.99"],"REAL_HOMES_property_consumo":["0"],"REAL_HOMES_property_letra":["N"],"estate_video":[""],"fave_video_url":["https:\/\/www.youtube.com\/watch?v=FoDbbIik1kQ"],"fave_video_image":["https:\/\/fotos15.apinmo.com\/1445\/28017794\/44-1.jpg"],"fave_virtual_tour":[""],"vendidoInmueble":[""],"fave_property_price":["695000"],"fave_property_price_postfix":[""],"fave_property_images":["16804705","16804706","16804707","16804708","16804709","16804710","16804711","16804712","16804713","16804714","16804715","16804716","16804717","16804718","16804719","16804720","16804721","16804722","16804723","16804724","16804725","16804726","16804727","16804728","16804729","16804730","16804731","16804732","16804733","16804734","16804735","16804736","16804737","16804738","16804739","16804740","16804741","16804742","16804743","16804744","16804745","16804746","16804747","16804748","16804749","16804750","16804751","16804752","16804753","16804754","16804755","16804756","16804757","16804758","16804759","16804760","16804761","16804762","16804763","16804764","16804765","16804766","16804767","16804768","16804769","16804770","16804771","16804772","16804773","16804774","16804775","16804776","16804777","16804778","16804779","16804780","16804781","16804782","16804783","16804784","16804785"],"houzez_total_property_views":["2"],"houzez_views_by_date":["a:1:{s:10:\"04-29-2026\";i:2;}"],"houzez_recently_viewed":["2026-04-29 10:35:14"]},"_links":{"self":[{"href":"https:\/\/agencia-asturias.com\/de\/wp-json\/wp\/v2\/properties\/16804704","targetHints":{"allow":["GET"]}}],"collection":[{"href":"https:\/\/agencia-asturias.com\/de\/wp-json\/wp\/v2\/properties"}],"about":[{"href":"https:\/\/agencia-asturias.com\/de\/wp-json\/wp\/v2\/types\/property"}],"author":[{"embeddable":true,"href":"https:\/\/agencia-asturias.com\/de\/wp-json\/wp\/v2\/users\/1"}],"version-history":[{"count":0,"href":"https:\/\/agencia-asturias.com\/de\/wp-json\/wp\/v2\/properties\/16804704\/revisions"}],"wp:featuredmedia":[{"embeddable":true,"href":"https:\/\/agencia-asturias.com\/de\/wp-json\/wp\/v2\/media\/16804705"}],"wp:attachment":[{"href":"https:\/\/agencia-asturias.com\/de\/wp-json\/wp\/v2\/media?parent=16804704"}],"wp:term":[{"taxonomy":"property_type","embeddable":true,"href":"https:\/\/agencia-asturias.com\/de\/wp-json\/wp\/v2\/property_type?post=16804704"},{"taxonomy":"property_status","embeddable":true,"href":"https:\/\/agencia-asturias.com\/de\/wp-json\/wp\/v2\/property_status?post=16804704"},{"taxonomy":"property_feature","embeddable":true,"href":"https:\/\/agencia-asturias.com\/de\/wp-json\/wp\/v2\/property_feature?post=16804704"},{"taxonomy":"property_label","embeddable":true,"href":"https:\/\/agencia-asturias.com\/de\/wp-json\/wp\/v2\/property_label?post=16804704"},{"taxonomy":"property_state","embeddable":true,"href":"https:\/\/agencia-asturias.com\/de\/wp-json\/wp\/v2\/property_state?post=16804704"},{"taxonomy":"property_city","embeddable":true,"href":"https:\/\/agencia-asturias.com\/de\/wp-json\/wp\/v2\/property_city?post=16804704"},{"taxonomy":"property_area","embeddable":true,"href":"https:\/\/agencia-asturias.com\/de\/wp-json\/wp\/v2\/property_area?post=16804704"}],"curies":[{"name":"wp","href":"https:\/\/api.w.org\/{rel}","templated":true}]}}